{"id":751,"date":"2019-08-01T08:41:39","date_gmt":"2019-08-01T06:41:39","guid":{"rendered":"https:\/\/www.renz-recht.de\/?page_id=751"},"modified":"2023-07-03T10:23:30","modified_gmt":"2023-07-03T08:23:30","slug":"politique-de-confidentialite-2","status":"publish","type":"page","link":"https:\/\/www.renz-recht.de\/fr\/politique-de-confidentialite-2\/","title":{"rendered":"Politique de confidentialit\u00e9"},"content":{"rendered":"<p>[et_pb_section fb_built=&#8220;1&#8243; fullwidth=&#8220;on&#8220; _builder_version=&#8220;4.16&#8243; global_colors_info=&#8220;{}&#8220;][et_pb_fullwidth_header title=&#8220;Privacy policy<br \/>\n&#8220; background_overlay_color=&#8220;rgba(0,0,0,0.2)&#8220; admin_label=&#8220;Header&#8220; module_class=&#8220;renz-subpage-header&#8220; _builder_version=&#8220;4.9.2&#8243; title_font_size=&#8220;80px&#8220; background_color=&#8220;#26173A&#8220; background_image=&#8220;https:\/\/www.renz-recht.de\/wp-content\/uploads\/2019\/02\/renz-legal-header.jpg&#8220; parallax=&#8220;on&#8220; parallax_method=&#8220;on&#8220; custom_padding=&#8220;4%||9%|&#8220; custom_padding_tablet=&#8220;4%||4%|&#8220; custom_padding_phone=&#8220;&#8220; custom_padding_last_edited=&#8220;on|tablet&#8220; title_font_size_tablet=&#8220;60px&#8220; title_font_size_phone=&#8220;40px&#8220; title_font_size_last_edited=&#8220;on|tablet&#8220; z_index_tablet=&#8220;500&#8243; title_text_shadow_horizontal_length_tablet=&#8220;0px&#8220; title_text_shadow_vertical_length_tablet=&#8220;0px&#8220; title_text_shadow_blur_strength_tablet=&#8220;1px&#8220; content_text_shadow_horizontal_length_tablet=&#8220;0px&#8220; content_text_shadow_vertical_length_tablet=&#8220;0px&#8220; content_text_shadow_blur_strength_tablet=&#8220;1px&#8220; subhead_text_shadow_horizontal_length_tablet=&#8220;0px&#8220; subhead_text_shadow_vertical_length_tablet=&#8220;0px&#8220; subhead_text_shadow_blur_strength_tablet=&#8220;1px&#8220; content_link_text_shadow_horizontal_length_tablet=&#8220;0px&#8220; content_link_text_shadow_vertical_length_tablet=&#8220;0px&#8220; content_link_text_shadow_blur_strength_tablet=&#8220;1px&#8220; content_ul_text_shadow_horizontal_length_tablet=&#8220;0px&#8220; content_ul_text_shadow_vertical_length_tablet=&#8220;0px&#8220; content_ul_text_shadow_blur_strength_tablet=&#8220;1px&#8220; content_ol_text_shadow_horizontal_length_tablet=&#8220;0px&#8220; content_ol_text_shadow_vertical_length_tablet=&#8220;0px&#8220; content_ol_text_shadow_blur_strength_tablet=&#8220;1px&#8220; content_quote_text_shadow_horizontal_length_tablet=&#8220;0px&#8220; content_quote_text_shadow_vertical_length_tablet=&#8220;0px&#8220; content_quote_text_shadow_blur_strength_tablet=&#8220;1px&#8220; button_one_text_shadow_horizontal_length_tablet=&#8220;0px&#8220; button_one_text_shadow_vertical_length_tablet=&#8220;0px&#8220; button_one_text_shadow_blur_strength_tablet=&#8220;1px&#8220; button_two_text_shadow_horizontal_length_tablet=&#8220;0px&#8220; button_two_text_shadow_vertical_length_tablet=&#8220;0px&#8220; button_two_text_shadow_blur_strength_tablet=&#8220;1px&#8220; box_shadow_horizontal_tablet=&#8220;0px&#8220; box_shadow_vertical_tablet=&#8220;0px&#8220; box_shadow_blur_tablet=&#8220;40px&#8220; box_shadow_spread_tablet=&#8220;0px&#8220; box_shadow_horizontal_image_tablet=&#8220;0px&#8220; box_shadow_vertical_image_tablet=&#8220;0px&#8220; box_shadow_blur_image_tablet=&#8220;40px&#8220; box_shadow_spread_image_tablet=&#8220;0px&#8220; box_shadow_horizontal_button_one_tablet=&#8220;0px&#8220; box_shadow_vertical_button_one_tablet=&#8220;0px&#8220; box_shadow_blur_button_one_tablet=&#8220;40px&#8220; box_shadow_spread_button_one_tablet=&#8220;0px&#8220; box_shadow_horizontal_button_two_tablet=&#8220;0px&#8220; box_shadow_vertical_button_two_tablet=&#8220;0px&#8220; box_shadow_blur_button_two_tablet=&#8220;40px&#8220; box_shadow_spread_button_two_tablet=&#8220;0px&#8220; text_shadow_horizontal_length_tablet=&#8220;0px&#8220; text_shadow_vertical_length_tablet=&#8220;0px&#8220; text_shadow_blur_strength_tablet=&#8220;1px&#8220; global_module=&#8220;214&#8243; saved_tabs=&#8220;all&#8220; global_colors_info=&#8220;{}&#8220;][\/et_pb_fullwidth_header][\/et_pb_section][et_pb_section fb_built=&#8220;1&#8243; custom_padding_last_edited=&#8220;on|phone&#8220; admin_label=&#8220;Breadcrumb&#8220; _builder_version=&#8220;4.9.2&#8243; background_color=&#8220;#eeeeee&#8220; min_height=&#8220;112.2px&#8220; custom_padding=&#8220;16px||16px|&#8220; custom_padding_tablet=&#8220;&#8220; custom_padding_phone=&#8220;&#8220; global_module=&#8220;161&#8243; collapsed=&#8220;on&#8220; global_colors_info=&#8220;{}&#8220;][et_pb_row _builder_version=&#8220;4.16&#8243; global_colors_info=&#8220;{}&#8220;][et_pb_column type=&#8220;4_4&#8243; _builder_version=&#8220;4.16&#8243; custom_padding=&#8220;|||&#8220; global_colors_info=&#8220;{}&#8220; custom_padding__hover=&#8220;|||&#8220;][\/et_pb_column][\/et_pb_row][\/et_pb_section][et_pb_section fb_built=&#8220;1&#8243; custom_padding_last_edited=&#8220;on|tablet&#8220; _builder_version=&#8220;4.16&#8243; custom_padding=&#8220;90px||90px|&#8220; custom_padding_tablet=&#8220;9%||9%|&#8220; custom_padding_phone=&#8220;&#8220; global_colors_info=&#8220;{}&#8220;][et_pb_row _builder_version=&#8220;4.16&#8243; module_alignment=&#8220;center&#8220; use_custom_width=&#8220;on&#8220; custom_width_px=&#8220;1000px&#8220; global_colors_info=&#8220;{}&#8220;][et_pb_column type=&#8220;4_4&#8243; _builder_version=&#8220;4.16&#8243; custom_padding=&#8220;|90px||&#8220; custom_padding_tablet=&#8220;|0px|4%|&#8220; custom_padding_phone=&#8220;&#8220; custom_padding_last_edited=&#8220;on|phone&#8220; global_colors_info=&#8220;{}&#8220; custom_padding__hover=&#8220;|||&#8220;][et_pb_blurb content_max_width=&#8220;100%&#8220; _builder_version=&#8220;4.21.0&#8243; header_level=&#8220;h3&#8243; header_font_size=&#8220;27px&#8220; header_line_height=&#8220;1.3em&#8220; body_font_size=&#8220;16&#8243; body_line_height=&#8220;1.3em&#8220; custom_margin=&#8220;||45px|&#8220; hover_enabled=&#8220;0&#8243; header_font_size_tablet=&#8220;&#8220; header_font_size_phone=&#8220;18&#8243; header_font_size_last_edited=&#8220;on|phone&#8220; z_index_tablet=&#8220;500&#8243; header_text_shadow_horizontal_length_tablet=&#8220;0px&#8220; header_text_shadow_vertical_length_tablet=&#8220;0px&#8220; header_text_shadow_blur_strength_tablet=&#8220;1px&#8220; body_text_shadow_horizontal_length_tablet=&#8220;0px&#8220; body_text_shadow_vertical_length_tablet=&#8220;0px&#8220; body_text_shadow_blur_strength_tablet=&#8220;1px&#8220; body_link_text_shadow_horizontal_length_tablet=&#8220;0px&#8220; body_link_text_shadow_vertical_length_tablet=&#8220;0px&#8220; body_link_text_shadow_blur_strength_tablet=&#8220;1px&#8220; body_ul_text_shadow_horizontal_length_tablet=&#8220;0px&#8220; body_ul_text_shadow_vertical_length_tablet=&#8220;0px&#8220; body_ul_text_shadow_blur_strength_tablet=&#8220;1px&#8220; body_ol_text_shadow_horizontal_length_tablet=&#8220;0px&#8220; body_ol_text_shadow_vertical_length_tablet=&#8220;0px&#8220; body_ol_text_shadow_blur_strength_tablet=&#8220;1px&#8220; body_quote_text_shadow_horizontal_length_tablet=&#8220;0px&#8220; body_quote_text_shadow_vertical_length_tablet=&#8220;0px&#8220; body_quote_text_shadow_blur_strength_tablet=&#8220;1px&#8220; box_shadow_horizontal_tablet=&#8220;0px&#8220; box_shadow_vertical_tablet=&#8220;0px&#8220; box_shadow_blur_tablet=&#8220;40px&#8220; box_shadow_spread_tablet=&#8220;0px&#8220; box_shadow_horizontal_image_tablet=&#8220;0px&#8220; box_shadow_vertical_image_tablet=&#8220;0px&#8220; box_shadow_blur_image_tablet=&#8220;40px&#8220; box_shadow_spread_image_tablet=&#8220;0px&#8220; text_shadow_horizontal_length_tablet=&#8220;0px&#8220; text_shadow_vertical_length_tablet=&#8220;0px&#8220; text_shadow_blur_strength_tablet=&#8220;1px&#8220; global_module=&#8220;204&#8243; saved_tabs=&#8220;all&#8220; global_colors_info=&#8220;{}&#8220; sticky_enabled=&#8220;0&#8243;]<\/p>\n<p>La protection de vos donn\u00e9es personnelles est importante pour nous.<\/p>\n<p>Nous souhaitons vous informer ci-apr\u00e8s que nous vous demandons des donn\u00e9es personnelles et que nous les stockons \u00e9lectroniquement. Vos donn\u00e9es seront stock\u00e9es et trait\u00e9es conform\u00e9ment aux dispositions applicables des lois nationales sur la protection des donn\u00e9es, ainsi qu&#039;au r\u00e8glement g\u00e9n\u00e9ral sur la protection des donn\u00e9es (RGPD).<\/p>\n<p><strong>Le responsable du traitement au sens des dispositions des r\u00e8glements susmentionn\u00e9s est :<\/strong><br \/>Ma\u00eetre Anne-Kathrin Renz<br \/>Altenkesseler Stra\u00dfe 17<br \/>Campus Innovation \/\/ B\u00e2timent C1<br \/>66115 Sarrebruck<br \/>T\u00e9l\u00e9phone: <a href=\"tel:+4968195810588\">0049 681-95 81 05 88<\/a><br \/>Fax : 0049 681-95 81 05 89<br \/>E-mail: <a href=\"\/fr\/&\/#109;&#x61;i&#x6c;&#x74;&#111;&#x3a;i&#x6e;&#x66;&#111;&#x40;r&#x65;&#x6e;&#122;&#x2d;r&#x65;&#x63;&#104;&#x74;&#46;&#x64;&#x65;\">info@renz-recht.de<\/a><\/p>\n<p>[borlabs-cookie type=\u201cbtn-cookie-preference\u201c title=\u201cModifier les param\u00e8tres des cookies\u201c\/]<\/p>\n<p>[\/et_pb_blurb][et_pb_accordion _builder_version=&#8220;4.16&#8243; z_index_tablet=&#8220;500&#8243; toggle_text_shadow_horizontal_length_tablet=&#8220;0px&#8220; toggle_text_shadow_vertical_length_tablet=&#8220;0px&#8220; toggle_text_shadow_blur_strength_tablet=&#8220;1px&#8220; closed_toggle_text_shadow_horizontal_length_tablet=&#8220;0px&#8220; closed_toggle_text_shadow_vertical_length_tablet=&#8220;0px&#8220; closed_toggle_text_shadow_blur_strength_tablet=&#8220;1px&#8220; body_text_shadow_horizontal_length_tablet=&#8220;0px&#8220; body_text_shadow_vertical_length_tablet=&#8220;0px&#8220; body_text_shadow_blur_strength_tablet=&#8220;1px&#8220; body_link_text_shadow_horizontal_length_tablet=&#8220;0px&#8220; body_link_text_shadow_vertical_length_tablet=&#8220;0px&#8220; body_link_text_shadow_blur_strength_tablet=&#8220;1px&#8220; body_ul_text_shadow_horizontal_length_tablet=&#8220;0px&#8220; body_ul_text_shadow_vertical_length_tablet=&#8220;0px&#8220; body_ul_text_shadow_blur_strength_tablet=&#8220;1px&#8220; body_ol_text_shadow_horizontal_length_tablet=&#8220;0px&#8220; body_ol_text_shadow_vertical_length_tablet=&#8220;0px&#8220; body_ol_text_shadow_blur_strength_tablet=&#8220;1px&#8220; body_quote_text_shadow_horizontal_length_tablet=&#8220;0px&#8220; body_quote_text_shadow_vertical_length_tablet=&#8220;0px&#8220; body_quote_text_shadow_blur_strength_tablet=&#8220;1px&#8220; box_shadow_horizontal_tablet=&#8220;0px&#8220; box_shadow_vertical_tablet=&#8220;0px&#8220; box_shadow_blur_tablet=&#8220;40px&#8220; box_shadow_spread_tablet=&#8220;0px&#8220; text_shadow_horizontal_length_tablet=&#8220;0px&#8220; text_shadow_vertical_length_tablet=&#8220;0px&#8220; text_shadow_blur_strength_tablet=&#8220;1px&#8220; global_colors_info=&#8220;{}&#8220;][et_pb_accordion_item title=&#8220;General provisions&#8220; open=&#8220;on&#8220; _builder_version=&#8220;4.16&#8243; background_color_gradient_direction_tablet=&#8220;180deg&#8220; background_color_gradient_direction_phone=&#8220;180deg&#8220; background_color_gradient_stops_tablet=&#8220;#2b87da 0%|#29c4a9 100%&#8220; background_color_gradient_stops_phone=&#8220;#2b87da 0%|#29c4a9 100%&#8220; background_color_gradient_start_position_tablet=&#8220;0%&#8220; background_color_gradient_start_position_phone=&#8220;0%&#8220; background_color_gradient_end_position_tablet=&#8220;100%&#8220; background_color_gradient_end_position_phone=&#8220;100%&#8220; hover_transition_duration_tablet=&#8220;300ms&#8220; hover_transition_duration_phone=&#8220;300ms&#8220; hover_transition_delay_tablet=&#8220;0ms&#8220; hover_transition_delay_phone=&#8220;0ms&#8220; body_text_shadow_horizontal_length_tablet=&#8220;0px&#8220; body_text_shadow_horizontal_length_phone=&#8220;0px&#8220; body_text_shadow_vertical_length_tablet=&#8220;0px&#8220; body_text_shadow_vertical_length_phone=&#8220;0px&#8220; body_text_shadow_blur_strength_tablet=&#8220;1px&#8220; body_text_shadow_blur_strength_phone=&#8220;1px&#8220; body_link_text_shadow_horizontal_length_tablet=&#8220;0px&#8220; body_link_text_shadow_horizontal_length_phone=&#8220;0px&#8220; body_link_text_shadow_vertical_length_tablet=&#8220;0px&#8220; body_link_text_shadow_vertical_length_phone=&#8220;0px&#8220; body_link_text_shadow_blur_strength_tablet=&#8220;1px&#8220; body_link_text_shadow_blur_strength_phone=&#8220;1px&#8220; body_ul_text_shadow_horizontal_length_tablet=&#8220;0px&#8220; body_ul_text_shadow_horizontal_length_phone=&#8220;0px&#8220; body_ul_text_shadow_vertical_length_tablet=&#8220;0px&#8220; body_ul_text_shadow_vertical_length_phone=&#8220;0px&#8220; body_ul_text_shadow_blur_strength_tablet=&#8220;1px&#8220; body_ul_text_shadow_blur_strength_phone=&#8220;1px&#8220; body_ol_text_shadow_horizontal_length_tablet=&#8220;0px&#8220; body_ol_text_shadow_horizontal_length_phone=&#8220;0px&#8220; body_ol_text_shadow_vertical_length_tablet=&#8220;0px&#8220; body_ol_text_shadow_vertical_length_phone=&#8220;0px&#8220; body_ol_text_shadow_blur_strength_tablet=&#8220;1px&#8220; body_ol_text_shadow_blur_strength_phone=&#8220;1px&#8220; body_quote_text_shadow_horizontal_length_tablet=&#8220;0px&#8220; body_quote_text_shadow_horizontal_length_phone=&#8220;0px&#8220; body_quote_text_shadow_vertical_length_tablet=&#8220;0px&#8220; body_quote_text_shadow_vertical_length_phone=&#8220;0px&#8220; body_quote_text_shadow_blur_strength_tablet=&#8220;1px&#8220; body_quote_text_shadow_blur_strength_phone=&#8220;1px&#8220; box_shadow_horizontal_tablet=&#8220;0px&#8220; box_shadow_horizontal_phone=&#8220;0px&#8220; box_shadow_vertical_tablet=&#8220;0px&#8220; box_shadow_vertical_phone=&#8220;0px&#8220; box_shadow_blur_tablet=&#8220;40px&#8220; box_shadow_blur_phone=&#8220;40px&#8220; box_shadow_spread_tablet=&#8220;0px&#8220; box_shadow_spread_phone=&#8220;0px&#8220; text_shadow_horizontal_length_tablet=&#8220;0px&#8220; text_shadow_horizontal_length_phone=&#8220;0px&#8220; text_shadow_vertical_length_tablet=&#8220;0px&#8220; text_shadow_vertical_length_phone=&#8220;0px&#8220; text_shadow_blur_strength_tablet=&#8220;1px&#8220; text_shadow_blur_strength_phone=&#8220;1px&#8220; global_colors_info=&#8220;{}&#8220; toggle_text_shadow_horizontal_length_tablet=&#8220;0px&#8220; toggle_text_shadow_horizontal_length_phone=&#8220;0px&#8220; toggle_text_shadow_vertical_length_tablet=&#8220;0px&#8220; toggle_text_shadow_vertical_length_phone=&#8220;0px&#8220; toggle_text_shadow_blur_strength_tablet=&#8220;1px&#8220; toggle_text_shadow_blur_strength_phone=&#8220;1px&#8220; closed_toggle_text_shadow_horizontal_length_tablet=&#8220;0px&#8220; closed_toggle_text_shadow_horizontal_length_phone=&#8220;0px&#8220; closed_toggle_text_shadow_vertical_length_tablet=&#8220;0px&#8220; closed_toggle_text_shadow_vertical_length_phone=&#8220;0px&#8220; closed_toggle_text_shadow_blur_strength_tablet=&#8220;1px&#8220; closed_toggle_text_shadow_blur_strength_phone=&#8220;1px&#8220;]<\/p>\n<h2>1. D\u00e9finitions<\/h2>\n<p>Afin d&#039;am\u00e9liorer la l\u00e9gitimit\u00e9 et la compr\u00e9hensibilit\u00e9 de notre politique de confidentialit\u00e9, nous souhaitons vous informer des dispositions g\u00e9n\u00e9rales utilis\u00e9es par le RGPD.<\/p>\n<p><strong>Donn\u00e9es personnelles<\/strong><br \/>\nLes donn\u00e9es personnelles d\u00e9signent toute information se rapportant \u00e0 une personne physique identifi\u00e9e ou identifiable (\u201a personne concern\u00e9e \u2018) ; une personne physique identifiable est une personne qui peut \u00eatre identifi\u00e9e, directement ou indirectement, notamment par r\u00e9f\u00e9rence \u00e0 un identifiant tel qu\u2019un nom, un num\u00e9ro d\u2019identification, des donn\u00e9es de localisation, un identifiant en ligne ou \u00e0 un ou plusieurs \u00e9l\u00e9ments sp\u00e9cifiques \u00e0 son identit\u00e9 physique, physiologique, g\u00e9n\u00e9tique, psychique, \u00e9conomique, culturelle ou sociale.<\/p>\n<p><strong>Personne concern\u00e9e<\/strong><br \/>\nLa personne concern\u00e9e est une personne physique identifi\u00e9e ou identifiable, dont les donn\u00e9es \u00e0 caract\u00e8re personnel sont trait\u00e9es par le responsable du traitement.<\/p>\n<p><strong>Traitement<\/strong><br \/>\nLe traitement d\u00e9signe toute op\u00e9ration ou tout ensemble d&#039;op\u00e9rations effectu\u00e9es ou non \u00e0 l&#039;aide de proc\u00e9d\u00e9s automatis\u00e9s et appliqu\u00e9es \u00e0 des donn\u00e9es ou des ensembles de donn\u00e9es \u00e0 caract\u00e8re personnel, telles que la collecte, l&#039;enregistrement, l&#039;organisation, la structuration, la conservation, l&#039;adaptation ou la modification, l&#039;extraction, la consultation, l&#039;utilisation, la communication par transmission, la diffusion ou toute autre forme de mise \u00e0 disposition, le rapprochement ou l&#039;interconnexion, la limitation, l&#039;effacement ou la destruction.<\/p>\n<p><strong>Restriction du traitement<\/strong><br \/>\nLa restriction du traitement signifie le marquage des donn\u00e9es personnelles stock\u00e9es dans le but de limiter leur traitement futur.<\/p>\n<p><strong>Profilage<\/strong><br \/>\nLe profilage d\u00e9signe toute forme de traitement automatis\u00e9 de donn\u00e9es \u00e0 caract\u00e8re personnel consistant \u00e0 utiliser ces donn\u00e9es pour \u00e9valuer certains aspects personnels relatifs \u00e0 une personne physique, notamment pour analyser ou pr\u00e9dire des \u00e9l\u00e9ments concernant le rendement au travail, la situation \u00e9conomique, la sant\u00e9, les pr\u00e9f\u00e9rences personnelles, les int\u00e9r\u00eats, la fiabilit\u00e9, le comportement, la localisation ou les d\u00e9placements de cette personne physique.<\/p>\n<p><strong>Pseudonymisation<\/strong><br \/>\nLa pseudonymisation d\u00e9signe le traitement de donn\u00e9es \u00e0 caract\u00e8re personnel de telle mani\u00e8re que celles-ci ne puissent plus \u00eatre attribu\u00e9es \u00e0 une personne concern\u00e9e sp\u00e9cifique sans avoir recours \u00e0 des informations suppl\u00e9mentaires, \u00e0 condition que ces informations suppl\u00e9mentaires soient conserv\u00e9es s\u00e9par\u00e9ment et soumises \u00e0 des mesures techniques et organisationnelles visant \u00e0 garantir que les donn\u00e9es \u00e0 caract\u00e8re personnel ne sont pas attribu\u00e9es \u00e0 une personne physique identifi\u00e9e ou identifiable.<\/p>\n<p><strong>Contr\u00f4leur<\/strong><br \/>\nResponsable du traitement d\u00e9signe la personne physique ou morale, l\u2019autorit\u00e9 publique, le service ou un autre organisme qui, seul ou conjointement avec d\u2019autres, d\u00e9termine les finalit\u00e9s et les moyens du traitement des donn\u00e9es \u00e0 caract\u00e8re personnel ; lorsque les finalit\u00e9s et les moyens de ce traitement sont d\u00e9termin\u00e9s par le droit de l&#039;Union ou le droit d&#039;un \u00c9tat membre, le responsable du traitement ou les crit\u00e8res sp\u00e9cifiques applicables \u00e0 sa d\u00e9signation peuvent \u00eatre pr\u00e9vus par le droit de l&#039;Union ou le droit d&#039;un \u00c9tat membre.<\/p>\n<p><strong>Processeur<\/strong><br \/>\nLe sous-traitant d\u00e9signe une personne physique ou morale, une autorit\u00e9 publique, une agence ou un autre organisme qui traite des donn\u00e9es \u00e0 caract\u00e8re personnel pour le compte du responsable du traitement.<\/p>\n<p><strong>Destinataire<\/strong><br \/>\nLe destinataire d\u00e9signe une personne physique ou morale, une autorit\u00e9 publique, une agence ou un autre organisme auquel les donn\u00e9es \u00e0 caract\u00e8re personnel sont communiqu\u00e9es, qu&#039;il s&#039;agisse ou non d&#039;un tiers. Toutefois, les autorit\u00e9s publiques qui peuvent recevoir des donn\u00e9es \u00e0 caract\u00e8re personnel dans le cadre d\u2019une enqu\u00eate particuli\u00e8re conform\u00e9ment au droit de l\u2019Union ou du droit des \u00c9tats membres ne sont pas consid\u00e9r\u00e9es comme des destinataires ; le traitement de ces donn\u00e9es par ces autorit\u00e9s publiques doit \u00eatre conforme aux r\u00e8gles de protection des donn\u00e9es applicables en fonction des finalit\u00e9s du traitement.<\/p>\n<p><strong>Tierce personne<\/strong><br \/>\nUn tiers d\u00e9signe une personne physique ou morale, une autorit\u00e9 publique, un service ou un organisme autre que la personne concern\u00e9e, le responsable du traitement, le sous-traitant et les personnes qui, plac\u00e9es sous l&#039;autorit\u00e9 directe du responsable du traitement ou du sous-traitant, sont autoris\u00e9es \u00e0 traiter les donn\u00e9es \u00e0 caract\u00e8re personnel.<\/p>\n<p><strong>Consentement<\/strong><br \/>\nLe consentement de la personne concern\u00e9e signifie toute manifestation de volont\u00e9 sp\u00e9cifique, \u00e9clair\u00e9e et univoque par laquelle la personne concern\u00e9e accepte, par une d\u00e9claration ou par un acte positif clair, que des donn\u00e9es \u00e0 caract\u00e8re personnel la concernant fassent l&#039;objet d&#039;un traitement.<\/p>\n<h2>2. Type et \u00e9tendue de la collecte de donn\u00e9es<\/h2>\n<p>Les donn\u00e9es sont collect\u00e9es et trait\u00e9es lorsque vous acc\u00e9dez \u00e0 notre site Web ou r\u00e9cup\u00e9rez un fichier stock\u00e9 sur notre site Web. En r\u00e8gle g\u00e9n\u00e9rale, cela n&#039;a lieu que si cela est n\u00e9cessaire pour fournir un site Web fonctionnel ou son contenu et ses services. En outre, les donn\u00e9es personnelles sont r\u00e9guli\u00e8rement collect\u00e9es et utilis\u00e9es uniquement apr\u00e8s un consentement appropri\u00e9. Une exception s\u2019applique dans les cas o\u00f9 l\u2019obtention d\u2019un consentement pr\u00e9alable n\u2019est pas possible pour des raisons pratiques et le traitement des donn\u00e9es est autoris\u00e9 par des dispositions l\u00e9gales.<\/p>\n<h3>un. Base juridique du traitement des donn\u00e9es personnelles<\/h3>\n<p>Si des donn\u00e9es personnelles sont trait\u00e9es pour l&#039;ex\u00e9cution des contrats conclus avec nous, l&#039;art. 6 Paragraphe 1 lit. b Le RGPD sert de base juridique. Ceci s\u2019applique \u00e9galement aux op\u00e9rations de traitement n\u00e9cessaires \u00e0 la r\u00e9alisation d\u2019actions pr\u00e9contractuelles.<\/p>\n<p>Si nous obtenons le consentement de la personne concern\u00e9e pour les op\u00e9rations de traitement des donn\u00e9es personnelles, l&#039;art. 6 Paragraphe 1 lit. un RGPD sert de base juridique.<\/p>\n<p>Si le traitement des donn\u00e9es personnelles est n\u00e9cessaire pour remplir une obligation l\u00e9gale \u00e0 laquelle notre soci\u00e9t\u00e9 est soumise, l&#039;art. 6 Paragraphe 1 lit. c Le RGPD sert de base juridique.<\/p>\n<p>Dans le cas o\u00f9 des int\u00e9r\u00eats vitaux de la personne concern\u00e9e ou de toute autre personne physique n\u00e9cessitent le traitement de donn\u00e9es \u00e0 caract\u00e8re personnel, l&#039;art. 6 Paragraphe 1 lit. d Le RGPD sert de base juridique.<\/p>\n<p>Si le traitement des donn\u00e9es est n\u00e9cessaire pour sauvegarder un int\u00e9r\u00eat l\u00e9gitime de notre soci\u00e9t\u00e9 ou d&#039;un tiers et si les int\u00e9r\u00eats, les droits fondamentaux et les libert\u00e9s fondamentales de la personne concern\u00e9e ne l&#039;emportent pas sur l&#039;int\u00e9r\u00eat susmentionn\u00e9, alors l&#039;art. 6 Paragraphe 1 lit. f RGPD sert de base juridique au traitement.<\/p>\n<h3>b. Suppression des donn\u00e9es et dur\u00e9e de conservation<\/h3>\n<p>Les donn\u00e9es personnelles collect\u00e9es par nos soins sont supprim\u00e9es d\u00e8s que la finalit\u00e9 de leur stockage prend fin.<\/p>\n<p>Les donn\u00e9es sont conserv\u00e9es s\u2019il existe une loi, un r\u00e8glement de l\u2019Union ou d\u2019autres dispositions autorisant un tel stockage.<\/p>\n<p>En outre, les donn\u00e9es sont supprim\u00e9es lorsque la p\u00e9riode de conservation prescrite par les normes mentionn\u00e9es expire, \u00e0 moins qu&#039;il ne soit n\u00e9cessaire de conserver les donn\u00e9es plus longtemps pour la conclusion d&#039;un contrat ou pour l&#039;ex\u00e9cution d&#039;un contrat.<br \/>\n[\/et_pb_accordion_item][et_pb_accordion_item title=&#8220;II. Data collection at the website&#8220; _builder_version=&#8220;4.16&#8243; background_color_gradient_direction_tablet=&#8220;180deg&#8220; background_color_gradient_direction_phone=&#8220;180deg&#8220; background_color_gradient_stops_tablet=&#8220;#2b87da 0%|#29c4a9 100%&#8220; background_color_gradient_stops_phone=&#8220;#2b87da 0%|#29c4a9 100%&#8220; background_color_gradient_start_position_tablet=&#8220;0%&#8220; background_color_gradient_start_position_phone=&#8220;0%&#8220; background_color_gradient_end_position_tablet=&#8220;100%&#8220; background_color_gradient_end_position_phone=&#8220;100%&#8220; hover_transition_duration_tablet=&#8220;300ms&#8220; hover_transition_duration_phone=&#8220;300ms&#8220; hover_transition_delay_tablet=&#8220;0ms&#8220; hover_transition_delay_phone=&#8220;0ms&#8220; body_text_shadow_horizontal_length_tablet=&#8220;0px&#8220; body_text_shadow_horizontal_length_phone=&#8220;0px&#8220; body_text_shadow_vertical_length_tablet=&#8220;0px&#8220; body_text_shadow_vertical_length_phone=&#8220;0px&#8220; body_text_shadow_blur_strength_tablet=&#8220;1px&#8220; body_text_shadow_blur_strength_phone=&#8220;1px&#8220; body_link_text_shadow_horizontal_length_tablet=&#8220;0px&#8220; body_link_text_shadow_horizontal_length_phone=&#8220;0px&#8220; body_link_text_shadow_vertical_length_tablet=&#8220;0px&#8220; body_link_text_shadow_vertical_length_phone=&#8220;0px&#8220; body_link_text_shadow_blur_strength_tablet=&#8220;1px&#8220; body_link_text_shadow_blur_strength_phone=&#8220;1px&#8220; body_ul_text_shadow_horizontal_length_tablet=&#8220;0px&#8220; body_ul_text_shadow_horizontal_length_phone=&#8220;0px&#8220; body_ul_text_shadow_vertical_length_tablet=&#8220;0px&#8220; body_ul_text_shadow_vertical_length_phone=&#8220;0px&#8220; body_ul_text_shadow_blur_strength_tablet=&#8220;1px&#8220; body_ul_text_shadow_blur_strength_phone=&#8220;1px&#8220; body_ol_text_shadow_horizontal_length_tablet=&#8220;0px&#8220; body_ol_text_shadow_horizontal_length_phone=&#8220;0px&#8220; body_ol_text_shadow_vertical_length_tablet=&#8220;0px&#8220; body_ol_text_shadow_vertical_length_phone=&#8220;0px&#8220; body_ol_text_shadow_blur_strength_tablet=&#8220;1px&#8220; body_ol_text_shadow_blur_strength_phone=&#8220;1px&#8220; body_quote_text_shadow_horizontal_length_tablet=&#8220;0px&#8220; body_quote_text_shadow_horizontal_length_phone=&#8220;0px&#8220; body_quote_text_shadow_vertical_length_tablet=&#8220;0px&#8220; body_quote_text_shadow_vertical_length_phone=&#8220;0px&#8220; body_quote_text_shadow_blur_strength_tablet=&#8220;1px&#8220; body_quote_text_shadow_blur_strength_phone=&#8220;1px&#8220; box_shadow_horizontal_tablet=&#8220;0px&#8220; box_shadow_horizontal_phone=&#8220;0px&#8220; box_shadow_vertical_tablet=&#8220;0px&#8220; box_shadow_vertical_phone=&#8220;0px&#8220; box_shadow_blur_tablet=&#8220;40px&#8220; box_shadow_blur_phone=&#8220;40px&#8220; box_shadow_spread_tablet=&#8220;0px&#8220; box_shadow_spread_phone=&#8220;0px&#8220; text_shadow_horizontal_length_tablet=&#8220;0px&#8220; text_shadow_horizontal_length_phone=&#8220;0px&#8220; text_shadow_vertical_length_tablet=&#8220;0px&#8220; text_shadow_vertical_length_phone=&#8220;0px&#8220; text_shadow_blur_strength_tablet=&#8220;1px&#8220; text_shadow_blur_strength_phone=&#8220;1px&#8220; global_colors_info=&#8220;{}&#8220; toggle_text_shadow_horizontal_length_tablet=&#8220;0px&#8220; toggle_text_shadow_horizontal_length_phone=&#8220;0px&#8220; toggle_text_shadow_vertical_length_tablet=&#8220;0px&#8220; toggle_text_shadow_vertical_length_phone=&#8220;0px&#8220; toggle_text_shadow_blur_strength_tablet=&#8220;1px&#8220; toggle_text_shadow_blur_strength_phone=&#8220;1px&#8220; closed_toggle_text_shadow_horizontal_length_tablet=&#8220;0px&#8220; closed_toggle_text_shadow_horizontal_length_phone=&#8220;0px&#8220; closed_toggle_text_shadow_vertical_length_tablet=&#8220;0px&#8220; closed_toggle_text_shadow_vertical_length_phone=&#8220;0px&#8220; closed_toggle_text_shadow_blur_strength_tablet=&#8220;1px&#8220; closed_toggle_text_shadow_blur_strength_phone=&#8220;1px&#8220; open=&#8220;off&#8220;]<\/p>\n<h2>1. Fichiers journaux<\/h2>\n<h3>un. Description et port\u00e9e du traitement des donn\u00e9es<\/h3>\n<p>Lorsque vous acc\u00e9dez \u00e0 notre site Web<\/p>\n<ul>\n<li>Type\/version du navigateur<\/li>\n<li>Syst\u00e8me d&#039;exploitation utilis\u00e9<\/li>\n<li>URL de r\u00e9f\u00e9rence (site Web visit\u00e9 pr\u00e9c\u00e9demment), ainsi que les pages r\u00e9cup\u00e9r\u00e9es sur notre site Web<\/li>\n<li>adresse IP<\/li>\n<li>Date et heure de la requ\u00eate du serveur<\/li>\n<li>Fournisseur de services Internet<\/li>\n<\/ul>\n<p>sont enregistr\u00e9s.<\/p>\n<h3>b. Base juridique du traitement des donn\u00e9es<\/h3>\n<p>La base juridique pour le stockage des donn\u00e9es et des fichiers journaux est l&#039;art. 6 Paragraphe 1 lit. f RGPD.<\/p>\n<h3>c. Finalit\u00e9 du traitement des donn\u00e9es<\/h3>\n<p>Le stockage des donn\u00e9es dans des fichiers journaux garantit le bon fonctionnement de notre site Web. Cela contribue \u00e9galement \u00e0 l\u2019optimisation et \u00e0 la s\u00e9curit\u00e9 de nos syst\u00e8mes. C&#039;est \u00e9galement l\u00e0 que r\u00e9side notre int\u00e9r\u00eat l\u00e9gitime au traitement des donn\u00e9es conform\u00e9ment \u00e0 l&#039;art. 6 Paragraphe 1 lit. f RGPD. Conform\u00e9ment \u00e0 cette utilisation, nous n&#039;\u00e9valuons pas les donn\u00e9es \u00e0 des fins de marketing.<\/p>\n<h3>d. Dur\u00e9e de stockage<\/h3>\n<p>Les donn\u00e9es que nous stockons sont supprim\u00e9es d\u00e8s que nous n&#039;en avons plus besoin pour atteindre l&#039;objectif pour lequel elles ont \u00e9t\u00e9 collect\u00e9es. Cela se produit au plus tard apr\u00e8s sept jours. Il est possible de stocker des donn\u00e9es plus longtemps que cela. Dans ce cas, les adresses IP des utilisateurs sont supprim\u00e9es ou anonymis\u00e9es, afin de rendre impossible l&#039;identification de l&#039;utilisateur.<\/p>\n<h3>f. Possibilit\u00e9 de retrait et d&#039;\u00e9limination<\/h3>\n<p>L&#039;enregistrement des donn\u00e9es mentionn\u00e9es est absolument n\u00e9cessaire au fonctionnement du site Internet. Par cons\u00e9quent, l\u2019utilisateur n\u2019a aucune possibilit\u00e9 de s\u2019y opposer.<\/p>\n<h2>2. Cookies<\/h2>\n<h3>un. Description et port\u00e9e du traitement des donn\u00e9es<\/h3>\n<p>Notre site Web utilise des cookies. Les cookies sont des fichiers texte qui sont enregistr\u00e9s sur le syst\u00e8me informatique de l&#039;utilisateur lors de la consultation de notre site Web. Les cookies contiennent une cha\u00eene qui permet d&#039;identifier le navigateur du visiteur lorsque notre site Web est \u00e0 nouveau r\u00e9cup\u00e9r\u00e9. Nous utilisons des cookies techniquement n\u00e9cessaires, qui contribuent \u00e0 rendre nos services plus conviviaux, plus efficaces et plus s\u00fbrs. <br \/>Les donn\u00e9es suivantes, par exemple, sont stock\u00e9es et transmises dans les cookies :<\/p>\n<ul>\n<li>Articles dans le panier<\/li>\n<li>Informations de connexion<\/li>\n<li>Param\u00e8tres de langue<\/li>\n<\/ul>\n<p>Les donn\u00e9es obtenues \u00e0 partir de cela sont pseudonymis\u00e9es par nos soins. Il n\u2019est donc pas possible de relier les donn\u00e9es au visiteur. De plus, ces donn\u00e9es ne sont pas stock\u00e9es avec d\u2019autres donn\u00e9es personnelles. <br \/>Vous pouvez configurer votre navigateur de mani\u00e8re \u00e0 \u00eatre inform\u00e9 de la configuration des cookies et \u00e0 d\u00e9cider individuellement de leur acceptation ou de refuser l&#039;acceptation des cookies pour des cas sp\u00e9cifiques ou en g\u00e9n\u00e9ral. Si vous n&#039;acceptez pas les cookies, la fonctionnalit\u00e9 de notre site Web peut \u00eatre limit\u00e9e.<\/p>\n<p>En outre, nous utilisons des cookies qui nous permettent d&#039;analyser les habitudes de navigation des visiteurs de notre site Web (appel\u00e9s cookies d&#039;analyse). Les donn\u00e9es suivantes, par exemple, sont stock\u00e9es et transmises dans les cookies d\u2019analyse :<\/p>\n<ul>\n<li>Visites de pages<\/li>\n<li>Utilisation des fonctionnalit\u00e9s du site Web<\/li>\n<li>Param\u00e8tres de langue<\/li>\n<\/ul>\n<p>Lors de la consultation de notre site Web, l&#039;utilisateur est inform\u00e9 de l&#039;utilisation de cookies et le consentement de l&#039;utilisateur est obtenu pour le traitement des donn\u00e9es personnelles utilis\u00e9es.<\/p>\n<h3>b.  Base juridique du traitement des donn\u00e9es<\/h3>\n<p>La base juridique du traitement des donn\u00e9es personnelles \u00e0 l&#039;aide de cookies est l&#039;art. 6 Paragraphe 1 lit. f RGPD. La base juridique du traitement des donn\u00e9es personnelles \u00e0 l&#039;aide de cookies \u00e0 des fins d&#039;analyse est l&#039;art. 6 Paragraphe 1 lit. un RGPD si l&#039;utilisateur a consenti \u00e0 l&#039;utilisation de cookies.<\/p>\n<h3>c.  Finalit\u00e9 du traitement des donn\u00e9es<\/h3>\n<p>Les cookies techniquement n\u00e9cessaires servent \u00e0 simplifier l&#039;utilisation des sites Web. Certaines fonctions du site Web ou de la boutique en ligne ne peuvent pas \u00eatre fournies sans l&#039;utilisation de cookies. Pour ces fonctions, il est n\u00e9cessaire qu&#039;un navigateur revenant sur notre site Web puisse \u00eatre correctement identifi\u00e9. Les donn\u00e9es utilisateur collect\u00e9es par les cookies techniquement n\u00e9cessaires ne sont pas utilis\u00e9es pour cr\u00e9er des profils d&#039;utilisateurs. Les cookies d&#039;analyse sont utilis\u00e9s pour am\u00e9liorer la qualit\u00e9 de notre site Web et de son contenu. Gr\u00e2ce aux cookies d&#039;analyse, nous apprenons comment notre site Web est utilis\u00e9 et nous permettent d&#039;am\u00e9liorer continuellement nos services.<\/p>\n<h3>d. Dur\u00e9e de conservation, possibilit\u00e9 de retrait et d&#039;\u00e9limination<\/h3>\n<p>Les cookies sont enregistr\u00e9s sur l&#039;ordinateur de l&#039;utilisateur et sont transmis par celui-ci. C&#039;est pourquoi les utilisateurs ont \u00e9galement un contr\u00f4le total sur l&#039;utilisation des cookies. Vous pouvez d\u00e9sactiver ou restreindre le transfert de cookies en modifiant les param\u00e8tres de votre navigateur Internet. Les cookies d\u00e9j\u00e0 enregistr\u00e9s peuvent \u00eatre supprim\u00e9s \u00e0 tout moment. Cela peut \u00e9galement se produire automatiquement. La d\u00e9sactivation des cookies pour notre site Web peut entra\u00eener la perte de certaines fonctions de notre site Web.<\/p>\n<h2>3. Formulaire de contact et email<\/h2>\n<h3>un. Description et port\u00e9e du traitement des donn\u00e9es<\/h3>\n<p>Les visiteurs de notre site Web disposent d&#039;un formulaire de contact pour un contact \u00e9lectronique rapide. Les donn\u00e9es saisies dans l&#039;\u00e9cran de saisie nous sont transmises et stock\u00e9es par nos soins. En outre, l&#039;adresse IP de l&#039;utilisateur ainsi que la date et l&#039;heure de transmission sont enregistr\u00e9es au moment de l&#039;envoi. Alternativement, un contact est possible via l&#039;adresse e-mail fournie. Dans ce cas, les donn\u00e9es personnelles de l&#039;utilisateur transmises par courrier \u00e9lectronique sont stock\u00e9es. Les donn\u00e9es ne sont jamais transmises \u00e0 des tiers. Les donn\u00e9es ne sont utilis\u00e9es que pour le traitement de la demande.<\/p>\n<h3>b. Base juridique du traitement des donn\u00e9es<\/h3>\n<p>La base juridique du traitement des donn\u00e9es, si l&#039;utilisateur y a consenti, est l&#039;art. 6 Paragraphe 1 lit. un RGPD.<br \/>La base juridique du traitement des donn\u00e9es transmises lors de l&#039;envoi d&#039;un courrier \u00e9lectronique est l&#039;art. 6 Paragraphe 1 lit. f RGPD. Si le contact par courrier \u00e9lectronique vise \u00e0 conclure un contrat, la base juridique suppl\u00e9mentaire pour le traitement est l&#039;art. 6 Paragraphe 1 lit. b RGPD.<\/p>\n<h3>c. Finalit\u00e9 du traitement des donn\u00e9es<\/h3>\n<p>Le traitement des donn\u00e9es personnelles a pour seule finalit\u00e9 le traitement des contacts. En cas de contact par e-mail, cela inclut \u00e9galement l&#039;int\u00e9r\u00eat l\u00e9gitime requis dans le traitement des donn\u00e9es. D&#039;autres donn\u00e9es personnelles trait\u00e9es dans le cadre du processus d&#039;envoi servent \u00e0 pr\u00e9venir toute utilisation abusive du formulaire de contact et \u00e0 garantir la s\u00e9curit\u00e9 de nos syst\u00e8mes informatiques.<\/p>\n<h3>d. Dur\u00e9e de stockage<\/h3>\n<p>Les donn\u00e9es sont supprim\u00e9es d\u00e8s que nous n\u2019en avons plus besoin pour atteindre l\u2019objectif pour lequel elles ont \u00e9t\u00e9 collect\u00e9es. Pour les donn\u00e9es personnelles issues de l&#039;\u00e9cran de saisie du formulaire de contact et qui ont \u00e9t\u00e9 envoy\u00e9es par courrier \u00e9lectronique, c&#039;est le cas lorsque la conversation respective avec l&#039;utilisateur est termin\u00e9e. La conversation prend fin lorsqu\u2019il ressort clairement des circonstances que les faits pertinents ont \u00e9t\u00e9 d\u00e9finitivement clarifi\u00e9s. <br \/>Les donn\u00e9es personnelles suppl\u00e9mentaires collect\u00e9es lors du processus d&#039;envoi sont supprim\u00e9es au plus tard apr\u00e8s un d\u00e9lai de sept jours.<\/p>\n<h3>f. Possibilit\u00e9 de r\u00e9voquer le consentement et d&#039;\u00e9limination<\/h3>\n<p>\u00c0 tout moment, l\u2019utilisateur a la possibilit\u00e9 de r\u00e9voquer son consentement au traitement des donn\u00e9es personnelles. A cet effet, l&#039;utilisateur peut contacter la personne responsable via les options de contact pr\u00e9vues sur le site Internet. Si l&#039;utilisateur nous contacte par e-mail, il peut \u00e0 tout moment s&#039;opposer au stockage de ses donn\u00e9es personnelles. La conversation ne peut pas continuer dans un tel cas.<\/p>\n<h2>4. Fonction commentaire<\/h2>\n<h3>un. Description et port\u00e9e du traitement des donn\u00e9es<\/h3>\n<p>Les visiteurs de notre site Web ont la possibilit\u00e9 de commenter les entr\u00e9es du blog. Les donn\u00e9es saisies dans l&#039;\u00e9cran de saisie nous sont transmises et stock\u00e9es par nos soins. En outre, l&#039;adresse IP de l&#039;utilisateur ainsi que la date et l&#039;heure de transmission sont enregistr\u00e9es au moment de l&#039;envoi. Les donn\u00e9es ne sont jamais transmises \u00e0 des tiers. Les donn\u00e9es ne sont utilis\u00e9es que pour le traitement de la demande.<\/p>\n<h3>b. Base juridique du traitement des donn\u00e9es<\/h3>\n<p>La base juridique du traitement des donn\u00e9es, si l&#039;utilisateur y a consenti, est l&#039;art. 6 Paragraphe 1 lit. a RGPD, sinon art. 6 Paragraphe 1 lit. f RGPD.<\/p>\n<h3>c. Finalit\u00e9 du traitement des donn\u00e9es<\/h3>\n<p>Le traitement des donn\u00e9es personnelles sert \u00e0 emp\u00eacher toute utilisation abusive de la fonction de commentaire et \u00e0 garantir la s\u00e9curit\u00e9 de nos syst\u00e8mes informatiques.<\/p>\n<h3>d. Dur\u00e9e de stockage<\/h3>\n<p>Les donn\u00e9es sont supprim\u00e9es d\u00e8s que nous n\u2019en avons plus besoin pour atteindre l\u2019objectif pour lequel elles ont \u00e9t\u00e9 collect\u00e9es. C&#039;est le cas au plus tard une fois que le commentaire ou la sous-page sur laquelle le commentaire a \u00e9t\u00e9 r\u00e9dig\u00e9 est supprim\u00e9.<\/p>\n<h3>f. Possibilit\u00e9 de r\u00e9voquer le consentement et d&#039;\u00e9limination<\/h3>\n<p>\u00c0 tout moment, l\u2019utilisateur a la possibilit\u00e9 de r\u00e9voquer son consentement au traitement des donn\u00e9es personnelles. A cet effet, l&#039;utilisateur peut contacter la personne responsable via les options de contact pr\u00e9vues sur le site Internet.<\/p>\n<p>[\/et_pb_accordion_item][et_pb_accordion_item title=&#8220;III. Date collection for analysis purposes&#8220; title_tablet=&#8220;III. Date collection for analysis purposes&#8220; title_phone=&#8220;III. Date collection for analysis purposes&#8220; _builder_version=&#8220;4.16&#8243; background_color_gradient_direction_tablet=&#8220;180deg&#8220; background_color_gradient_direction_phone=&#8220;180deg&#8220; background_color_gradient_stops_tablet=&#8220;#2b87da 0%|#29c4a9 100%&#8220; background_color_gradient_stops_phone=&#8220;#2b87da 0%|#29c4a9 100%&#8220; background_color_gradient_start_position_tablet=&#8220;0%&#8220; background_color_gradient_start_position_phone=&#8220;0%&#8220; background_color_gradient_end_position_tablet=&#8220;100%&#8220; background_color_gradient_end_position_phone=&#8220;100%&#8220; hover_transition_duration_tablet=&#8220;300ms&#8220; hover_transition_duration_phone=&#8220;300ms&#8220; hover_transition_delay_tablet=&#8220;0ms&#8220; hover_transition_delay_phone=&#8220;0ms&#8220; body_text_shadow_horizontal_length_tablet=&#8220;0px&#8220; body_text_shadow_horizontal_length_phone=&#8220;0px&#8220; body_text_shadow_vertical_length_tablet=&#8220;0px&#8220; body_text_shadow_vertical_length_phone=&#8220;0px&#8220; body_text_shadow_blur_strength_tablet=&#8220;1px&#8220; body_text_shadow_blur_strength_phone=&#8220;1px&#8220; body_link_text_shadow_horizontal_length_tablet=&#8220;0px&#8220; body_link_text_shadow_horizontal_length_phone=&#8220;0px&#8220; body_link_text_shadow_vertical_length_tablet=&#8220;0px&#8220; body_link_text_shadow_vertical_length_phone=&#8220;0px&#8220; body_link_text_shadow_blur_strength_tablet=&#8220;1px&#8220; body_link_text_shadow_blur_strength_phone=&#8220;1px&#8220; body_ul_text_shadow_horizontal_length_tablet=&#8220;0px&#8220; body_ul_text_shadow_horizontal_length_phone=&#8220;0px&#8220; body_ul_text_shadow_vertical_length_tablet=&#8220;0px&#8220; body_ul_text_shadow_vertical_length_phone=&#8220;0px&#8220; body_ul_text_shadow_blur_strength_tablet=&#8220;1px&#8220; body_ul_text_shadow_blur_strength_phone=&#8220;1px&#8220; body_ol_text_shadow_horizontal_length_tablet=&#8220;0px&#8220; body_ol_text_shadow_horizontal_length_phone=&#8220;0px&#8220; body_ol_text_shadow_vertical_length_tablet=&#8220;0px&#8220; body_ol_text_shadow_vertical_length_phone=&#8220;0px&#8220; body_ol_text_shadow_blur_strength_tablet=&#8220;1px&#8220; body_ol_text_shadow_blur_strength_phone=&#8220;1px&#8220; body_quote_text_shadow_horizontal_length_tablet=&#8220;0px&#8220; body_quote_text_shadow_horizontal_length_phone=&#8220;0px&#8220; body_quote_text_shadow_vertical_length_tablet=&#8220;0px&#8220; body_quote_text_shadow_vertical_length_phone=&#8220;0px&#8220; body_quote_text_shadow_blur_strength_tablet=&#8220;1px&#8220; body_quote_text_shadow_blur_strength_phone=&#8220;1px&#8220; box_shadow_horizontal_tablet=&#8220;0px&#8220; box_shadow_horizontal_phone=&#8220;0px&#8220; box_shadow_vertical_tablet=&#8220;0px&#8220; box_shadow_vertical_phone=&#8220;0px&#8220; box_shadow_blur_tablet=&#8220;40px&#8220; box_shadow_blur_phone=&#8220;40px&#8220; box_shadow_spread_tablet=&#8220;0px&#8220; box_shadow_spread_phone=&#8220;0px&#8220; text_shadow_horizontal_length_tablet=&#8220;0px&#8220; text_shadow_horizontal_length_phone=&#8220;0px&#8220; text_shadow_vertical_length_tablet=&#8220;0px&#8220; text_shadow_vertical_length_phone=&#8220;0px&#8220; text_shadow_blur_strength_tablet=&#8220;1px&#8220; text_shadow_blur_strength_phone=&#8220;1px&#8220; global_colors_info=&#8220;{}&#8220; toggle_text_shadow_horizontal_length_tablet=&#8220;0px&#8220; toggle_text_shadow_horizontal_length_phone=&#8220;0px&#8220; toggle_text_shadow_vertical_length_tablet=&#8220;0px&#8220; toggle_text_shadow_vertical_length_phone=&#8220;0px&#8220; toggle_text_shadow_blur_strength_tablet=&#8220;1px&#8220; toggle_text_shadow_blur_strength_phone=&#8220;1px&#8220; closed_toggle_text_shadow_horizontal_length_tablet=&#8220;0px&#8220; closed_toggle_text_shadow_horizontal_length_phone=&#8220;0px&#8220; closed_toggle_text_shadow_vertical_length_tablet=&#8220;0px&#8220; closed_toggle_text_shadow_vertical_length_phone=&#8220;0px&#8220; closed_toggle_text_shadow_blur_strength_tablet=&#8220;1px&#8220; closed_toggle_text_shadow_blur_strength_phone=&#8220;1px&#8220; open=&#8220;off&#8220;]<\/p>\n<h2>1. Matomo (anciennement Piwik)<\/h2>\n<h3>un. Description et port\u00e9e du traitement des donn\u00e9es<\/h3>\n<p>Le site Web utilise le service d&#039;analyse Web Matomo (Piwik). Le fournisseur est InnoCraft Ltd., 150 Willis St, 6011 Wellington, Nouvelle-Z\u00e9lande. Matomo utilise des cookies d&#039;analyse afin de r\u00e9cup\u00e9rer les informations suivantes.<\/p>\n<ul>\n<li>Deux octets de l&#039;adresse IP du syst\u00e8me de l&#039;utilisateur<\/li>\n<li>Le site Web visit\u00e9 par l&#039;utilisateur<\/li>\n<li>URL de r\u00e9f\u00e9rence (site Web visit\u00e9 pr\u00e9c\u00e9demment)<\/li>\n<li>Sous-pages visit\u00e9es par l&#039;utilisateur<\/li>\n<li>Le temps pass\u00e9 sur le site<\/li>\n<li>La fr\u00e9quence des visites<\/li>\n<\/ul>\n<p>Le logiciel fonctionne exclusivement sur le site Web du responsable du traitement. Le stockage des donn\u00e9es personnelles est effectu\u00e9 sur le site Internet. Les donn\u00e9es ne sont pas transmises \u00e0 des tiers.<\/p>\n<h3>b. Base juridique du traitement des donn\u00e9es<\/h3>\n<p>La base juridique du traitement des donn\u00e9es personnelles de l&#039;utilisateur est l&#039;art. 6 Paragraphe 1 lit. un RGPD.<\/p>\n<h3>c. Finalit\u00e9 du traitement des donn\u00e9es<\/h3>\n<p>Le traitement des donn\u00e9es personnelles des utilisateurs nous permet d&#039;analyser le comportement de navigation de nos utilisateurs. En analysant les donn\u00e9es obtenues, nous sommes en mesure de compiler des informations sur l&#039;utilisation des diff\u00e9rents composants de notre site Web. Cela nous aide \u00e0 am\u00e9liorer notre site Web et sa convivialit\u00e9. L&#039;anonymisation de l&#039;adresse IP prend suffisamment en compte l&#039;int\u00e9r\u00eat des utilisateurs \u00e0 prot\u00e9ger leurs donn\u00e9es personnelles.<\/p>\n<h3>d. Dur\u00e9e de stockage<\/h3>\n<p>Les donn\u00e9es sont supprim\u00e9es d\u00e8s que nous n\u2019en avons plus besoin pour atteindre l\u2019objectif pour lequel elles ont \u00e9t\u00e9 collect\u00e9es. C&#039;est le cas au plus tard apr\u00e8s 6 mois.<\/p>\n<p>Plus d&#039;informations peuvent \u00eatre r\u00e9cup\u00e9r\u00e9es sous : <a href=\"https:\/\/matomo.org\/docs\/privacy\/\">https:\/\/matomo.org\/docs\/privacy\/<\/a>.<\/p>\n<h3>f. Possibilit\u00e9 de retrait et d&#039;\u00e9limination<\/h3>\n<p>Les cookies sont stock\u00e9s sur l&#039;ordinateur de l&#039;utilisateur et sont transmis par celui-ci. C&#039;est pourquoi les utilisateurs ont \u00e9galement un contr\u00f4le total sur l&#039;utilisation des cookies. Vous pouvez d\u00e9sactiver ou restreindre le transfert de cookies en modifiant les param\u00e8tres de votre navigateur Internet. Les cookies d\u00e9j\u00e0 stock\u00e9s peuvent \u00eatre supprim\u00e9s \u00e0 tout moment. Cela peut \u00e9galement se produire automatiquement. La d\u00e9sactivation des cookies pour notre site Web peut entra\u00eener la perte de certaines fonctions de notre site Web.<\/p>\n<p>De plus, vous pouvez vous d\u00e9sinscrire en utilisant le lien suivant.<\/p>\n<p><iframe style=\"border: 0; height: 200px; width: 600px;\" src=\"https:\/\/www.renz-recht.de\/matomo\/index.php?module=CoreAdminHome&amp;action=optOut&amp;language=en&amp;backgroundColor=f3f3f3&amp;fontColor=&amp;fontSize=14px&amp;fontFamily=Arial\"><\/iframe><\/p>\n<p>En cliquant sur le lien, un cookie de d\u00e9sactivation sera plac\u00e9 sur votre appareil. Si les cookies sont supprim\u00e9s, ils doivent \u00eatre remplac\u00e9s pour \u00e9viter le suivi.<\/p>\n<p>[\/et_pb_accordion_item][et_pb_accordion_item title=&#8220;IV. Rights of the data subjects&#8220; _builder_version=&#8220;4.16&#8243; background_color_gradient_direction_tablet=&#8220;180deg&#8220; background_color_gradient_direction_phone=&#8220;180deg&#8220; background_color_gradient_stops_tablet=&#8220;#2b87da 0%|#29c4a9 100%&#8220; background_color_gradient_stops_phone=&#8220;#2b87da 0%|#29c4a9 100%&#8220; background_color_gradient_start_position_tablet=&#8220;0%&#8220; background_color_gradient_start_position_phone=&#8220;0%&#8220; background_color_gradient_end_position_tablet=&#8220;100%&#8220; background_color_gradient_end_position_phone=&#8220;100%&#8220; hover_transition_duration_tablet=&#8220;300ms&#8220; hover_transition_duration_phone=&#8220;300ms&#8220; hover_transition_delay_tablet=&#8220;0ms&#8220; hover_transition_delay_phone=&#8220;0ms&#8220; body_text_shadow_horizontal_length_tablet=&#8220;0px&#8220; body_text_shadow_horizontal_length_phone=&#8220;0px&#8220; body_text_shadow_vertical_length_tablet=&#8220;0px&#8220; body_text_shadow_vertical_length_phone=&#8220;0px&#8220; body_text_shadow_blur_strength_tablet=&#8220;1px&#8220; body_text_shadow_blur_strength_phone=&#8220;1px&#8220; body_link_text_shadow_horizontal_length_tablet=&#8220;0px&#8220; body_link_text_shadow_horizontal_length_phone=&#8220;0px&#8220; body_link_text_shadow_vertical_length_tablet=&#8220;0px&#8220; body_link_text_shadow_vertical_length_phone=&#8220;0px&#8220; body_link_text_shadow_blur_strength_tablet=&#8220;1px&#8220; body_link_text_shadow_blur_strength_phone=&#8220;1px&#8220; body_ul_text_shadow_horizontal_length_tablet=&#8220;0px&#8220; body_ul_text_shadow_horizontal_length_phone=&#8220;0px&#8220; body_ul_text_shadow_vertical_length_tablet=&#8220;0px&#8220; body_ul_text_shadow_vertical_length_phone=&#8220;0px&#8220; body_ul_text_shadow_blur_strength_tablet=&#8220;1px&#8220; body_ul_text_shadow_blur_strength_phone=&#8220;1px&#8220; body_ol_text_shadow_horizontal_length_tablet=&#8220;0px&#8220; body_ol_text_shadow_horizontal_length_phone=&#8220;0px&#8220; body_ol_text_shadow_vertical_length_tablet=&#8220;0px&#8220; body_ol_text_shadow_vertical_length_phone=&#8220;0px&#8220; body_ol_text_shadow_blur_strength_tablet=&#8220;1px&#8220; body_ol_text_shadow_blur_strength_phone=&#8220;1px&#8220; body_quote_text_shadow_horizontal_length_tablet=&#8220;0px&#8220; body_quote_text_shadow_horizontal_length_phone=&#8220;0px&#8220; body_quote_text_shadow_vertical_length_tablet=&#8220;0px&#8220; body_quote_text_shadow_vertical_length_phone=&#8220;0px&#8220; body_quote_text_shadow_blur_strength_tablet=&#8220;1px&#8220; body_quote_text_shadow_blur_strength_phone=&#8220;1px&#8220; box_shadow_horizontal_tablet=&#8220;0px&#8220; box_shadow_horizontal_phone=&#8220;0px&#8220; box_shadow_vertical_tablet=&#8220;0px&#8220; box_shadow_vertical_phone=&#8220;0px&#8220; box_shadow_blur_tablet=&#8220;40px&#8220; box_shadow_blur_phone=&#8220;40px&#8220; box_shadow_spread_tablet=&#8220;0px&#8220; box_shadow_spread_phone=&#8220;0px&#8220; text_shadow_horizontal_length_tablet=&#8220;0px&#8220; text_shadow_horizontal_length_phone=&#8220;0px&#8220; text_shadow_vertical_length_tablet=&#8220;0px&#8220; text_shadow_vertical_length_phone=&#8220;0px&#8220; text_shadow_blur_strength_tablet=&#8220;1px&#8220; text_shadow_blur_strength_phone=&#8220;1px&#8220; global_colors_info=&#8220;{}&#8220; toggle_text_shadow_horizontal_length_tablet=&#8220;0px&#8220; toggle_text_shadow_horizontal_length_phone=&#8220;0px&#8220; toggle_text_shadow_vertical_length_tablet=&#8220;0px&#8220; toggle_text_shadow_vertical_length_phone=&#8220;0px&#8220; toggle_text_shadow_blur_strength_tablet=&#8220;1px&#8220; toggle_text_shadow_blur_strength_phone=&#8220;1px&#8220; closed_toggle_text_shadow_horizontal_length_tablet=&#8220;0px&#8220; closed_toggle_text_shadow_horizontal_length_phone=&#8220;0px&#8220; closed_toggle_text_shadow_vertical_length_tablet=&#8220;0px&#8220; closed_toggle_text_shadow_vertical_length_phone=&#8220;0px&#8220; closed_toggle_text_shadow_blur_strength_tablet=&#8220;1px&#8220; closed_toggle_text_shadow_blur_strength_phone=&#8220;1px&#8220; open=&#8220;off&#8220;]<\/p>\n<h2>1. Information et acc\u00e8s aux donn\u00e9es personnelles<\/h2>\n<p>Les personnes concern\u00e9es ont le droit d\u2019obtenir une confirmation si des donn\u00e9es \u00e0 caract\u00e8re personnel sont trait\u00e9es par un responsable du traitement. <\/p>\n<p>Si des donn\u00e9es personnelles sont collect\u00e9es, les personnes concern\u00e9es recevront les informations suivantes : <\/p>\n<ul>\n<li>finalit\u00e9s du traitement<\/li>\n<li>les cat\u00e9gories de donn\u00e9es personnelles concern\u00e9es ; <\/li>\n<li>les destinataires ou cat\u00e9gories de destinataires auxquels les donn\u00e9es \u00e0 caract\u00e8re personnel ont \u00e9t\u00e9 ou seront communiqu\u00e9es, notamment les destinataires en<\/li>\n<li>des pays tiers ou des organisations internationales ; <\/li>\n<li>si possible, la dur\u00e9e envisag\u00e9e pour laquelle les donn\u00e9es \u00e0 caract\u00e8re personnel seront conserv\u00e9es ou, si ce n\u2019est pas possible, les crit\u00e8res utilis\u00e9s pour d\u00e9terminer cette dur\u00e9e ; <\/li>\n<li>l&#039;existence du droit de demander au responsable du traitement la rectification ou l&#039;effacement des donn\u00e9es \u00e0 caract\u00e8re personnel ou la limitation du traitement des donn\u00e9es \u00e0 caract\u00e8re personnel concernant la personne concern\u00e9e ou de s&#039;opposer \u00e0 un tel traitement ; <\/li>\n<li>le droit de d\u00e9poser une plainte aupr\u00e8s d\u2019une autorit\u00e9 de contr\u00f4le ; <br \/>lorsque les donn\u00e9es \u00e0 caract\u00e8re personnel ne sont pas collect\u00e9es aupr\u00e8s de la personne concern\u00e9e, toute information disponible quant \u00e0 leur source ; <\/li>\n<li>l&#039;existence d&#039;une prise de d\u00e9cision automatis\u00e9e, y compris un profilage, vis\u00e9e \u00e0 l&#039;article 22, paragraphes 1 et 4, et, au moins dans ces cas, des informations utiles sur la logique sous-jacente, ainsi que sur l&#039;importance et les cons\u00e9quences envisag\u00e9es d&#039;un tel traitement pour la personne concern\u00e9e. <\/li>\n<li>Lorsque des donn\u00e9es \u00e0 caract\u00e8re personnel sont transf\u00e9r\u00e9es vers un pays tiers ou \u00e0 une organisation internationale, la personne concern\u00e9e a le droit d&#039;\u00eatre inform\u00e9e des garanties appropri\u00e9es conform\u00e9ment \u00e0 l&#039;article 46 relatives au transfert.<\/li>\n<\/ul>\n<p>Lorsque la fourniture de ces informations s&#039;av\u00e8re impossible ou impliquerait un effort disproportionn\u00e9, notamment pour un traitement \u00e0 des fins d&#039;archivage dans l&#039;int\u00e9r\u00eat public, \u00e0 des fins de recherche scientifique ou historique ou \u00e0 des fins statistiques, l&#039;acc\u00e8s aux donn\u00e9es trait\u00e9es peut \u00eatre restreint.<\/p>\n<h2>2. Droit de rectification<\/h2>\n<p>La personne concern\u00e9e a le droit d&#039;obtenir du responsable du traitement la rectification des donn\u00e9es \u00e0 caract\u00e8re personnel la concernant qui sont inexactes. Le responsable du traitement doit informer la personne concern\u00e9e sans retard injustifi\u00e9. Compte tenu des finalit\u00e9s du traitement, la personne concern\u00e9e a le droit d&#039;obtenir que les donn\u00e9es \u00e0 caract\u00e8re personnel incompl\u00e8tes soient compl\u00e9t\u00e9es, y compris en fournissant une d\u00e9claration compl\u00e9mentaire.<\/p>\n<p>Lorsque la fourniture de ces informations s&#039;av\u00e8re impossible ou impliquerait un effort disproportionn\u00e9, notamment pour un traitement \u00e0 des fins d&#039;archivage dans l&#039;int\u00e9r\u00eat public, \u00e0 des fins de recherche scientifique ou historique ou \u00e0 des fins statistiques, le droit de rectification peut \u00eatre restreint.<\/p>\n<h2>3. Droit de restreindre le traitement<\/h2>\n<p>La personne concern\u00e9e a le droit d&#039;obtenir du responsable du traitement la limitation du traitement lorsque l&#039;un des cas suivants s&#039;applique :<\/p>\n<ul>\n<li>l&#039;exactitude des donn\u00e9es \u00e0 caract\u00e8re personnel est contest\u00e9e par la personne concern\u00e9e, pendant une dur\u00e9e permettant au responsable du traitement de v\u00e9rifier l&#039;exactitude des donn\u00e9es \u00e0 caract\u00e8re personnel ; <\/li>\n<li>le traitement est illicite et la personne concern\u00e9e s&#039;oppose \u00e0 l&#039;effacement des donn\u00e9es \u00e0 caract\u00e8re personnel et demande \u00e0 la place la limitation de leur utilisation ; <\/li>\n<li>le responsable du traitement n&#039;a plus besoin des donn\u00e9es \u00e0 caract\u00e8re personnel aux fins du traitement, mais celles-ci sont encore n\u00e9cessaires \u00e0 la personne concern\u00e9e pour la constatation, l&#039;exercice ou la d\u00e9fense de droits en justice ; <\/li>\n<li>la personne concern\u00e9e s&#039;est oppos\u00e9e au traitement en vertu de l&#039;article 21(1) pendant la v\u00e9rification portant sur le point de savoir si les motifs l\u00e9gitimes poursuivis par le responsable du traitement pr\u00e9valent sur ceux de la personne concern\u00e9e.<\/li>\n<li>les donn\u00e9es personnelles ont \u00e9t\u00e9 collect\u00e9es dans le cadre de l&#039;offre de services de la soci\u00e9t\u00e9 de l&#039;information vis\u00e9e \u00e0 l&#039;article 8(1) du RGPD<\/li>\n<li>la personne concern\u00e9e retire le consentement sur lequel est fond\u00e9 le traitement conform\u00e9ment \u00e0 l&#039;article 6, paragraphe 1, point a), du RGPD, ou \u00e0 l&#039;article 9, paragraphe 2, point a), du RGPD, et il n&#039;existe aucun autre fondement juridique au traitement ;<\/li>\n<\/ul>\n<p>Lorsque le traitement a \u00e9t\u00e9 limit\u00e9, ces donn\u00e9es \u00e0 caract\u00e8re personnel ne peuvent, \u00e0 l&#039;exception de la conservation, \u00eatre trait\u00e9es qu&#039;avec le consentement de la personne concern\u00e9e ou pour la constatation, l&#039;exercice ou la d\u00e9fense de droits en justice ou pour la protection des droits d&#039;une autre personne physique ou morale ou pour des motifs d&#039;int\u00e9r\u00eat public important de l&#039;Union ou d&#039;un \u00c9tat membre.<\/p>\n<p>La personne concern\u00e9e qui a obtenu la limitation du traitement en vertu du paragraphe 1 doit \u00eatre inform\u00e9e par le responsable du traitement avant que la limitation du traitement ne soit lev\u00e9e.<\/p>\n<p>Lorsque la fourniture de ces informations s&#039;av\u00e8re impossible ou impliquerait un effort disproportionn\u00e9, notamment pour un traitement \u00e0 des fins d&#039;archivage dans l&#039;int\u00e9r\u00eat public, \u00e0 des fins de recherche scientifique ou historique ou \u00e0 des fins statistiques, le droit \u00e0 la limitation du traitement peut \u00eatre restreint.<\/p>\n<h2>4. Droit \u00e0 l\u2019effacement (\u00ab droit \u00e0 l\u2019oubli \u00bb)<\/h2>\n<h3>A. Obligation d&#039;effacer<\/h3>\n<p>La personne concern\u00e9e a le droit d&#039;obtenir du responsable du traitement l&#039;effacement, dans les meilleurs d\u00e9lais, de donn\u00e9es \u00e0 caract\u00e8re personnel la concernant et le responsable du traitement a l&#039;obligation d&#039;effacer ces donn\u00e9es \u00e0 caract\u00e8re personnel dans les meilleurs d\u00e9lais lorsque l&#039;un des motifs suivants s&#039;applique :<\/p>\n<ul>\n<li>les donn\u00e9es \u00e0 caract\u00e8re personnel ne sont plus n\u00e9cessaires au regard des finalit\u00e9s pour lesquelles elles ont \u00e9t\u00e9 collect\u00e9es ou trait\u00e9es d\u2019une autre mani\u00e8re ; <\/li>\n<li>la personne concern\u00e9e retire le consentement sur lequel est fond\u00e9 le traitement conform\u00e9ment \u00e0 l&#039;article 6, paragraphe 1, point a), ou \u00e0 l&#039;article 9, paragraphe 2, point a), et lorsqu&#039;il n&#039;existe pas d&#039;autre fondement juridique au traitement ; <\/li>\n<li>la personne concern\u00e9e s&#039;oppose au traitement en vertu de l&#039;article 21, paragraphe 1, et il n&#039;existe pas de motif l\u00e9gitime imp\u00e9rieux pour le traitement, ou la personne concern\u00e9e s&#039;oppose au traitement en vertu de l&#039;article 21, paragraphe 2 ; <\/li>\n<li>les donn\u00e9es personnelles ont \u00e9t\u00e9 trait\u00e9es ill\u00e9galement ; <\/li>\n<li>les donn\u00e9es \u00e0 caract\u00e8re personnel doivent \u00eatre effac\u00e9es pour respecter une obligation l\u00e9gale pr\u00e9vue par le droit de l\u2019Union ou le droit de l\u2019\u00c9tat membre auquel le responsable du traitement est soumis ; <\/li>\n<li>les donn\u00e9es \u00e0 caract\u00e8re personnel ont \u00e9t\u00e9 collect\u00e9es dans le cadre de l&#039;offre de services de la soci\u00e9t\u00e9 de l&#039;information vis\u00e9e \u00e0 l&#039;article 8, paragraphe 1.<\/li>\n<\/ul>\n<h3>B.Informations \u00e0 des tiers<\/h3>\n<p>Lorsque le responsable du traitement a rendu publiques les donn\u00e9es \u00e0 caract\u00e8re personnel et est tenu de les effacer, il prend, compte tenu des technologies disponibles et du co\u00fbt de mise en \u0153uvre, des mesures raisonnables, y compris des mesures techniques, pour informer les responsables du traitement qui traitent les donn\u00e9es \u00e0 caract\u00e8re personnel que la personne concern\u00e9e a demand\u00e9 l&#039;effacement par ces responsables du traitement de tout lien vers ces donn\u00e9es \u00e0 caract\u00e8re personnel, ou de toute copie ou r\u00e9plication de celles-ci.<\/p>\n<h3>C.Exceptions<\/h3>\n<p>Le droit \u00e0 l&#039;effacement ne s&#039;applique pas si le traitement est n\u00e9cessaire<\/p>\n<ul>\n<li>pour exercer le droit \u00e0 la libert\u00e9 d\u2019expression et d\u2019information ; <\/li>\n<li>pour le respect d&#039;une obligation l\u00e9gale qui requiert le traitement en vertu du droit de l&#039;Union ou de l&#039;\u00c9tat membre auquel le responsable du traitement est soumis ou pour l&#039;ex\u00e9cution d&#039;une mission effectu\u00e9e dans l&#039;int\u00e9r\u00eat public ou relevant de l&#039;exercice de l&#039;autorit\u00e9 publique dont est investi le responsable du traitement <\/li>\n<li>pour des raisons d&#039;int\u00e9r\u00eat public dans le domaine de la sant\u00e9 publique conform\u00e9ment aux points h) et i) de l&#039;article 9(2) ainsi qu&#039;\u00e0 l&#039;article 9(3) du RGPD<\/li>\n<li>\u00e0 des fins archivistiques dans l&#039;int\u00e9r\u00eat public, \u00e0 des fins de recherche scientifique ou historique ou \u00e0 des fins statistiques conform\u00e9ment \u00e0 l&#039;article 89, paragraphe 1, dans la mesure o\u00f9 le droit vis\u00e9 au paragraphe a est susceptible de rendre impossible ou de compromettre gravement la r\u00e9alisation des objectifs de ce traitement <\/li>\n<li>pour l\u2019\u00e9tablissement, l\u2019exercice ou la d\u00e9fense de droits en justice.<\/li>\n<\/ul>\n<h2>5. Obligation de notification<\/h2>\n<p>Le responsable du traitement communique toute rectification ou tout effacement de donn\u00e9es \u00e0 caract\u00e8re personnel ou toute limitation du traitement effectu\u00e9 conform\u00e9ment aux articles 16, 17, paragraphe 1, et 18 \u00e0 chaque destinataire auquel les donn\u00e9es \u00e0 caract\u00e8re personnel ont \u00e9t\u00e9 communiqu\u00e9es, \u00e0 moins que cela se r\u00e9v\u00e8le impossible ou implique des efforts disproportionn\u00e9s. Le responsable du traitement informe la personne concern\u00e9e de ces destinataires si celle-ci le demande.<\/p>\n<h2>6. Droit \u00e0 la portabilit\u00e9 des donn\u00e9es<\/h2>\n<p>La personne concern\u00e9e a le droit de recevoir les donn\u00e9es \u00e0 caract\u00e8re personnel la concernant qu&#039;elle a fournies \u00e0 un responsable du traitement, dans un format structur\u00e9, couramment utilis\u00e9 et lisible par machine, et a le droit de transmettre ces donn\u00e9es \u00e0 un autre responsable du traitement sans que le responsable du traitement auquel les donn\u00e9es \u00e0 caract\u00e8re personnel ont \u00e9t\u00e9 communiqu\u00e9es y fasse obstacle, lorsque :<\/p>\n<ul>\n<li>le traitement est fond\u00e9 sur le consentement conform\u00e9ment \u00e0 l&#039;article 6, paragraphe 1, point a), ou \u00e0 l&#039;article 9, paragraphe 2, point a), ou sur un contrat conform\u00e9ment \u00e0 l&#039;article 6, paragraphe 1, point b) ; et <\/li>\n<li>le traitement est effectu\u00e9 par des moyens automatis\u00e9s.<\/li>\n<\/ul>\n<p>Lorsqu&#039;elle exerce son droit \u00e0 la portabilit\u00e9 des donn\u00e9es conform\u00e9ment au paragraphe 1, la personne concern\u00e9e a le droit d&#039;obtenir que les donn\u00e9es \u00e0 caract\u00e8re personnel soient transmises directement d&#039;un responsable du traitement \u00e0 un autre, lorsque cela est techniquement possible.<\/p>\n<p>Ce droit ne s\u2019applique pas au traitement n\u00e9cessaire \u00e0 l\u2019ex\u00e9cution d\u2019une mission d\u2019int\u00e9r\u00eat public ou relevant de l\u2019exercice de l\u2019autorit\u00e9 publique dont est investi le responsable du traitement.<\/p>\n<h2>7. Droit d&#039;opposition<\/h2>\n<p>La personne concern\u00e9e a le droit de s&#039;opposer \u00e0 tout moment, pour des raisons tenant \u00e0 sa situation particuli\u00e8re, \u00e0 un traitement des donn\u00e9es \u00e0 caract\u00e8re personnel la concernant fond\u00e9 sur l&#039;article 6, paragraphe 1, point e) ou f), y compris un profilage fond\u00e9 sur ces dispositions. <br \/>Le responsable du traitement ne traite plus les donn\u00e9es \u00e0 caract\u00e8re personnel, \u00e0 moins qu&#039;il ne d\u00e9montre qu&#039;il existe des motifs l\u00e9gitimes et imp\u00e9rieux pour le traitement qui pr\u00e9valent sur les int\u00e9r\u00eats et les droits et libert\u00e9s de la personne concern\u00e9e, ou pour la constatation, l&#039;exercice ou la d\u00e9fense de droits en justice.<\/p>\n<p>Lorsque des donn\u00e9es \u00e0 caract\u00e8re personnel sont trait\u00e9es \u00e0 des fins de marketing direct, la personne concern\u00e9e a le droit de s&#039;opposer \u00e0 tout moment au traitement des donn\u00e9es \u00e0 caract\u00e8re personnel la concernant \u00e0 de telles fins de marketing, ce qui inclut le profilage dans la mesure o\u00f9 il est li\u00e9 \u00e0 un tel marketing direct.<\/p>\n<p>Lorsque la personne concern\u00e9e s\u2019oppose au traitement \u00e0 des fins de marketing direct, les donn\u00e9es \u00e0 caract\u00e8re personnel ne sont plus trait\u00e9es \u00e0 ces fins.<\/p>\n<p>Dans le cadre de l&#039;utilisation des services de la soci\u00e9t\u00e9 de l&#039;information, et nonobstant la directive 2002\/58\/CE, la personne concern\u00e9e peut exercer son droit d&#039;opposition par des moyens automatis\u00e9s utilisant des sp\u00e9cifications techniques.<\/p>\n<p>Lorsque des donn\u00e9es \u00e0 caract\u00e8re personnel sont trait\u00e9es \u00e0 des fins de recherche scientifique ou historique ou \u00e0 des fins statistiques conform\u00e9ment \u00e0 l&#039;article 89, paragraphe 1, la personne concern\u00e9e a le droit de s&#039;opposer, pour des raisons tenant \u00e0 sa situation particuli\u00e8re, au traitement des donn\u00e9es \u00e0 caract\u00e8re personnel la concernant, \u00e0 moins que le traitement ne soit n\u00e9cessaire \u00e0 l&#039;ex\u00e9cution d&#039;une mission effectu\u00e9e dans l&#039;int\u00e9r\u00eat public.<\/p>\n<h2>8. Droit de retirer le consentement des personnes concern\u00e9es<\/h2>\n<p>La personne concern\u00e9e a le droit de retirer son consentement \u00e0 tout moment. Le retrait du consentement n\u2019affecte pas la lic\u00e9it\u00e9 du traitement fond\u00e9 sur le consentement effectu\u00e9 avant son retrait.<\/p>\n<h2>9. Prise de d\u00e9cision individuelle automatis\u00e9e, y compris le profilage<\/h2>\n<p>La personne concern\u00e9e a le droit de ne pas faire l&#039;objet d&#039;une d\u00e9cision fond\u00e9e exclusivement sur un traitement automatis\u00e9, y compris le profilage, produisant des effets juridiques la concernant ou l&#039;affectant de mani\u00e8re significative de fa\u00e7on similaire. <br \/>Ceci ne s&#039;applique pas si la d\u00e9cision<\/p>\n<ul>\n<li>est n\u00e9cessaire \u00e0 la conclusion ou \u00e0 l\u2019ex\u00e9cution d\u2019un contrat entre la personne concern\u00e9e et un responsable du traitement ; <\/li>\n<li>est autoris\u00e9e par le droit de l&#039;Union ou de l&#039;\u00c9tat membre auquel le responsable du traitement est soumis et qui pr\u00e9voit \u00e9galement des mesures appropri\u00e9es pour la sauvegarde des droits et libert\u00e9s et des int\u00e9r\u00eats l\u00e9gitimes de la personne concern\u00e9e ; ou <\/li>\n<li>est fond\u00e9e sur le consentement explicite de la personne concern\u00e9e. <\/li>\n<\/ul>\n<p>Dans les cas vis\u00e9s aux points a) et c) du paragraphe 2, le responsable du traitement met en \u0153uvre des mesures appropri\u00e9es pour la sauvegarde des droits et libert\u00e9s et des int\u00e9r\u00eats l\u00e9gitimes de la personne concern\u00e9e, au moins du droit d&#039;obtenir une intervention humaine de la part du responsable du traitement, d&#039;exprimer son point de vue et de contester la d\u00e9cision.<\/p>\n<p>Les d\u00e9cisions ne peuvent \u00eatre fond\u00e9es sur les cat\u00e9gories particuli\u00e8res de donn\u00e9es \u00e0 caract\u00e8re personnel vis\u00e9es \u00e0 l&#039;article 9, paragraphe 1, \u00e0 moins que des mesures appropri\u00e9es pour sauvegarder les droits et libert\u00e9s et les int\u00e9r\u00eats l\u00e9gitimes de la personne concern\u00e9e ne soient en place.<\/p>\n<h2>10. Droit de d\u00e9poser une plainte aupr\u00e8s d&#039;une autorit\u00e9 de contr\u00f4le<\/h2>\n<p>Sans pr\u00e9judice de tout autre recours administratif ou juridictionnel, toute personne concern\u00e9e a le droit d&#039;introduire une r\u00e9clamation aupr\u00e8s d&#039;une autorit\u00e9 de contr\u00f4le, notamment dans l&#039;\u00c9tat membre de sa r\u00e9sidence habituelle, de son lieu de travail ou du lieu de l&#039;infraction pr\u00e9sum\u00e9e, si elle consid\u00e8re que le traitement des donn\u00e9es \u00e0 caract\u00e8re personnel la concernant constitue une violation du RGPD.<\/p>\n<p>L&#039;autorit\u00e9 de contr\u00f4le aupr\u00e8s de laquelle la plainte a \u00e9t\u00e9 d\u00e9pos\u00e9e informe le plaignant de l&#039;\u00e9tat d&#039;avancement et de l&#039;issue de la plainte, y compris de la possibilit\u00e9 d&#039;un recours juridictionnel conform\u00e9ment \u00e0 l&#039;article 78 du RGPD.<\/p>\n<p>[\/et_pb_accordion_item][\/et_pb_accordion][\/et_pb_column][\/et_pb_row][\/et_pb_section]<\/p>","protected":false},"excerpt":{"rendered":"<p>Protection of your personal data is important to us. In the following, we would like to inform you that we ask for personal data from you and store it electronically. Your data will be stored and processed in accordance with the applicable provisions of the national data protection laws, as well as the General Data [&hellip;]<\/p>","protected":false},"author":1,"featured_media":0,"parent":0,"menu_order":0,"comment_status":"closed","ping_status":"closed","template":"","meta":{"_et_pb_use_builder":"on","_et_pb_old_content":"","_et_gb_content_width":"","inline_featured_image":false,"footnotes":""},"class_list":["post-751","page","type-page","status-publish","hentry"],"aioseo_notices":[],"aioseo_head":"\n\t\t<!-- All in One SEO Pro 4.9.6.2 - aioseo.com -->\n\t<link rel=\"canonical\" href=\"https:\/\/www.renz-recht.de\/fr\/et_pb_layout\/headline-subline_modul\/\" \/>\n\t<meta name=\"generator\" content=\"All in One SEO Pro (AIOSEO) 4.9.6.2\" \/>\n\t\t<meta property=\"og:locale\" content=\"fr_FR\" \/>\n\t\t<meta property=\"og:site_name\" content=\"Renz Recht - Anwalt Markenrecht Urheberrecht Saarbr\u00fccken - Rechtsanw\u00e4ltin Anne-Kathrin Renz\" \/>\n\t\t<meta property=\"og:type\" content=\"article\" \/>\n\t\t<meta property=\"og:title\" content=\"H2 \u00dcberschrift (zentriert) mit Subtext - Renz Recht - Anwalt Markenrecht Urheberrecht Saarbr\u00fccken\" \/>\n\t\t<meta property=\"og:url\" content=\"https:\/\/www.renz-recht.de\/fr\/et_pb_layout\/headline-subline_modul\/\" \/>\n\t\t<meta property=\"article:published_time\" content=\"2019-02-05T07:35:11+00:00\" \/>\n\t\t<meta property=\"article:modified_time\" content=\"2024-04-03T14:27:11+00:00\" \/>\n\t\t<meta name=\"twitter:card\" content=\"summary_large_image\" \/>\n\t\t<meta name=\"twitter:title\" content=\"H2 \u00dcberschrift (zentriert) mit Subtext - Renz Recht - Anwalt Markenrecht Urheberrecht Saarbr\u00fccken\" \/>\n\t\t<script type=\"application\/ld+json\" class=\"aioseo-schema\">\n\t\t\t{\"@context\":\"https:\\\/\\\/schema.org\",\"@graph\":[{\"@type\":\"BreadcrumbList\",\"@id\":\"https:\\\/\\\/www.renz-recht.de\\\/fr\\\/et_pb_layout\\\/headline-subline_modul\\\/#breadcrumblist\",\"itemListElement\":[{\"@type\":\"ListItem\",\"@id\":\"https:\\\/\\\/www.renz-recht.de\\\/fr#listItem\",\"position\":1,\"name\":\"Home\",\"item\":\"https:\\\/\\\/www.renz-recht.de\\\/fr\",\"nextItem\":{\"@type\":\"ListItem\",\"@id\":\"https:\\\/\\\/www.renz-recht.de\\\/fr\\\/politique-de-confidentialite-2\\\/#listItem\",\"name\":\"Privacy policy\"}},{\"@type\":\"ListItem\",\"@id\":\"https:\\\/\\\/www.renz-recht.de\\\/fr\\\/politique-de-confidentialite-2\\\/#listItem\",\"position\":2,\"name\":\"Privacy policy\",\"previousItem\":{\"@type\":\"ListItem\",\"@id\":\"https:\\\/\\\/www.renz-recht.de\\\/fr#listItem\",\"name\":\"Home\"}}]},{\"@type\":\"Organization\",\"@id\":\"https:\\\/\\\/www.renz-recht.de\\\/fr\\\/#organization\",\"name\":\"Rechtsanw\\u00e4ltin Anne-Kathrin Renz Saarbr\\u00fccken\",\"description\":\"Rechtsanw\\u00e4ltin Anne-Kathrin Renz\",\"url\":\"https:\\\/\\\/www.renz-recht.de\\\/fr\\\/\",\"telephone\":\"+4968195810588\",\"logo\":{\"@type\":\"ImageObject\",\"url\":\"https:\\\/\\\/www.renz-recht.de\\\/wp-content\\\/uploads\\\/2023\\\/11\\\/logo-renz-recht_sw.svg\",\"@id\":\"https:\\\/\\\/www.renz-recht.de\\\/fr\\\/et_pb_layout\\\/headline-subline_modul\\\/#organizationLogo\"},\"image\":{\"@id\":\"https:\\\/\\\/www.renz-recht.de\\\/fr\\\/et_pb_layout\\\/headline-subline_modul\\\/#organizationLogo\"}},{\"@type\":\"WebPage\",\"@id\":\"https:\\\/\\\/www.renz-recht.de\\\/fr\\\/et_pb_layout\\\/headline-subline_modul\\\/#webpage\",\"url\":\"https:\\\/\\\/www.renz-recht.de\\\/fr\\\/et_pb_layout\\\/headline-subline_modul\\\/\",\"name\":\"H2 \\u00dcberschrift (zentriert) mit Subtext - Renz Recht - Anwalt Markenrecht Urheberrecht Saarbr\\u00fccken\",\"inLanguage\":\"fr-FR\",\"isPartOf\":{\"@id\":\"https:\\\/\\\/www.renz-recht.de\\\/fr\\\/#website\"},\"breadcrumb\":{\"@id\":\"https:\\\/\\\/www.renz-recht.de\\\/fr\\\/et_pb_layout\\\/headline-subline_modul\\\/#breadcrumblist\"},\"datePublished\":\"2019-02-05T08:35:11+01:00\",\"dateModified\":\"2024-04-03T16:27:11+02:00\"},{\"@type\":\"WebSite\",\"@id\":\"https:\\\/\\\/www.renz-recht.de\\\/fr\\\/#website\",\"url\":\"https:\\\/\\\/www.renz-recht.de\\\/fr\\\/\",\"name\":\"Rechtsanw\\u00e4ltin Anne-Kathrin Renz Saarbr\\u00fccken\",\"alternateName\":\"Rechtsanw\\u00e4ltin Markenrecht Saarbr\\u00fccken\",\"description\":\"Rechtsanw\\u00e4ltin Anne-Kathrin Renz\",\"inLanguage\":\"fr-FR\",\"publisher\":{\"@id\":\"https:\\\/\\\/www.renz-recht.de\\\/fr\\\/#organization\"}}]}\n\t\t<\/script>\n\t\t<!-- All in One SEO Pro -->\r\n\t\t<title>H2 \u00dcberschrift (zentriert) mit Subtext - Renz Recht - Anwalt Markenrecht Urheberrecht Saarbr\u00fccken<\/title>\n\n","aioseo_head_json":{"title":"Titre H2 (centr\u00e9) avec sous-titre\u00a0: Renz Law - Avocat sp\u00e9cialis\u00e9 en droit des marques et du droit d&#039;auteur, Sarrebruck","description":"","canonical_url":"https:\/\/www.renz-recht.de\/fr\/et_pb_layout\/headline-subline_modul\/","robots":"","keywords":"","webmasterTools":{"miscellaneous":""},"schema":{"@context":"https:\/\/schema.org","@graph":[{"@type":"BreadcrumbList","@id":"https:\/\/www.renz-recht.de\/fr\/et_pb_layout\/headline-subline_modul\/#breadcrumblist","itemListElement":[{"@type":"ListItem","@id":"https:\/\/www.renz-recht.de\/fr#listItem","position":1,"name":"Home","item":"https:\/\/www.renz-recht.de\/fr","nextItem":{"@type":"ListItem","@id":"https:\/\/www.renz-recht.de\/fr\/politique-de-confidentialite-2\/#listItem","name":"Privacy policy"}},{"@type":"ListItem","@id":"https:\/\/www.renz-recht.de\/fr\/politique-de-confidentialite-2\/#listItem","position":2,"name":"Privacy policy","previousItem":{"@type":"ListItem","@id":"https:\/\/www.renz-recht.de\/fr#listItem","name":"Home"}}]},{"@type":"Organization","@id":"https:\/\/www.renz-recht.de\/fr\/#organization","name":"Rechtsanw\u00e4ltin Anne-Kathrin Renz Saarbr\u00fccken","description":"Rechtsanw\u00e4ltin Anne-Kathrin Renz","url":"https:\/\/www.renz-recht.de\/fr\/","telephone":"+4968195810588","logo":{"@type":"ImageObject","url":"https:\/\/www.renz-recht.de\/wp-content\/uploads\/2023\/11\/logo-renz-recht_sw.svg","@id":"https:\/\/www.renz-recht.de\/fr\/et_pb_layout\/headline-subline_modul\/#organizationLogo"},"image":{"@id":"https:\/\/www.renz-recht.de\/fr\/et_pb_layout\/headline-subline_modul\/#organizationLogo"}},{"@type":"WebPage","@id":"https:\/\/www.renz-recht.de\/fr\/et_pb_layout\/headline-subline_modul\/#webpage","url":"https:\/\/www.renz-recht.de\/fr\/et_pb_layout\/headline-subline_modul\/","name":"H2 \u00dcberschrift (zentriert) mit Subtext - Renz Recht - Anwalt Markenrecht Urheberrecht Saarbr\u00fccken","inLanguage":"fr-FR","isPartOf":{"@id":"https:\/\/www.renz-recht.de\/fr\/#website"},"breadcrumb":{"@id":"https:\/\/www.renz-recht.de\/fr\/et_pb_layout\/headline-subline_modul\/#breadcrumblist"},"datePublished":"2019-02-05T08:35:11+01:00","dateModified":"2024-04-03T16:27:11+02:00"},{"@type":"WebSite","@id":"https:\/\/www.renz-recht.de\/fr\/#website","url":"https:\/\/www.renz-recht.de\/fr\/","name":"Rechtsanw\u00e4ltin Anne-Kathrin Renz Saarbr\u00fccken","alternateName":"Rechtsanw\u00e4ltin Markenrecht Saarbr\u00fccken","description":"Rechtsanw\u00e4ltin Anne-Kathrin Renz","inLanguage":"fr-FR","publisher":{"@id":"https:\/\/www.renz-recht.de\/fr\/#organization"}}]},"og:locale":"fr_FR","og:site_name":"Renz Recht - Anwalt Markenrecht Urheberrecht Saarbr\u00fccken - Rechtsanw\u00e4ltin Anne-Kathrin Renz","og:type":"article","og:title":"H2 \u00dcberschrift (zentriert) mit Subtext - Renz Recht - Anwalt Markenrecht Urheberrecht Saarbr\u00fccken","og:url":"https:\/\/www.renz-recht.de\/fr\/et_pb_layout\/headline-subline_modul\/","article:published_time":"2019-02-05T07:35:11+00:00","article:modified_time":"2024-04-03T14:27:11+00:00","twitter:card":"summary_large_image","twitter:title":"H2 \u00dcberschrift (zentriert) mit Subtext - Renz Recht - Anwalt Markenrecht Urheberrecht Saarbr\u00fccken"},"aioseo_meta_data":{"post_id":"751","title":null,"description":null,"keywords":null,"keyphrases":null,"primary_term":null,"canonical_url":null,"og_title":null,"og_description":null,"og_object_type":"default","og_image_type":"default","og_image_url":null,"og_image_width":null,"og_image_height":null,"og_image_custom_url":null,"og_image_custom_fields":null,"og_video":null,"og_custom_url":null,"og_article_section":null,"og_article_tags":null,"twitter_use_og":false,"twitter_card":"default","twitter_image_type":"default","twitter_image_url":null,"twitter_image_custom_url":null,"twitter_image_custom_fields":null,"twitter_title":null,"twitter_description":null,"schema":{"blockGraphs":[],"customGraphs":[],"default":{"data":{"Article":[],"Course":[],"Dataset":[],"FAQPage":[],"Movie":[],"Person":[],"Product":[],"ProductReview":[],"Car":[],"Recipe":[],"Service":[],"SoftwareApplication":[],"WebPage":[]},"graphName":"","isEnabled":true},"graphs":[]},"schema_type":"default","schema_type_options":null,"pillar_content":false,"robots_default":true,"robots_noindex":false,"robots_noarchive":false,"robots_nosnippet":false,"robots_nofollow":false,"robots_noimageindex":false,"robots_noodp":false,"robots_notranslate":false,"robots_max_snippet":null,"robots_max_videopreview":null,"robots_max_imagepreview":"large","priority":null,"frequency":null,"local_seo":null,"seo_analyzer_scan_date":"2025-10-08 21:02:53","breadcrumb_settings":null,"limit_modified_date":false,"open_ai":null,"ai":null,"created":"2023-11-12 10:50:08","updated":"2025-10-22 08:23:55"},"aioseo_breadcrumb":"<div class=\"aioseo-breadcrumbs\"><span class=\"aioseo-breadcrumb\">\n\t<a href=\"https:\/\/www.renz-recht.de\/fr\" title=\"Home\">Home<\/a>\n<\/span><span class=\"aioseo-breadcrumb-separator\">&raquo;<\/span><span class=\"aioseo-breadcrumb\">\n\tPrivacy policy\n<\/span><\/div>","aioseo_breadcrumb_json":[{"label":"Home","link":"https:\/\/www.renz-recht.de\/fr"},{"label":"Privacy policy","link":"https:\/\/www.renz-recht.de\/fr\/politique-de-confidentialite-2\/"}],"_links":{"self":[{"href":"https:\/\/www.renz-recht.de\/fr\/wp-json\/wp\/v2\/pages\/751","targetHints":{"allow":["GET"]}}],"collection":[{"href":"https:\/\/www.renz-recht.de\/fr\/wp-json\/wp\/v2\/pages"}],"about":[{"href":"https:\/\/www.renz-recht.de\/fr\/wp-json\/wp\/v2\/types\/page"}],"author":[{"embeddable":true,"href":"https:\/\/www.renz-recht.de\/fr\/wp-json\/wp\/v2\/users\/1"}],"replies":[{"embeddable":true,"href":"https:\/\/www.renz-recht.de\/fr\/wp-json\/wp\/v2\/comments?post=751"}],"version-history":[{"count":0,"href":"https:\/\/www.renz-recht.de\/fr\/wp-json\/wp\/v2\/pages\/751\/revisions"}],"wp:attachment":[{"href":"https:\/\/www.renz-recht.de\/fr\/wp-json\/wp\/v2\/media?parent=751"}],"curies":[{"name":"wp","href":"https:\/\/api.w.org\/{rel}","templated":true}]}}