{"id":745,"date":"2019-08-01T08:41:36","date_gmt":"2019-08-01T06:41:36","guid":{"rendered":"https:\/\/www.renz-recht.de\/?page_id=745"},"modified":"2024-09-03T10:59:06","modified_gmt":"2024-09-03T08:59:06","slug":"imprimer","status":"publish","type":"page","link":"https:\/\/www.renz-recht.de\/fr\/imprimer\/","title":{"rendered":"Imprimer"},"content":{"rendered":"<p>[et_pb_section fb_built=&#8220;1&#8243; fullwidth=&#8220;on&#8220; _builder_version=&#8220;4.16&#8243; global_colors_info=&#8220;{}&#8220;][et_pb_fullwidth_header title=&#8220;Imprint&#8220; subhead=&#8220;Fordern Sie direkt Hilfe von Rechtsanw\u00e4ltin im Markenrecht Anne-Kathrin Renz aus Saarbr\u00fccken an.&#8220; background_overlay_color=&#8220;rgba(0,0,0,0.2)&#8220; admin_label=&#8220;Header&#8220; module_class=&#8220;renz-subpage-header&#8220; _builder_version=&#8220;4.23.1&#8243; title_font_size=&#8220;80px&#8220; background_color=&#8220;#26173A&#8220; background_image=&#8220;https:\/\/www.renz-recht.de\/wp-content\/uploads\/2019\/02\/renz-legal-header.jpg&#8220; parallax=&#8220;on&#8220; parallax_method=&#8220;on&#8220; custom_padding=&#8220;4%||9%|&#8220; custom_padding_tablet=&#8220;4%||4%|&#8220; custom_padding_phone=&#8220;&#8220; custom_padding_last_edited=&#8220;on|tablet&#8220; title_font_size_tablet=&#8220;60px&#8220; title_font_size_phone=&#8220;40px&#8220; title_font_size_last_edited=&#8220;on|tablet&#8220; z_index_tablet=&#8220;500&#8243; title_text_shadow_horizontal_length_tablet=&#8220;0px&#8220; title_text_shadow_vertical_length_tablet=&#8220;0px&#8220; title_text_shadow_blur_strength_tablet=&#8220;1px&#8220; content_text_shadow_horizontal_length_tablet=&#8220;0px&#8220; content_text_shadow_vertical_length_tablet=&#8220;0px&#8220; content_text_shadow_blur_strength_tablet=&#8220;1px&#8220; subhead_text_shadow_horizontal_length_tablet=&#8220;0px&#8220; subhead_text_shadow_vertical_length_tablet=&#8220;0px&#8220; subhead_text_shadow_blur_strength_tablet=&#8220;1px&#8220; content_link_text_shadow_horizontal_length_tablet=&#8220;0px&#8220; content_link_text_shadow_vertical_length_tablet=&#8220;0px&#8220; content_link_text_shadow_blur_strength_tablet=&#8220;1px&#8220; content_ul_text_shadow_horizontal_length_tablet=&#8220;0px&#8220; content_ul_text_shadow_vertical_length_tablet=&#8220;0px&#8220; content_ul_text_shadow_blur_strength_tablet=&#8220;1px&#8220; content_ol_text_shadow_horizontal_length_tablet=&#8220;0px&#8220; content_ol_text_shadow_vertical_length_tablet=&#8220;0px&#8220; content_ol_text_shadow_blur_strength_tablet=&#8220;1px&#8220; content_quote_text_shadow_horizontal_length_tablet=&#8220;0px&#8220; content_quote_text_shadow_vertical_length_tablet=&#8220;0px&#8220; content_quote_text_shadow_blur_strength_tablet=&#8220;1px&#8220; button_one_text_shadow_horizontal_length_tablet=&#8220;0px&#8220; button_one_text_shadow_vertical_length_tablet=&#8220;0px&#8220; button_one_text_shadow_blur_strength_tablet=&#8220;1px&#8220; button_two_text_shadow_horizontal_length_tablet=&#8220;0px&#8220; button_two_text_shadow_vertical_length_tablet=&#8220;0px&#8220; button_two_text_shadow_blur_strength_tablet=&#8220;1px&#8220; box_shadow_horizontal_tablet=&#8220;0px&#8220; box_shadow_vertical_tablet=&#8220;0px&#8220; box_shadow_blur_tablet=&#8220;40px&#8220; box_shadow_spread_tablet=&#8220;0px&#8220; box_shadow_horizontal_image_tablet=&#8220;0px&#8220; box_shadow_vertical_image_tablet=&#8220;0px&#8220; box_shadow_blur_image_tablet=&#8220;40px&#8220; box_shadow_spread_image_tablet=&#8220;0px&#8220; box_shadow_horizontal_button_one_tablet=&#8220;0px&#8220; box_shadow_vertical_button_one_tablet=&#8220;0px&#8220; box_shadow_blur_button_one_tablet=&#8220;40px&#8220; box_shadow_spread_button_one_tablet=&#8220;0px&#8220; box_shadow_horizontal_button_two_tablet=&#8220;0px&#8220; box_shadow_vertical_button_two_tablet=&#8220;0px&#8220; box_shadow_blur_button_two_tablet=&#8220;40px&#8220; box_shadow_spread_button_two_tablet=&#8220;0px&#8220; text_shadow_horizontal_length_tablet=&#8220;0px&#8220; text_shadow_vertical_length_tablet=&#8220;0px&#8220; text_shadow_blur_strength_tablet=&#8220;1px&#8220; global_module=&#8220;214&#8243; saved_tabs=&#8220;all&#8220; global_colors_info=&#8220;{}&#8220;][\/et_pb_fullwidth_header][\/et_pb_section][et_pb_section fb_built=&#8220;1&#8243; custom_padding_last_edited=&#8220;on|phone&#8220; admin_label=&#8220;Breadcrumb&#8220; _builder_version=&#8220;4.22.1&#8243; background_color=&#8220;#eeeeee&#8220; min_height=&#8220;112.2px&#8220; custom_padding=&#8220;16px||16px|&#8220; custom_padding_tablet=&#8220;&#8220; custom_padding_phone=&#8220;&#8220; global_module=&#8220;161&#8243; collapsed=&#8220;off&#8220; global_colors_info=&#8220;{}&#8220;][et_pb_row _builder_version=&#8220;4.16&#8243; collapsed=&#8220;off&#8220; global_colors_info=&#8220;{}&#8220;][et_pb_column type=&#8220;4_4&#8243; _builder_version=&#8220;4.16&#8243; custom_padding=&#8220;|||&#8220; global_colors_info=&#8220;{}&#8220; custom_padding__hover=&#8220;|||&#8220;][\/et_pb_column][\/et_pb_row][\/et_pb_section][et_pb_section fb_built=&#8220;1&#8243; custom_padding_last_edited=&#8220;on|tablet&#8220; _builder_version=&#8220;4.16&#8243; custom_padding=&#8220;90px||90px|&#8220; custom_padding_tablet=&#8220;9%||9%|&#8220; custom_padding_phone=&#8220;&#8220; global_colors_info=&#8220;{}&#8220;][et_pb_row column_structure=&#8220;1_3,2_3&#8243; _builder_version=&#8220;4.16&#8243; global_colors_info=&#8220;{}&#8220;][et_pb_column type=&#8220;1_3&#8243; _builder_version=&#8220;4.16&#8243; custom_padding=&#8220;|90px||&#8220; custom_padding_tablet=&#8220;|0px|4%|&#8220; custom_padding_phone=&#8220;&#8220; custom_padding_last_edited=&#8220;on|phone&#8220; global_colors_info=&#8220;{}&#8220; custom_padding__hover=&#8220;|||&#8220;][et_pb_text _builder_version=&#8220;4.21.0&#8243; z_index_tablet=&#8220;500&#8243; text_text_shadow_horizontal_length_tablet=&#8220;0px&#8220; text_text_shadow_vertical_length_tablet=&#8220;0px&#8220; text_text_shadow_blur_strength_tablet=&#8220;1px&#8220; link_text_shadow_horizontal_length_tablet=&#8220;0px&#8220; link_text_shadow_vertical_length_tablet=&#8220;0px&#8220; link_text_shadow_blur_strength_tablet=&#8220;1px&#8220; ul_text_shadow_horizontal_length_tablet=&#8220;0px&#8220; ul_text_shadow_vertical_length_tablet=&#8220;0px&#8220; ul_text_shadow_blur_strength_tablet=&#8220;1px&#8220; ol_text_shadow_horizontal_length_tablet=&#8220;0px&#8220; ol_text_shadow_vertical_length_tablet=&#8220;0px&#8220; ol_text_shadow_blur_strength_tablet=&#8220;1px&#8220; quote_text_shadow_horizontal_length_tablet=&#8220;0px&#8220; quote_text_shadow_vertical_length_tablet=&#8220;0px&#8220; quote_text_shadow_blur_strength_tablet=&#8220;1px&#8220; header_text_shadow_horizontal_length_tablet=&#8220;0px&#8220; header_text_shadow_vertical_length_tablet=&#8220;0px&#8220; header_text_shadow_blur_strength_tablet=&#8220;1px&#8220; header_2_text_shadow_horizontal_length_tablet=&#8220;0px&#8220; header_2_text_shadow_vertical_length_tablet=&#8220;0px&#8220; header_2_text_shadow_blur_strength_tablet=&#8220;1px&#8220; header_3_text_shadow_horizontal_length_tablet=&#8220;0px&#8220; header_3_text_shadow_vertical_length_tablet=&#8220;0px&#8220; header_3_text_shadow_blur_strength_tablet=&#8220;1px&#8220; header_4_text_shadow_horizontal_length_tablet=&#8220;0px&#8220; header_4_text_shadow_vertical_length_tablet=&#8220;0px&#8220; header_4_text_shadow_blur_strength_tablet=&#8220;1px&#8220; header_5_text_shadow_horizontal_length_tablet=&#8220;0px&#8220; header_5_text_shadow_vertical_length_tablet=&#8220;0px&#8220; header_5_text_shadow_blur_strength_tablet=&#8220;1px&#8220; header_6_text_shadow_horizontal_length_tablet=&#8220;0px&#8220; header_6_text_shadow_vertical_length_tablet=&#8220;0px&#8220; header_6_text_shadow_blur_strength_tablet=&#8220;1px&#8220; box_shadow_horizontal_tablet=&#8220;0px&#8220; box_shadow_vertical_tablet=&#8220;0px&#8220; box_shadow_blur_tablet=&#8220;40px&#8220; box_shadow_spread_tablet=&#8220;0px&#8220; global_colors_info=&#8220;{}&#8220;]<\/p>\n<p>Ma\u00eetre Anne-Kathrin Renz<br \/>Altenkesseler Stra\u00dfe 17<br \/>Campus Innovation \/\/ B\u00e2timent C1<br \/>66115 Sarrebruck<br \/>T\u00e9l\u00e9phone: <a href=\"tel:+4968195810588\">00 49 681- 95 81 05 88<\/a><br \/>E-mail: <a href=\"\/fr\/mailto&\/#58;&#105;&#110;&#102;&#111;&#64;&#114;&#x65;&#x6e;&#x7a;&#x2d;&#x72;&#x65;&#x63;&#x68;&#x74;&#x2e;&#x64;&#x65;\">info@renz-recht.de<\/a><br \/>Num\u00e9ro de TVA : DE 29 87 51 870<\/p>\n<p>[\/et_pb_text][\/et_pb_column][et_pb_column type=&#8220;2_3&#8243; _builder_version=&#8220;4.16&#8243; custom_padding=&#8220;|||&#8220; global_colors_info=&#8220;{}&#8220; custom_padding__hover=&#8220;|||&#8220;][et_pb_blurb title=&#8220;Responsible for journalistic-editorial contents: Anne-Kathrin Renz&#8220; content_max_width=&#8220;100%&#8220; _builder_version=&#8220;4.23.1&#8243; header_level=&#8220;h3&#8243; header_font_size=&#8220;27px&#8220; header_line_height=&#8220;1.3em&#8220; body_font_size=&#8220;16&#8243; body_line_height=&#8220;1.3em&#8220; custom_margin=&#8220;||45px|&#8220; header_font_size_tablet=&#8220;&#8220; header_font_size_phone=&#8220;18&#8243; header_font_size_last_edited=&#8220;on|phone&#8220; z_index_tablet=&#8220;500&#8243; header_text_shadow_horizontal_length_tablet=&#8220;0px&#8220; header_text_shadow_vertical_length_tablet=&#8220;0px&#8220; header_text_shadow_blur_strength_tablet=&#8220;1px&#8220; body_text_shadow_horizontal_length_tablet=&#8220;0px&#8220; body_text_shadow_vertical_length_tablet=&#8220;0px&#8220; body_text_shadow_blur_strength_tablet=&#8220;1px&#8220; body_link_text_shadow_horizontal_length_tablet=&#8220;0px&#8220; body_link_text_shadow_vertical_length_tablet=&#8220;0px&#8220; body_link_text_shadow_blur_strength_tablet=&#8220;1px&#8220; body_ul_text_shadow_horizontal_length_tablet=&#8220;0px&#8220; body_ul_text_shadow_vertical_length_tablet=&#8220;0px&#8220; body_ul_text_shadow_blur_strength_tablet=&#8220;1px&#8220; body_ol_text_shadow_horizontal_length_tablet=&#8220;0px&#8220; body_ol_text_shadow_vertical_length_tablet=&#8220;0px&#8220; body_ol_text_shadow_blur_strength_tablet=&#8220;1px&#8220; body_quote_text_shadow_horizontal_length_tablet=&#8220;0px&#8220; body_quote_text_shadow_vertical_length_tablet=&#8220;0px&#8220; body_quote_text_shadow_blur_strength_tablet=&#8220;1px&#8220; box_shadow_horizontal_tablet=&#8220;0px&#8220; box_shadow_vertical_tablet=&#8220;0px&#8220; box_shadow_blur_tablet=&#8220;40px&#8220; box_shadow_spread_tablet=&#8220;0px&#8220; box_shadow_horizontal_image_tablet=&#8220;0px&#8220; box_shadow_vertical_image_tablet=&#8220;0px&#8220; box_shadow_blur_image_tablet=&#8220;40px&#8220; box_shadow_spread_image_tablet=&#8220;0px&#8220; text_shadow_horizontal_length_tablet=&#8220;0px&#8220; text_shadow_vertical_length_tablet=&#8220;0px&#8220; text_shadow_blur_strength_tablet=&#8220;1px&#8220; global_module=&#8220;204&#8243; saved_tabs=&#8220;all&#8220; global_colors_info=&#8220;{}&#8220;]<\/p>\n<p>Anne-Kathrin Renz est avocate en R\u00e9publique f\u00e9d\u00e9rale d&#039;Allemagne et inscrite au Barreau de la Sarre, Am Schlo\u00dfberg 5, 66119 Sarrebruck.<\/p>\n<p>Les r\u00e8gles et r\u00e8glements professionnels suivants, qui peuvent \u00eatre consult\u00e9s sur le site Web de l&#039;ordre national du barreau (<a href=\"http:\/\/www.brak.de\">www.brak.de<\/a>), s&#039;appliquent concernant l&#039;activit\u00e9 des avocats en R\u00e9publique f\u00e9d\u00e9rale d&#039;Allemagne :<\/p>\n<p>Loi f\u00e9d\u00e9rale sur les avocats \u2013 BRAO<br \/>Code de d\u00e9ontologie des avocats \u2013 BORA<br \/>Loi sur les avocats sp\u00e9cialis\u00e9s \u2013 FAO<br \/>Bar\u00e8me des frais f\u00e9d\u00e9raux \u2013 BRAGO<br \/>Loi sur la r\u00e9mun\u00e9ration des avocats \u2013 RVG<br \/>R\u00e8gles professionnelles des avocats de l&#039;Union europ\u00e9enne \u2013 CCBE<br \/>Assurance responsabilit\u00e9 civile professionnelle<br \/>ERGO Versicherungs AG, Am Victoria-Turm 2, 68163 Mannheim<\/p>\n<p>Tous les services juridiques sont couverts. Il n\u2019y a aucune limitation \u00e0 la validit\u00e9 territoriale.<br \/>Anne-Kathrin Renz n&#039;est ni dispos\u00e9e ni oblig\u00e9e de participer \u00e0 une proc\u00e9dure de r\u00e8glement des litiges devant un conseil d&#039;arbitrage des consommateurs.<br \/>en cas de litiges entre les avocats et leurs clients, le recours \u00e0 un mode alternatif de r\u00e9solution des litiges peut \u00eatre demand\u00e9 aupr\u00e8s du conseil d&#039;arbitrage :<br \/>Conseil d&#039;arbitrage du Barreau, Rauchstr. 26, 10787 Berlin,\u00a0<a href=\"http:\/\/www.s-d-r.org\">http:\/\/www.s-d-r.org<\/a>, E-mail:<a href=\"\/fr\/&\/#x6d;&#97;&#x69;&#108;t&#x6f;&#58;s&#x63;&#104;&#x6c;&#x69;c&#x68;&#116;u&#x6e;&#103;&#x73;&#x73;t&#x65;&#108;l&#x65;&#64;s&#x2d;&#100;&#x2d;&#114;&#46;&#x64;&#101;\">schlichtungsstelle@sdr.de<\/a>.<\/p>\n<p>[\/et_pb_blurb][et_pb_blurb title=&#8220;Image Sources&#8220; content_max_width=&#8220;100%&#8220; _builder_version=&#8220;4.23.1&#8243; header_level=&#8220;h3&#8243; header_font_size=&#8220;27px&#8220; header_line_height=&#8220;1.3em&#8220; body_font_size=&#8220;16&#8243; body_line_height=&#8220;1.3em&#8220; custom_margin=&#8220;||45px|&#8220; header_font_size_tablet=&#8220;&#8220; header_font_size_phone=&#8220;18&#8243; header_font_size_last_edited=&#8220;on|phone&#8220; z_index_tablet=&#8220;500&#8243; header_text_shadow_horizontal_length_tablet=&#8220;0px&#8220; header_text_shadow_vertical_length_tablet=&#8220;0px&#8220; header_text_shadow_blur_strength_tablet=&#8220;1px&#8220; body_text_shadow_horizontal_length_tablet=&#8220;0px&#8220; body_text_shadow_vertical_length_tablet=&#8220;0px&#8220; body_text_shadow_blur_strength_tablet=&#8220;1px&#8220; body_link_text_shadow_horizontal_length_tablet=&#8220;0px&#8220; body_link_text_shadow_vertical_length_tablet=&#8220;0px&#8220; body_link_text_shadow_blur_strength_tablet=&#8220;1px&#8220; body_ul_text_shadow_horizontal_length_tablet=&#8220;0px&#8220; body_ul_text_shadow_vertical_length_tablet=&#8220;0px&#8220; body_ul_text_shadow_blur_strength_tablet=&#8220;1px&#8220; body_ol_text_shadow_horizontal_length_tablet=&#8220;0px&#8220; body_ol_text_shadow_vertical_length_tablet=&#8220;0px&#8220; body_ol_text_shadow_blur_strength_tablet=&#8220;1px&#8220; body_quote_text_shadow_horizontal_length_tablet=&#8220;0px&#8220; body_quote_text_shadow_vertical_length_tablet=&#8220;0px&#8220; body_quote_text_shadow_blur_strength_tablet=&#8220;1px&#8220; box_shadow_horizontal_tablet=&#8220;0px&#8220; box_shadow_vertical_tablet=&#8220;0px&#8220; box_shadow_blur_tablet=&#8220;40px&#8220; box_shadow_spread_tablet=&#8220;0px&#8220; box_shadow_horizontal_image_tablet=&#8220;0px&#8220; box_shadow_vertical_image_tablet=&#8220;0px&#8220; box_shadow_blur_image_tablet=&#8220;40px&#8220; box_shadow_spread_image_tablet=&#8220;0px&#8220; text_shadow_horizontal_length_tablet=&#8220;0px&#8220; text_shadow_vertical_length_tablet=&#8220;0px&#8220; text_shadow_blur_strength_tablet=&#8220;1px&#8220; global_module=&#8220;204&#8243; saved_tabs=&#8220;all&#8220; global_colors_info=&#8220;{}&#8220;]<\/p>\n<p>\u00a9 shutterstock\/pressmaster<br \/> \u00a9 shutterstock\/Andrey_Popov<\/p>\n<p>[\/et_pb_blurb][\/et_pb_column][\/et_pb_row][\/et_pb_section]<\/p>","protected":false},"excerpt":{"rendered":"<p>Attorney Anne-Kathrin RenzAltenkesseler Stra\u00dfe 17Innovationscampus \/\/ Building C166115 Saarbr\u00fcckenPhone: 00 49 681- 95 81 05 88Mail: &#105;&#x6e;f&#111;&#x40;r&#x65;&#x6e;&#122;&#x2d;r&#101;&#x63;h&#116;&#x2e;&#100;&#x65;V&#65;&#x54; number: DE 29 87 51 870Anne-Kathrin Renz is admitted as an attorney in the Federal Republic of Germany and is registered with the Saarland Bar Association, Am Schlo\u00dfberg 5, 66119 Saarbr\u00fccken. The following rules and professional regulations, which [&hellip;]<\/p>","protected":false},"author":1,"featured_media":0,"parent":0,"menu_order":0,"comment_status":"closed","ping_status":"closed","template":"","meta":{"_et_pb_use_builder":"on","_et_pb_old_content":"","_et_gb_content_width":"","inline_featured_image":false,"footnotes":""},"class_list":["post-745","page","type-page","status-publish","hentry"],"aioseo_notices":[],"aioseo_head":"\n\t\t<!-- All in One SEO Pro 4.9.6.2 - aioseo.com -->\n\t<link rel=\"canonical\" href=\"https:\/\/www.renz-recht.de\/fr\/et_pb_layout\/headline-subline_modul\/\" \/>\n\t<meta name=\"generator\" content=\"All in One SEO Pro (AIOSEO) 4.9.6.2\" \/>\n\t\t<meta property=\"og:locale\" content=\"fr_FR\" \/>\n\t\t<meta property=\"og:site_name\" content=\"Renz Recht - Anwalt Markenrecht Urheberrecht Saarbr\u00fccken - Rechtsanw\u00e4ltin Anne-Kathrin Renz\" \/>\n\t\t<meta property=\"og:type\" content=\"article\" \/>\n\t\t<meta property=\"og:title\" content=\"H2 \u00dcberschrift (zentriert) mit Subtext - Renz Recht - Anwalt Markenrecht Urheberrecht Saarbr\u00fccken\" \/>\n\t\t<meta property=\"og:url\" content=\"https:\/\/www.renz-recht.de\/fr\/et_pb_layout\/headline-subline_modul\/\" \/>\n\t\t<meta property=\"article:published_time\" content=\"2019-02-05T07:35:11+00:00\" \/>\n\t\t<meta property=\"article:modified_time\" content=\"2024-04-03T14:27:11+00:00\" \/>\n\t\t<meta name=\"twitter:card\" content=\"summary_large_image\" \/>\n\t\t<meta name=\"twitter:title\" content=\"H2 \u00dcberschrift (zentriert) mit Subtext - Renz Recht - Anwalt Markenrecht Urheberrecht Saarbr\u00fccken\" \/>\n\t\t<script type=\"application\/ld+json\" class=\"aioseo-schema\">\n\t\t\t{\"@context\":\"https:\\\/\\\/schema.org\",\"@graph\":[{\"@type\":\"BreadcrumbList\",\"@id\":\"https:\\\/\\\/www.renz-recht.de\\\/fr\\\/et_pb_layout\\\/headline-subline_modul\\\/#breadcrumblist\",\"itemListElement\":[{\"@type\":\"ListItem\",\"@id\":\"https:\\\/\\\/www.renz-recht.de\\\/fr#listItem\",\"position\":1,\"name\":\"Home\",\"item\":\"https:\\\/\\\/www.renz-recht.de\\\/fr\",\"nextItem\":{\"@type\":\"ListItem\",\"@id\":\"https:\\\/\\\/www.renz-recht.de\\\/fr\\\/imprimer\\\/#listItem\",\"name\":\"Imprint\"}},{\"@type\":\"ListItem\",\"@id\":\"https:\\\/\\\/www.renz-recht.de\\\/fr\\\/imprimer\\\/#listItem\",\"position\":2,\"name\":\"Imprint\",\"previousItem\":{\"@type\":\"ListItem\",\"@id\":\"https:\\\/\\\/www.renz-recht.de\\\/fr#listItem\",\"name\":\"Home\"}}]},{\"@type\":\"Organization\",\"@id\":\"https:\\\/\\\/www.renz-recht.de\\\/fr\\\/#organization\",\"name\":\"Rechtsanw\\u00e4ltin Anne-Kathrin Renz Saarbr\\u00fccken\",\"description\":\"Rechtsanw\\u00e4ltin Anne-Kathrin Renz\",\"url\":\"https:\\\/\\\/www.renz-recht.de\\\/fr\\\/\",\"telephone\":\"+4968195810588\",\"logo\":{\"@type\":\"ImageObject\",\"url\":\"https:\\\/\\\/www.renz-recht.de\\\/wp-content\\\/uploads\\\/2023\\\/11\\\/logo-renz-recht_sw.svg\",\"@id\":\"https:\\\/\\\/www.renz-recht.de\\\/fr\\\/et_pb_layout\\\/headline-subline_modul\\\/#organizationLogo\"},\"image\":{\"@id\":\"https:\\\/\\\/www.renz-recht.de\\\/fr\\\/et_pb_layout\\\/headline-subline_modul\\\/#organizationLogo\"}},{\"@type\":\"WebPage\",\"@id\":\"https:\\\/\\\/www.renz-recht.de\\\/fr\\\/et_pb_layout\\\/headline-subline_modul\\\/#webpage\",\"url\":\"https:\\\/\\\/www.renz-recht.de\\\/fr\\\/et_pb_layout\\\/headline-subline_modul\\\/\",\"name\":\"H2 \\u00dcberschrift (zentriert) mit Subtext - Renz Recht - Anwalt Markenrecht Urheberrecht Saarbr\\u00fccken\",\"inLanguage\":\"fr-FR\",\"isPartOf\":{\"@id\":\"https:\\\/\\\/www.renz-recht.de\\\/fr\\\/#website\"},\"breadcrumb\":{\"@id\":\"https:\\\/\\\/www.renz-recht.de\\\/fr\\\/et_pb_layout\\\/headline-subline_modul\\\/#breadcrumblist\"},\"datePublished\":\"2019-02-05T08:35:11+01:00\",\"dateModified\":\"2024-04-03T16:27:11+02:00\"},{\"@type\":\"WebSite\",\"@id\":\"https:\\\/\\\/www.renz-recht.de\\\/fr\\\/#website\",\"url\":\"https:\\\/\\\/www.renz-recht.de\\\/fr\\\/\",\"name\":\"Rechtsanw\\u00e4ltin Anne-Kathrin Renz Saarbr\\u00fccken\",\"alternateName\":\"Rechtsanw\\u00e4ltin Markenrecht Saarbr\\u00fccken\",\"description\":\"Rechtsanw\\u00e4ltin Anne-Kathrin Renz\",\"inLanguage\":\"fr-FR\",\"publisher\":{\"@id\":\"https:\\\/\\\/www.renz-recht.de\\\/fr\\\/#organization\"}}]}\n\t\t<\/script>\n\t\t<!-- All in One SEO Pro -->\r\n\t\t<title>H2 \u00dcberschrift (zentriert) mit Subtext - Renz Recht - Anwalt Markenrecht Urheberrecht Saarbr\u00fccken<\/title>\n\n","aioseo_head_json":{"title":"Titre H2 (centr\u00e9) avec sous-titre\u00a0: Renz Law - Avocat sp\u00e9cialis\u00e9 en droit des marques et du droit d&#039;auteur, Sarrebruck","description":"","canonical_url":"https:\/\/www.renz-recht.de\/fr\/et_pb_layout\/headline-subline_modul\/","robots":"","keywords":"","webmasterTools":{"miscellaneous":""},"schema":{"@context":"https:\/\/schema.org","@graph":[{"@type":"BreadcrumbList","@id":"https:\/\/www.renz-recht.de\/fr\/et_pb_layout\/headline-subline_modul\/#breadcrumblist","itemListElement":[{"@type":"ListItem","@id":"https:\/\/www.renz-recht.de\/fr#listItem","position":1,"name":"Home","item":"https:\/\/www.renz-recht.de\/fr","nextItem":{"@type":"ListItem","@id":"https:\/\/www.renz-recht.de\/fr\/imprimer\/#listItem","name":"Imprint"}},{"@type":"ListItem","@id":"https:\/\/www.renz-recht.de\/fr\/imprimer\/#listItem","position":2,"name":"Imprint","previousItem":{"@type":"ListItem","@id":"https:\/\/www.renz-recht.de\/fr#listItem","name":"Home"}}]},{"@type":"Organization","@id":"https:\/\/www.renz-recht.de\/fr\/#organization","name":"Rechtsanw\u00e4ltin Anne-Kathrin Renz Saarbr\u00fccken","description":"Rechtsanw\u00e4ltin Anne-Kathrin Renz","url":"https:\/\/www.renz-recht.de\/fr\/","telephone":"+4968195810588","logo":{"@type":"ImageObject","url":"https:\/\/www.renz-recht.de\/wp-content\/uploads\/2023\/11\/logo-renz-recht_sw.svg","@id":"https:\/\/www.renz-recht.de\/fr\/et_pb_layout\/headline-subline_modul\/#organizationLogo"},"image":{"@id":"https:\/\/www.renz-recht.de\/fr\/et_pb_layout\/headline-subline_modul\/#organizationLogo"}},{"@type":"WebPage","@id":"https:\/\/www.renz-recht.de\/fr\/et_pb_layout\/headline-subline_modul\/#webpage","url":"https:\/\/www.renz-recht.de\/fr\/et_pb_layout\/headline-subline_modul\/","name":"H2 \u00dcberschrift (zentriert) mit Subtext - Renz Recht - Anwalt Markenrecht Urheberrecht Saarbr\u00fccken","inLanguage":"fr-FR","isPartOf":{"@id":"https:\/\/www.renz-recht.de\/fr\/#website"},"breadcrumb":{"@id":"https:\/\/www.renz-recht.de\/fr\/et_pb_layout\/headline-subline_modul\/#breadcrumblist"},"datePublished":"2019-02-05T08:35:11+01:00","dateModified":"2024-04-03T16:27:11+02:00"},{"@type":"WebSite","@id":"https:\/\/www.renz-recht.de\/fr\/#website","url":"https:\/\/www.renz-recht.de\/fr\/","name":"Rechtsanw\u00e4ltin Anne-Kathrin Renz Saarbr\u00fccken","alternateName":"Rechtsanw\u00e4ltin Markenrecht Saarbr\u00fccken","description":"Rechtsanw\u00e4ltin Anne-Kathrin Renz","inLanguage":"fr-FR","publisher":{"@id":"https:\/\/www.renz-recht.de\/fr\/#organization"}}]},"og:locale":"fr_FR","og:site_name":"Renz Recht - Anwalt Markenrecht Urheberrecht Saarbr\u00fccken - Rechtsanw\u00e4ltin Anne-Kathrin Renz","og:type":"article","og:title":"H2 \u00dcberschrift (zentriert) mit Subtext - Renz Recht - Anwalt Markenrecht Urheberrecht Saarbr\u00fccken","og:url":"https:\/\/www.renz-recht.de\/fr\/et_pb_layout\/headline-subline_modul\/","article:published_time":"2019-02-05T07:35:11+00:00","article:modified_time":"2024-04-03T14:27:11+00:00","twitter:card":"summary_large_image","twitter:title":"H2 \u00dcberschrift (zentriert) mit Subtext - Renz Recht - Anwalt Markenrecht Urheberrecht Saarbr\u00fccken"},"aioseo_meta_data":{"post_id":"745","title":null,"description":null,"keywords":null,"keyphrases":{"focus":{"keyphrase":"","score":0,"analysis":{"keyphraseInTitle":{"score":0,"maxScore":9,"error":1}}},"additional":[]},"primary_term":null,"canonical_url":null,"og_title":null,"og_description":null,"og_object_type":"default","og_image_type":"default","og_image_url":null,"og_image_width":null,"og_image_height":null,"og_image_custom_url":null,"og_image_custom_fields":null,"og_video":"","og_custom_url":null,"og_article_section":null,"og_article_tags":null,"twitter_use_og":false,"twitter_card":"default","twitter_image_type":"default","twitter_image_url":null,"twitter_image_custom_url":null,"twitter_image_custom_fields":null,"twitter_title":null,"twitter_description":null,"schema":{"blockGraphs":[],"customGraphs":[],"default":{"data":{"Article":[],"Course":[],"Dataset":[],"FAQPage":[],"Movie":[],"Person":[],"Product":[],"ProductReview":[],"Car":[],"Recipe":[],"Service":[],"SoftwareApplication":[],"WebPage":[]},"graphName":"WebPage","isEnabled":true},"graphs":[]},"schema_type":"default","schema_type_options":null,"pillar_content":false,"robots_default":true,"robots_noindex":false,"robots_noarchive":false,"robots_nosnippet":false,"robots_nofollow":false,"robots_noimageindex":false,"robots_noodp":false,"robots_notranslate":false,"robots_max_snippet":"-1","robots_max_videopreview":"-1","robots_max_imagepreview":"large","priority":null,"frequency":"default","local_seo":null,"seo_analyzer_scan_date":"2025-10-08 21:02:52","breadcrumb_settings":null,"limit_modified_date":false,"open_ai":"{\"title\":{\"suggestions\":[],\"usage\":0},\"description\":{\"suggestions\":[],\"usage\":0}}","ai":null,"created":"2023-11-12 10:50:08","updated":"2025-10-22 08:23:55"},"aioseo_breadcrumb":"<div class=\"aioseo-breadcrumbs\"><span class=\"aioseo-breadcrumb\">\n\t<a href=\"https:\/\/www.renz-recht.de\/fr\" title=\"Home\">Home<\/a>\n<\/span><span class=\"aioseo-breadcrumb-separator\">&raquo;<\/span><span class=\"aioseo-breadcrumb\">\n\tImprint\n<\/span><\/div>","aioseo_breadcrumb_json":[{"label":"Home","link":"https:\/\/www.renz-recht.de\/fr"},{"label":"Imprint","link":"https:\/\/www.renz-recht.de\/fr\/imprimer\/"}],"_links":{"self":[{"href":"https:\/\/www.renz-recht.de\/fr\/wp-json\/wp\/v2\/pages\/745","targetHints":{"allow":["GET"]}}],"collection":[{"href":"https:\/\/www.renz-recht.de\/fr\/wp-json\/wp\/v2\/pages"}],"about":[{"href":"https:\/\/www.renz-recht.de\/fr\/wp-json\/wp\/v2\/types\/page"}],"author":[{"embeddable":true,"href":"https:\/\/www.renz-recht.de\/fr\/wp-json\/wp\/v2\/users\/1"}],"replies":[{"embeddable":true,"href":"https:\/\/www.renz-recht.de\/fr\/wp-json\/wp\/v2\/comments?post=745"}],"version-history":[{"count":2,"href":"https:\/\/www.renz-recht.de\/fr\/wp-json\/wp\/v2\/pages\/745\/revisions"}],"predecessor-version":[{"id":3205,"href":"https:\/\/www.renz-recht.de\/fr\/wp-json\/wp\/v2\/pages\/745\/revisions\/3205"}],"wp:attachment":[{"href":"https:\/\/www.renz-recht.de\/fr\/wp-json\/wp\/v2\/media?parent=745"}],"curies":[{"name":"wp","href":"https:\/\/api.w.org\/{rel}","templated":true}]}}