{"id":3954,"date":"2026-01-07T08:10:11","date_gmt":"2026-01-07T07:10:11","guid":{"rendered":"https:\/\/www.renz-recht.de\/?page_id=3954"},"modified":"2026-01-07T08:10:51","modified_gmt":"2026-01-07T07:10:51","slug":"avocat-specialise-en-droit-de-la-concurrence-francfort-sur-le-main","status":"publish","type":"page","link":"https:\/\/www.renz-recht.de\/fr\/avocat-specialise-en-droit-de-la-concurrence-francfort-sur-le-main\/","title":{"rendered":"Avocat sp\u00e9cialis\u00e9 en droit de la concurrence, Francfort-sur-le-Main"},"content":{"rendered":"<p>[et_pb_section fb_built=&#8220;1&#8243; fullwidth=&#8220;on&#8220; _builder_version=&#8220;4.16&#8243; global_colors_info=&#8220;{}&#8220;][et_pb_fullwidth_header title=&#8220;Rechtsanw\u00e4ltin Wettbewerbsrecht Frankfurt am Main&#8220; subhead=&#8220;Ich verteidige Ihre Interessen im Wettbewerbsrecht und sch\u00fctze Sie vor unlauteren Praktiken in Frankfurt am Main&#8220; background_overlay_color=&#8220;rgba(0,0,0,0.2)&#8220; admin_label=&#8220;Header&#8220; module_class=&#8220;renz-subpage-header&#8220; _builder_version=&#8220;4.27.5&#8243; title_font_size=&#8220;80px&#8220; background_color=&#8220;#26173A&#8220; background_image=&#8220;https:\/\/www.renz-recht.de\/wp-content\/uploads\/2019\/02\/renz-markenrecht-header.jpg&#8220; parallax=&#8220;on&#8220; parallax_method=&#8220;on&#8220; custom_padding=&#8220;4%||9%|&#8220; custom_padding_tablet=&#8220;4%||4%|&#8220; custom_padding_phone=&#8220;&#8220; custom_padding_last_edited=&#8220;on|tablet&#8220; hover_enabled=&#8220;0&#8243; title_font_size_tablet=&#8220;60px&#8220; title_font_size_phone=&#8220;40px&#8220; title_font_size_last_edited=&#8220;on|tablet&#8220; z_index_tablet=&#8220;500&#8243; title_text_shadow_horizontal_length_tablet=&#8220;0px&#8220; title_text_shadow_vertical_length_tablet=&#8220;0px&#8220; title_text_shadow_blur_strength_tablet=&#8220;1px&#8220; content_text_shadow_horizontal_length_tablet=&#8220;0px&#8220; content_text_shadow_vertical_length_tablet=&#8220;0px&#8220; content_text_shadow_blur_strength_tablet=&#8220;1px&#8220; subhead_text_shadow_horizontal_length_tablet=&#8220;0px&#8220; subhead_text_shadow_vertical_length_tablet=&#8220;0px&#8220; subhead_text_shadow_blur_strength_tablet=&#8220;1px&#8220; content_link_text_shadow_horizontal_length_tablet=&#8220;0px&#8220; content_link_text_shadow_vertical_length_tablet=&#8220;0px&#8220; content_link_text_shadow_blur_strength_tablet=&#8220;1px&#8220; content_ul_text_shadow_horizontal_length_tablet=&#8220;0px&#8220; content_ul_text_shadow_vertical_length_tablet=&#8220;0px&#8220; content_ul_text_shadow_blur_strength_tablet=&#8220;1px&#8220; content_ol_text_shadow_horizontal_length_tablet=&#8220;0px&#8220; content_ol_text_shadow_vertical_length_tablet=&#8220;0px&#8220; content_ol_text_shadow_blur_strength_tablet=&#8220;1px&#8220; content_quote_text_shadow_horizontal_length_tablet=&#8220;0px&#8220; content_quote_text_shadow_vertical_length_tablet=&#8220;0px&#8220; content_quote_text_shadow_blur_strength_tablet=&#8220;1px&#8220; button_one_text_shadow_horizontal_length_tablet=&#8220;0px&#8220; button_one_text_shadow_vertical_length_tablet=&#8220;0px&#8220; button_one_text_shadow_blur_strength_tablet=&#8220;1px&#8220; button_two_text_shadow_horizontal_length_tablet=&#8220;0px&#8220; button_two_text_shadow_vertical_length_tablet=&#8220;0px&#8220; button_two_text_shadow_blur_strength_tablet=&#8220;1px&#8220; box_shadow_horizontal_tablet=&#8220;0px&#8220; box_shadow_vertical_tablet=&#8220;0px&#8220; box_shadow_blur_tablet=&#8220;40px&#8220; box_shadow_spread_tablet=&#8220;0px&#8220; box_shadow_horizontal_image_tablet=&#8220;0px&#8220; box_shadow_vertical_image_tablet=&#8220;0px&#8220; box_shadow_blur_image_tablet=&#8220;40px&#8220; box_shadow_spread_image_tablet=&#8220;0px&#8220; box_shadow_horizontal_button_one_tablet=&#8220;0px&#8220; box_shadow_vertical_button_one_tablet=&#8220;0px&#8220; box_shadow_blur_button_one_tablet=&#8220;40px&#8220; box_shadow_spread_button_one_tablet=&#8220;0px&#8220; box_shadow_horizontal_button_two_tablet=&#8220;0px&#8220; box_shadow_vertical_button_two_tablet=&#8220;0px&#8220; box_shadow_blur_button_two_tablet=&#8220;40px&#8220; box_shadow_spread_button_two_tablet=&#8220;0px&#8220; text_shadow_horizontal_length_tablet=&#8220;0px&#8220; text_shadow_vertical_length_tablet=&#8220;0px&#8220; text_shadow_blur_strength_tablet=&#8220;1px&#8220; global_module=&#8220;214&#8243; saved_tabs=&#8220;all&#8220; global_colors_info=&#8220;{}&#8220; sticky_enabled=&#8220;0&#8243;][\/et_pb_fullwidth_header][\/et_pb_section][et_pb_section fb_built=&#8220;1&#8243; custom_padding_last_edited=&#8220;on|phone&#8220; admin_label=&#8220;Breadcrumb&#8220; _builder_version=&#8220;4.22.1&#8243; background_color=&#8220;#eeeeee&#8220; min_height=&#8220;112.2px&#8220; custom_padding=&#8220;16px||16px|&#8220; custom_padding_tablet=&#8220;&#8220; custom_padding_phone=&#8220;&#8220; global_module=&#8220;161&#8243; collapsed=&#8220;off&#8220; global_colors_info=&#8220;{}&#8220;][et_pb_row admin_label=&#8220;Zeile&#8220; _builder_version=&#8220;4.16&#8243; collapsed=&#8220;off&#8220; global_colors_info=&#8220;{}&#8220;][et_pb_column type=&#8220;4_4&#8243; _builder_version=&#8220;4.16&#8243; custom_padding=&#8220;|||&#8220; global_colors_info=&#8220;{}&#8220; custom_padding__hover=&#8220;|||&#8220;][\/et_pb_column][\/et_pb_row][\/et_pb_section][et_pb_section fb_built=&#8220;1&#8243; custom_padding_last_edited=&#8220;on|tablet&#8220; _builder_version=&#8220;4.16&#8243; custom_padding=&#8220;90px||90px|&#8220; custom_padding_tablet=&#8220;9%||9%|&#8220; custom_padding_phone=&#8220;&#8220; global_colors_info=&#8220;{}&#8220;][et_pb_row column_structure=&#8220;2_3,1_3&#8243; _builder_version=&#8220;4.16&#8243; global_colors_info=&#8220;{}&#8220;][et_pb_column type=&#8220;2_3&#8243; _builder_version=&#8220;4.16&#8243; custom_padding=&#8220;|90px||&#8220; custom_padding_tablet=&#8220;|0px|9%|&#8220; custom_padding_phone=&#8220;&#8220; custom_padding_last_edited=&#8220;on|phone&#8220; global_colors_info=&#8220;{}&#8220; custom_padding__hover=&#8220;|||&#8220;][et_pb_blurb content_max_width=&#8220;100%&#8220; _builder_version=&#8220;4.27.5&#8243; header_level=&#8220;h2&#8243; header_font_size=&#8220;36&#8243; header_line_height=&#8220;1.3em&#8220; body_font_size=&#8220;16&#8243; body_line_height=&#8220;1.2em&#8220; custom_margin=&#8220;||23px|||&#8220; custom_margin_tablet=&#8220;||6%|&#8220; custom_margin_phone=&#8220;&#8220; custom_margin_last_edited=&#8220;on|phone&#8220; custom_padding=&#8220;||0px||false|false&#8220; hover_enabled=&#8220;0&#8243; header_font_size_tablet=&#8220;&#8220; header_font_size_phone=&#8220;27&#8243; header_font_size_last_edited=&#8220;on|phone&#8220; z_index_tablet=&#8220;500&#8243; custom_css_blurb_title=&#8220;margin-bottom: 9px;&#8220; custom_css_blurb_content=&#8220;margin-bottom: 27px;&#8220; header_text_shadow_horizontal_length_tablet=&#8220;0px&#8220; header_text_shadow_vertical_length_tablet=&#8220;0px&#8220; header_text_shadow_blur_strength_tablet=&#8220;1px&#8220; body_text_shadow_horizontal_length_tablet=&#8220;0px&#8220; body_text_shadow_vertical_length_tablet=&#8220;0px&#8220; body_text_shadow_blur_strength_tablet=&#8220;1px&#8220; body_link_text_shadow_horizontal_length_tablet=&#8220;0px&#8220; body_link_text_shadow_vertical_length_tablet=&#8220;0px&#8220; body_link_text_shadow_blur_strength_tablet=&#8220;1px&#8220; body_ul_text_shadow_horizontal_length_tablet=&#8220;0px&#8220; body_ul_text_shadow_vertical_length_tablet=&#8220;0px&#8220; body_ul_text_shadow_blur_strength_tablet=&#8220;1px&#8220; body_ol_text_shadow_horizontal_length_tablet=&#8220;0px&#8220; body_ol_text_shadow_vertical_length_tablet=&#8220;0px&#8220; body_ol_text_shadow_blur_strength_tablet=&#8220;1px&#8220; body_quote_text_shadow_horizontal_length_tablet=&#8220;0px&#8220; body_quote_text_shadow_vertical_length_tablet=&#8220;0px&#8220; body_quote_text_shadow_blur_strength_tablet=&#8220;1px&#8220; box_shadow_horizontal_tablet=&#8220;0px&#8220; box_shadow_vertical_tablet=&#8220;0px&#8220; box_shadow_blur_tablet=&#8220;40px&#8220; box_shadow_spread_tablet=&#8220;0px&#8220; box_shadow_horizontal_image_tablet=&#8220;0px&#8220; box_shadow_vertical_image_tablet=&#8220;0px&#8220; box_shadow_blur_image_tablet=&#8220;40px&#8220; box_shadow_spread_image_tablet=&#8220;0px&#8220; text_shadow_horizontal_length_tablet=&#8220;0px&#8220; text_shadow_vertical_length_tablet=&#8220;0px&#8220; text_shadow_blur_strength_tablet=&#8220;1px&#8220; global_module=&#8220;202&#8243; saved_tabs=&#8220;all&#8220; global_colors_info=&#8220;{}&#8220; sticky_enabled=&#8220;0&#8243; title=&#8220;Wettbewerbsrecht in Frankfurt am Main \u2013 Warum faire Konkurrenz gesch\u00fctzt werden muss&#8220; admin_label=&#8220;Modul \u00dcberschrift H2&#8243;][\/et_pb_blurb][et_pb_blurb content_max_width=&#8220;100%&#8220; admin_label=&#8220;Modul Erster Absatz (erster Buchstabe fett)&#8220; module_class=&#8220;first-paragraph&#8220; _builder_version=&#8220;4.27.5&#8243; header_level=&#8220;h2&#8243; header_font_size=&#8220;36px&#8220; header_line_height=&#8220;1.3em&#8220; body_font_size=&#8220;16&#8243; body_line_height=&#8220;1.2em&#8220; custom_margin=&#8220;0px||45px||false|false&#8220; custom_padding=&#8220;0px||||false|false&#8220; hover_enabled=&#8220;0&#8243; header_font_size_tablet=&#8220;&#8220; header_font_size_phone=&#8220;27&#8243; header_font_size_last_edited=&#8220;on|phone&#8220; z_index_tablet=&#8220;500&#8243; custom_css_blurb_title=&#8220;margin-bottom: calc(2% + 18px);&#8220; header_text_shadow_horizontal_length_tablet=&#8220;0px&#8220; header_text_shadow_vertical_length_tablet=&#8220;0px&#8220; header_text_shadow_blur_strength_tablet=&#8220;1px&#8220; body_text_shadow_horizontal_length_tablet=&#8220;0px&#8220; body_text_shadow_vertical_length_tablet=&#8220;0px&#8220; body_text_shadow_blur_strength_tablet=&#8220;1px&#8220; body_link_text_shadow_horizontal_length_tablet=&#8220;0px&#8220; body_link_text_shadow_vertical_length_tablet=&#8220;0px&#8220; body_link_text_shadow_blur_strength_tablet=&#8220;1px&#8220; body_ul_text_shadow_horizontal_length_tablet=&#8220;0px&#8220; body_ul_text_shadow_vertical_length_tablet=&#8220;0px&#8220; body_ul_text_shadow_blur_strength_tablet=&#8220;1px&#8220; body_ol_text_shadow_horizontal_length_tablet=&#8220;0px&#8220; body_ol_text_shadow_vertical_length_tablet=&#8220;0px&#8220; body_ol_text_shadow_blur_strength_tablet=&#8220;1px&#8220; body_quote_text_shadow_horizontal_length_tablet=&#8220;0px&#8220; body_quote_text_shadow_vertical_length_tablet=&#8220;0px&#8220; body_quote_text_shadow_blur_strength_tablet=&#8220;1px&#8220; box_shadow_horizontal_tablet=&#8220;0px&#8220; box_shadow_vertical_tablet=&#8220;0px&#8220; box_shadow_blur_tablet=&#8220;40px&#8220; box_shadow_spread_tablet=&#8220;0px&#8220; box_shadow_horizontal_image_tablet=&#8220;0px&#8220; box_shadow_vertical_image_tablet=&#8220;0px&#8220; box_shadow_blur_image_tablet=&#8220;40px&#8220; box_shadow_spread_image_tablet=&#8220;0px&#8220; text_shadow_horizontal_length_tablet=&#8220;0px&#8220; text_shadow_vertical_length_tablet=&#8220;0px&#8220; text_shadow_blur_strength_tablet=&#8220;1px&#8220; global_module=&#8220;203&#8243; saved_tabs=&#8220;all&#8220; global_colors_info=&#8220;{}&#8220; sticky_enabled=&#8220;0&#8243;]<\/p>\n<p class=\"font-claude-response-body break-words whitespace-normal leading-[1.7]\">Francfort-sur-le-Main, avec environ 756\u00a0000 habitants, est la cinqui\u00e8me ville d&#039;Allemagne et le centre de la r\u00e9gion m\u00e9tropolitaine de Francfort-sur-le-Main, qui compte environ 5,9 millions d&#039;habitants. Centre financier international, plaque tournante majeure du commerce \u00e9lectronique et si\u00e8ge de nombreuses grandes entreprises, Francfort est une ville tr\u00e8s comp\u00e9titive. Plus de 628\u00a0000 personnes y travaillent dans un environnement \u00e9conomique dynamique et sont soumises aux cotisations de s\u00e9curit\u00e9 sociale.<\/p>\n<p class=\"font-claude-response-body break-words whitespace-normal leading-[1.7]\">Dans ce march\u00e9 concurrentiel, une concurrence loyale est essentielle \u00e0 la r\u00e9ussite de votre entreprise. Le droit de la concurrence \u2013 ou droit contre la concurrence d\u00e9loyale \u2013 prot\u00e8ge les entreprises contre les pratiques d\u00e9loyales et r\u00e9glemente ce qui est autoris\u00e9 et ce qui ne l&#039;est pas dans le monde des affaires.<\/p>\n<p class=\"font-claude-response-body break-words whitespace-normal leading-[1.7]\">En tant qu&#039;avocate sp\u00e9cialis\u00e9e en droit de la concurrence, j&#039;accompagne les entreprises et les d\u00e9taillants en ligne de Francfort-sur-le-Main dans leur d\u00e9fense contre les mises en demeure abusives et dans la d\u00e9fense de leurs droits.<\/p>\n<p>[\/et_pb_blurb][et_pb_blurb content_max_width=&#8220;100%&#8220; _builder_version=&#8220;4.27.5&#8243; header_level=&#8220;h3&#8243; header_font_size=&#8220;27px&#8220; header_line_height=&#8220;1.3em&#8220; body_font_size=&#8220;16&#8243; body_line_height=&#8220;1.3em&#8220; custom_margin=&#8220;||45px|&#8220; hover_enabled=&#8220;0&#8243; header_font_size_tablet=&#8220;&#8220; header_font_size_phone=&#8220;18&#8243; header_font_size_last_edited=&#8220;on|phone&#8220; z_index_tablet=&#8220;500&#8243; header_text_shadow_horizontal_length_tablet=&#8220;0px&#8220; header_text_shadow_vertical_length_tablet=&#8220;0px&#8220; header_text_shadow_blur_strength_tablet=&#8220;1px&#8220; body_text_shadow_horizontal_length_tablet=&#8220;0px&#8220; body_text_shadow_vertical_length_tablet=&#8220;0px&#8220; body_text_shadow_blur_strength_tablet=&#8220;1px&#8220; body_link_text_shadow_horizontal_length_tablet=&#8220;0px&#8220; body_link_text_shadow_vertical_length_tablet=&#8220;0px&#8220; body_link_text_shadow_blur_strength_tablet=&#8220;1px&#8220; body_ul_text_shadow_horizontal_length_tablet=&#8220;0px&#8220; body_ul_text_shadow_vertical_length_tablet=&#8220;0px&#8220; body_ul_text_shadow_blur_strength_tablet=&#8220;1px&#8220; body_ol_text_shadow_horizontal_length_tablet=&#8220;0px&#8220; body_ol_text_shadow_vertical_length_tablet=&#8220;0px&#8220; body_ol_text_shadow_blur_strength_tablet=&#8220;1px&#8220; body_quote_text_shadow_horizontal_length_tablet=&#8220;0px&#8220; body_quote_text_shadow_vertical_length_tablet=&#8220;0px&#8220; body_quote_text_shadow_blur_strength_tablet=&#8220;1px&#8220; box_shadow_horizontal_tablet=&#8220;0px&#8220; box_shadow_vertical_tablet=&#8220;0px&#8220; box_shadow_blur_tablet=&#8220;40px&#8220; box_shadow_spread_tablet=&#8220;0px&#8220; box_shadow_horizontal_image_tablet=&#8220;0px&#8220; box_shadow_vertical_image_tablet=&#8220;0px&#8220; box_shadow_blur_image_tablet=&#8220;40px&#8220; box_shadow_spread_image_tablet=&#8220;0px&#8220; text_shadow_horizontal_length_tablet=&#8220;0px&#8220; text_shadow_vertical_length_tablet=&#8220;0px&#8220; text_shadow_blur_strength_tablet=&#8220;1px&#8220; global_module=&#8220;204&#8243; saved_tabs=&#8220;all&#8220; global_colors_info=&#8220;{}&#8220; sticky_enabled=&#8220;0&#8243; title=&#8220;Ihre Vorteile bei Rechtsanw\u00e4ltin Anne-Kathrin Renz&#8220; admin_label=&#8220;Modul Absatztext mit \u00dcberschrift H3&#8243;]<\/p>\n<h3 class=\"text-text-100 mt-2 -mb-1 text-base font-bold\">Des conseils sur mesure<\/h3>\n<p class=\"font-claude-response-body break-words whitespace-normal leading-[1.7]\">Ne faites jamais confiance \u00e0 une approche standardis\u00e9e des questions juridiques qui ne traite pas votre cas individuellement, car vous ne recevrez certainement pas de conseils optimaux.<\/p>\n<p class=\"font-claude-response-body break-words whitespace-normal leading-[1.7]\">Seuls des conseils et une repr\u00e9sentation personnalis\u00e9s permettent d&#039;obtenir les meilleurs r\u00e9sultats possibles, c&#039;est pourquoi mon cabinet d&#039;avocats privil\u00e9gie les conseils individualis\u00e9s pour ses clients.<\/p>\n<h3 class=\"text-text-100 mt-2 -mb-1 text-base font-bold\">Expertise efficace<\/h3>\n<p class=\"font-claude-response-body break-words whitespace-normal leading-[1.7]\">Vous recherchez des conseils juridiques ax\u00e9s sur les r\u00e9sultats, qui vous repr\u00e9senteront rapidement et efficacement ?<\/p>\n<p class=\"font-claude-response-body break-words whitespace-normal leading-[1.7]\">Alors vous \u00eates au bon endroit chez Renz Recht. Je suis sp\u00e9cialis\u00e9 en droit de la propri\u00e9t\u00e9 intellectuelle et en droit des technologies de l&#039;information.<\/p>\n<p class=\"font-claude-response-body break-words whitespace-normal leading-[1.7]\">Comp\u00e9tent. Transparent. Pr\u00e9cis.<\/p>\n<h3 class=\"text-text-100 mt-2 -mb-1 text-base font-bold\">Communication claire<\/h3>\n<p class=\"font-claude-response-body break-words whitespace-normal leading-[1.7]\">Le droit de la concurrence est souvent difficile \u00e0 appr\u00e9hender pour les non-initi\u00e9s. Les clients se voient fr\u00e9quemment pr\u00e9senter des explications de leurs probl\u00e8mes juridiques r\u00e9dig\u00e9es dans un jargon technique incompr\u00e9hensible. Avec moi, ce ne sera pas le cas\u00a0! J\u2019expliquerai votre probl\u00e8me juridique clairement et simplement afin que vous puissiez prendre des d\u00e9cisions \u00e9clair\u00e9es.<\/p>\n<p>[\/et_pb_blurb][et_pb_blurb content_max_width=&#8220;100%&#8220; _builder_version=&#8220;4.27.5&#8243; header_level=&#8220;h3&#8243; header_font_size=&#8220;27px&#8220; header_line_height=&#8220;1.3em&#8220; body_font_size=&#8220;16&#8243; body_line_height=&#8220;1.3em&#8220; custom_margin=&#8220;||45px|&#8220; hover_enabled=&#8220;0&#8243; header_font_size_tablet=&#8220;&#8220; header_font_size_phone=&#8220;18&#8243; header_font_size_last_edited=&#8220;on|phone&#8220; z_index_tablet=&#8220;500&#8243; header_text_shadow_horizontal_length_tablet=&#8220;0px&#8220; header_text_shadow_vertical_length_tablet=&#8220;0px&#8220; header_text_shadow_blur_strength_tablet=&#8220;1px&#8220; body_text_shadow_horizontal_length_tablet=&#8220;0px&#8220; body_text_shadow_vertical_length_tablet=&#8220;0px&#8220; body_text_shadow_blur_strength_tablet=&#8220;1px&#8220; body_link_text_shadow_horizontal_length_tablet=&#8220;0px&#8220; body_link_text_shadow_vertical_length_tablet=&#8220;0px&#8220; body_link_text_shadow_blur_strength_tablet=&#8220;1px&#8220; body_ul_text_shadow_horizontal_length_tablet=&#8220;0px&#8220; body_ul_text_shadow_vertical_length_tablet=&#8220;0px&#8220; body_ul_text_shadow_blur_strength_tablet=&#8220;1px&#8220; body_ol_text_shadow_horizontal_length_tablet=&#8220;0px&#8220; body_ol_text_shadow_vertical_length_tablet=&#8220;0px&#8220; body_ol_text_shadow_blur_strength_tablet=&#8220;1px&#8220; body_quote_text_shadow_horizontal_length_tablet=&#8220;0px&#8220; body_quote_text_shadow_vertical_length_tablet=&#8220;0px&#8220; body_quote_text_shadow_blur_strength_tablet=&#8220;1px&#8220; box_shadow_horizontal_tablet=&#8220;0px&#8220; box_shadow_vertical_tablet=&#8220;0px&#8220; box_shadow_blur_tablet=&#8220;40px&#8220; box_shadow_spread_tablet=&#8220;0px&#8220; box_shadow_horizontal_image_tablet=&#8220;0px&#8220; box_shadow_vertical_image_tablet=&#8220;0px&#8220; box_shadow_blur_image_tablet=&#8220;40px&#8220; box_shadow_spread_image_tablet=&#8220;0px&#8220; text_shadow_horizontal_length_tablet=&#8220;0px&#8220; text_shadow_vertical_length_tablet=&#8220;0px&#8220; text_shadow_blur_strength_tablet=&#8220;1px&#8220; global_module=&#8220;204&#8243; saved_tabs=&#8220;all&#8220; global_colors_info=&#8220;{}&#8220; sticky_enabled=&#8220;0&#8243; title=&#8220;Wettbewerbsrechtliche Abmahnungen in Frankfurt am Main&#8220; admin_label=&#8220;Modul Absatztext mit \u00dcberschrift H3&#8243;]<\/p>\n<h3 class=\"text-text-100 mt-2 -mb-1 text-base font-bold\">Qu\u2019est-ce qu\u2019une lettre de cessation et d\u2019abstention en droit de la concurrence\u00a0?<\/h3>\n<p class=\"font-claude-response-body break-words whitespace-normal leading-[1.7]\">Les entreprises et les d\u00e9taillants en ligne sont souvent confront\u00e9s au droit de la concurrence, notamment aux pratiques anticoncurrentielles, sous la forme de courriers d\u00e9sagr\u00e9ables et co\u00fbteux\u00a0: les mises en demeure. Ces lettres contiennent des accusations de la part de concurrents concernant des pratiques commerciales d\u00e9loyales, autrement dit, une violation du droit de la concurrence.<\/p>\n<h3 class=\"text-text-100 mt-2 -mb-1 text-base font-bold\">Violations typiques du droit de la concurrence<\/h3>\n<p class=\"font-claude-response-body break-words whitespace-normal leading-[1.7]\">Les infractions au droit de la concurrence sont si diverses qu&#039;il m&#039;est impossible de toutes les \u00e9num\u00e9rer.<\/p>\n<p class=\"font-claude-response-body break-words whitespace-normal leading-[1.7]\">Cependant, j&#039;aimerais partager avec vous quelques exemples classiques qui font r\u00e9guli\u00e8rement l&#039;objet de mises en demeure\u00a0:<\/p>\n<ul class=\"[li_&amp;]:mb-0 [li_&amp;]:mt-1.5 [li_&amp;]:gap-1.5 [&amp;:not(:last-child)_ul]:pb-1 [&amp;:not(:last-child)_ol]:pb-1 list-disc flex flex-col gap-2 pl-8 mb-3\">\n<li class=\"whitespace-normal break-words pl-2\">Une empreinte incorrecte ou manquante<\/li>\n<li class=\"whitespace-normal break-words pl-2\">Une politique d&#039;annulation obsol\u00e8te (il est presque difficile de croire qu&#039;il existe encore des politiques d&#039;annulation en circulation qui font l&#039;objet d&#039;avertissements depuis le 13 juin 2014)<\/li>\n<li class=\"whitespace-normal break-words pl-2\">\u00c9tiquetage textile manquant ou incorrect<\/li>\n<li class=\"whitespace-normal break-words pl-2\">Enregistrement LUCID manquant<\/li>\n<li class=\"whitespace-normal break-words pl-2\">Conditions g\u00e9n\u00e9rales contradictoires<\/li>\n<li class=\"whitespace-normal break-words pl-2\">Marquage \u00e9lectrique manquant ou incorrect<\/li>\n<li class=\"whitespace-normal break-words pl-2\">Informations contradictoires sur le d\u00e9lai de r\u00e9tractation<\/li>\n<li class=\"whitespace-normal break-words pl-2\">Le cuir artificiel est appel\u00e9 cuir<\/li>\n<li class=\"whitespace-normal break-words pl-2\">Manque d&#039;informations obligatoires lors de la vente de produits alimentaires (notamment de vin)<\/li>\n<li class=\"whitespace-normal break-words pl-2\">all\u00e9gations publicitaires trompeuses<\/li>\n<li class=\"whitespace-normal break-words pl-2\">Prix abusifs<\/li>\n<li class=\"whitespace-normal break-words pl-2\">Violation de l&#039;ordonnance sur l&#039;indication des prix<\/li>\n<\/ul>\n<p>[\/et_pb_blurb][et_pb_blurb content_max_width=&#8220;100%&#8220; _builder_version=&#8220;4.27.5&#8243; header_level=&#8220;h3&#8243; header_font_size=&#8220;27px&#8220; header_line_height=&#8220;1.3em&#8220; body_font_size=&#8220;16&#8243; body_line_height=&#8220;1.3em&#8220; custom_margin=&#8220;||45px|&#8220; hover_enabled=&#8220;0&#8243; header_font_size_tablet=&#8220;&#8220; header_font_size_phone=&#8220;18&#8243; header_font_size_last_edited=&#8220;on|phone&#8220; z_index_tablet=&#8220;500&#8243; header_text_shadow_horizontal_length_tablet=&#8220;0px&#8220; header_text_shadow_vertical_length_tablet=&#8220;0px&#8220; header_text_shadow_blur_strength_tablet=&#8220;1px&#8220; body_text_shadow_horizontal_length_tablet=&#8220;0px&#8220; body_text_shadow_vertical_length_tablet=&#8220;0px&#8220; body_text_shadow_blur_strength_tablet=&#8220;1px&#8220; body_link_text_shadow_horizontal_length_tablet=&#8220;0px&#8220; body_link_text_shadow_vertical_length_tablet=&#8220;0px&#8220; body_link_text_shadow_blur_strength_tablet=&#8220;1px&#8220; body_ul_text_shadow_horizontal_length_tablet=&#8220;0px&#8220; body_ul_text_shadow_vertical_length_tablet=&#8220;0px&#8220; body_ul_text_shadow_blur_strength_tablet=&#8220;1px&#8220; body_ol_text_shadow_horizontal_length_tablet=&#8220;0px&#8220; body_ol_text_shadow_vertical_length_tablet=&#8220;0px&#8220; body_ol_text_shadow_blur_strength_tablet=&#8220;1px&#8220; body_quote_text_shadow_horizontal_length_tablet=&#8220;0px&#8220; body_quote_text_shadow_vertical_length_tablet=&#8220;0px&#8220; body_quote_text_shadow_blur_strength_tablet=&#8220;1px&#8220; box_shadow_horizontal_tablet=&#8220;0px&#8220; box_shadow_vertical_tablet=&#8220;0px&#8220; box_shadow_blur_tablet=&#8220;40px&#8220; box_shadow_spread_tablet=&#8220;0px&#8220; box_shadow_horizontal_image_tablet=&#8220;0px&#8220; box_shadow_vertical_image_tablet=&#8220;0px&#8220; box_shadow_blur_image_tablet=&#8220;40px&#8220; box_shadow_spread_image_tablet=&#8220;0px&#8220; text_shadow_horizontal_length_tablet=&#8220;0px&#8220; text_shadow_vertical_length_tablet=&#8220;0px&#8220; text_shadow_blur_strength_tablet=&#8220;1px&#8220; global_module=&#8220;204&#8243; saved_tabs=&#8220;all&#8220; global_colors_info=&#8220;{}&#8220; sticky_enabled=&#8220;0&#8243; admin_label=&#8220;Modul Absatztext mit \u00dcberschrift H3&#8243; title=&#8220;Richtiges Vorgehen bei wettbewerbsrechtlichen Abmahnungen&#8220;]<\/p>\n<h3 class=\"text-text-100 mt-2 -mb-1 text-base font-bold\">Pourquoi vous ne devriez pas agir de mani\u00e8re impulsive<\/h3>\n<p class=\"font-claude-response-body break-words whitespace-normal leading-[1.7]\">Bien entendu, l\u2019accent est g\u00e9n\u00e9ralement mis sur l\u2019efficacit\u00e9 \u00e9conomique de l\u2019approche. Cependant, l\u2019approche soi-disant la moins ch\u00e8re n\u2019est pas toujours la meilleure approche \u00e0 long terme.<\/p>\n<p class=\"font-claude-response-body break-words whitespace-normal leading-[1.7]\"><strong>Nous ne pouvons que mettre en garde contre la soumission h\u00e2tive d\u2019une d\u00e9claration de cessation et d\u2019abstention : vous en paierez le prix \u00e0 la fin !<\/strong><\/p>\n<h3 class=\"text-text-100 mt-2 -mb-1 text-base font-bold\">Pourquoi donc?<\/h3>\n<p class=\"font-claude-response-body break-words whitespace-normal leading-[1.7]\">Les tribunaux exigent une mise en demeure assortie d&#039;une clause p\u00e9nale. Concr\u00e8tement, cela signifie que si vous r\u00e9cidivez, vous devrez payer une somme importante afin de vous en servir comme garantie.<\/p>\n<p class=\"font-claude-response-body break-words whitespace-normal leading-[1.7]\"><strong>Quel est exactement le montant de la p\u00e9nalit\u00e9 contractuelle ?<\/strong><\/p>\n<p class=\"font-claude-response-body break-words whitespace-normal leading-[1.7]\">Eh bien, cela d\u00e9pend des circonstances de chaque cas. En r\u00e8gle g\u00e9n\u00e9rale, attendez-vous \u00e0 un montant \u00e9lev\u00e9 \u00e0 trois ou quatre chiffres.<\/p>\n<h3 class=\"text-text-100 mt-2 -mb-1 text-base font-bold\">La bonne strat\u00e9gie<\/h3>\n<p class=\"font-claude-response-body break-words whitespace-normal leading-[1.7]\">Outre l&#039;analyse et la correction des erreurs, je travaille avec mes clients pour \u00e9laborer la meilleure strat\u00e9gie de d\u00e9fense. Cela comprend l&#039;examen\u00a0:<\/p>\n<ul class=\"[li_&amp;]:mb-0 [li_&amp;]:mt-1.5 [li_&amp;]:gap-1.5 [&amp;:not(:last-child)_ul]:pb-1 [&amp;:not(:last-child)_ol]:pb-1 list-disc flex flex-col gap-2 pl-8 mb-3\">\n<li class=\"whitespace-normal break-words pl-2\">Cet avertissement est-il justifi\u00e9\u00a0?<\/li>\n<li class=\"whitespace-normal break-words pl-2\">La clause p\u00e9nale demand\u00e9e est-elle appropri\u00e9e\u00a0?<\/li>\n<li class=\"whitespace-normal break-words pl-2\">La lettre d&#039;avertissement peut-elle \u00eatre rejet\u00e9e\u00a0?<\/li>\n<li class=\"whitespace-normal break-words pl-2\">Quels co\u00fbts peuvent \u00eatre r\u00e9duits ?<\/li>\n<li class=\"whitespace-normal break-words pl-2\">Comment garantir votre conformit\u00e9 l\u00e9gale sur le long terme ?<\/li>\n<\/ul>\n<p>[\/et_pb_blurb][et_pb_blurb content_max_width=&#8220;100%&#8220; _builder_version=&#8220;4.27.5&#8243; header_level=&#8220;h2&#8243; header_font_size=&#8220;36&#8243; header_line_height=&#8220;1.3em&#8220; body_font_size=&#8220;16&#8243; body_line_height=&#8220;1.2em&#8220; custom_margin=&#8220;||23px|||&#8220; custom_margin_tablet=&#8220;||6%|&#8220; custom_margin_phone=&#8220;&#8220; custom_margin_last_edited=&#8220;on|phone&#8220; custom_padding=&#8220;||0px||false|false&#8220; hover_enabled=&#8220;0&#8243; header_font_size_tablet=&#8220;&#8220; header_font_size_phone=&#8220;27&#8243; header_font_size_last_edited=&#8220;on|phone&#8220; z_index_tablet=&#8220;500&#8243; custom_css_blurb_title=&#8220;margin-bottom: 9px;&#8220; custom_css_blurb_content=&#8220;margin-bottom: 27px;&#8220; header_text_shadow_horizontal_length_tablet=&#8220;0px&#8220; header_text_shadow_vertical_length_tablet=&#8220;0px&#8220; header_text_shadow_blur_strength_tablet=&#8220;1px&#8220; body_text_shadow_horizontal_length_tablet=&#8220;0px&#8220; body_text_shadow_vertical_length_tablet=&#8220;0px&#8220; body_text_shadow_blur_strength_tablet=&#8220;1px&#8220; body_link_text_shadow_horizontal_length_tablet=&#8220;0px&#8220; body_link_text_shadow_vertical_length_tablet=&#8220;0px&#8220; body_link_text_shadow_blur_strength_tablet=&#8220;1px&#8220; body_ul_text_shadow_horizontal_length_tablet=&#8220;0px&#8220; body_ul_text_shadow_vertical_length_tablet=&#8220;0px&#8220; body_ul_text_shadow_blur_strength_tablet=&#8220;1px&#8220; body_ol_text_shadow_horizontal_length_tablet=&#8220;0px&#8220; body_ol_text_shadow_vertical_length_tablet=&#8220;0px&#8220; body_ol_text_shadow_blur_strength_tablet=&#8220;1px&#8220; body_quote_text_shadow_horizontal_length_tablet=&#8220;0px&#8220; body_quote_text_shadow_vertical_length_tablet=&#8220;0px&#8220; body_quote_text_shadow_blur_strength_tablet=&#8220;1px&#8220; box_shadow_horizontal_tablet=&#8220;0px&#8220; box_shadow_vertical_tablet=&#8220;0px&#8220; box_shadow_blur_tablet=&#8220;40px&#8220; box_shadow_spread_tablet=&#8220;0px&#8220; box_shadow_horizontal_image_tablet=&#8220;0px&#8220; box_shadow_vertical_image_tablet=&#8220;0px&#8220; box_shadow_blur_image_tablet=&#8220;40px&#8220; box_shadow_spread_image_tablet=&#8220;0px&#8220; text_shadow_horizontal_length_tablet=&#8220;0px&#8220; text_shadow_vertical_length_tablet=&#8220;0px&#8220; text_shadow_blur_strength_tablet=&#8220;1px&#8220; global_module=&#8220;202&#8243; saved_tabs=&#8220;all&#8220; global_colors_info=&#8220;{}&#8220; sticky_enabled=&#8220;0&#8243; title=&#8220;Durchsetzung eigener wettbewerbsrechtlicher Anspr\u00fcche&#8220;]<\/p>\n<p class=\"font-claude-response-body break-words whitespace-normal leading-[1.7]\">Mon expertise ne se limite pas \u00e0 la d\u00e9fense contre les mises en demeure\u00a0; je vous accompagne \u00e9galement dans la d\u00e9fense de vos droits lorsque vos concurrents enfreignent le droit de la concurrence.<\/p>\n<h3 class=\"text-text-100 mt-2 -mb-1 text-base font-bold\">Quand pouvez-vous prendre des mesures contre vos concurrents\u00a0?<\/h3>\n<ul class=\"[li_&amp;]:mb-0 [li_&amp;]:mt-1.5 [li_&amp;]:gap-1.5 [&amp;:not(:last-child)_ul]:pb-1 [&amp;:not(:last-child)_ol]:pb-1 list-disc flex flex-col gap-2 pl-8 mb-3\">\n<li class=\"whitespace-normal break-words pl-2\">Publicit\u00e9 trompeuse ou fausses d\u00e9clarations de fait<\/li>\n<li class=\"whitespace-normal break-words pl-2\">Prix abusifs ou techniques d&#039;app\u00e2t et de substitution<\/li>\n<li class=\"whitespace-normal break-words pl-2\">Imitation de vos produits ou services<\/li>\n<li class=\"whitespace-normal break-words pl-2\">Violation des exigences l\u00e9gales en mati\u00e8re d&#039;\u00e9tiquetage<\/li>\n<li class=\"whitespace-normal break-words pl-2\">Perturbation de vos op\u00e9rations commerciales<\/li>\n<li class=\"whitespace-normal break-words pl-2\">D\u00e9nigrement de votre entreprise ou de vos produits<\/li>\n<\/ul>\n<p>[\/et_pb_blurb][et_pb_blurb content_max_width=&#8220;100%&#8220; _builder_version=&#8220;4.27.5&#8243; header_level=&#8220;h2&#8243; header_font_size=&#8220;36&#8243; header_line_height=&#8220;1.3em&#8220; body_font_size=&#8220;16&#8243; body_line_height=&#8220;1.2em&#8220; custom_margin=&#8220;||23px|||&#8220; custom_margin_tablet=&#8220;||6%|&#8220; custom_margin_phone=&#8220;&#8220; custom_margin_last_edited=&#8220;on|phone&#8220; custom_padding=&#8220;||0px||false|false&#8220; hover_enabled=&#8220;0&#8243; header_font_size_tablet=&#8220;&#8220; header_font_size_phone=&#8220;27&#8243; header_font_size_last_edited=&#8220;on|phone&#8220; z_index_tablet=&#8220;500&#8243; custom_css_blurb_title=&#8220;margin-bottom: 9px;&#8220; custom_css_blurb_content=&#8220;margin-bottom: 27px;&#8220; header_text_shadow_horizontal_length_tablet=&#8220;0px&#8220; header_text_shadow_vertical_length_tablet=&#8220;0px&#8220; header_text_shadow_blur_strength_tablet=&#8220;1px&#8220; body_text_shadow_horizontal_length_tablet=&#8220;0px&#8220; body_text_shadow_vertical_length_tablet=&#8220;0px&#8220; body_text_shadow_blur_strength_tablet=&#8220;1px&#8220; body_link_text_shadow_horizontal_length_tablet=&#8220;0px&#8220; body_link_text_shadow_vertical_length_tablet=&#8220;0px&#8220; body_link_text_shadow_blur_strength_tablet=&#8220;1px&#8220; body_ul_text_shadow_horizontal_length_tablet=&#8220;0px&#8220; body_ul_text_shadow_vertical_length_tablet=&#8220;0px&#8220; body_ul_text_shadow_blur_strength_tablet=&#8220;1px&#8220; body_ol_text_shadow_horizontal_length_tablet=&#8220;0px&#8220; body_ol_text_shadow_vertical_length_tablet=&#8220;0px&#8220; body_ol_text_shadow_blur_strength_tablet=&#8220;1px&#8220; body_quote_text_shadow_horizontal_length_tablet=&#8220;0px&#8220; body_quote_text_shadow_vertical_length_tablet=&#8220;0px&#8220; body_quote_text_shadow_blur_strength_tablet=&#8220;1px&#8220; box_shadow_horizontal_tablet=&#8220;0px&#8220; box_shadow_vertical_tablet=&#8220;0px&#8220; box_shadow_blur_tablet=&#8220;40px&#8220; box_shadow_spread_tablet=&#8220;0px&#8220; box_shadow_horizontal_image_tablet=&#8220;0px&#8220; box_shadow_vertical_image_tablet=&#8220;0px&#8220; box_shadow_blur_image_tablet=&#8220;40px&#8220; box_shadow_spread_image_tablet=&#8220;0px&#8220; text_shadow_horizontal_length_tablet=&#8220;0px&#8220; text_shadow_vertical_length_tablet=&#8220;0px&#8220; text_shadow_blur_strength_tablet=&#8220;1px&#8220; global_module=&#8220;202&#8243; saved_tabs=&#8220;all&#8220; global_colors_info=&#8220;{}&#8220; sticky_enabled=&#8220;0&#8243; title=&#8220;Wettbewerbsrecht Frankfurt am Main \u2013 Branchen, die ich betreue&#8220;]<\/p>\n<p class=\"font-claude-response-body break-words whitespace-normal leading-[1.7]\">L&#039;\u00e9conomie de Francfort-sur-le-Main est diversifi\u00e9e. Mon expertise en droit de la concurrence couvre tous les secteurs \u00e9conomiques importants\u00a0:<\/p>\n<ul class=\"[li_&amp;]:mb-0 [li_&amp;]:mt-1.5 [li_&amp;]:gap-1.5 [&amp;:not(:last-child)_ul]:pb-1 [&amp;:not(:last-child)_ol]:pb-1 list-disc flex flex-col gap-2 pl-8 mb-3\">\n<li class=\"whitespace-normal break-words pl-2\"><strong>Commerce \u00e9lectronique et vente au d\u00e9tail en ligne\u00a0:<\/strong> Boutiques sur Amazon, eBay, boutiques en ligne propres<\/li>\n<li class=\"whitespace-normal break-words pl-2\"><strong>Vente au d\u00e9tail:<\/strong> Magasins de d\u00e9tail, succursales, boutiques \u00e9ph\u00e9m\u00e8res<\/li>\n<li class=\"whitespace-normal break-words pl-2\"><strong>Gastronomie et h\u00f4tellerie :<\/strong> Restaurants, h\u00f4tels, traiteurs<\/li>\n<li class=\"whitespace-normal break-words pl-2\"><strong>Prestataires de services financiers\u00a0:<\/strong> compagnies d&#039;assurance, courtiers, consultants<\/li>\n<li class=\"whitespace-normal break-words pl-2\"><strong>Sant\u00e9 :<\/strong> M\u00e9decins, pharmacies, praticiens de m\u00e9decines alternatives<\/li>\n<li class=\"whitespace-normal break-words pl-2\"><strong>Artisanat et services :<\/strong> entreprises artisanales, prestataires de services<\/li>\n<li class=\"whitespace-normal break-words pl-2\"><strong>Agences cr\u00e9atives :<\/strong> agences de publicit\u00e9, bureaux de marketing<\/li>\n<li class=\"whitespace-normal break-words pl-2\"><strong>Informatique et logiciels :<\/strong> Entreprises technologiques, start-ups<\/li>\n<\/ul>\n<p class=\"font-claude-response-body break-words whitespace-normal leading-[1.7]\"><strong>Votre secteur d&#039;activit\u00e9 n&#039;est pas r\u00e9pertori\u00e9\u00a0? Contactez-moi, je serai ravi de vous conseiller.<\/strong><\/p>\n<p>[\/et_pb_blurb][et_pb_image src=&#8220;https:\/\/www.renz-recht.de\/wp-content\/uploads\/2020\/02\/renz-Anwalt-scaled.jpg&#8220; title_text=&#8220;renz Anwalt&#8220; _builder_version=&#8220;4.27.5&#8243; _module_preset=&#8220;default&#8220; global_colors_info=&#8220;{}&#8220;][\/et_pb_image][et_pb_blurb content_max_width=&#8220;100%&#8220; _builder_version=&#8220;4.27.5&#8243; header_level=&#8220;h3&#8243; header_font_size=&#8220;27px&#8220; header_line_height=&#8220;1.3em&#8220; body_font_size=&#8220;16&#8243; body_line_height=&#8220;1.3em&#8220; custom_margin=&#8220;||45px|&#8220; hover_enabled=&#8220;0&#8243; header_font_size_tablet=&#8220;&#8220; header_font_size_phone=&#8220;18&#8243; header_font_size_last_edited=&#8220;on|phone&#8220; z_index_tablet=&#8220;500&#8243; header_text_shadow_horizontal_length_tablet=&#8220;0px&#8220; header_text_shadow_vertical_length_tablet=&#8220;0px&#8220; header_text_shadow_blur_strength_tablet=&#8220;1px&#8220; body_text_shadow_horizontal_length_tablet=&#8220;0px&#8220; body_text_shadow_vertical_length_tablet=&#8220;0px&#8220; body_text_shadow_blur_strength_tablet=&#8220;1px&#8220; body_link_text_shadow_horizontal_length_tablet=&#8220;0px&#8220; body_link_text_shadow_vertical_length_tablet=&#8220;0px&#8220; body_link_text_shadow_blur_strength_tablet=&#8220;1px&#8220; body_ul_text_shadow_horizontal_length_tablet=&#8220;0px&#8220; body_ul_text_shadow_vertical_length_tablet=&#8220;0px&#8220; body_ul_text_shadow_blur_strength_tablet=&#8220;1px&#8220; body_ol_text_shadow_horizontal_length_tablet=&#8220;0px&#8220; body_ol_text_shadow_vertical_length_tablet=&#8220;0px&#8220; body_ol_text_shadow_blur_strength_tablet=&#8220;1px&#8220; body_quote_text_shadow_horizontal_length_tablet=&#8220;0px&#8220; body_quote_text_shadow_vertical_length_tablet=&#8220;0px&#8220; body_quote_text_shadow_blur_strength_tablet=&#8220;1px&#8220; box_shadow_horizontal_tablet=&#8220;0px&#8220; box_shadow_vertical_tablet=&#8220;0px&#8220; box_shadow_blur_tablet=&#8220;40px&#8220; box_shadow_spread_tablet=&#8220;0px&#8220; box_shadow_horizontal_image_tablet=&#8220;0px&#8220; box_shadow_vertical_image_tablet=&#8220;0px&#8220; box_shadow_blur_image_tablet=&#8220;40px&#8220; box_shadow_spread_image_tablet=&#8220;0px&#8220; text_shadow_horizontal_length_tablet=&#8220;0px&#8220; text_shadow_vertical_length_tablet=&#8220;0px&#8220; text_shadow_blur_strength_tablet=&#8220;1px&#8220; global_module=&#8220;204&#8243; saved_tabs=&#8220;all&#8220; global_colors_info=&#8220;{}&#8220; sticky_enabled=&#8220;0&#8243; title=&#8220;\u00dcber Rechtsanw\u00e4ltin Anne-Kathrin Renz&#8220; admin_label=&#8220;Modul Absatztext mit \u00dcberschrift H3&#8243;]<\/p>\n<p class=\"font-claude-response-body break-words whitespace-normal leading-[1.7]\">En tant qu&#039;avocat sp\u00e9cialis\u00e9 en propri\u00e9t\u00e9 intellectuelle et en droit des technologies de l&#039;information, je comprends l&#039;importance d&#039;examiner chaque cas individuellement, contrairement \u00e0 la pr\u00e9dominance croissante des dossiers standardis\u00e9s. En particulier en droit de la concurrence, une analyse approfondie du dossier et une r\u00e9ponse rapide sont essentielles au succ\u00e8s.<\/p>\n<p class=\"font-claude-response-body break-words whitespace-normal leading-[1.7]\">D\u00e8s le d\u00e9but de ma carri\u00e8re, j&#039;ai pris conscience de l&#039;importance d&#039;une concurrence loyale pour la r\u00e9ussite \u00e9conomique et j&#039;ai d\u00e9velopp\u00e9 une profonde fascination pour le droit de la concurrence.<\/p>\n<p class=\"font-claude-response-body break-words whitespace-normal leading-[1.7]\">Nombreux sont les chefs d&#039;entreprise qui commettent l&#039;erreur de prendre les mises en demeure \u00e0 la l\u00e9g\u00e8re ou d&#039;agir de mani\u00e8re impulsive. Or, une expertise juridique et une approche strat\u00e9gique sont indispensables pour garantir une conformit\u00e9 l\u00e9gale \u00e0 long terme.<\/p>\n<h3 class=\"text-text-100 mt-2 -mb-1 text-base font-bold\"><strong>Mes qualifications :<\/strong><\/h3>\n<ul class=\"[li_&amp;]:mb-0 [li_&amp;]:mt-1.5 [li_&amp;]:gap-1.5 [&amp;:not(:last-child)_ul]:pb-1 [&amp;:not(:last-child)_ol]:pb-1 list-disc flex flex-col gap-2 pl-8 mb-3\">\n<li class=\"whitespace-normal break-words pl-2\">Je travaille comme consultant et comme avocat plaideur.<\/li>\n<li class=\"whitespace-normal break-words pl-2\">Vaste exp\u00e9rience de conseil dans le domaine des nouveaux m\u00e9dias<\/li>\n<li class=\"whitespace-normal break-words pl-2\">Travailler en droit informatique, droit des contrats informatiques<\/li>\n<li class=\"whitespace-normal break-words pl-2\">Focus sur le commerce \u00e9lectronique et la propri\u00e9t\u00e9 intellectuelle<\/li>\n<li class=\"whitespace-normal break-words pl-2\">D\u00e9l\u00e9gu\u00e9 \u00e0 la protection des donn\u00e9es certifi\u00e9<\/li>\n<li class=\"whitespace-normal break-words pl-2\">Longue exp\u00e9rience en tant que conf\u00e9rencier dans le domaine du droit des technologies de l&#039;information et du droit de la propri\u00e9t\u00e9 intellectuelle<\/li>\n<li class=\"whitespace-normal break-words pl-2\">Langues \u00e9trang\u00e8res : anglais, fran\u00e7ais<\/li>\n<li class=\"whitespace-normal break-words pl-2\">Membre du GRUR<\/li>\n<li class=\"whitespace-normal break-words pl-2\">Membre du r\u00e9seau IP-Coster<\/li>\n<\/ul>\n<p class=\"font-claude-response-body break-words whitespace-normal leading-[1.7]\">Le cabinet d&#039;avocats Renz Recht a son si\u00e8ge principal \u00e0 Sarrebruck et une succursale \u00e0 Francfort-sur-le-Main. De l\u00e0, il conseille des clients dans toute l&#039;Allemagne et \u00e0 l&#039;\u00e9tranger.<\/p>\n<p>[\/et_pb_blurb][et_pb_text _builder_version=&#8220;4.27.5&#8243; _module_preset=&#8220;default&#8220; hover_enabled=&#8220;0&#8243; global_colors_info=&#8220;{}&#8220; sticky_enabled=&#8220;0&#8243;]<\/p>\n<h2 class=\"font-claude-response-body break-words whitespace-normal leading-[1.7]\">Foire aux questions \u2013 Droit de la concurrence<\/h2>\n<p>[\/et_pb_text][et_pb_accordion _builder_version=&#8220;4.27.5&#8243; _module_preset=&#8220;default&#8220; hover_enabled=&#8220;0&#8243; global_colors_info=&#8220;{}&#8220; sticky_enabled=&#8220;0&#8243;][et_pb_accordion_item title=&#8220;Was ist der Unterschied zwischen Wettbewerbsrecht und Lauterkeitsrecht?&#8220; open=&#8220;on&#8220; _builder_version=&#8220;4.27.5&#8243; _module_preset=&#8220;default&#8220; hover_enabled=&#8220;0&#8243; global_colors_info=&#8220;{}&#8220; sticky_enabled=&#8220;0&#8243;]<\/p>\n<p>Ces termes sont souvent utilis\u00e9s comme synonymes. Le droit de la concurrence r\u00e9glemente la concurrence loyale entre les entreprises. Le droit de la concurrence d\u00e9loyale, qui fait partie int\u00e9grante du droit de la concurrence, interdit les pratiques commerciales d\u00e9loyales.<\/p>\n<p>[\/et_pb_accordion_item][et_pb_accordion_item title=&#8220;Wie schnell muss ich auf eine wettbewerbsrechtliche Abmahnung reagieren?&#8220; open=&#8220;on&#8220; _builder_version=&#8220;4.27.5&#8243; _module_preset=&#8220;default&#8220; hover_enabled=&#8220;0&#8243; global_colors_info=&#8220;{}&#8220; sticky_enabled=&#8220;0&#8243;]<\/p>\n<p class=\"font-claude-response-body break-words whitespace-normal leading-[1.7]\">Les mises en demeure imposent g\u00e9n\u00e9ralement des d\u00e9lais tr\u00e8s courts (souvent de 2 \u00e0 5 jours ouvrables). Contactez-moi imm\u00e9diatement\u00a0! Ne signez en aucun cas une mise en demeure \u00e0 la h\u00e2te\u00a0! La premi\u00e8re consultation est gratuite.<\/p>\n<p>[\/et_pb_accordion_item][et_pb_accordion_item title=&#8220;Was passiert, wenn ich eine Unterlassungserkl\u00e4rung unterschreibe?&#8220; open=&#8220;on&#8220; _builder_version=&#8220;4.27.5&#8243; _module_preset=&#8220;default&#8220; hover_enabled=&#8220;0&#8243; global_colors_info=&#8220;{}&#8220; sticky_enabled=&#8220;0&#8243;]<\/p>\n<p class=\"font-claude-response-body break-words whitespace-normal leading-[1.7]\">En signant une mise en demeure, vous vous engagez \u00e0 cesser toute infraction. Le non-respect de cette obligation entra\u00eenera une p\u00e9nalit\u00e9 contractuelle, g\u00e9n\u00e9ralement de l&#039;ordre de plusieurs milliers d&#039;euros.<\/p>\n<p>[\/et_pb_accordion_item][et_pb_accordion_item title=&#8220;Kann ich eine Abmahnung einfach ignorieren?&#8220; open=&#8220;on&#8220; _builder_version=&#8220;4.27.5&#8243; _module_preset=&#8220;default&#8220; hover_enabled=&#8220;0&#8243; global_colors_info=&#8220;{}&#8220; sticky_enabled=&#8220;0&#8243;]<\/p>\n<p class=\"font-claude-response-body break-words whitespace-normal leading-[1.7]\">Non\u00a0! Ignorer une mise en demeure l\u00e9gitime peut entra\u00eener une injonction ou un proc\u00e8s co\u00fbteux. Faites-la examiner imm\u00e9diatement par un avocat.<\/p>\n<p>[\/et_pb_accordion_item][et_pb_accordion_item title=&#8220;Was kostet eine wettbewerbsrechtliche Beratung?&#8220; open=&#8220;on&#8220; _builder_version=&#8220;4.27.5&#8243; _module_preset=&#8220;default&#8220; hover_enabled=&#8220;0&#8243; global_colors_info=&#8220;{}&#8220; sticky_enabled=&#8220;0&#8243;]<\/p>\n<p>Les honoraires d\u00e9pendent de chaque cas et du montant en litige. Je serais ravi de vous fournir un devis transparent apr\u00e8s une premi\u00e8re consultation gratuite.<\/p>\n<p>[\/et_pb_accordion_item][et_pb_accordion_item title=&#8220;Kann ich selbst gegen Mitbewerber abmahnen?&#8220; open=&#8220;on&#8220; _builder_version=&#8220;4.27.5&#8243; _module_preset=&#8220;default&#8220; hover_enabled=&#8220;0&#8243; global_colors_info=&#8220;{}&#8220; sticky_enabled=&#8220;0&#8243;]<\/p>\n<p>En th\u00e9orie, oui, mais en pratique, il vaut mieux confier cette t\u00e2che \u00e0 un avocat. Une mise en demeure mal r\u00e9dig\u00e9e peut vous co\u00fbter tr\u00e8s cher.<\/p>\n<p>[\/et_pb_accordion_item][et_pb_accordion_item title=&#8220;Was ist eine modifizierte Unterlassungserkl\u00e4rung?&#8220; open=&#8220;on&#8220; _builder_version=&#8220;4.27.5&#8243; _module_preset=&#8220;default&#8220; hover_enabled=&#8220;0&#8243; global_colors_info=&#8220;{}&#8220; sticky_enabled=&#8220;0&#8243;]<\/p>\n<p>Une mise en demeure modifi\u00e9e est une version adapt\u00e9e de la d\u00e9claration exig\u00e9e par la partie \u00e9mettrice de l&#039;avertissement. Elle vous permet de limiter vos obligations et de r\u00e9duire la p\u00e9nalit\u00e9 contractuelle.<\/p>\n<p>[\/et_pb_accordion_item][\/et_pb_accordion][et_pb_blurb content_max_width=&#8220;100%&#8220; _builder_version=&#8220;4.27.5&#8243; header_level=&#8220;h2&#8243; header_font_size=&#8220;36&#8243; header_line_height=&#8220;1.3em&#8220; body_font_size=&#8220;16&#8243; body_line_height=&#8220;1.2em&#8220; custom_margin=&#8220;||23px|||&#8220; custom_margin_tablet=&#8220;||6%|&#8220; custom_margin_phone=&#8220;&#8220; custom_margin_last_edited=&#8220;on|phone&#8220; custom_padding=&#8220;||0px||false|false&#8220; hover_enabled=&#8220;0&#8243; header_font_size_tablet=&#8220;&#8220; header_font_size_phone=&#8220;27&#8243; header_font_size_last_edited=&#8220;on|phone&#8220; z_index_tablet=&#8220;500&#8243; custom_css_blurb_title=&#8220;margin-bottom: 9px;&#8220; custom_css_blurb_content=&#8220;margin-bottom: 27px;&#8220; header_text_shadow_horizontal_length_tablet=&#8220;0px&#8220; header_text_shadow_vertical_length_tablet=&#8220;0px&#8220; header_text_shadow_blur_strength_tablet=&#8220;1px&#8220; body_text_shadow_horizontal_length_tablet=&#8220;0px&#8220; body_text_shadow_vertical_length_tablet=&#8220;0px&#8220; body_text_shadow_blur_strength_tablet=&#8220;1px&#8220; body_link_text_shadow_horizontal_length_tablet=&#8220;0px&#8220; body_link_text_shadow_vertical_length_tablet=&#8220;0px&#8220; body_link_text_shadow_blur_strength_tablet=&#8220;1px&#8220; body_ul_text_shadow_horizontal_length_tablet=&#8220;0px&#8220; body_ul_text_shadow_vertical_length_tablet=&#8220;0px&#8220; body_ul_text_shadow_blur_strength_tablet=&#8220;1px&#8220; body_ol_text_shadow_horizontal_length_tablet=&#8220;0px&#8220; body_ol_text_shadow_vertical_length_tablet=&#8220;0px&#8220; body_ol_text_shadow_blur_strength_tablet=&#8220;1px&#8220; body_quote_text_shadow_horizontal_length_tablet=&#8220;0px&#8220; body_quote_text_shadow_vertical_length_tablet=&#8220;0px&#8220; body_quote_text_shadow_blur_strength_tablet=&#8220;1px&#8220; box_shadow_horizontal_tablet=&#8220;0px&#8220; box_shadow_vertical_tablet=&#8220;0px&#8220; box_shadow_blur_tablet=&#8220;40px&#8220; box_shadow_spread_tablet=&#8220;0px&#8220; box_shadow_horizontal_image_tablet=&#8220;0px&#8220; box_shadow_vertical_image_tablet=&#8220;0px&#8220; box_shadow_blur_image_tablet=&#8220;40px&#8220; box_shadow_spread_image_tablet=&#8220;0px&#8220; text_shadow_horizontal_length_tablet=&#8220;0px&#8220; text_shadow_vertical_length_tablet=&#8220;0px&#8220; text_shadow_blur_strength_tablet=&#8220;1px&#8220; global_module=&#8220;202&#8243; saved_tabs=&#8220;all&#8220; global_colors_info=&#8220;{}&#8220; sticky_enabled=&#8220;0&#8243; title=&#8220;Rechtsanw\u00e4ltin Wettbewerbsrecht Frankfurt am Main \u2013 Ihr Partner f\u00fcr fairen Wettbewerb&#8220;]<\/p>\n<p class=\"font-claude-response-body break-words whitespace-normal leading-[1.7]\">Francfort-sur-le-Main est un p\u00f4le \u00e9conomique majeur, caract\u00e9ris\u00e9 par un dynamisme et une concurrence internationale intenses. Pour y r\u00e9ussir, il ne suffit pas d&#039;avoir de bons produits\u00a0: il faut une s\u00e9curit\u00e9 juridique et un partenaire qui d\u00e9fende syst\u00e9matiquement leurs int\u00e9r\u00eats.<\/p>\n<p class=\"font-claude-response-body break-words whitespace-normal leading-[1.7]\">En tant qu&#039;avocat sp\u00e9cialis\u00e9 en droit de la concurrence, je vous offre des conseils personnalis\u00e9s, une solide expertise et une volont\u00e9 in\u00e9branlable de vous prot\u00e9ger contre les pratiques d\u00e9loyales et de faire respecter vos droits.<\/p>\n<p class=\"font-claude-response-body break-words whitespace-normal leading-[1.7]\"><strong>Travaillons ensemble pour votre r\u00e9ussite.<\/strong><\/p>\n<p>[\/et_pb_blurb][et_pb_blurb content_max_width=&#8220;100%&#8220; _builder_version=&#8220;4.27.5&#8243; header_level=&#8220;h3&#8243; header_font_size=&#8220;27px&#8220; header_line_height=&#8220;1.3em&#8220; body_font_size=&#8220;16&#8243; body_line_height=&#8220;1.3em&#8220; custom_margin=&#8220;||45px|&#8220; hover_enabled=&#8220;0&#8243; header_font_size_tablet=&#8220;&#8220; header_font_size_phone=&#8220;18&#8243; header_font_size_last_edited=&#8220;on|phone&#8220; z_index_tablet=&#8220;500&#8243; header_text_shadow_horizontal_length_tablet=&#8220;0px&#8220; header_text_shadow_vertical_length_tablet=&#8220;0px&#8220; header_text_shadow_blur_strength_tablet=&#8220;1px&#8220; body_text_shadow_horizontal_length_tablet=&#8220;0px&#8220; body_text_shadow_vertical_length_tablet=&#8220;0px&#8220; body_text_shadow_blur_strength_tablet=&#8220;1px&#8220; body_link_text_shadow_horizontal_length_tablet=&#8220;0px&#8220; body_link_text_shadow_vertical_length_tablet=&#8220;0px&#8220; body_link_text_shadow_blur_strength_tablet=&#8220;1px&#8220; body_ul_text_shadow_horizontal_length_tablet=&#8220;0px&#8220; body_ul_text_shadow_vertical_length_tablet=&#8220;0px&#8220; body_ul_text_shadow_blur_strength_tablet=&#8220;1px&#8220; body_ol_text_shadow_horizontal_length_tablet=&#8220;0px&#8220; body_ol_text_shadow_vertical_length_tablet=&#8220;0px&#8220; body_ol_text_shadow_blur_strength_tablet=&#8220;1px&#8220; body_quote_text_shadow_horizontal_length_tablet=&#8220;0px&#8220; body_quote_text_shadow_vertical_length_tablet=&#8220;0px&#8220; body_quote_text_shadow_blur_strength_tablet=&#8220;1px&#8220; box_shadow_horizontal_tablet=&#8220;0px&#8220; box_shadow_vertical_tablet=&#8220;0px&#8220; box_shadow_blur_tablet=&#8220;40px&#8220; box_shadow_spread_tablet=&#8220;0px&#8220; box_shadow_horizontal_image_tablet=&#8220;0px&#8220; box_shadow_vertical_image_tablet=&#8220;0px&#8220; box_shadow_blur_image_tablet=&#8220;40px&#8220; box_shadow_spread_image_tablet=&#8220;0px&#8220; text_shadow_horizontal_length_tablet=&#8220;0px&#8220; text_shadow_vertical_length_tablet=&#8220;0px&#8220; text_shadow_blur_strength_tablet=&#8220;1px&#8220; global_module=&#8220;204&#8243; saved_tabs=&#8220;all&#8220; global_colors_info=&#8220;{}&#8220; sticky_enabled=&#8220;0&#8243; admin_label=&#8220;Modul Absatztext mit \u00dcberschrift H3&#8243;]<a href=\"https:\/\/www.renz-recht.de\/fr\/contact\/\" class=\"button\">Contactez-nous maintenant<\/a>[\/et_pb_blurb][\/et_pb_column][et_pb_column type=&#8220;1_3&#8243; _builder_version=&#8220;4.16&#8243; custom_padding=&#8220;|||&#8220; global_colors_info=&#8220;{}&#8220; custom_padding__hover=&#8220;|||&#8220;][et_pb_sidebar area=&#8220;cs-1&#8243; admin_label=&#8220;Sidebar Kategorien&#8220; module_class=&#8220;sidebar-menu&#8220; _builder_version=&#8220;4.22.1&#8243; header_font_size=&#8220;30&#8243; header_line_height=&#8220;1.2em&#8220; body_font_size=&#8220;16&#8243; background_color=&#8220;#26173a&#8220; background_size=&#8220;initial&#8220; background_repeat=&#8220;repeat&#8220; background_layout=&#8220;dark&#8220; custom_margin=&#8220;||45px|&#8220; custom_padding=&#8220;18px|18px|18px|18px&#8220; z_index_tablet=&#8220;500&#8243; header_text_shadow_horizontal_length_tablet=&#8220;0px&#8220; header_text_shadow_vertical_length_tablet=&#8220;0px&#8220; header_text_shadow_blur_strength_tablet=&#8220;1px&#8220; body_text_shadow_horizontal_length_tablet=&#8220;0px&#8220; body_text_shadow_vertical_length_tablet=&#8220;0px&#8220; body_text_shadow_blur_strength_tablet=&#8220;1px&#8220; box_shadow_horizontal_tablet=&#8220;0px&#8220; box_shadow_vertical_tablet=&#8220;0px&#8220; box_shadow_blur_tablet=&#8220;40px&#8220; box_shadow_spread_tablet=&#8220;0px&#8220; text_shadow_horizontal_length_tablet=&#8220;0px&#8220; text_shadow_vertical_length_tablet=&#8220;0px&#8220; text_shadow_blur_strength_tablet=&#8220;1px&#8220; global_module=&#8220;182&#8243; saved_tabs=&#8220;all&#8220; locked=&#8220;off&#8220; global_colors_info=&#8220;{}&#8220;][\/et_pb_sidebar][et_pb_blurb title=&#8220;Jetzt Rechtsberatung anfragen!&#8220; content_max_width=&#8220;100%&#8220; admin_label=&#8220;Sidebar Kontaktformular&#8220; _builder_version=&#8220;4.9.2&#8243; header_level=&#8220;h3&#8243; header_font_size=&#8220;30&#8243; header_line_height=&#8220;1.2em&#8220; background_color=&#8220;#26173a&#8220; background_layout=&#8220;dark&#8220; custom_padding=&#8220;18px|18px|18px|18px&#8220; header_font_size_tablet=&#8220;&#8220; header_font_size_phone=&#8220;21&#8243; header_font_size_last_edited=&#8220;on|phone&#8220; z_index_tablet=&#8220;500&#8243; custom_css_blurb_title=&#8220;margin-bottom:9px !important;&#8220; header_text_shadow_horizontal_length_tablet=&#8220;0px&#8220; header_text_shadow_vertical_length_tablet=&#8220;0px&#8220; header_text_shadow_blur_strength_tablet=&#8220;1px&#8220; body_text_shadow_horizontal_length_tablet=&#8220;0px&#8220; body_text_shadow_vertical_length_tablet=&#8220;0px&#8220; body_text_shadow_blur_strength_tablet=&#8220;1px&#8220; body_link_text_shadow_horizontal_length_tablet=&#8220;0px&#8220; body_link_text_shadow_vertical_length_tablet=&#8220;0px&#8220; body_link_text_shadow_blur_strength_tablet=&#8220;1px&#8220; body_ul_text_shadow_horizontal_length_tablet=&#8220;0px&#8220; body_ul_text_shadow_vertical_length_tablet=&#8220;0px&#8220; body_ul_text_shadow_blur_strength_tablet=&#8220;1px&#8220; body_ol_text_shadow_horizontal_length_tablet=&#8220;0px&#8220; body_ol_text_shadow_vertical_length_tablet=&#8220;0px&#8220; body_ol_text_shadow_blur_strength_tablet=&#8220;1px&#8220; body_quote_text_shadow_horizontal_length_tablet=&#8220;0px&#8220; body_quote_text_shadow_vertical_length_tablet=&#8220;0px&#8220; body_quote_text_shadow_blur_strength_tablet=&#8220;1px&#8220; box_shadow_horizontal_tablet=&#8220;0px&#8220; box_shadow_vertical_tablet=&#8220;0px&#8220; box_shadow_blur_tablet=&#8220;40px&#8220; box_shadow_spread_tablet=&#8220;0px&#8220; box_shadow_horizontal_image_tablet=&#8220;0px&#8220; box_shadow_vertical_image_tablet=&#8220;0px&#8220; box_shadow_blur_image_tablet=&#8220;40px&#8220; box_shadow_spread_image_tablet=&#8220;0px&#8220; text_shadow_horizontal_length_tablet=&#8220;0px&#8220; text_shadow_vertical_length_tablet=&#8220;0px&#8220; text_shadow_blur_strength_tablet=&#8220;1px&#8220; global_module=&#8220;181&#8243; saved_tabs=&#8220;all&#8220; locked=&#8220;off&#8220; global_colors_info=&#8220;{}&#8220;]<\/p>\n\n<div class=\"wpcf7 no-js\" id=\"wpcf7-f160-o1\" lang=\"de-DE\" dir=\"ltr\" data-wpcf7-id=\"160\">\n<div class=\"screen-reader-response\"><p role=\"status\" aria-live=\"polite\" aria-atomic=\"true\"><\/p> <ul><\/ul><\/div>\n<form action=\"\/fr\/wp-json\/wp\/v2\/pages\/3954#wpcf7-f160-o1\" method=\"post\" class=\"wpcf7-form init wpcf7-acceptance-as-validation\" aria-label=\"Formulaire de contact\" enctype=\"multipart\/form-data\" novalidate=\"novalidate\" data-status=\"init\" data-trp-original-action=\"\/fr\/wp-json\/wp\/v2\/pages\/3954#wpcf7-f160-o1\">\n<fieldset class=\"hidden-fields-container\"><input type=\"hidden\" name=\"_wpcf7\" value=\"160\" \/><input type=\"hidden\" name=\"_wpcf7_version\" value=\"6.1.4\" \/><input type=\"hidden\" name=\"_wpcf7_locale\" value=\"de_DE\" \/><input type=\"hidden\" name=\"_wpcf7_unit_tag\" value=\"wpcf7-f160-o1\" \/><input type=\"hidden\" name=\"_wpcf7_container_post\" value=\"0\" \/><input type=\"hidden\" name=\"_wpcf7_posted_data_hash\" value=\"\" \/>\n<\/fieldset>\n<p>Les champs obligatoires sont marqu\u00e9s d&#039;un *.\n<\/p>\n<div class=\"form-row\">\n\t<p><span class=\"wpcf7-form-control-wrap\" data-name=\"vorname\"><input size=\"40\" maxlength=\"400\" class=\"wpcf7-form-control wpcf7-text wpcf7-validates-as-required\" aria-required=\"true\" aria-invalid=\"false\" placeholder=\"Nom*\" value=\"\" type=\"text\" name=\"vorname\" \/><\/span>\n\t<\/p>\n<\/div>\n<div class=\"form-row\">\n\t<p><span class=\"wpcf7-form-control-wrap\" data-name=\"email\"><input size=\"40\" maxlength=\"400\" class=\"wpcf7-form-control wpcf7-email wpcf7-validates-as-required wpcf7-text wpcf7-validates-as-email\" aria-required=\"true\" aria-invalid=\"false\" placeholder=\"Adresse email*\" value=\"\" type=\"email\" name=\"email\" \/><\/span><span id=\"wpcf7-69f4fd2979e8e-wrapper\" class=\"wpcf7-form-control-wrap website-wrap\" ><label for=\"wpcf7-69f4fd2979e8e-field\" class=\"hp-message\">Veuillez laisser ce champ vide.<\/label><input id=\"wpcf7-69f4fd2979e8e-field\"  class=\"wpcf7-form-control wpcf7-text\" type=\"text\" name=\"website\" value=\"\" size=\"40\" tabindex=\"-1\" autocomplete=\"new-password\" \/><\/span>\n\t<\/p>\n<\/div>\n<div class=\"form-row\">\n\t<p><span class=\"wpcf7-form-control-wrap\" data-name=\"phone\"><input size=\"40\" maxlength=\"400\" class=\"wpcf7-form-control wpcf7-tel wpcf7-text wpcf7-validates-as-tel\" aria-invalid=\"false\" placeholder=\"Num\u00e9ro de t\u00e9l\u00e9phone\" value=\"\" type=\"tel\" name=\"phone\" \/><\/span>\n\t<\/p>\n<\/div>\n<div class=\"form-row\">\n\t<p><span class=\"wpcf7-form-control-wrap\" data-name=\"upload\"><input size=\"40\" class=\"wpcf7-form-control wpcf7-file\" accept=\".pdf,.doc,.jpeg,.jpg,.png\" aria-invalid=\"false\" type=\"file\" name=\"upload\" \/><\/span>\n\t<\/p>\n<\/div>\n<div class=\"form-row\">\n\t<p><span class=\"wpcf7-form-control-wrap\" data-name=\"nachricht\"><textarea cols=\"40\" rows=\"10\" maxlength=\"2000\" class=\"wpcf7-form-control wpcf7-textarea wpcf7-validates-as-required\" aria-required=\"true\" aria-invalid=\"false\" placeholder=\"Votre message*\" name=\"nachricht\"><\/textarea><\/span>\n\t<\/p>\n<\/div>\n<div>\n\t<p><span class=\"wpcf7-form-control-wrap\" data-name=\"acceptance-737\"><span class=\"wpcf7-form-control wpcf7-acceptance\"><span class=\"wpcf7-list-item\"><label><input type=\"checkbox\" name=\"acceptance-737\" value=\"1\" aria-invalid=\"false\" \/><span class=\"wpcf7-list-item-label\">Vos donn\u00e9es seront utilis\u00e9es pour r\u00e9pondre \u00e0 votre demande. Vous pouvez vous opposer \u00e0 tout moment \u00e0 l&#039;utilisation de vos donn\u00e9es sans encourir d&#039;autres frais que les frais de transmission selon les tarifs de base de votre fournisseur Internet. Pour plus d&#039;informations, veuillez consulter le <a href=\"\/fr\/politique-de-confidentialite\/\">Politique de confidentialit\u00e9<\/a><\/span><\/label><\/span><\/span><\/span>\n\t<\/p>\n<\/div>\n<div class=\"form-row\">\n\t<p><button type=\"submit\" class=\"button wpcf7-submit\">Envoyer une demande<\/button>\n\t<\/p>\n<\/div><div class=\"wpcf7-response-output\" aria-hidden=\"true\"><\/div>\n<input type=\"hidden\" name=\"trp-form-language\" value=\"fr\"\/><\/form>\n<\/div>\n\n<p>[\/et_pb_blurb][\/et_pb_column][\/et_pb_row][\/et_pb_section][et_pb_section fb_built=&#8220;1&#8243; custom_padding_last_edited=&#8220;on|desktop&#8220; disabled_on=&#8220;on|on|on&#8220; _builder_version=&#8220;4.16&#8243; background_color=&#8220;#eeeeee&#8220; custom_padding=&#8220;90px||90px|&#8220; custom_padding_tablet=&#8220;9%||135px|&#8220; custom_padding_phone=&#8220;&#8220; disabled=&#8220;on&#8220; global_colors_info=&#8220;{}&#8220;][et_pb_row _builder_version=&#8220;4.16&#8243; custom_margin=&#8220;||45px|&#8220; custom_margin_tablet=&#8220;&#8220; custom_margin_phone=&#8220;&#8220; custom_margin_last_edited=&#8220;on|desktop&#8220; global_colors_info=&#8220;{}&#8220;][et_pb_column type=&#8220;4_4&#8243; _builder_version=&#8220;4.16&#8243; custom_padding=&#8220;|||&#8220; global_colors_info=&#8220;{}&#8220; custom_padding__hover=&#8220;|||&#8220;][et_pb_blurb title=&#8220;Aktuelles aus dem Markenrecht&#8220; url=&#8220;https:\/\/www.ip-coster.com\/&#8220; url_new_window=&#8220;on&#8220; content_max_width=&#8220;460px&#8220; admin_label=&#8220;Aktuelles&#8220; _builder_version=&#8220;4.23.1&#8243; header_level=&#8220;h2&#8243; text_orientation=&#8220;center&#8220; z_index_tablet=&#8220;500&#8243; header_text_shadow_horizontal_length_tablet=&#8220;0px&#8220; header_text_shadow_vertical_length_tablet=&#8220;0px&#8220; header_text_shadow_blur_strength_tablet=&#8220;1px&#8220; body_text_shadow_horizontal_length_tablet=&#8220;0px&#8220; body_text_shadow_vertical_length_tablet=&#8220;0px&#8220; body_text_shadow_blur_strength_tablet=&#8220;1px&#8220; body_link_text_shadow_horizontal_length_tablet=&#8220;0px&#8220; body_link_text_shadow_vertical_length_tablet=&#8220;0px&#8220; body_link_text_shadow_blur_strength_tablet=&#8220;1px&#8220; body_ul_text_shadow_horizontal_length_tablet=&#8220;0px&#8220; body_ul_text_shadow_vertical_length_tablet=&#8220;0px&#8220; body_ul_text_shadow_blur_strength_tablet=&#8220;1px&#8220; body_ol_text_shadow_horizontal_length_tablet=&#8220;0px&#8220; body_ol_text_shadow_vertical_length_tablet=&#8220;0px&#8220; body_ol_text_shadow_blur_strength_tablet=&#8220;1px&#8220; body_quote_text_shadow_horizontal_length_tablet=&#8220;0px&#8220; body_quote_text_shadow_vertical_length_tablet=&#8220;0px&#8220; body_quote_text_shadow_blur_strength_tablet=&#8220;1px&#8220; box_shadow_horizontal_tablet=&#8220;0px&#8220; box_shadow_vertical_tablet=&#8220;0px&#8220; box_shadow_blur_tablet=&#8220;40px&#8220; box_shadow_spread_tablet=&#8220;0px&#8220; box_shadow_horizontal_image_tablet=&#8220;0px&#8220; box_shadow_vertical_image_tablet=&#8220;0px&#8220; box_shadow_blur_image_tablet=&#8220;40px&#8220; box_shadow_spread_image_tablet=&#8220;0px&#8220; text_shadow_horizontal_length_tablet=&#8220;0px&#8220; text_shadow_vertical_length_tablet=&#8220;0px&#8220; text_shadow_blur_strength_tablet=&#8220;1px&#8220; global_module=&#8220;98&#8243; saved_tabs=&#8220;all&#8220; global_colors_info=&#8220;{}&#8220;]<\/p>\n<p>Ci-dessous, vous pouvez lire les articles actuels sur le droit des marques du blog de l&#039;avocat Renz.<\/p>\n<p>[\/et_pb_blurb][\/et_pb_column][\/et_pb_row][et_pb_row _builder_version=&#8220;4.16&#8243; custom_margin=&#8220;||45px|&#8220; custom_margin_tablet=&#8220;&#8220; custom_margin_phone=&#8220;&#8220; custom_margin_last_edited=&#8220;on|tablet&#8220; global_colors_info=&#8220;{}&#8220;][et_pb_column type=&#8220;4_4&#8243; _builder_version=&#8220;4.16&#8243; custom_padding=&#8220;|||&#8220; global_colors_info=&#8220;{}&#8220; custom_padding__hover=&#8220;|||&#8220;][et_pb_blog fullwidth=&#8220;off&#8220; posts_number=&#8220;3&#8243; include_categories=&#8220;27&#8243; show_more=&#8220;on&#8220; show_author=&#8220;off&#8220; show_date=&#8220;off&#8220; show_categories=&#8220;off&#8220; show_pagination=&#8220;off&#8220; masonry_tile_background_color=&#8220;#26173a&#8220; _builder_version=&#8220;3.18.9&#8243; header_level=&#8220;h3&#8243; header_text_color=&#8220;#ffffff&#8220; header_font_size=&#8220;24&#8243; body_text_color=&#8220;#ffffff&#8220; header_font_size_tablet=&#8220;&#8220; header_font_size_phone=&#8220;18&#8243; header_font_size_last_edited=&#8220;on|phone&#8220; body_font_size_tablet=&#8220;&#8220; body_font_size_phone=&#8220;12&#8243; body_font_size_last_edited=&#8220;on|phone&#8220; global_module=&#8220;183&#8243; saved_tabs=&#8220;all&#8220; global_colors_info=&#8220;{}&#8220;][\/et_pb_blog][\/et_pb_column][\/et_pb_row][et_pb_row _builder_version=&#8220;4.16&#8243; global_colors_info=&#8220;{}&#8220;][et_pb_column type=&#8220;4_4&#8243; _builder_version=&#8220;4.16&#8243; custom_padding=&#8220;|||&#8220; global_colors_info=&#8220;{}&#8220; custom_padding__hover=&#8220;|||&#8220;][et_pb_blurb admin_label=&#8220;Alle Beitr\u00e4ge ansehen&#8220; _builder_version=&#8220;4.16&#8243; header_level=&#8220;h3&#8243; header_font_size=&#8220;27&#8243; text_orientation=&#8220;center&#8220; global_colors_info=&#8220;{}&#8220;]<\/p>\n<p><a href=\"\/fr\/actuel\/\" class=\"link_underlined\">Voir tous les articles<\/a><\/p>\n<p>[\/et_pb_blurb][\/et_pb_column][\/et_pb_row][\/et_pb_section][et_pb_section fb_built=&#8220;1&#8243; custom_padding_last_edited=&#8220;on|tablet&#8220; admin_label=&#8220;Sektion Kontakt&#8220; _builder_version=&#8220;3.18.9&#8243; background_image=&#8220;https:\/\/www.renz-recht.de\/wp-content\/uploads\/2019\/02\/renz-pattern-bg.jpg&#8220; background_size=&#8220;initial&#8220; background_position=&#8220;top_left&#8220; background_repeat=&#8220;repeat&#8220; custom_padding=&#8220;45px|||&#8220; custom_padding_tablet=&#8220;0px||45px|&#8220; custom_padding_phone=&#8220;&#8220; global_module=&#8220;184&#8243; locked=&#8220;on&#8220; collapsed=&#8220;off&#8220; global_colors_info=&#8220;{}&#8220;][et_pb_row column_structure=&#8220;3_4,1_4&#8243; make_equal=&#8220;on&#8220; _builder_version=&#8220;4.16&#8243; width=&#8220;100%&#8220; max_width=&#8220;100%&#8220; make_fullwidth=&#8220;on&#8220; use_custom_width=&#8220;on&#8220; width_unit=&#8220;off&#8220; custom_width_percent=&#8220;100%&#8220; global_colors_info=&#8220;{}&#8220;][et_pb_column type=&#8220;3_4&#8243; _builder_version=&#8220;4.16&#8243; custom_padding=&#8220;|0px||&#8220; custom_padding_tablet=&#8220;|45px||&#8220; custom_padding_phone=&#8220;&#8220; custom_padding_last_edited=&#8220;on|tablet&#8220; global_colors_info=&#8220;{}&#8220; custom_padding__hover=&#8220;|||&#8220;][et_pb_image src=&#8220;https:\/\/www.renz-recht.de\/wp-content\/uploads\/2019\/02\/renz-contact-img.jpg&#8220; force_fullwidth=&#8220;on&#8220; align_tablet=&#8220;center&#8220; align_phone=&#8220;&#8220; align_last_edited=&#8220;on|desktop&#8220; admin_label=&#8220;Kontakt_Bild&#8220; _builder_version=&#8220;4.16&#8243; custom_margin=&#8220;||-45px|&#8220; custom_margin_tablet=&#8220;-45px||0px|&#8220; custom_margin_phone=&#8220;&#8220; custom_margin_last_edited=&#8220;on|tablet&#8220; animation_style=&#8220;slide&#8220; animation_direction=&#8220;left&#8220; custom_css_main_element=&#8220;-webkit-clip-path: polygon(0 0, 100% 0%, 75% 100%, 0% 100%);||clip-path: polygon(0 0, 100% 0%, 75% 100%, 0% 100%);&#8220; global_colors_info=&#8220;{}&#8220;][\/et_pb_image][\/et_pb_column][et_pb_column type=&#8220;1_4&#8243; _builder_version=&#8220;4.16&#8243; custom_padding=&#8220;|||&#8220; custom_css_main_element=&#8220;display: flex;||align-items: center;||justify-content: center;&#8220; global_colors_info=&#8220;{}&#8220; custom_padding__hover=&#8220;|||&#8220;][et_pb_blurb title=&#8220;Rufen Sie mich an oder schreiben Sie mir eine E-Mail! Der erste Kontakt ist immer kostenlos!&#8220; content_max_width=&#8220;460px&#8220; admin_label=&#8220;Rufen Sie mich an oder schreiben Sie mir&#8230;&#8220; _builder_version=&#8220;4.16&#8243; header_level=&#8220;h2&#8243; header_font_size=&#8220;54&#8243; header_line_height=&#8220;1.2em&#8220; background_layout=&#8220;dark&#8220; module_alignment=&#8220;left&#8220; custom_margin=&#8220;|||-180%&#8220; custom_margin_tablet=&#8220;|||0px&#8220; custom_margin_phone=&#8220;&#8220; custom_margin_last_edited=&#8220;on|tablet&#8220; custom_padding=&#8220;|||90px&#8220; animation_style=&#8220;slide&#8220; animation_direction=&#8220;right&#8220; animation_delay=&#8220;200ms&#8220; header_font_size_tablet=&#8220;&#8220; header_font_size_phone=&#8220;27&#8243; header_font_size_last_edited=&#8220;on|phone&#8220; z_index_tablet=&#8220;500&#8243; custom_css_before=&#8220;content:%22%22;||background:#fff;||width:67px;||height:1px;||position:absolute;||left:0; top:36px;&#8220; custom_css_main_element=&#8220;position:relative;&#8220; custom_css_blurb_title=&#8220;font-family: Source Sans Pro Light, Arial, sans-serif !important;&#8220; header_text_shadow_horizontal_length_tablet=&#8220;0px&#8220; header_text_shadow_vertical_length_tablet=&#8220;0px&#8220; header_text_shadow_blur_strength_tablet=&#8220;1px&#8220; body_text_shadow_horizontal_length_tablet=&#8220;0px&#8220; body_text_shadow_vertical_length_tablet=&#8220;0px&#8220; body_text_shadow_blur_strength_tablet=&#8220;1px&#8220; body_link_text_shadow_horizontal_length_tablet=&#8220;0px&#8220; body_link_text_shadow_vertical_length_tablet=&#8220;0px&#8220; body_link_text_shadow_blur_strength_tablet=&#8220;1px&#8220; body_ul_text_shadow_horizontal_length_tablet=&#8220;0px&#8220; body_ul_text_shadow_vertical_length_tablet=&#8220;0px&#8220; body_ul_text_shadow_blur_strength_tablet=&#8220;1px&#8220; body_ol_text_shadow_horizontal_length_tablet=&#8220;0px&#8220; body_ol_text_shadow_vertical_length_tablet=&#8220;0px&#8220; body_ol_text_shadow_blur_strength_tablet=&#8220;1px&#8220; body_quote_text_shadow_horizontal_length_tablet=&#8220;0px&#8220; body_quote_text_shadow_vertical_length_tablet=&#8220;0px&#8220; body_quote_text_shadow_blur_strength_tablet=&#8220;1px&#8220; box_shadow_horizontal_tablet=&#8220;0px&#8220; box_shadow_vertical_tablet=&#8220;0px&#8220; box_shadow_blur_tablet=&#8220;40px&#8220; box_shadow_spread_tablet=&#8220;0px&#8220; box_shadow_horizontal_image_tablet=&#8220;0px&#8220; box_shadow_vertical_image_tablet=&#8220;0px&#8220; box_shadow_blur_image_tablet=&#8220;40px&#8220; box_shadow_spread_image_tablet=&#8220;0px&#8220; text_shadow_horizontal_length_tablet=&#8220;0px&#8220; text_shadow_vertical_length_tablet=&#8220;0px&#8220; text_shadow_blur_strength_tablet=&#8220;1px&#8220; global_colors_info=&#8220;{}&#8220;]<\/p>\n<p>&nbsp;<\/p>\n<p><a class=\"button\" href=\"\/fr\/contact\/\">Contactez-nous maintenant<\/a><\/p>\n<p>&nbsp;<\/p>\n<p>[\/et_pb_blurb][\/et_pb_column][\/et_pb_row][\/et_pb_section]<\/p>","protected":false},"excerpt":{"rendered":"<p>Frankfurt am Main ist mit etwa 756.000 Einwohnern die f\u00fcnftgr\u00f6\u00dfte Stadt Deutschlands und das Zentrum der Metropolregion Frankfurt\/Rhein-Main mit rund 5,9 Millionen Menschen. Als internationaler Finanzplatz, bedeutender E-Commerce-Standort und Heimat zahlreicher Gro\u00dfunternehmen herrscht in Frankfurt ein intensiver Wettbewerb. \u00dcber 628.000 sozialversicherungspflichtig Besch\u00e4ftigte arbeiten hier in einem wirtschaftlich hochdynamischen Umfeld. In diesem kompetitiven Markt ist fairer [&hellip;]<\/p>","protected":false},"author":7,"featured_media":0,"parent":0,"menu_order":0,"comment_status":"closed","ping_status":"closed","template":"","meta":{"_et_pb_use_builder":"on","_et_pb_old_content":"","_et_gb_content_width":"","inline_featured_image":false,"footnotes":""},"class_list":["post-3954","page","type-page","status-publish","hentry"],"aioseo_notices":[],"aioseo_head":"\n\t\t<!-- All in One SEO Pro 4.9.6.2 - aioseo.com -->\n\t<link rel=\"canonical\" href=\"https:\/\/www.renz-recht.de\/fr\/et_pb_layout\/headline-subline_modul\/\" \/>\n\t<meta name=\"generator\" content=\"All in One SEO Pro (AIOSEO) 4.9.6.2\" \/>\n\t\t<meta property=\"og:locale\" content=\"fr_FR\" \/>\n\t\t<meta property=\"og:site_name\" content=\"Renz Recht - Anwalt Markenrecht Urheberrecht Saarbr\u00fccken - Rechtsanw\u00e4ltin Anne-Kathrin Renz\" \/>\n\t\t<meta property=\"og:type\" content=\"article\" \/>\n\t\t<meta property=\"og:title\" content=\"H2 \u00dcberschrift (zentriert) mit Subtext - Renz Recht - Anwalt Markenrecht Urheberrecht Saarbr\u00fccken\" \/>\n\t\t<meta property=\"og:url\" content=\"https:\/\/www.renz-recht.de\/fr\/et_pb_layout\/headline-subline_modul\/\" \/>\n\t\t<meta property=\"article:published_time\" content=\"2019-02-05T07:35:11+00:00\" \/>\n\t\t<meta property=\"article:modified_time\" content=\"2024-04-03T14:27:11+00:00\" \/>\n\t\t<meta name=\"twitter:card\" content=\"summary_large_image\" \/>\n\t\t<meta name=\"twitter:title\" content=\"H2 \u00dcberschrift (zentriert) mit Subtext - Renz Recht - Anwalt Markenrecht Urheberrecht Saarbr\u00fccken\" \/>\n\t\t<script type=\"application\/ld+json\" class=\"aioseo-schema\">\n\t\t\t{\"@context\":\"https:\\\/\\\/schema.org\",\"@graph\":[{\"@type\":\"BreadcrumbList\",\"@id\":\"https:\\\/\\\/www.renz-recht.de\\\/fr\\\/et_pb_layout\\\/headline-subline_modul\\\/#breadcrumblist\",\"itemListElement\":[{\"@type\":\"ListItem\",\"@id\":\"https:\\\/\\\/www.renz-recht.de\\\/fr#listItem\",\"position\":1,\"name\":\"Home\",\"item\":\"https:\\\/\\\/www.renz-recht.de\\\/fr\",\"nextItem\":{\"@type\":\"ListItem\",\"@id\":\"https:\\\/\\\/www.renz-recht.de\\\/fr\\\/avocat-specialise-en-droit-de-la-concurrence-francfort-sur-le-main\\\/#listItem\",\"name\":\"Rechtsanw\\u00e4ltin Wettbewerbsrecht Frankfurt am Main\"}},{\"@type\":\"ListItem\",\"@id\":\"https:\\\/\\\/www.renz-recht.de\\\/fr\\\/avocat-specialise-en-droit-de-la-concurrence-francfort-sur-le-main\\\/#listItem\",\"position\":2,\"name\":\"Rechtsanw\\u00e4ltin Wettbewerbsrecht Frankfurt am Main\",\"previousItem\":{\"@type\":\"ListItem\",\"@id\":\"https:\\\/\\\/www.renz-recht.de\\\/fr#listItem\",\"name\":\"Home\"}}]},{\"@type\":\"Organization\",\"@id\":\"https:\\\/\\\/www.renz-recht.de\\\/fr\\\/#organization\",\"name\":\"Rechtsanw\\u00e4ltin Anne-Kathrin Renz Saarbr\\u00fccken\",\"description\":\"Rechtsanw\\u00e4ltin Anne-Kathrin Renz\",\"url\":\"https:\\\/\\\/www.renz-recht.de\\\/fr\\\/\",\"telephone\":\"+4968195810588\",\"logo\":{\"@type\":\"ImageObject\",\"url\":\"https:\\\/\\\/www.renz-recht.de\\\/wp-content\\\/uploads\\\/2023\\\/11\\\/logo-renz-recht_sw.svg\",\"@id\":\"https:\\\/\\\/www.renz-recht.de\\\/fr\\\/et_pb_layout\\\/headline-subline_modul\\\/#organizationLogo\"},\"image\":{\"@id\":\"https:\\\/\\\/www.renz-recht.de\\\/fr\\\/et_pb_layout\\\/headline-subline_modul\\\/#organizationLogo\"}},{\"@type\":\"WebPage\",\"@id\":\"https:\\\/\\\/www.renz-recht.de\\\/fr\\\/et_pb_layout\\\/headline-subline_modul\\\/#webpage\",\"url\":\"https:\\\/\\\/www.renz-recht.de\\\/fr\\\/et_pb_layout\\\/headline-subline_modul\\\/\",\"name\":\"H2 \\u00dcberschrift (zentriert) mit Subtext - Renz Recht - Anwalt Markenrecht Urheberrecht Saarbr\\u00fccken\",\"inLanguage\":\"fr-FR\",\"isPartOf\":{\"@id\":\"https:\\\/\\\/www.renz-recht.de\\\/fr\\\/#website\"},\"breadcrumb\":{\"@id\":\"https:\\\/\\\/www.renz-recht.de\\\/fr\\\/et_pb_layout\\\/headline-subline_modul\\\/#breadcrumblist\"},\"datePublished\":\"2019-02-05T08:35:11+01:00\",\"dateModified\":\"2024-04-03T16:27:11+02:00\"},{\"@type\":\"WebSite\",\"@id\":\"https:\\\/\\\/www.renz-recht.de\\\/fr\\\/#website\",\"url\":\"https:\\\/\\\/www.renz-recht.de\\\/fr\\\/\",\"name\":\"Rechtsanw\\u00e4ltin Anne-Kathrin Renz Saarbr\\u00fccken\",\"alternateName\":\"Rechtsanw\\u00e4ltin Markenrecht Saarbr\\u00fccken\",\"description\":\"Rechtsanw\\u00e4ltin Anne-Kathrin Renz\",\"inLanguage\":\"fr-FR\",\"publisher\":{\"@id\":\"https:\\\/\\\/www.renz-recht.de\\\/fr\\\/#organization\"}}]}\n\t\t<\/script>\n\t\t<!-- All in One SEO Pro -->\r\n\t\t<title>H2 \u00dcberschrift (zentriert) mit Subtext - Renz Recht - Anwalt Markenrecht Urheberrecht Saarbr\u00fccken<\/title>\n\n","aioseo_head_json":{"title":"Titre H2 (centr\u00e9) avec sous-titre\u00a0: Renz Law - Avocat sp\u00e9cialis\u00e9 en droit des marques et du droit d&#039;auteur, Sarrebruck","description":"","canonical_url":"https:\/\/www.renz-recht.de\/fr\/et_pb_layout\/headline-subline_modul\/","robots":"","keywords":"","webmasterTools":{"miscellaneous":""},"schema":{"@context":"https:\/\/schema.org","@graph":[{"@type":"BreadcrumbList","@id":"https:\/\/www.renz-recht.de\/fr\/et_pb_layout\/headline-subline_modul\/#breadcrumblist","itemListElement":[{"@type":"ListItem","@id":"https:\/\/www.renz-recht.de\/fr#listItem","position":1,"name":"Home","item":"https:\/\/www.renz-recht.de\/fr","nextItem":{"@type":"ListItem","@id":"https:\/\/www.renz-recht.de\/fr\/avocat-specialise-en-droit-de-la-concurrence-francfort-sur-le-main\/#listItem","name":"Rechtsanw\u00e4ltin Wettbewerbsrecht Frankfurt am Main"}},{"@type":"ListItem","@id":"https:\/\/www.renz-recht.de\/fr\/avocat-specialise-en-droit-de-la-concurrence-francfort-sur-le-main\/#listItem","position":2,"name":"Rechtsanw\u00e4ltin Wettbewerbsrecht Frankfurt am Main","previousItem":{"@type":"ListItem","@id":"https:\/\/www.renz-recht.de\/fr#listItem","name":"Home"}}]},{"@type":"Organization","@id":"https:\/\/www.renz-recht.de\/fr\/#organization","name":"Rechtsanw\u00e4ltin Anne-Kathrin Renz Saarbr\u00fccken","description":"Rechtsanw\u00e4ltin Anne-Kathrin Renz","url":"https:\/\/www.renz-recht.de\/fr\/","telephone":"+4968195810588","logo":{"@type":"ImageObject","url":"https:\/\/www.renz-recht.de\/wp-content\/uploads\/2023\/11\/logo-renz-recht_sw.svg","@id":"https:\/\/www.renz-recht.de\/fr\/et_pb_layout\/headline-subline_modul\/#organizationLogo"},"image":{"@id":"https:\/\/www.renz-recht.de\/fr\/et_pb_layout\/headline-subline_modul\/#organizationLogo"}},{"@type":"WebPage","@id":"https:\/\/www.renz-recht.de\/fr\/et_pb_layout\/headline-subline_modul\/#webpage","url":"https:\/\/www.renz-recht.de\/fr\/et_pb_layout\/headline-subline_modul\/","name":"H2 \u00dcberschrift (zentriert) mit Subtext - Renz Recht - Anwalt Markenrecht Urheberrecht Saarbr\u00fccken","inLanguage":"fr-FR","isPartOf":{"@id":"https:\/\/www.renz-recht.de\/fr\/#website"},"breadcrumb":{"@id":"https:\/\/www.renz-recht.de\/fr\/et_pb_layout\/headline-subline_modul\/#breadcrumblist"},"datePublished":"2019-02-05T08:35:11+01:00","dateModified":"2024-04-03T16:27:11+02:00"},{"@type":"WebSite","@id":"https:\/\/www.renz-recht.de\/fr\/#website","url":"https:\/\/www.renz-recht.de\/fr\/","name":"Rechtsanw\u00e4ltin Anne-Kathrin Renz Saarbr\u00fccken","alternateName":"Rechtsanw\u00e4ltin Markenrecht Saarbr\u00fccken","description":"Rechtsanw\u00e4ltin Anne-Kathrin Renz","inLanguage":"fr-FR","publisher":{"@id":"https:\/\/www.renz-recht.de\/fr\/#organization"}}]},"og:locale":"fr_FR","og:site_name":"Renz Recht - Anwalt Markenrecht Urheberrecht Saarbr\u00fccken - Rechtsanw\u00e4ltin Anne-Kathrin Renz","og:type":"article","og:title":"H2 \u00dcberschrift (zentriert) mit Subtext - Renz Recht - Anwalt Markenrecht Urheberrecht Saarbr\u00fccken","og:url":"https:\/\/www.renz-recht.de\/fr\/et_pb_layout\/headline-subline_modul\/","article:published_time":"2019-02-05T07:35:11+00:00","article:modified_time":"2024-04-03T14:27:11+00:00","twitter:card":"summary_large_image","twitter:title":"H2 \u00dcberschrift (zentriert) mit Subtext - Renz Recht - Anwalt Markenrecht Urheberrecht Saarbr\u00fccken"},"aioseo_meta_data":{"post_id":"3954","title":"Rechtsanw\u00e4ltin Wettbewerbsrecht Frankfurt am Main | Renz Recht #separator_sa","description":"Avocat sp\u00e9cialis\u00e9 en droit de la concurrence \u00e0 Francfort-sur-le-Main\u00a0: mises en demeure, injonctions de cesser et de s\u2019abstenir, loi sur la concurrence d\u00e9loyale | Assistance rapide","keywords":null,"keyphrases":{"focus":{"keyphrase":"","score":0,"analysis":{"keyphraseInTitle":{"score":0,"maxScore":9,"error":1}}},"additional":[]},"primary_term":null,"canonical_url":null,"og_title":null,"og_description":null,"og_object_type":"default","og_image_type":"default","og_image_url":null,"og_image_width":null,"og_image_height":null,"og_image_custom_url":null,"og_image_custom_fields":null,"og_video":"","og_custom_url":null,"og_article_section":null,"og_article_tags":null,"twitter_use_og":false,"twitter_card":"default","twitter_image_type":"default","twitter_image_url":null,"twitter_image_custom_url":null,"twitter_image_custom_fields":null,"twitter_title":null,"twitter_description":null,"schema":{"blockGraphs":[],"customGraphs":[],"default":{"data":{"Article":[],"Course":[],"Dataset":[],"FAQPage":[],"Movie":[],"Person":[],"Product":[],"ProductReview":[],"Car":[],"Recipe":[],"Service":[],"SoftwareApplication":[],"WebPage":[]},"graphName":"WebPage","isEnabled":true},"graphs":[]},"schema_type":"default","schema_type_options":null,"pillar_content":false,"robots_default":true,"robots_noindex":false,"robots_noarchive":false,"robots_nosnippet":false,"robots_nofollow":false,"robots_noimageindex":false,"robots_noodp":false,"robots_notranslate":false,"robots_max_snippet":"-1","robots_max_videopreview":"-1","robots_max_imagepreview":"large","priority":null,"frequency":"default","local_seo":null,"seo_analyzer_scan_date":"2026-01-07 07:22:08","breadcrumb_settings":null,"limit_modified_date":false,"open_ai":"{\"title\":{\"suggestions\":[],\"usage\":0},\"description\":{\"suggestions\":[],\"usage\":0}}","ai":{"faqs":[],"keyPoints":[],"titles":[],"descriptions":[],"socialPosts":{"email":[],"linkedin":[],"twitter":[],"facebook":[],"instagram":[]}},"created":"2026-01-07 06:56:18","updated":"2026-01-07 07:24:59"},"aioseo_breadcrumb":"<div class=\"aioseo-breadcrumbs\"><span class=\"aioseo-breadcrumb\">\n\t<a href=\"https:\/\/www.renz-recht.de\/fr\" title=\"Home\">Home<\/a>\n<\/span><span class=\"aioseo-breadcrumb-separator\">&raquo;<\/span><span class=\"aioseo-breadcrumb\">\n\tRechtsanw\u00e4ltin Wettbewerbsrecht Frankfurt am Main\n<\/span><\/div>","aioseo_breadcrumb_json":[{"label":"Home","link":"https:\/\/www.renz-recht.de\/fr"},{"label":"Rechtsanw\u00e4ltin Wettbewerbsrecht Frankfurt am Main","link":"https:\/\/www.renz-recht.de\/fr\/avocat-specialise-en-droit-de-la-concurrence-francfort-sur-le-main\/"}],"_links":{"self":[{"href":"https:\/\/www.renz-recht.de\/fr\/wp-json\/wp\/v2\/pages\/3954","targetHints":{"allow":["GET"]}}],"collection":[{"href":"https:\/\/www.renz-recht.de\/fr\/wp-json\/wp\/v2\/pages"}],"about":[{"href":"https:\/\/www.renz-recht.de\/fr\/wp-json\/wp\/v2\/types\/page"}],"author":[{"embeddable":true,"href":"https:\/\/www.renz-recht.de\/fr\/wp-json\/wp\/v2\/users\/7"}],"replies":[{"embeddable":true,"href":"https:\/\/www.renz-recht.de\/fr\/wp-json\/wp\/v2\/comments?post=3954"}],"version-history":[{"count":2,"href":"https:\/\/www.renz-recht.de\/fr\/wp-json\/wp\/v2\/pages\/3954\/revisions"}],"predecessor-version":[{"id":3968,"href":"https:\/\/www.renz-recht.de\/fr\/wp-json\/wp\/v2\/pages\/3954\/revisions\/3968"}],"wp:attachment":[{"href":"https:\/\/www.renz-recht.de\/fr\/wp-json\/wp\/v2\/media?parent=3954"}],"curies":[{"name":"wp","href":"https:\/\/api.w.org\/{rel}","templated":true}]}}