{"id":3910,"date":"2026-01-06T14:10:26","date_gmt":"2026-01-06T13:10:26","guid":{"rendered":"https:\/\/www.renz-recht.de\/?page_id=3910"},"modified":"2026-01-07T08:19:28","modified_gmt":"2026-01-07T07:19:28","slug":"avocat-specialise-en-droit-des-marques-francfort-sur-le-main","status":"publish","type":"page","link":"https:\/\/www.renz-recht.de\/fr\/avocat-specialise-en-droit-des-marques-francfort-sur-le-main\/","title":{"rendered":"Avocat sp\u00e9cialis\u00e9 en droit des marques, Francfort-sur-le-Main"},"content":{"rendered":"<p>[et_pb_section fb_built=&#8220;1&#8243; fullwidth=&#8220;on&#8220; _builder_version=&#8220;4.16&#8243; global_colors_info=&#8220;{}&#8220;][et_pb_fullwidth_header title=&#8220;Rechtsanw\u00e4ltin Markenrecht <br \/> Frankfurt am Main&#8220; subhead=&#8220;Ich st\u00e4rke Ihre Marke und verteidige Ihre Rechte f\u00fcr die Erzielung nachhaltiger Erfolge in Frankfurt am Main&#8220; background_overlay_color=&#8220;rgba(0,0,0,0.2)&#8220; admin_label=&#8220;Header&#8220; module_class=&#8220;renz-subpage-header&#8220; _builder_version=&#8220;4.27.5&#8243; title_font_size=&#8220;80px&#8220; background_color=&#8220;#26173A&#8220; background_image=&#8220;https:\/\/www.renz-recht.de\/wp-content\/uploads\/2019\/02\/renz-markenrecht-header.jpg&#8220; parallax=&#8220;on&#8220; parallax_method=&#8220;on&#8220; custom_padding=&#8220;4%||9%|&#8220; custom_padding_tablet=&#8220;4%||4%|&#8220; custom_padding_phone=&#8220;&#8220; custom_padding_last_edited=&#8220;on|tablet&#8220; hover_enabled=&#8220;0&#8243; title_font_size_tablet=&#8220;60px&#8220; title_font_size_phone=&#8220;40px&#8220; title_font_size_last_edited=&#8220;on|tablet&#8220; z_index_tablet=&#8220;500&#8243; title_text_shadow_horizontal_length_tablet=&#8220;0px&#8220; title_text_shadow_vertical_length_tablet=&#8220;0px&#8220; title_text_shadow_blur_strength_tablet=&#8220;1px&#8220; content_text_shadow_horizontal_length_tablet=&#8220;0px&#8220; content_text_shadow_vertical_length_tablet=&#8220;0px&#8220; content_text_shadow_blur_strength_tablet=&#8220;1px&#8220; subhead_text_shadow_horizontal_length_tablet=&#8220;0px&#8220; subhead_text_shadow_vertical_length_tablet=&#8220;0px&#8220; subhead_text_shadow_blur_strength_tablet=&#8220;1px&#8220; content_link_text_shadow_horizontal_length_tablet=&#8220;0px&#8220; content_link_text_shadow_vertical_length_tablet=&#8220;0px&#8220; content_link_text_shadow_blur_strength_tablet=&#8220;1px&#8220; content_ul_text_shadow_horizontal_length_tablet=&#8220;0px&#8220; content_ul_text_shadow_vertical_length_tablet=&#8220;0px&#8220; content_ul_text_shadow_blur_strength_tablet=&#8220;1px&#8220; content_ol_text_shadow_horizontal_length_tablet=&#8220;0px&#8220; content_ol_text_shadow_vertical_length_tablet=&#8220;0px&#8220; content_ol_text_shadow_blur_strength_tablet=&#8220;1px&#8220; content_quote_text_shadow_horizontal_length_tablet=&#8220;0px&#8220; content_quote_text_shadow_vertical_length_tablet=&#8220;0px&#8220; content_quote_text_shadow_blur_strength_tablet=&#8220;1px&#8220; button_one_text_shadow_horizontal_length_tablet=&#8220;0px&#8220; button_one_text_shadow_vertical_length_tablet=&#8220;0px&#8220; button_one_text_shadow_blur_strength_tablet=&#8220;1px&#8220; button_two_text_shadow_horizontal_length_tablet=&#8220;0px&#8220; button_two_text_shadow_vertical_length_tablet=&#8220;0px&#8220; button_two_text_shadow_blur_strength_tablet=&#8220;1px&#8220; box_shadow_horizontal_tablet=&#8220;0px&#8220; box_shadow_vertical_tablet=&#8220;0px&#8220; box_shadow_blur_tablet=&#8220;40px&#8220; box_shadow_spread_tablet=&#8220;0px&#8220; box_shadow_horizontal_image_tablet=&#8220;0px&#8220; box_shadow_vertical_image_tablet=&#8220;0px&#8220; box_shadow_blur_image_tablet=&#8220;40px&#8220; box_shadow_spread_image_tablet=&#8220;0px&#8220; box_shadow_horizontal_button_one_tablet=&#8220;0px&#8220; box_shadow_vertical_button_one_tablet=&#8220;0px&#8220; box_shadow_blur_button_one_tablet=&#8220;40px&#8220; box_shadow_spread_button_one_tablet=&#8220;0px&#8220; box_shadow_horizontal_button_two_tablet=&#8220;0px&#8220; box_shadow_vertical_button_two_tablet=&#8220;0px&#8220; box_shadow_blur_button_two_tablet=&#8220;40px&#8220; box_shadow_spread_button_two_tablet=&#8220;0px&#8220; text_shadow_horizontal_length_tablet=&#8220;0px&#8220; text_shadow_vertical_length_tablet=&#8220;0px&#8220; text_shadow_blur_strength_tablet=&#8220;1px&#8220; global_module=&#8220;214&#8243; saved_tabs=&#8220;all&#8220; global_colors_info=&#8220;{}&#8220; sticky_enabled=&#8220;0&#8243;][\/et_pb_fullwidth_header][\/et_pb_section][et_pb_section fb_built=&#8220;1&#8243; custom_padding_last_edited=&#8220;on|phone&#8220; admin_label=&#8220;Breadcrumb&#8220; _builder_version=&#8220;4.22.1&#8243; background_color=&#8220;#eeeeee&#8220; min_height=&#8220;112.2px&#8220; custom_padding=&#8220;16px||16px|&#8220; custom_padding_tablet=&#8220;&#8220; custom_padding_phone=&#8220;&#8220; global_module=&#8220;161&#8243; collapsed=&#8220;off&#8220; global_colors_info=&#8220;{}&#8220;][et_pb_row admin_label=&#8220;Zeile&#8220; _builder_version=&#8220;4.16&#8243; collapsed=&#8220;off&#8220; global_colors_info=&#8220;{}&#8220;][et_pb_column type=&#8220;4_4&#8243; _builder_version=&#8220;4.16&#8243; custom_padding=&#8220;|||&#8220; global_colors_info=&#8220;{}&#8220; custom_padding__hover=&#8220;|||&#8220;][\/et_pb_column][\/et_pb_row][\/et_pb_section][et_pb_section fb_built=&#8220;1&#8243; custom_padding_last_edited=&#8220;on|tablet&#8220; _builder_version=&#8220;4.16&#8243; custom_padding=&#8220;90px||90px|&#8220; custom_padding_tablet=&#8220;9%||9%|&#8220; custom_padding_phone=&#8220;&#8220; global_colors_info=&#8220;{}&#8220;][et_pb_row column_structure=&#8220;2_3,1_3&#8243; _builder_version=&#8220;4.16&#8243; global_colors_info=&#8220;{}&#8220;][et_pb_column type=&#8220;2_3&#8243; _builder_version=&#8220;4.16&#8243; custom_padding=&#8220;|90px||&#8220; custom_padding_tablet=&#8220;|0px|9%|&#8220; custom_padding_phone=&#8220;&#8220; custom_padding_last_edited=&#8220;on|phone&#8220; global_colors_info=&#8220;{}&#8220; custom_padding__hover=&#8220;|||&#8220;][et_pb_blurb title=&#8220;Markenrecht in Frankfurt am Main \u2013 Warum Ihre Marke professionellen Schutz braucht&#8220; content_max_width=&#8220;100%&#8220; admin_label=&#8220;Modul \u00dcberschrift H2&#8243; _builder_version=&#8220;4.27.5&#8243; header_level=&#8220;h2&#8243; header_font_size=&#8220;36&#8243; header_line_height=&#8220;1.3em&#8220; body_font_size=&#8220;16&#8243; body_line_height=&#8220;1.2em&#8220; custom_margin=&#8220;||23px|||&#8220; custom_margin_tablet=&#8220;||6%|&#8220; custom_margin_phone=&#8220;&#8220; custom_margin_last_edited=&#8220;on|phone&#8220; custom_padding=&#8220;||0px||false|false&#8220; header_font_size_tablet=&#8220;&#8220; header_font_size_phone=&#8220;27&#8243; header_font_size_last_edited=&#8220;on|phone&#8220; z_index_tablet=&#8220;500&#8243; custom_css_blurb_title=&#8220;margin-bottom: 9px;&#8220; custom_css_blurb_content=&#8220;margin-bottom: 27px;&#8220; header_text_shadow_horizontal_length_tablet=&#8220;0px&#8220; header_text_shadow_vertical_length_tablet=&#8220;0px&#8220; header_text_shadow_blur_strength_tablet=&#8220;1px&#8220; body_text_shadow_horizontal_length_tablet=&#8220;0px&#8220; body_text_shadow_vertical_length_tablet=&#8220;0px&#8220; body_text_shadow_blur_strength_tablet=&#8220;1px&#8220; body_link_text_shadow_horizontal_length_tablet=&#8220;0px&#8220; body_link_text_shadow_vertical_length_tablet=&#8220;0px&#8220; body_link_text_shadow_blur_strength_tablet=&#8220;1px&#8220; body_ul_text_shadow_horizontal_length_tablet=&#8220;0px&#8220; body_ul_text_shadow_vertical_length_tablet=&#8220;0px&#8220; body_ul_text_shadow_blur_strength_tablet=&#8220;1px&#8220; body_ol_text_shadow_horizontal_length_tablet=&#8220;0px&#8220; body_ol_text_shadow_vertical_length_tablet=&#8220;0px&#8220; body_ol_text_shadow_blur_strength_tablet=&#8220;1px&#8220; body_quote_text_shadow_horizontal_length_tablet=&#8220;0px&#8220; body_quote_text_shadow_vertical_length_tablet=&#8220;0px&#8220; body_quote_text_shadow_blur_strength_tablet=&#8220;1px&#8220; box_shadow_horizontal_tablet=&#8220;0px&#8220; box_shadow_vertical_tablet=&#8220;0px&#8220; box_shadow_blur_tablet=&#8220;40px&#8220; box_shadow_spread_tablet=&#8220;0px&#8220; box_shadow_horizontal_image_tablet=&#8220;0px&#8220; box_shadow_vertical_image_tablet=&#8220;0px&#8220; box_shadow_blur_image_tablet=&#8220;40px&#8220; box_shadow_spread_image_tablet=&#8220;0px&#8220; text_shadow_horizontal_length_tablet=&#8220;0px&#8220; text_shadow_vertical_length_tablet=&#8220;0px&#8220; text_shadow_blur_strength_tablet=&#8220;1px&#8220; global_module=&#8220;202&#8243; saved_tabs=&#8220;all&#8220; global_colors_info=&#8220;{}&#8220;][\/et_pb_blurb][et_pb_blurb content_max_width=&#8220;100%&#8220; admin_label=&#8220;Modul Erster Absatz (erster Buchstabe fett)&#8220; module_class=&#8220;first-paragraph&#8220; _builder_version=&#8220;4.27.5&#8243; header_level=&#8220;h2&#8243; header_font_size=&#8220;36px&#8220; header_line_height=&#8220;1.3em&#8220; body_font_size=&#8220;16&#8243; body_line_height=&#8220;1.2em&#8220; custom_margin=&#8220;0px||45px||false|false&#8220; custom_padding=&#8220;0px||||false|false&#8220; header_font_size_tablet=&#8220;&#8220; header_font_size_phone=&#8220;27&#8243; header_font_size_last_edited=&#8220;on|phone&#8220; z_index_tablet=&#8220;500&#8243; custom_css_blurb_title=&#8220;margin-bottom: calc(2% + 18px);&#8220; header_text_shadow_horizontal_length_tablet=&#8220;0px&#8220; header_text_shadow_vertical_length_tablet=&#8220;0px&#8220; header_text_shadow_blur_strength_tablet=&#8220;1px&#8220; body_text_shadow_horizontal_length_tablet=&#8220;0px&#8220; body_text_shadow_vertical_length_tablet=&#8220;0px&#8220; body_text_shadow_blur_strength_tablet=&#8220;1px&#8220; body_link_text_shadow_horizontal_length_tablet=&#8220;0px&#8220; body_link_text_shadow_vertical_length_tablet=&#8220;0px&#8220; body_link_text_shadow_blur_strength_tablet=&#8220;1px&#8220; body_ul_text_shadow_horizontal_length_tablet=&#8220;0px&#8220; body_ul_text_shadow_vertical_length_tablet=&#8220;0px&#8220; body_ul_text_shadow_blur_strength_tablet=&#8220;1px&#8220; body_ol_text_shadow_horizontal_length_tablet=&#8220;0px&#8220; body_ol_text_shadow_vertical_length_tablet=&#8220;0px&#8220; body_ol_text_shadow_blur_strength_tablet=&#8220;1px&#8220; body_quote_text_shadow_horizontal_length_tablet=&#8220;0px&#8220; body_quote_text_shadow_vertical_length_tablet=&#8220;0px&#8220; body_quote_text_shadow_blur_strength_tablet=&#8220;1px&#8220; box_shadow_horizontal_tablet=&#8220;0px&#8220; box_shadow_vertical_tablet=&#8220;0px&#8220; box_shadow_blur_tablet=&#8220;40px&#8220; box_shadow_spread_tablet=&#8220;0px&#8220; box_shadow_horizontal_image_tablet=&#8220;0px&#8220; box_shadow_vertical_image_tablet=&#8220;0px&#8220; box_shadow_blur_image_tablet=&#8220;40px&#8220; box_shadow_spread_image_tablet=&#8220;0px&#8220; text_shadow_horizontal_length_tablet=&#8220;0px&#8220; text_shadow_vertical_length_tablet=&#8220;0px&#8220; text_shadow_blur_strength_tablet=&#8220;1px&#8220; global_module=&#8220;203&#8243; saved_tabs=&#8220;all&#8220; global_colors_info=&#8220;{}&#8220;]<\/p>\n<p class=\"font-claude-response-body break-words whitespace-normal leading-[1.7]\">Francfort-sur-le-Main, avec environ 756\u00a0000 habitants, est la cinqui\u00e8me ville d&#039;Allemagne et le centre de la r\u00e9gion m\u00e9tropolitaine de Francfort-sur-le-Main, qui compte environ 5,9 millions d&#039;habitants. Centre financier international, si\u00e8ge de la Banque centrale europ\u00e9enne, de la Deutsche Bundesbank et de nombreuses grandes entreprises, Francfort est un p\u00f4le \u00e9conomique dynamique employant plus de 628\u00a0000 personnes assujetties aux cotisations de s\u00e9curit\u00e9 sociale.<\/p>\n<p class=\"font-claude-response-body break-words whitespace-normal leading-[1.7]\">Dans ce contexte hautement concurrentiel, la protection de votre marque est essentielle \u00e0 la r\u00e9ussite de votre entreprise. Une marque forte vous conf\u00e8re des droits exclusifs et vous prot\u00e8ge contre toute utilisation non autoris\u00e9e par des tiers. En tant qu&#039;avocat sp\u00e9cialis\u00e9 en droit des marques, j&#039;accompagne les entreprises et les startups de Francfort-sur-le-Main sur toutes les questions relatives aux marques.<\/p>\n<p>[\/et_pb_blurb][et_pb_blurb content_max_width=&#8220;100%&#8220; _builder_version=&#8220;4.27.5&#8243; header_level=&#8220;h3&#8243; header_font_size=&#8220;27px&#8220; header_line_height=&#8220;1.3em&#8220; body_font_size=&#8220;16&#8243; body_line_height=&#8220;1.3em&#8220; custom_margin=&#8220;||45px|&#8220; hover_enabled=&#8220;0&#8243; header_font_size_tablet=&#8220;&#8220; header_font_size_phone=&#8220;18&#8243; header_font_size_last_edited=&#8220;on|phone&#8220; z_index_tablet=&#8220;500&#8243; header_text_shadow_horizontal_length_tablet=&#8220;0px&#8220; header_text_shadow_vertical_length_tablet=&#8220;0px&#8220; header_text_shadow_blur_strength_tablet=&#8220;1px&#8220; body_text_shadow_horizontal_length_tablet=&#8220;0px&#8220; body_text_shadow_vertical_length_tablet=&#8220;0px&#8220; body_text_shadow_blur_strength_tablet=&#8220;1px&#8220; body_link_text_shadow_horizontal_length_tablet=&#8220;0px&#8220; body_link_text_shadow_vertical_length_tablet=&#8220;0px&#8220; body_link_text_shadow_blur_strength_tablet=&#8220;1px&#8220; body_ul_text_shadow_horizontal_length_tablet=&#8220;0px&#8220; body_ul_text_shadow_vertical_length_tablet=&#8220;0px&#8220; body_ul_text_shadow_blur_strength_tablet=&#8220;1px&#8220; body_ol_text_shadow_horizontal_length_tablet=&#8220;0px&#8220; body_ol_text_shadow_vertical_length_tablet=&#8220;0px&#8220; body_ol_text_shadow_blur_strength_tablet=&#8220;1px&#8220; body_quote_text_shadow_horizontal_length_tablet=&#8220;0px&#8220; body_quote_text_shadow_vertical_length_tablet=&#8220;0px&#8220; body_quote_text_shadow_blur_strength_tablet=&#8220;1px&#8220; box_shadow_horizontal_tablet=&#8220;0px&#8220; box_shadow_vertical_tablet=&#8220;0px&#8220; box_shadow_blur_tablet=&#8220;40px&#8220; box_shadow_spread_tablet=&#8220;0px&#8220; box_shadow_horizontal_image_tablet=&#8220;0px&#8220; box_shadow_vertical_image_tablet=&#8220;0px&#8220; box_shadow_blur_image_tablet=&#8220;40px&#8220; box_shadow_spread_image_tablet=&#8220;0px&#8220; text_shadow_horizontal_length_tablet=&#8220;0px&#8220; text_shadow_vertical_length_tablet=&#8220;0px&#8220; text_shadow_blur_strength_tablet=&#8220;1px&#8220; global_module=&#8220;204&#8243; saved_tabs=&#8220;all&#8220; global_colors_info=&#8220;{}&#8220; sticky_enabled=&#8220;0&#8243; title=&#8220;Ihre Vorteile bei Rechtsanw\u00e4ltin Anne-Kathrin Renz&#8220; admin_label=&#8220;Modul Absatztext mit \u00dcberschrift H3&#8243;]<\/p>\n<h3 class=\"text-text-100 mt-2 -mb-1 text-base font-bold\">Des conseils sur mesure<\/h3>\n<p class=\"font-claude-response-body break-words whitespace-normal leading-[1.7]\">Ne faites jamais confiance \u00e0 une approche standardis\u00e9e des questions juridiques qui ne traite pas votre cas individuellement, car vous ne recevrez certainement pas de conseils optimaux.<\/p>\n<p class=\"font-claude-response-body break-words whitespace-normal leading-[1.7]\">Seuls des conseils et une repr\u00e9sentation personnalis\u00e9s permettent d&#039;obtenir les meilleurs r\u00e9sultats possibles, c&#039;est pourquoi mon cabinet d&#039;avocats privil\u00e9gie les conseils individualis\u00e9s pour ses clients.<\/p>\n<h3 class=\"text-text-100 mt-2 -mb-1 text-base font-bold\">Expertise efficace<\/h3>\n<p class=\"font-claude-response-body break-words whitespace-normal leading-[1.7]\">Vous recherchez des conseils juridiques ax\u00e9s sur les r\u00e9sultats, qui vous repr\u00e9senteront rapidement et efficacement ?<\/p>\n<p class=\"font-claude-response-body break-words whitespace-normal leading-[1.7]\">Alors vous \u00eates au bon endroit chez Renz Recht. Je suis sp\u00e9cialis\u00e9 en droit de la propri\u00e9t\u00e9 intellectuelle et en droit des technologies de l&#039;information.<\/p>\n<p class=\"font-claude-response-body break-words whitespace-normal leading-[1.7]\">Comp\u00e9tent. Transparent. Pr\u00e9cis.<\/p>\n<h3 class=\"text-text-100 mt-2 -mb-1 text-base font-bold\">De solides succ\u00e8s<\/h3>\n<p class=\"font-claude-response-body break-words whitespace-normal leading-[1.7]\">Vous souhaitez assurer la p\u00e9rennit\u00e9 et le succ\u00e8s de votre entreprise sur le march\u00e9\u00a0? Optez pour des conseils juridiques qui vous apporteront un soutien professionnel approfondi et personnalis\u00e9 afin de positionner votre entreprise pour une croissance durable et une s\u00e9curit\u00e9 future.<\/p>\n<p class=\"font-claude-response-body break-words whitespace-normal leading-[1.7]\">Engageons-nous avec passion pour votre cause et c\u00e9l\u00e9brons ensemble les grands succ\u00e8s.<\/p>\n<p>[\/et_pb_blurb][et_pb_blurb content_max_width=&#8220;100%&#8220; _builder_version=&#8220;4.27.5&#8243; header_level=&#8220;h3&#8243; header_font_size=&#8220;27px&#8220; header_line_height=&#8220;1.3em&#8220; body_font_size=&#8220;16&#8243; body_line_height=&#8220;1.3em&#8220; custom_margin=&#8220;||45px|&#8220; hover_enabled=&#8220;0&#8243; header_font_size_tablet=&#8220;&#8220; header_font_size_phone=&#8220;18&#8243; header_font_size_last_edited=&#8220;on|phone&#8220; z_index_tablet=&#8220;500&#8243; header_text_shadow_horizontal_length_tablet=&#8220;0px&#8220; header_text_shadow_vertical_length_tablet=&#8220;0px&#8220; header_text_shadow_blur_strength_tablet=&#8220;1px&#8220; body_text_shadow_horizontal_length_tablet=&#8220;0px&#8220; body_text_shadow_vertical_length_tablet=&#8220;0px&#8220; body_text_shadow_blur_strength_tablet=&#8220;1px&#8220; body_link_text_shadow_horizontal_length_tablet=&#8220;0px&#8220; body_link_text_shadow_vertical_length_tablet=&#8220;0px&#8220; body_link_text_shadow_blur_strength_tablet=&#8220;1px&#8220; body_ul_text_shadow_horizontal_length_tablet=&#8220;0px&#8220; body_ul_text_shadow_vertical_length_tablet=&#8220;0px&#8220; body_ul_text_shadow_blur_strength_tablet=&#8220;1px&#8220; body_ol_text_shadow_horizontal_length_tablet=&#8220;0px&#8220; body_ol_text_shadow_vertical_length_tablet=&#8220;0px&#8220; body_ol_text_shadow_blur_strength_tablet=&#8220;1px&#8220; body_quote_text_shadow_horizontal_length_tablet=&#8220;0px&#8220; body_quote_text_shadow_vertical_length_tablet=&#8220;0px&#8220; body_quote_text_shadow_blur_strength_tablet=&#8220;1px&#8220; box_shadow_horizontal_tablet=&#8220;0px&#8220; box_shadow_vertical_tablet=&#8220;0px&#8220; box_shadow_blur_tablet=&#8220;40px&#8220; box_shadow_spread_tablet=&#8220;0px&#8220; box_shadow_horizontal_image_tablet=&#8220;0px&#8220; box_shadow_vertical_image_tablet=&#8220;0px&#8220; box_shadow_blur_image_tablet=&#8220;40px&#8220; box_shadow_spread_image_tablet=&#8220;0px&#8220; text_shadow_horizontal_length_tablet=&#8220;0px&#8220; text_shadow_vertical_length_tablet=&#8220;0px&#8220; text_shadow_blur_strength_tablet=&#8220;1px&#8220; global_module=&#8220;204&#8243; saved_tabs=&#8220;all&#8220; global_colors_info=&#8220;{}&#8220; sticky_enabled=&#8220;0&#8243; title=&#8220;Markenanmeldung in Frankfurt am Main&#8220; admin_label=&#8220;Modul Absatztext mit \u00dcberschrift H3&#8243;]<\/p>\n<h3 class=\"text-text-100 mt-2 -mb-1 text-base font-bold\">Qu&#039;est-ce qu&#039;une marque ?<\/h3>\n<p class=\"font-claude-response-body break-words whitespace-normal leading-[1.7]\">Une marque de commerce sert \u00e0 distinguer les produits et services d&#039;une entreprise de ceux de ses concurrents. Elle peut \u00eatre prot\u00e9g\u00e9e sous la forme d&#039;un logo, d&#039;un nom, d&#039;une raison sociale ou d&#039;une suite de caract\u00e8res. Les droits de marque sont \u00e9galement appel\u00e9s propri\u00e9t\u00e9 intellectuelle.<\/p>\n<p class=\"font-claude-response-body break-words whitespace-normal leading-[1.7]\">L\u2019enregistrement d\u2019une marque conf\u00e8re \u00e0 son propri\u00e9taire des droits de monopole. C\u2019est comparable \u00e0 la propri\u00e9t\u00e9 de quelque chose. Le titulaire de la marque peut interdire \u00e0 des tiers d&#039;utiliser sa marque pour les produits et\/ou services enregistr\u00e9s dans le cadre d&#039;activit\u00e9s commerciales.<\/p>\n<h3 class=\"text-text-100 mt-2 -mb-1 text-base font-bold\">Les types de marques les plus courants comprennent :<\/h3>\n<ul class=\"[li_&amp;]:mb-0 [li_&amp;]:mt-1.5 [li_&amp;]:gap-1.5 [&amp;:not(:last-child)_ul]:pb-1 [&amp;:not(:last-child)_ol]:pb-1 list-disc flex flex-col gap-2 pl-8 mb-3\">\n<li class=\"whitespace-normal break-words pl-2\">mots-symboles<\/li>\n<li class=\"whitespace-normal break-words pl-2\">Marques verbales\/figuratives<\/li>\n<li class=\"whitespace-normal break-words pl-2\">marques figuratives<\/li>\n<li class=\"whitespace-normal break-words pl-2\">Marques sonores et marques de couleur<\/li>\n<\/ul>\n<p class=\"font-claude-response-body break-words whitespace-normal leading-[1.7]\">Le propri\u00e9taire d&#039;une telle marque peut en faire ce qu&#039;il veut : l&#039;utiliser, la conc\u00e9der sous licence ou la vendre.<\/p>\n<h3 class=\"text-text-100 mt-2 -mb-1 text-base font-bold\">Qu&#039;est-ce que j&#039;examine, en tant qu&#039;avocat sp\u00e9cialis\u00e9 en marques de commerce ?<\/h3>\n<p class=\"font-claude-response-body break-words whitespace-normal leading-[1.7]\">En tant qu&#039;avocat sp\u00e9cialis\u00e9 en marques de commerce, je vous aiderai tout d&#039;abord \u00e0 examiner votre projet de demande d&#039;enregistrement de marque.<\/p>\n<p class=\"font-claude-response-body break-words whitespace-normal leading-[1.7]\">Avant toute chose, un examen attentif de la possibilit\u00e9 d&#039;enregistrer la marque et une recherche d&#039;ant\u00e9riorit\u00e9s sont indispensables. En effet, l&#039;Office allemand des brevets et des marques (DPMA), par exemple, ne v\u00e9rifie pas si la marque porte atteinte aux droits de propri\u00e9t\u00e9 intellectuelle de tiers. Ces motifs de refus sont \u00e9galement appel\u00e9s motifs relatifs de refus.<\/p>\n<p class=\"font-claude-response-body break-words whitespace-normal leading-[1.7]\"><strong>Un avocat sp\u00e9cialis\u00e9 en droit des marques v\u00e9rifie :<\/strong><\/p>\n<ul class=\"[li_&amp;]:mb-0 [li_&amp;]:mt-1.5 [li_&amp;]:gap-1.5 [&amp;:not(:last-child)_ul]:pb-1 [&amp;:not(:last-child)_ol]:pb-1 list-disc flex flex-col gap-2 pl-8 mb-3\">\n<li class=\"whitespace-normal break-words pl-2\">L&#039;existence d&#039;obstacles absolus \u00e0 la protection<\/li>\n<li class=\"whitespace-normal break-words pl-2\">Le conflit des barri\u00e8res relatives \u00e0 la protection<\/li>\n<\/ul>\n<p class=\"font-claude-response-body break-words whitespace-normal leading-[1.7]\"><strong>Un avocat sp\u00e9cialis\u00e9 en marques de commerce peut vous conseiller\u00a0:<\/strong><\/p>\n<ul class=\"[li_&amp;]:mb-0 [li_&amp;]:mt-1.5 [li_&amp;]:gap-1.5 [&amp;:not(:last-child)_ul]:pb-1 [&amp;:not(:last-child)_ol]:pb-1 list-disc flex flex-col gap-2 pl-8 mb-3\">\n<li class=\"whitespace-normal break-words pl-2\">Lors de la recherche du type de marque\/strat\u00e9gie de marque appropri\u00e9(e)<\/li>\n<li class=\"whitespace-normal break-words pl-2\">Lors de l&#039;\u00e9laboration d&#039;une liste de biens et services<\/li>\n<\/ul>\n<p>[\/et_pb_blurb][et_pb_blurb content_max_width=&#8220;100%&#8220; _builder_version=&#8220;4.27.5&#8243; header_level=&#8220;h3&#8243; header_font_size=&#8220;27px&#8220; header_line_height=&#8220;1.3em&#8220; body_font_size=&#8220;16&#8243; body_line_height=&#8220;1.3em&#8220; custom_margin=&#8220;||45px|&#8220; hover_enabled=&#8220;0&#8243; header_font_size_tablet=&#8220;&#8220; header_font_size_phone=&#8220;18&#8243; header_font_size_last_edited=&#8220;on|phone&#8220; z_index_tablet=&#8220;500&#8243; header_text_shadow_horizontal_length_tablet=&#8220;0px&#8220; header_text_shadow_vertical_length_tablet=&#8220;0px&#8220; header_text_shadow_blur_strength_tablet=&#8220;1px&#8220; body_text_shadow_horizontal_length_tablet=&#8220;0px&#8220; body_text_shadow_vertical_length_tablet=&#8220;0px&#8220; body_text_shadow_blur_strength_tablet=&#8220;1px&#8220; body_link_text_shadow_horizontal_length_tablet=&#8220;0px&#8220; body_link_text_shadow_vertical_length_tablet=&#8220;0px&#8220; body_link_text_shadow_blur_strength_tablet=&#8220;1px&#8220; body_ul_text_shadow_horizontal_length_tablet=&#8220;0px&#8220; body_ul_text_shadow_vertical_length_tablet=&#8220;0px&#8220; body_ul_text_shadow_blur_strength_tablet=&#8220;1px&#8220; body_ol_text_shadow_horizontal_length_tablet=&#8220;0px&#8220; body_ol_text_shadow_vertical_length_tablet=&#8220;0px&#8220; body_ol_text_shadow_blur_strength_tablet=&#8220;1px&#8220; body_quote_text_shadow_horizontal_length_tablet=&#8220;0px&#8220; body_quote_text_shadow_vertical_length_tablet=&#8220;0px&#8220; body_quote_text_shadow_blur_strength_tablet=&#8220;1px&#8220; box_shadow_horizontal_tablet=&#8220;0px&#8220; box_shadow_vertical_tablet=&#8220;0px&#8220; box_shadow_blur_tablet=&#8220;40px&#8220; box_shadow_spread_tablet=&#8220;0px&#8220; box_shadow_horizontal_image_tablet=&#8220;0px&#8220; box_shadow_vertical_image_tablet=&#8220;0px&#8220; box_shadow_blur_image_tablet=&#8220;40px&#8220; box_shadow_spread_image_tablet=&#8220;0px&#8220; text_shadow_horizontal_length_tablet=&#8220;0px&#8220; text_shadow_vertical_length_tablet=&#8220;0px&#8220; text_shadow_blur_strength_tablet=&#8220;1px&#8220; global_module=&#8220;204&#8243; saved_tabs=&#8220;all&#8220; global_colors_info=&#8220;{}&#8220; sticky_enabled=&#8220;0&#8243; title=&#8220;Ihre eigene Marke zum Festpreis:&#8220; admin_label=&#8220;Modul Absatztext mit \u00dcberschrift H3&#8243;]<\/p>\n<p><a href=\"https:\/\/www.renz-recht.de\/fr\/domaines-juridiques\/droit-des-marques\/enregistrement-de-marque-a-prix-fixe\/\" class=\"button\">Cliquez ici pour l&#039;enregistrement de votre marque \u00e0 un prix fixe<\/a><\/p>\n<p>[\/et_pb_blurb][et_pb_blurb title=&#8220;Verteidigung gegen markenrechtliche Abmahnungen in Frankfurt am Main&#8220; content_max_width=&#8220;100%&#8220; _builder_version=&#8220;4.27.5&#8243; header_level=&#8220;h2&#8243; header_font_size=&#8220;36&#8243; header_line_height=&#8220;1.3em&#8220; body_font_size=&#8220;16&#8243; body_line_height=&#8220;1.2em&#8220; custom_margin=&#8220;||23px|||&#8220; custom_margin_tablet=&#8220;||6%|&#8220; custom_margin_phone=&#8220;&#8220; custom_margin_last_edited=&#8220;on|phone&#8220; custom_padding=&#8220;||0px||false|false&#8220; header_font_size_tablet=&#8220;&#8220; header_font_size_phone=&#8220;27&#8243; header_font_size_last_edited=&#8220;on|phone&#8220; z_index_tablet=&#8220;500&#8243; custom_css_blurb_title=&#8220;margin-bottom: 9px;&#8220; custom_css_blurb_content=&#8220;margin-bottom: 27px;&#8220; header_text_shadow_horizontal_length_tablet=&#8220;0px&#8220; header_text_shadow_vertical_length_tablet=&#8220;0px&#8220; header_text_shadow_blur_strength_tablet=&#8220;1px&#8220; body_text_shadow_horizontal_length_tablet=&#8220;0px&#8220; body_text_shadow_vertical_length_tablet=&#8220;0px&#8220; body_text_shadow_blur_strength_tablet=&#8220;1px&#8220; body_link_text_shadow_horizontal_length_tablet=&#8220;0px&#8220; body_link_text_shadow_vertical_length_tablet=&#8220;0px&#8220; body_link_text_shadow_blur_strength_tablet=&#8220;1px&#8220; body_ul_text_shadow_horizontal_length_tablet=&#8220;0px&#8220; body_ul_text_shadow_vertical_length_tablet=&#8220;0px&#8220; body_ul_text_shadow_blur_strength_tablet=&#8220;1px&#8220; body_ol_text_shadow_horizontal_length_tablet=&#8220;0px&#8220; body_ol_text_shadow_vertical_length_tablet=&#8220;0px&#8220; body_ol_text_shadow_blur_strength_tablet=&#8220;1px&#8220; body_quote_text_shadow_horizontal_length_tablet=&#8220;0px&#8220; body_quote_text_shadow_vertical_length_tablet=&#8220;0px&#8220; body_quote_text_shadow_blur_strength_tablet=&#8220;1px&#8220; box_shadow_horizontal_tablet=&#8220;0px&#8220; box_shadow_vertical_tablet=&#8220;0px&#8220; box_shadow_blur_tablet=&#8220;40px&#8220; box_shadow_spread_tablet=&#8220;0px&#8220; box_shadow_horizontal_image_tablet=&#8220;0px&#8220; box_shadow_vertical_image_tablet=&#8220;0px&#8220; box_shadow_blur_image_tablet=&#8220;40px&#8220; box_shadow_spread_image_tablet=&#8220;0px&#8220; text_shadow_horizontal_length_tablet=&#8220;0px&#8220; text_shadow_vertical_length_tablet=&#8220;0px&#8220; text_shadow_blur_strength_tablet=&#8220;1px&#8220; global_module=&#8220;202&#8243; saved_tabs=&#8220;all&#8220; global_colors_info=&#8220;{}&#8220;]<\/p>\n<p class=\"font-claude-response-body break-words whitespace-normal leading-[1.7]\">L&#039;utilisation non autoris\u00e9e d&#039;une marque d\u00e9pos\u00e9e peut rapidement s&#039;av\u00e9rer tr\u00e8s co\u00fbteuse. Dans les litiges relatifs aux marques, le montant en jeu d\u00e9passe rarement 50\u00a0000\u00a0\u20ac, ce qui s&#039;explique souvent par l&#039;int\u00e9r\u00eat \u00e9conomique consid\u00e9rable que repr\u00e9sente la protection de la marque.<\/p>\n<p class=\"font-claude-response-body break-words whitespace-normal leading-[1.7]\">L&#039;objectif principal de la proc\u00e9dure est d&#039;obtenir une injonction. Celle-ci est formul\u00e9e \u00e0 l&#039;amiable, par le biais d&#039;une mise en demeure. Ces lettres sont rarement annonc\u00e9es \u00e0 l&#039;avance et leurs destinataires sont souvent pris au d\u00e9pourvu. Toutes les mises en demeure ne sont pas justifi\u00e9es\u00a0; les personnes concern\u00e9es sont g\u00e9n\u00e9ralement incapables de l&#039;\u00e9valuer correctement par elles-m\u00eames. Il est donc essentiel de consulter un avocat, car tant l&#039;exp\u00e9diteur que le destinataire de la mise en demeure peuvent commettre des erreurs aux cons\u00e9quences potentiellement tr\u00e8s co\u00fbteuses.<\/p>\n<h3 class=\"text-text-100 mt-2 -mb-1 text-base font-bold\">Avertissement relatif \u00e0 la contrefa\u00e7on de marque \u2013 Qu\u2019est-ce que c\u2019est\u00a0?<\/h3>\n<p class=\"font-claude-response-body break-words whitespace-normal leading-[1.7]\">Une mise en demeure permet de faire valoir le droit \u00e0 une injonction extrajudiciaire. Ce droit d\u00e9coule g\u00e9n\u00e9ralement des articles 14 et 15 de la loi allemande sur les marques (MarkenG). De nombreux actes de contrefa\u00e7on sont susceptibles d&#039;\u00eatre commis. Par exemple, la publicit\u00e9 ou la vente d&#039;un produit peut constituer une contrefa\u00e7on.<\/p>\n<p class=\"font-claude-response-body break-words whitespace-normal leading-[1.7]\">Le titulaire de la marque envoie une mise en demeure au contrefacteur, l&#039;informant de la contrefa\u00e7on. Il fixe g\u00e9n\u00e9ralement un d\u00e9lai tr\u00e8s court, les questions de marques \u00e9tant souvent urgentes. Le titulaire exige une d\u00e9claration juridiquement contraignante de s&#039;abstenir de toute nouvelle contrefa\u00e7on et demande souvent des informations au contrefacteur pr\u00e9sum\u00e9. De plus, il r\u00e9clame le remboursement des frais de justice et\/ou des dommages et int\u00e9r\u00eats.<\/p>\n<p class=\"font-claude-response-body break-words whitespace-normal leading-[1.7]\">Quiconque re\u00e7oit un avertissement l\u00e9gitime doit en supporter les frais. Il convient donc de toujours v\u00e9rifier soigneusement si l\u2019avertissement est justifi\u00e9.<\/p>\n<h2 class=\"text-text-100 mt-3 -mb-1 text-[1.125rem] font-bold\">Action contre les contrefa\u00e7ons de marques<\/h2>\n<p class=\"font-claude-response-body break-words whitespace-normal leading-[1.7]\">Votre marque est-elle contrefaite\u00a0? En tant que titulaire de marque, vous avez le droit et le devoir d\u2019agir en cas de contrefa\u00e7on. Je vous accompagnerai dans la d\u00e9fense de vos droits, que ce soit \u00e0 l\u2019amiable ou devant les tribunaux.<\/p>\n<p class=\"font-claude-response-body break-words whitespace-normal leading-[1.7]\">Un contrat de licence de marque permet le transfert des droits d&#039;utilisation. Le titulaire de la marque peut ainsi autoriser des tiers \u00e0 l&#039;utiliser. L&#039;\u00e9tendue des droits transf\u00e9r\u00e9s doit \u00eatre pr\u00e9cis\u00e9ment d\u00e9finie.<\/p>\n<p class=\"font-claude-response-body break-words whitespace-normal leading-[1.7]\"><strong>Le contrat pr\u00e9cise par exemple :<\/strong><\/p>\n<ul class=\"[li_&amp;]:mb-0 [li_&amp;]:mt-1.5 [li_&amp;]:gap-1.5 [&amp;:not(:last-child)_ul]:pb-1 [&amp;:not(:last-child)_ol]:pb-1 list-disc flex flex-col gap-2 pl-8 mb-3\">\n<li class=\"whitespace-normal break-words pl-2\">Propri\u00e9taires\/conc\u00e9dants et licenci\u00e9s de marques<\/li>\n<li class=\"whitespace-normal break-words pl-2\">Informations sur la marque, le statut juridique, le num\u00e9ro d&#039;enregistrement, etc.<\/li>\n<li class=\"whitespace-normal break-words pl-2\">Biens et services prot\u00e9g\u00e9s, objet du contrat<\/li>\n<li class=\"whitespace-normal break-words pl-2\">Type de licence (exclusive ou simple)<\/li>\n<li class=\"whitespace-normal break-words pl-2\">Limitations d&#039;ordre spatial, temporel et de contenu<\/li>\n<li class=\"whitespace-normal break-words pl-2\">Normes de qualit\u00e9<\/li>\n<li class=\"whitespace-normal break-words pl-2\">Frais de licence<\/li>\n<li class=\"whitespace-normal break-words pl-2\">Clauses de confidentialit\u00e9<\/li>\n<\/ul>\n<p>[\/et_pb_blurb][et_pb_image src=&#8220;https:\/\/www.renz-recht.de\/wp-content\/uploads\/2020\/02\/renz-Anwalt-scaled.jpg&#8220; title_text=&#8220;renz Anwalt&#8220; _builder_version=&#8220;4.27.5&#8243; _module_preset=&#8220;default&#8220; global_colors_info=&#8220;{}&#8220;][\/et_pb_image][et_pb_blurb title=&#8220;\u00dcber Rechtsanw\u00e4ltin Anne-Kathrin Renz&#8220; content_max_width=&#8220;100%&#8220; admin_label=&#8220;Modul Absatztext mit \u00dcberschrift H3&#8243; _builder_version=&#8220;4.27.5&#8243; header_level=&#8220;h3&#8243; header_font_size=&#8220;27px&#8220; header_line_height=&#8220;1.3em&#8220; body_font_size=&#8220;16&#8243; body_line_height=&#8220;1.3em&#8220; custom_margin=&#8220;||45px|&#8220; hover_enabled=&#8220;0&#8243; header_font_size_tablet=&#8220;&#8220; header_font_size_phone=&#8220;18&#8243; header_font_size_last_edited=&#8220;on|phone&#8220; z_index_tablet=&#8220;500&#8243; header_text_shadow_horizontal_length_tablet=&#8220;0px&#8220; header_text_shadow_vertical_length_tablet=&#8220;0px&#8220; header_text_shadow_blur_strength_tablet=&#8220;1px&#8220; body_text_shadow_horizontal_length_tablet=&#8220;0px&#8220; body_text_shadow_vertical_length_tablet=&#8220;0px&#8220; body_text_shadow_blur_strength_tablet=&#8220;1px&#8220; body_link_text_shadow_horizontal_length_tablet=&#8220;0px&#8220; body_link_text_shadow_vertical_length_tablet=&#8220;0px&#8220; body_link_text_shadow_blur_strength_tablet=&#8220;1px&#8220; body_ul_text_shadow_horizontal_length_tablet=&#8220;0px&#8220; body_ul_text_shadow_vertical_length_tablet=&#8220;0px&#8220; body_ul_text_shadow_blur_strength_tablet=&#8220;1px&#8220; body_ol_text_shadow_horizontal_length_tablet=&#8220;0px&#8220; body_ol_text_shadow_vertical_length_tablet=&#8220;0px&#8220; body_ol_text_shadow_blur_strength_tablet=&#8220;1px&#8220; body_quote_text_shadow_horizontal_length_tablet=&#8220;0px&#8220; body_quote_text_shadow_vertical_length_tablet=&#8220;0px&#8220; body_quote_text_shadow_blur_strength_tablet=&#8220;1px&#8220; box_shadow_horizontal_tablet=&#8220;0px&#8220; box_shadow_vertical_tablet=&#8220;0px&#8220; box_shadow_blur_tablet=&#8220;40px&#8220; box_shadow_spread_tablet=&#8220;0px&#8220; box_shadow_horizontal_image_tablet=&#8220;0px&#8220; box_shadow_vertical_image_tablet=&#8220;0px&#8220; box_shadow_blur_image_tablet=&#8220;40px&#8220; box_shadow_spread_image_tablet=&#8220;0px&#8220; text_shadow_horizontal_length_tablet=&#8220;0px&#8220; text_shadow_vertical_length_tablet=&#8220;0px&#8220; text_shadow_blur_strength_tablet=&#8220;1px&#8220; global_module=&#8220;204&#8243; saved_tabs=&#8220;all&#8220; global_colors_info=&#8220;{}&#8220; sticky_enabled=&#8220;0&#8243;]<\/p>\n<p class=\"font-claude-response-body break-words whitespace-normal leading-[1.7]\">En tant qu&#039;avocat sp\u00e9cialis\u00e9 en propri\u00e9t\u00e9 intellectuelle et en droit des technologies de l&#039;information, je comprends l&#039;importance d&#039;examiner chaque cas individuellement, contrairement \u00e0 la pr\u00e9dominance croissante des dossiers standardis\u00e9s. Plus particuli\u00e8rement en mati\u00e8re de droit des marques, j&#039;ai pu constater tout au long de ma carri\u00e8re l&#039;impact consid\u00e9rable qu&#039;une gestion rigoureuse des marques peut avoir sur la r\u00e9ussite \u00e0 long terme d&#039;une entreprise.<\/p>\n<p class=\"font-claude-response-body break-words whitespace-normal leading-[1.7]\">D\u00e8s le d\u00e9but de ma carri\u00e8re, j&#039;ai compris l&#039;importance d&#039;une marque forte et de qualit\u00e9 pour la r\u00e9ussite \u00e9conomique et j&#039;ai d\u00e9velopp\u00e9 une profonde fascination pour ce qu&#039;on appelle l&#039;amour de la marque.<\/p>\n<p class=\"font-claude-response-body break-words whitespace-normal leading-[1.7]\">Beaucoup font l&#039;erreur de croire qu&#039;une bonne id\u00e9e suffit, mais des outils marketing adapt\u00e9s sont indispensables pour la p\u00e9renniser. Un m\u00eame produit peut \u00eatre per\u00e7u et re\u00e7u diff\u00e9remment selon la marque et la strat\u00e9gie marketing.<\/p>\n<p class=\"font-claude-response-body break-words whitespace-normal leading-[1.7]\">Lier sa marque \u00e0 sa personnalit\u00e9 et \u00e0 sa passion, et la prot\u00e9ger pour assurer son succ\u00e8s \u00e0 long terme, est une question qui me tient \u00e0 c\u0153ur et qui est la raison de ma r\u00e9ussite professionnelle.<\/p>\n<h3 class=\"text-text-100 mt-2 -mb-1 text-base font-bold\">Mes qualifications :<\/h3>\n<ul class=\"[li_&amp;]:mb-0 [li_&amp;]:mt-1.5 [li_&amp;]:gap-1.5 [&amp;:not(:last-child)_ul]:pb-1 [&amp;:not(:last-child)_ol]:pb-1 list-disc flex flex-col gap-2 pl-8 mb-3\">\n<li class=\"whitespace-normal break-words pl-2\">Je travaille comme consultant et comme avocat plaideur.<\/li>\n<li class=\"whitespace-normal break-words pl-2\">Vaste exp\u00e9rience de conseil dans le domaine des nouveaux m\u00e9dias<\/li>\n<li class=\"whitespace-normal break-words pl-2\">Travailler en droit informatique, droit des contrats informatiques<\/li>\n<li class=\"whitespace-normal break-words pl-2\">Focus sur le commerce \u00e9lectronique et la propri\u00e9t\u00e9 intellectuelle<\/li>\n<li class=\"whitespace-normal break-words pl-2\">D\u00e9l\u00e9gu\u00e9 \u00e0 la protection des donn\u00e9es certifi\u00e9<\/li>\n<li class=\"whitespace-normal break-words pl-2\">Longue exp\u00e9rience en tant que conf\u00e9rencier dans le domaine du droit des technologies de l&#039;information et du droit de la propri\u00e9t\u00e9 intellectuelle<\/li>\n<li class=\"whitespace-normal break-words pl-2\">Langues \u00e9trang\u00e8res : anglais, fran\u00e7ais<\/li>\n<li class=\"whitespace-normal break-words pl-2\">Membre du GRUR<\/li>\n<li class=\"whitespace-normal break-words pl-2\">Membre du r\u00e9seau IP-Coster<\/li>\n<\/ul>\n<p class=\"font-claude-response-body break-words whitespace-normal leading-[1.7]\">Le cabinet d&#039;avocats Renz Recht a son si\u00e8ge principal \u00e0 Sarrebruck et une succursale \u00e0 Francfort-sur-le-Main. De l\u00e0, il conseille des clients dans toute l&#039;Allemagne et \u00e0 l&#039;\u00e9tranger.<\/p>\n<p>[\/et_pb_blurb][et_pb_text _builder_version=&#8220;4.27.5&#8243; _module_preset=&#8220;default&#8220; global_colors_info=&#8220;{}&#8220;]<\/p>\n<h2>Foire aux questions \u2013 Droit des marques<\/h2>\n<p>[\/et_pb_text][et_pb_accordion _builder_version=&#8220;4.27.5&#8243; _module_preset=&#8220;default&#8220; global_colors_info=&#8220;{}&#8220;][et_pb_accordion_item title=&#8220;Wie lange dauert eine Markenanmeldung?&#8220; open=&#8220;on&#8220; _builder_version=&#8220;4.27.5&#8243; _module_preset=&#8220;default&#8220; global_colors_info=&#8220;{}&#8220;]<\/p>\n<p>Le d\u00e9lai de traitement aupr\u00e8s de l&#039;Office allemand des brevets et des marques est g\u00e9n\u00e9ralement de plusieurs mois. La dur\u00e9e exacte d\u00e9pend de chaque cas.<\/p>\n<p>[\/et_pb_accordion_item][et_pb_accordion_item title=&#8220;Was passiert bei einer Abmahnung?&#8220; _builder_version=&#8220;4.27.5&#8243; _module_preset=&#8220;default&#8220; global_colors_info=&#8220;{}&#8220; open=&#8220;off&#8220;]<\/p>\n<p>Ne signez rien \u00e0 la h\u00e2te\u00a0! Contactez-moi imm\u00e9diatement. La premi\u00e8re consultation est gratuite et j\u2019\u00e9valuerai vos chances.<\/p>\n<p>[\/et_pb_accordion_item][et_pb_accordion_item title=&#8220;Kann ich auch eine bereits bestehende Marke pr\u00fcfen lassen?&#8220; _builder_version=&#8220;4.27.5&#8243; _module_preset=&#8220;default&#8220; global_colors_info=&#8220;{}&#8220; open=&#8220;off&#8220;]<\/p>\n<p>Bien s\u00fbr. Je r\u00e9alise des recherches approfondies en mati\u00e8re de marques et v\u00e9rifie si des droits de propri\u00e9t\u00e9 intellectuelle de tiers pourraient \u00eatre enfreints.<\/p>\n<p>[\/et_pb_accordion_item][et_pb_accordion_item title=&#8220;Beraten Sie auch au\u00dferhalb von Frankfurt am Main?&#8220; _builder_version=&#8220;4.27.5&#8243; _module_preset=&#8220;default&#8220; global_colors_info=&#8220;{}&#8220; open=&#8220;off&#8220;]<\/p>\n<p>Oui, je conseille des clients dans toute l&#039;Allemagne et \u00e0 l&#039;\u00e9tranger.<\/p>\n<p>[\/et_pb_accordion_item][\/et_pb_accordion][et_pb_blurb title=&#8220;Rechtsanw\u00e4ltin Markenrecht Frankfurt am Main \u2013 Ihr Partner f\u00fcr starken Markenschutz&#8220; content_max_width=&#8220;100%&#8220; _builder_version=&#8220;4.27.5&#8243; header_level=&#8220;h2&#8243; header_font_size=&#8220;36&#8243; header_line_height=&#8220;1.3em&#8220; body_font_size=&#8220;16&#8243; body_line_height=&#8220;1.2em&#8220; custom_margin=&#8220;||23px|||&#8220; custom_margin_tablet=&#8220;||6%|&#8220; custom_margin_phone=&#8220;&#8220; custom_margin_last_edited=&#8220;on|phone&#8220; custom_padding=&#8220;||0px||false|false&#8220; header_font_size_tablet=&#8220;&#8220; header_font_size_phone=&#8220;27&#8243; header_font_size_last_edited=&#8220;on|phone&#8220; z_index_tablet=&#8220;500&#8243; custom_css_blurb_title=&#8220;margin-bottom: 9px;&#8220; custom_css_blurb_content=&#8220;margin-bottom: 27px;&#8220; header_text_shadow_horizontal_length_tablet=&#8220;0px&#8220; header_text_shadow_vertical_length_tablet=&#8220;0px&#8220; header_text_shadow_blur_strength_tablet=&#8220;1px&#8220; body_text_shadow_horizontal_length_tablet=&#8220;0px&#8220; body_text_shadow_vertical_length_tablet=&#8220;0px&#8220; body_text_shadow_blur_strength_tablet=&#8220;1px&#8220; body_link_text_shadow_horizontal_length_tablet=&#8220;0px&#8220; body_link_text_shadow_vertical_length_tablet=&#8220;0px&#8220; body_link_text_shadow_blur_strength_tablet=&#8220;1px&#8220; body_ul_text_shadow_horizontal_length_tablet=&#8220;0px&#8220; body_ul_text_shadow_vertical_length_tablet=&#8220;0px&#8220; body_ul_text_shadow_blur_strength_tablet=&#8220;1px&#8220; body_ol_text_shadow_horizontal_length_tablet=&#8220;0px&#8220; body_ol_text_shadow_vertical_length_tablet=&#8220;0px&#8220; body_ol_text_shadow_blur_strength_tablet=&#8220;1px&#8220; body_quote_text_shadow_horizontal_length_tablet=&#8220;0px&#8220; body_quote_text_shadow_vertical_length_tablet=&#8220;0px&#8220; body_quote_text_shadow_blur_strength_tablet=&#8220;1px&#8220; box_shadow_horizontal_tablet=&#8220;0px&#8220; box_shadow_vertical_tablet=&#8220;0px&#8220; box_shadow_blur_tablet=&#8220;40px&#8220; box_shadow_spread_tablet=&#8220;0px&#8220; box_shadow_horizontal_image_tablet=&#8220;0px&#8220; box_shadow_vertical_image_tablet=&#8220;0px&#8220; box_shadow_blur_image_tablet=&#8220;40px&#8220; box_shadow_spread_image_tablet=&#8220;0px&#8220; text_shadow_horizontal_length_tablet=&#8220;0px&#8220; text_shadow_vertical_length_tablet=&#8220;0px&#8220; text_shadow_blur_strength_tablet=&#8220;1px&#8220; global_module=&#8220;202&#8243; saved_tabs=&#8220;all&#8220; global_colors_info=&#8220;{}&#8220;]<\/p>\n<p class=\"font-claude-response-body break-words whitespace-normal leading-[1.7]\">Francfort-sur-le-Main est un p\u00f4le \u00e9conomique majeur, caract\u00e9ris\u00e9 par un dynamisme et une concurrence internationale intenses. Pour y r\u00e9ussir, il ne suffit pas d&#039;avoir de bonnes id\u00e9es\u00a0: il faut une s\u00e9curit\u00e9 juridique et un partenaire qui d\u00e9fende syst\u00e9matiquement leurs int\u00e9r\u00eats.<\/p>\n<p class=\"font-claude-response-body break-words whitespace-normal leading-[1.7]\">En tant qu&#039;avocat sp\u00e9cialis\u00e9 en marques de commerce, je vous offre des conseils personnalis\u00e9s, une solide expertise et une volont\u00e9 in\u00e9branlable de renforcer et de prot\u00e9ger votre marque.<\/p>\n<p class=\"font-claude-response-body break-words whitespace-normal leading-[1.7]\"><strong>Travaillons ensemble pour votre r\u00e9ussite.<\/strong><\/p>\n<p>[\/et_pb_blurb][et_pb_blurb content_max_width=&#8220;100%&#8220; _builder_version=&#8220;4.27.5&#8243; header_level=&#8220;h3&#8243; header_font_size=&#8220;27px&#8220; header_line_height=&#8220;1.3em&#8220; body_font_size=&#8220;16&#8243; body_line_height=&#8220;1.3em&#8220; custom_margin=&#8220;||45px|&#8220; hover_enabled=&#8220;0&#8243; header_font_size_tablet=&#8220;&#8220; header_font_size_phone=&#8220;18&#8243; header_font_size_last_edited=&#8220;on|phone&#8220; z_index_tablet=&#8220;500&#8243; header_text_shadow_horizontal_length_tablet=&#8220;0px&#8220; header_text_shadow_vertical_length_tablet=&#8220;0px&#8220; header_text_shadow_blur_strength_tablet=&#8220;1px&#8220; body_text_shadow_horizontal_length_tablet=&#8220;0px&#8220; body_text_shadow_vertical_length_tablet=&#8220;0px&#8220; body_text_shadow_blur_strength_tablet=&#8220;1px&#8220; body_link_text_shadow_horizontal_length_tablet=&#8220;0px&#8220; body_link_text_shadow_vertical_length_tablet=&#8220;0px&#8220; body_link_text_shadow_blur_strength_tablet=&#8220;1px&#8220; body_ul_text_shadow_horizontal_length_tablet=&#8220;0px&#8220; body_ul_text_shadow_vertical_length_tablet=&#8220;0px&#8220; body_ul_text_shadow_blur_strength_tablet=&#8220;1px&#8220; body_ol_text_shadow_horizontal_length_tablet=&#8220;0px&#8220; body_ol_text_shadow_vertical_length_tablet=&#8220;0px&#8220; body_ol_text_shadow_blur_strength_tablet=&#8220;1px&#8220; body_quote_text_shadow_horizontal_length_tablet=&#8220;0px&#8220; body_quote_text_shadow_vertical_length_tablet=&#8220;0px&#8220; body_quote_text_shadow_blur_strength_tablet=&#8220;1px&#8220; box_shadow_horizontal_tablet=&#8220;0px&#8220; box_shadow_vertical_tablet=&#8220;0px&#8220; box_shadow_blur_tablet=&#8220;40px&#8220; box_shadow_spread_tablet=&#8220;0px&#8220; box_shadow_horizontal_image_tablet=&#8220;0px&#8220; box_shadow_vertical_image_tablet=&#8220;0px&#8220; box_shadow_blur_image_tablet=&#8220;40px&#8220; box_shadow_spread_image_tablet=&#8220;0px&#8220; text_shadow_horizontal_length_tablet=&#8220;0px&#8220; text_shadow_vertical_length_tablet=&#8220;0px&#8220; text_shadow_blur_strength_tablet=&#8220;1px&#8220; global_module=&#8220;204&#8243; saved_tabs=&#8220;all&#8220; global_colors_info=&#8220;{}&#8220; sticky_enabled=&#8220;0&#8243; admin_label=&#8220;Modul Absatztext mit \u00dcberschrift H3&#8243;]<a href=\"https:\/\/www.renz-recht.de\/fr\/contact\/\" class=\"button\">Contactez-nous maintenant<\/a>[\/et_pb_blurb][\/et_pb_column][et_pb_column type=&#8220;1_3&#8243; _builder_version=&#8220;4.16&#8243; custom_padding=&#8220;|||&#8220; global_colors_info=&#8220;{}&#8220; custom_padding__hover=&#8220;|||&#8220;][et_pb_sidebar area=&#8220;cs-1&#8243; admin_label=&#8220;Sidebar Kategorien&#8220; module_class=&#8220;sidebar-menu&#8220; _builder_version=&#8220;4.22.1&#8243; header_font_size=&#8220;30&#8243; header_line_height=&#8220;1.2em&#8220; body_font_size=&#8220;16&#8243; background_color=&#8220;#26173a&#8220; background_size=&#8220;initial&#8220; background_repeat=&#8220;repeat&#8220; background_layout=&#8220;dark&#8220; custom_margin=&#8220;||45px|&#8220; custom_padding=&#8220;18px|18px|18px|18px&#8220; z_index_tablet=&#8220;500&#8243; header_text_shadow_horizontal_length_tablet=&#8220;0px&#8220; header_text_shadow_vertical_length_tablet=&#8220;0px&#8220; header_text_shadow_blur_strength_tablet=&#8220;1px&#8220; body_text_shadow_horizontal_length_tablet=&#8220;0px&#8220; body_text_shadow_vertical_length_tablet=&#8220;0px&#8220; body_text_shadow_blur_strength_tablet=&#8220;1px&#8220; box_shadow_horizontal_tablet=&#8220;0px&#8220; box_shadow_vertical_tablet=&#8220;0px&#8220; box_shadow_blur_tablet=&#8220;40px&#8220; box_shadow_spread_tablet=&#8220;0px&#8220; text_shadow_horizontal_length_tablet=&#8220;0px&#8220; text_shadow_vertical_length_tablet=&#8220;0px&#8220; text_shadow_blur_strength_tablet=&#8220;1px&#8220; global_module=&#8220;182&#8243; saved_tabs=&#8220;all&#8220; locked=&#8220;off&#8220; global_colors_info=&#8220;{}&#8220;][\/et_pb_sidebar][et_pb_blurb title=&#8220;Jetzt Rechtsberatung anfragen!&#8220; content_max_width=&#8220;100%&#8220; admin_label=&#8220;Sidebar Kontaktformular&#8220; _builder_version=&#8220;4.9.2&#8243; header_level=&#8220;h3&#8243; header_font_size=&#8220;30&#8243; header_line_height=&#8220;1.2em&#8220; background_color=&#8220;#26173a&#8220; background_layout=&#8220;dark&#8220; custom_padding=&#8220;18px|18px|18px|18px&#8220; header_font_size_tablet=&#8220;&#8220; header_font_size_phone=&#8220;21&#8243; header_font_size_last_edited=&#8220;on|phone&#8220; z_index_tablet=&#8220;500&#8243; custom_css_blurb_title=&#8220;margin-bottom:9px !important;&#8220; header_text_shadow_horizontal_length_tablet=&#8220;0px&#8220; header_text_shadow_vertical_length_tablet=&#8220;0px&#8220; header_text_shadow_blur_strength_tablet=&#8220;1px&#8220; body_text_shadow_horizontal_length_tablet=&#8220;0px&#8220; body_text_shadow_vertical_length_tablet=&#8220;0px&#8220; body_text_shadow_blur_strength_tablet=&#8220;1px&#8220; body_link_text_shadow_horizontal_length_tablet=&#8220;0px&#8220; body_link_text_shadow_vertical_length_tablet=&#8220;0px&#8220; body_link_text_shadow_blur_strength_tablet=&#8220;1px&#8220; body_ul_text_shadow_horizontal_length_tablet=&#8220;0px&#8220; body_ul_text_shadow_vertical_length_tablet=&#8220;0px&#8220; body_ul_text_shadow_blur_strength_tablet=&#8220;1px&#8220; body_ol_text_shadow_horizontal_length_tablet=&#8220;0px&#8220; body_ol_text_shadow_vertical_length_tablet=&#8220;0px&#8220; body_ol_text_shadow_blur_strength_tablet=&#8220;1px&#8220; body_quote_text_shadow_horizontal_length_tablet=&#8220;0px&#8220; body_quote_text_shadow_vertical_length_tablet=&#8220;0px&#8220; body_quote_text_shadow_blur_strength_tablet=&#8220;1px&#8220; box_shadow_horizontal_tablet=&#8220;0px&#8220; box_shadow_vertical_tablet=&#8220;0px&#8220; box_shadow_blur_tablet=&#8220;40px&#8220; box_shadow_spread_tablet=&#8220;0px&#8220; box_shadow_horizontal_image_tablet=&#8220;0px&#8220; box_shadow_vertical_image_tablet=&#8220;0px&#8220; box_shadow_blur_image_tablet=&#8220;40px&#8220; box_shadow_spread_image_tablet=&#8220;0px&#8220; text_shadow_horizontal_length_tablet=&#8220;0px&#8220; text_shadow_vertical_length_tablet=&#8220;0px&#8220; text_shadow_blur_strength_tablet=&#8220;1px&#8220; global_module=&#8220;181&#8243; saved_tabs=&#8220;all&#8220; locked=&#8220;off&#8220; global_colors_info=&#8220;{}&#8220;]<\/p>\n\n<div class=\"wpcf7 no-js\" id=\"wpcf7-f160-o1\" lang=\"de-DE\" dir=\"ltr\" data-wpcf7-id=\"160\">\n<div class=\"screen-reader-response\"><p role=\"status\" aria-live=\"polite\" aria-atomic=\"true\"><\/p> <ul><\/ul><\/div>\n<form action=\"\/fr\/wp-json\/wp\/v2\/pages\/3910#wpcf7-f160-o1\" method=\"post\" class=\"wpcf7-form init wpcf7-acceptance-as-validation\" aria-label=\"Formulaire de contact\" enctype=\"multipart\/form-data\" novalidate=\"novalidate\" data-status=\"init\" data-trp-original-action=\"\/fr\/wp-json\/wp\/v2\/pages\/3910#wpcf7-f160-o1\">\n<fieldset class=\"hidden-fields-container\"><input type=\"hidden\" name=\"_wpcf7\" value=\"160\" \/><input type=\"hidden\" name=\"_wpcf7_version\" value=\"6.1.4\" \/><input type=\"hidden\" name=\"_wpcf7_locale\" value=\"de_DE\" \/><input type=\"hidden\" name=\"_wpcf7_unit_tag\" value=\"wpcf7-f160-o1\" \/><input type=\"hidden\" name=\"_wpcf7_container_post\" value=\"0\" \/><input type=\"hidden\" name=\"_wpcf7_posted_data_hash\" value=\"\" \/>\n<\/fieldset>\n<p>Les champs obligatoires sont marqu\u00e9s d&#039;un *.\n<\/p>\n<div class=\"form-row\">\n\t<p><span class=\"wpcf7-form-control-wrap\" data-name=\"vorname\"><input size=\"40\" maxlength=\"400\" class=\"wpcf7-form-control wpcf7-text wpcf7-validates-as-required\" aria-required=\"true\" aria-invalid=\"false\" placeholder=\"Nom*\" value=\"\" type=\"text\" name=\"vorname\" \/><\/span>\n\t<\/p>\n<\/div>\n<div class=\"form-row\">\n\t<p><span class=\"wpcf7-form-control-wrap\" data-name=\"email\"><input size=\"40\" maxlength=\"400\" class=\"wpcf7-form-control wpcf7-email wpcf7-validates-as-required wpcf7-text wpcf7-validates-as-email\" aria-required=\"true\" aria-invalid=\"false\" placeholder=\"Adresse email*\" value=\"\" type=\"email\" name=\"email\" \/><\/span><span id=\"wpcf7-69f2a65e54fda-wrapper\" class=\"wpcf7-form-control-wrap website-wrap\" ><label for=\"wpcf7-69f2a65e54fda-field\" class=\"hp-message\">Veuillez laisser ce champ vide.<\/label><input id=\"wpcf7-69f2a65e54fda-field\"  class=\"wpcf7-form-control wpcf7-text\" type=\"text\" name=\"website\" value=\"\" size=\"40\" tabindex=\"-1\" autocomplete=\"new-password\" \/><\/span>\n\t<\/p>\n<\/div>\n<div class=\"form-row\">\n\t<p><span class=\"wpcf7-form-control-wrap\" data-name=\"phone\"><input size=\"40\" maxlength=\"400\" class=\"wpcf7-form-control wpcf7-tel wpcf7-text wpcf7-validates-as-tel\" aria-invalid=\"false\" placeholder=\"Num\u00e9ro de t\u00e9l\u00e9phone\" value=\"\" type=\"tel\" name=\"phone\" \/><\/span>\n\t<\/p>\n<\/div>\n<div class=\"form-row\">\n\t<p><span class=\"wpcf7-form-control-wrap\" data-name=\"upload\"><input size=\"40\" class=\"wpcf7-form-control wpcf7-file\" accept=\".pdf,.doc,.jpeg,.jpg,.png\" aria-invalid=\"false\" type=\"file\" name=\"upload\" \/><\/span>\n\t<\/p>\n<\/div>\n<div class=\"form-row\">\n\t<p><span class=\"wpcf7-form-control-wrap\" data-name=\"nachricht\"><textarea cols=\"40\" rows=\"10\" maxlength=\"2000\" class=\"wpcf7-form-control wpcf7-textarea wpcf7-validates-as-required\" aria-required=\"true\" aria-invalid=\"false\" placeholder=\"Votre message*\" name=\"nachricht\"><\/textarea><\/span>\n\t<\/p>\n<\/div>\n<div>\n\t<p><span class=\"wpcf7-form-control-wrap\" data-name=\"acceptance-737\"><span class=\"wpcf7-form-control wpcf7-acceptance\"><span class=\"wpcf7-list-item\"><label><input type=\"checkbox\" name=\"acceptance-737\" value=\"1\" aria-invalid=\"false\" \/><span class=\"wpcf7-list-item-label\">Vos donn\u00e9es seront utilis\u00e9es pour r\u00e9pondre \u00e0 votre demande. Vous pouvez vous opposer \u00e0 tout moment \u00e0 l&#039;utilisation de vos donn\u00e9es sans encourir d&#039;autres frais que les frais de transmission selon les tarifs de base de votre fournisseur Internet. Pour plus d&#039;informations, veuillez consulter le <a href=\"\/fr\/politique-de-confidentialite\/\">Politique de confidentialit\u00e9<\/a><\/span><\/label><\/span><\/span><\/span>\n\t<\/p>\n<\/div>\n<div class=\"form-row\">\n\t<p><button type=\"submit\" class=\"button wpcf7-submit\">Envoyer une demande<\/button>\n\t<\/p>\n<\/div><div class=\"wpcf7-response-output\" aria-hidden=\"true\"><\/div>\n<input type=\"hidden\" name=\"trp-form-language\" value=\"fr\"\/><\/form>\n<\/div>\n\n<p>[\/et_pb_blurb][\/et_pb_column][\/et_pb_row][\/et_pb_section][et_pb_section fb_built=&#8220;1&#8243; custom_padding_last_edited=&#8220;on|desktop&#8220; disabled_on=&#8220;on|on|on&#8220; _builder_version=&#8220;4.16&#8243; background_color=&#8220;#eeeeee&#8220; custom_padding=&#8220;90px||90px|&#8220; custom_padding_tablet=&#8220;9%||135px|&#8220; custom_padding_phone=&#8220;&#8220; disabled=&#8220;on&#8220; global_colors_info=&#8220;{}&#8220;][et_pb_row _builder_version=&#8220;4.16&#8243; custom_margin=&#8220;||45px|&#8220; custom_margin_tablet=&#8220;&#8220; custom_margin_phone=&#8220;&#8220; custom_margin_last_edited=&#8220;on|desktop&#8220; global_colors_info=&#8220;{}&#8220;][et_pb_column type=&#8220;4_4&#8243; _builder_version=&#8220;4.16&#8243; custom_padding=&#8220;|||&#8220; global_colors_info=&#8220;{}&#8220; custom_padding__hover=&#8220;|||&#8220;][et_pb_blurb title=&#8220;Aktuelles aus dem Markenrecht&#8220; url=&#8220;https:\/\/www.ip-coster.com\/&#8220; url_new_window=&#8220;on&#8220; content_max_width=&#8220;460px&#8220; admin_label=&#8220;Aktuelles&#8220; _builder_version=&#8220;4.23.1&#8243; header_level=&#8220;h2&#8243; text_orientation=&#8220;center&#8220; z_index_tablet=&#8220;500&#8243; header_text_shadow_horizontal_length_tablet=&#8220;0px&#8220; header_text_shadow_vertical_length_tablet=&#8220;0px&#8220; header_text_shadow_blur_strength_tablet=&#8220;1px&#8220; body_text_shadow_horizontal_length_tablet=&#8220;0px&#8220; body_text_shadow_vertical_length_tablet=&#8220;0px&#8220; body_text_shadow_blur_strength_tablet=&#8220;1px&#8220; body_link_text_shadow_horizontal_length_tablet=&#8220;0px&#8220; body_link_text_shadow_vertical_length_tablet=&#8220;0px&#8220; body_link_text_shadow_blur_strength_tablet=&#8220;1px&#8220; body_ul_text_shadow_horizontal_length_tablet=&#8220;0px&#8220; body_ul_text_shadow_vertical_length_tablet=&#8220;0px&#8220; body_ul_text_shadow_blur_strength_tablet=&#8220;1px&#8220; body_ol_text_shadow_horizontal_length_tablet=&#8220;0px&#8220; body_ol_text_shadow_vertical_length_tablet=&#8220;0px&#8220; body_ol_text_shadow_blur_strength_tablet=&#8220;1px&#8220; body_quote_text_shadow_horizontal_length_tablet=&#8220;0px&#8220; body_quote_text_shadow_vertical_length_tablet=&#8220;0px&#8220; body_quote_text_shadow_blur_strength_tablet=&#8220;1px&#8220; box_shadow_horizontal_tablet=&#8220;0px&#8220; box_shadow_vertical_tablet=&#8220;0px&#8220; box_shadow_blur_tablet=&#8220;40px&#8220; box_shadow_spread_tablet=&#8220;0px&#8220; box_shadow_horizontal_image_tablet=&#8220;0px&#8220; box_shadow_vertical_image_tablet=&#8220;0px&#8220; box_shadow_blur_image_tablet=&#8220;40px&#8220; box_shadow_spread_image_tablet=&#8220;0px&#8220; text_shadow_horizontal_length_tablet=&#8220;0px&#8220; text_shadow_vertical_length_tablet=&#8220;0px&#8220; text_shadow_blur_strength_tablet=&#8220;1px&#8220; global_module=&#8220;98&#8243; saved_tabs=&#8220;all&#8220; global_colors_info=&#8220;{}&#8220;]<\/p>\n<p>Ci-dessous, vous pouvez lire les articles actuels sur le droit des marques du blog de l&#039;avocat Renz.<\/p>\n<p>[\/et_pb_blurb][\/et_pb_column][\/et_pb_row][et_pb_row _builder_version=&#8220;4.16&#8243; custom_margin=&#8220;||45px|&#8220; custom_margin_tablet=&#8220;&#8220; custom_margin_phone=&#8220;&#8220; custom_margin_last_edited=&#8220;on|tablet&#8220; global_colors_info=&#8220;{}&#8220;][et_pb_column type=&#8220;4_4&#8243; _builder_version=&#8220;4.16&#8243; custom_padding=&#8220;|||&#8220; global_colors_info=&#8220;{}&#8220; custom_padding__hover=&#8220;|||&#8220;][et_pb_blog fullwidth=&#8220;off&#8220; posts_number=&#8220;3&#8243; include_categories=&#8220;27&#8243; show_more=&#8220;on&#8220; show_author=&#8220;off&#8220; show_date=&#8220;off&#8220; show_categories=&#8220;off&#8220; show_pagination=&#8220;off&#8220; masonry_tile_background_color=&#8220;#26173a&#8220; _builder_version=&#8220;3.18.9&#8243; header_level=&#8220;h3&#8243; header_text_color=&#8220;#ffffff&#8220; header_font_size=&#8220;24&#8243; body_text_color=&#8220;#ffffff&#8220; header_font_size_tablet=&#8220;&#8220; header_font_size_phone=&#8220;18&#8243; header_font_size_last_edited=&#8220;on|phone&#8220; body_font_size_tablet=&#8220;&#8220; body_font_size_phone=&#8220;12&#8243; body_font_size_last_edited=&#8220;on|phone&#8220; global_module=&#8220;183&#8243; saved_tabs=&#8220;all&#8220; global_colors_info=&#8220;{}&#8220;][\/et_pb_blog][\/et_pb_column][\/et_pb_row][et_pb_row _builder_version=&#8220;4.16&#8243; global_colors_info=&#8220;{}&#8220;][et_pb_column type=&#8220;4_4&#8243; _builder_version=&#8220;4.16&#8243; custom_padding=&#8220;|||&#8220; global_colors_info=&#8220;{}&#8220; custom_padding__hover=&#8220;|||&#8220;][et_pb_blurb admin_label=&#8220;Alle Beitr\u00e4ge ansehen&#8220; _builder_version=&#8220;4.16&#8243; header_level=&#8220;h3&#8243; header_font_size=&#8220;27&#8243; text_orientation=&#8220;center&#8220; global_colors_info=&#8220;{}&#8220;]<\/p>\n<p><a href=\"\/fr\/actuel\/\" class=\"link_underlined\">Voir tous les articles<\/a><\/p>\n<p>[\/et_pb_blurb][\/et_pb_column][\/et_pb_row][\/et_pb_section][et_pb_section fb_built=&#8220;1&#8243; custom_padding_last_edited=&#8220;on|tablet&#8220; admin_label=&#8220;Sektion Kontakt&#8220; _builder_version=&#8220;3.18.9&#8243; background_image=&#8220;https:\/\/www.renz-recht.de\/wp-content\/uploads\/2019\/02\/renz-pattern-bg.jpg&#8220; background_size=&#8220;initial&#8220; background_position=&#8220;top_left&#8220; background_repeat=&#8220;repeat&#8220; custom_padding=&#8220;45px|||&#8220; custom_padding_tablet=&#8220;0px||45px|&#8220; custom_padding_phone=&#8220;&#8220; global_module=&#8220;184&#8243; locked=&#8220;on&#8220; collapsed=&#8220;off&#8220; global_colors_info=&#8220;{}&#8220;][et_pb_row column_structure=&#8220;3_4,1_4&#8243; make_equal=&#8220;on&#8220; _builder_version=&#8220;4.16&#8243; width=&#8220;100%&#8220; max_width=&#8220;100%&#8220; make_fullwidth=&#8220;on&#8220; use_custom_width=&#8220;on&#8220; width_unit=&#8220;off&#8220; custom_width_percent=&#8220;100%&#8220; global_colors_info=&#8220;{}&#8220;][et_pb_column type=&#8220;3_4&#8243; _builder_version=&#8220;4.16&#8243; custom_padding=&#8220;|0px||&#8220; custom_padding_tablet=&#8220;|45px||&#8220; custom_padding_phone=&#8220;&#8220; custom_padding_last_edited=&#8220;on|tablet&#8220; global_colors_info=&#8220;{}&#8220; custom_padding__hover=&#8220;|||&#8220;][et_pb_image src=&#8220;https:\/\/www.renz-recht.de\/wp-content\/uploads\/2019\/02\/renz-contact-img.jpg&#8220; force_fullwidth=&#8220;on&#8220; align_tablet=&#8220;center&#8220; align_phone=&#8220;&#8220; align_last_edited=&#8220;on|desktop&#8220; admin_label=&#8220;Kontakt_Bild&#8220; _builder_version=&#8220;4.16&#8243; custom_margin=&#8220;||-45px|&#8220; custom_margin_tablet=&#8220;-45px||0px|&#8220; custom_margin_phone=&#8220;&#8220; custom_margin_last_edited=&#8220;on|tablet&#8220; animation_style=&#8220;slide&#8220; animation_direction=&#8220;left&#8220; custom_css_main_element=&#8220;-webkit-clip-path: polygon(0 0, 100% 0%, 75% 100%, 0% 100%);||clip-path: polygon(0 0, 100% 0%, 75% 100%, 0% 100%);&#8220; global_colors_info=&#8220;{}&#8220;][\/et_pb_image][\/et_pb_column][et_pb_column type=&#8220;1_4&#8243; _builder_version=&#8220;4.16&#8243; custom_padding=&#8220;|||&#8220; custom_css_main_element=&#8220;display: flex;||align-items: center;||justify-content: center;&#8220; global_colors_info=&#8220;{}&#8220; custom_padding__hover=&#8220;|||&#8220;][et_pb_blurb title=&#8220;Rufen Sie mich an oder schreiben Sie mir eine E-Mail! Der erste Kontakt ist immer kostenlos!&#8220; content_max_width=&#8220;460px&#8220; admin_label=&#8220;Rufen Sie mich an oder schreiben Sie mir&#8230;&#8220; _builder_version=&#8220;4.16&#8243; header_level=&#8220;h2&#8243; header_font_size=&#8220;54&#8243; header_line_height=&#8220;1.2em&#8220; background_layout=&#8220;dark&#8220; module_alignment=&#8220;left&#8220; custom_margin=&#8220;|||-180%&#8220; custom_margin_tablet=&#8220;|||0px&#8220; custom_margin_phone=&#8220;&#8220; custom_margin_last_edited=&#8220;on|tablet&#8220; custom_padding=&#8220;|||90px&#8220; animation_style=&#8220;slide&#8220; animation_direction=&#8220;right&#8220; animation_delay=&#8220;200ms&#8220; header_font_size_tablet=&#8220;&#8220; header_font_size_phone=&#8220;27&#8243; header_font_size_last_edited=&#8220;on|phone&#8220; z_index_tablet=&#8220;500&#8243; custom_css_before=&#8220;content:%22%22;||background:#fff;||width:67px;||height:1px;||position:absolute;||left:0; top:36px;&#8220; custom_css_main_element=&#8220;position:relative;&#8220; custom_css_blurb_title=&#8220;font-family: Source Sans Pro Light, Arial, sans-serif !important;&#8220; header_text_shadow_horizontal_length_tablet=&#8220;0px&#8220; header_text_shadow_vertical_length_tablet=&#8220;0px&#8220; header_text_shadow_blur_strength_tablet=&#8220;1px&#8220; body_text_shadow_horizontal_length_tablet=&#8220;0px&#8220; body_text_shadow_vertical_length_tablet=&#8220;0px&#8220; body_text_shadow_blur_strength_tablet=&#8220;1px&#8220; body_link_text_shadow_horizontal_length_tablet=&#8220;0px&#8220; body_link_text_shadow_vertical_length_tablet=&#8220;0px&#8220; body_link_text_shadow_blur_strength_tablet=&#8220;1px&#8220; body_ul_text_shadow_horizontal_length_tablet=&#8220;0px&#8220; body_ul_text_shadow_vertical_length_tablet=&#8220;0px&#8220; body_ul_text_shadow_blur_strength_tablet=&#8220;1px&#8220; body_ol_text_shadow_horizontal_length_tablet=&#8220;0px&#8220; body_ol_text_shadow_vertical_length_tablet=&#8220;0px&#8220; body_ol_text_shadow_blur_strength_tablet=&#8220;1px&#8220; body_quote_text_shadow_horizontal_length_tablet=&#8220;0px&#8220; body_quote_text_shadow_vertical_length_tablet=&#8220;0px&#8220; body_quote_text_shadow_blur_strength_tablet=&#8220;1px&#8220; box_shadow_horizontal_tablet=&#8220;0px&#8220; box_shadow_vertical_tablet=&#8220;0px&#8220; box_shadow_blur_tablet=&#8220;40px&#8220; box_shadow_spread_tablet=&#8220;0px&#8220; box_shadow_horizontal_image_tablet=&#8220;0px&#8220; box_shadow_vertical_image_tablet=&#8220;0px&#8220; box_shadow_blur_image_tablet=&#8220;40px&#8220; box_shadow_spread_image_tablet=&#8220;0px&#8220; text_shadow_horizontal_length_tablet=&#8220;0px&#8220; text_shadow_vertical_length_tablet=&#8220;0px&#8220; text_shadow_blur_strength_tablet=&#8220;1px&#8220; global_colors_info=&#8220;{}&#8220;]<\/p>\n<p>&nbsp;<\/p>\n<p><a class=\"button\" href=\"\/fr\/contact\/\">Contactez-nous maintenant<\/a><\/p>\n<p>&nbsp;<\/p>\n<p>[\/et_pb_blurb][\/et_pb_column][\/et_pb_row][\/et_pb_section]<\/p>","protected":false},"excerpt":{"rendered":"<p>Frankfurt am Main ist mit etwa 756.000 Einwohnern die f\u00fcnftgr\u00f6\u00dfte Stadt Deutschlands und das Zentrum der Metropolregion Frankfurt\/Rhein-Main mit rund 5,9 Millionen Menschen. Als internationaler Finanzplatz, Sitz der Europ\u00e4ischen Zentralbank, der Deutschen Bundesbank und zahlreicher Gro\u00dfunternehmen ist Frankfurt ein dynamischer Wirtschaftsstandort mit \u00fcber 628.000 sozialversicherungspflichtig Besch\u00e4ftigten. In diesem wettbewerbsintensiven Umfeld ist der Schutz Ihrer Marke [&hellip;]<\/p>","protected":false},"author":7,"featured_media":0,"parent":0,"menu_order":0,"comment_status":"closed","ping_status":"closed","template":"","meta":{"_et_pb_use_builder":"on","_et_pb_old_content":"","_et_gb_content_width":"","inline_featured_image":false,"footnotes":""},"class_list":["post-3910","page","type-page","status-publish","hentry"],"aioseo_notices":[],"aioseo_head":"\n\t\t<!-- All in One SEO Pro 4.9.6.2 - aioseo.com -->\n\t<link rel=\"canonical\" href=\"https:\/\/www.renz-recht.de\/fr\/et_pb_layout\/headline-subline_modul\/\" \/>\n\t<meta name=\"generator\" content=\"All in One SEO Pro (AIOSEO) 4.9.6.2\" \/>\n\t\t<meta property=\"og:locale\" content=\"fr_FR\" \/>\n\t\t<meta property=\"og:site_name\" content=\"Renz Recht - Anwalt Markenrecht Urheberrecht Saarbr\u00fccken - Rechtsanw\u00e4ltin Anne-Kathrin Renz\" \/>\n\t\t<meta property=\"og:type\" content=\"article\" \/>\n\t\t<meta property=\"og:title\" content=\"H2 \u00dcberschrift (zentriert) mit Subtext - Renz Recht - Anwalt Markenrecht Urheberrecht Saarbr\u00fccken\" \/>\n\t\t<meta property=\"og:url\" content=\"https:\/\/www.renz-recht.de\/fr\/et_pb_layout\/headline-subline_modul\/\" \/>\n\t\t<meta property=\"article:published_time\" content=\"2019-02-05T07:35:11+00:00\" \/>\n\t\t<meta property=\"article:modified_time\" content=\"2024-04-03T14:27:11+00:00\" \/>\n\t\t<meta name=\"twitter:card\" content=\"summary_large_image\" \/>\n\t\t<meta name=\"twitter:title\" content=\"H2 \u00dcberschrift (zentriert) mit Subtext - Renz Recht - Anwalt Markenrecht Urheberrecht Saarbr\u00fccken\" \/>\n\t\t<script type=\"application\/ld+json\" class=\"aioseo-schema\">\n\t\t\t{\"@context\":\"https:\\\/\\\/schema.org\",\"@graph\":[{\"@type\":\"BreadcrumbList\",\"@id\":\"https:\\\/\\\/www.renz-recht.de\\\/fr\\\/et_pb_layout\\\/headline-subline_modul\\\/#breadcrumblist\",\"itemListElement\":[{\"@type\":\"ListItem\",\"@id\":\"https:\\\/\\\/www.renz-recht.de\\\/fr#listItem\",\"position\":1,\"name\":\"Home\",\"item\":\"https:\\\/\\\/www.renz-recht.de\\\/fr\",\"nextItem\":{\"@type\":\"ListItem\",\"@id\":\"https:\\\/\\\/www.renz-recht.de\\\/fr\\\/avocat-specialise-en-droit-des-marques-francfort-sur-le-main\\\/#listItem\",\"name\":\"Rechtsanw\\u00e4ltin Markenrecht Frankfurt am Main\"}},{\"@type\":\"ListItem\",\"@id\":\"https:\\\/\\\/www.renz-recht.de\\\/fr\\\/avocat-specialise-en-droit-des-marques-francfort-sur-le-main\\\/#listItem\",\"position\":2,\"name\":\"Rechtsanw\\u00e4ltin Markenrecht Frankfurt am Main\",\"previousItem\":{\"@type\":\"ListItem\",\"@id\":\"https:\\\/\\\/www.renz-recht.de\\\/fr#listItem\",\"name\":\"Home\"}}]},{\"@type\":\"Organization\",\"@id\":\"https:\\\/\\\/www.renz-recht.de\\\/fr\\\/#organization\",\"name\":\"Rechtsanw\\u00e4ltin Anne-Kathrin Renz Saarbr\\u00fccken\",\"description\":\"Rechtsanw\\u00e4ltin Anne-Kathrin Renz\",\"url\":\"https:\\\/\\\/www.renz-recht.de\\\/fr\\\/\",\"telephone\":\"+4968195810588\",\"logo\":{\"@type\":\"ImageObject\",\"url\":\"https:\\\/\\\/www.renz-recht.de\\\/wp-content\\\/uploads\\\/2023\\\/11\\\/logo-renz-recht_sw.svg\",\"@id\":\"https:\\\/\\\/www.renz-recht.de\\\/fr\\\/et_pb_layout\\\/headline-subline_modul\\\/#organizationLogo\"},\"image\":{\"@id\":\"https:\\\/\\\/www.renz-recht.de\\\/fr\\\/et_pb_layout\\\/headline-subline_modul\\\/#organizationLogo\"}},{\"@type\":\"WebPage\",\"@id\":\"https:\\\/\\\/www.renz-recht.de\\\/fr\\\/et_pb_layout\\\/headline-subline_modul\\\/#webpage\",\"url\":\"https:\\\/\\\/www.renz-recht.de\\\/fr\\\/et_pb_layout\\\/headline-subline_modul\\\/\",\"name\":\"H2 \\u00dcberschrift (zentriert) mit Subtext - Renz Recht - Anwalt Markenrecht Urheberrecht Saarbr\\u00fccken\",\"inLanguage\":\"fr-FR\",\"isPartOf\":{\"@id\":\"https:\\\/\\\/www.renz-recht.de\\\/fr\\\/#website\"},\"breadcrumb\":{\"@id\":\"https:\\\/\\\/www.renz-recht.de\\\/fr\\\/et_pb_layout\\\/headline-subline_modul\\\/#breadcrumblist\"},\"datePublished\":\"2019-02-05T08:35:11+01:00\",\"dateModified\":\"2024-04-03T16:27:11+02:00\"},{\"@type\":\"WebSite\",\"@id\":\"https:\\\/\\\/www.renz-recht.de\\\/fr\\\/#website\",\"url\":\"https:\\\/\\\/www.renz-recht.de\\\/fr\\\/\",\"name\":\"Rechtsanw\\u00e4ltin Anne-Kathrin Renz Saarbr\\u00fccken\",\"alternateName\":\"Rechtsanw\\u00e4ltin Markenrecht Saarbr\\u00fccken\",\"description\":\"Rechtsanw\\u00e4ltin Anne-Kathrin Renz\",\"inLanguage\":\"fr-FR\",\"publisher\":{\"@id\":\"https:\\\/\\\/www.renz-recht.de\\\/fr\\\/#organization\"}}]}\n\t\t<\/script>\n\t\t<!-- All in One SEO Pro -->\r\n\t\t<title>H2 \u00dcberschrift (zentriert) mit Subtext - Renz Recht - Anwalt Markenrecht Urheberrecht Saarbr\u00fccken<\/title>\n\n","aioseo_head_json":{"title":"Titre H2 (centr\u00e9) avec sous-titre\u00a0: Renz Law - Avocat sp\u00e9cialis\u00e9 en droit des marques et du droit d&#039;auteur, Sarrebruck","description":"","canonical_url":"https:\/\/www.renz-recht.de\/fr\/et_pb_layout\/headline-subline_modul\/","robots":"","keywords":"","webmasterTools":{"miscellaneous":""},"schema":{"@context":"https:\/\/schema.org","@graph":[{"@type":"BreadcrumbList","@id":"https:\/\/www.renz-recht.de\/fr\/et_pb_layout\/headline-subline_modul\/#breadcrumblist","itemListElement":[{"@type":"ListItem","@id":"https:\/\/www.renz-recht.de\/fr#listItem","position":1,"name":"Home","item":"https:\/\/www.renz-recht.de\/fr","nextItem":{"@type":"ListItem","@id":"https:\/\/www.renz-recht.de\/fr\/avocat-specialise-en-droit-des-marques-francfort-sur-le-main\/#listItem","name":"Rechtsanw\u00e4ltin Markenrecht Frankfurt am Main"}},{"@type":"ListItem","@id":"https:\/\/www.renz-recht.de\/fr\/avocat-specialise-en-droit-des-marques-francfort-sur-le-main\/#listItem","position":2,"name":"Rechtsanw\u00e4ltin Markenrecht Frankfurt am Main","previousItem":{"@type":"ListItem","@id":"https:\/\/www.renz-recht.de\/fr#listItem","name":"Home"}}]},{"@type":"Organization","@id":"https:\/\/www.renz-recht.de\/fr\/#organization","name":"Rechtsanw\u00e4ltin Anne-Kathrin Renz Saarbr\u00fccken","description":"Rechtsanw\u00e4ltin Anne-Kathrin Renz","url":"https:\/\/www.renz-recht.de\/fr\/","telephone":"+4968195810588","logo":{"@type":"ImageObject","url":"https:\/\/www.renz-recht.de\/wp-content\/uploads\/2023\/11\/logo-renz-recht_sw.svg","@id":"https:\/\/www.renz-recht.de\/fr\/et_pb_layout\/headline-subline_modul\/#organizationLogo"},"image":{"@id":"https:\/\/www.renz-recht.de\/fr\/et_pb_layout\/headline-subline_modul\/#organizationLogo"}},{"@type":"WebPage","@id":"https:\/\/www.renz-recht.de\/fr\/et_pb_layout\/headline-subline_modul\/#webpage","url":"https:\/\/www.renz-recht.de\/fr\/et_pb_layout\/headline-subline_modul\/","name":"H2 \u00dcberschrift (zentriert) mit Subtext - Renz Recht - Anwalt Markenrecht Urheberrecht Saarbr\u00fccken","inLanguage":"fr-FR","isPartOf":{"@id":"https:\/\/www.renz-recht.de\/fr\/#website"},"breadcrumb":{"@id":"https:\/\/www.renz-recht.de\/fr\/et_pb_layout\/headline-subline_modul\/#breadcrumblist"},"datePublished":"2019-02-05T08:35:11+01:00","dateModified":"2024-04-03T16:27:11+02:00"},{"@type":"WebSite","@id":"https:\/\/www.renz-recht.de\/fr\/#website","url":"https:\/\/www.renz-recht.de\/fr\/","name":"Rechtsanw\u00e4ltin Anne-Kathrin Renz Saarbr\u00fccken","alternateName":"Rechtsanw\u00e4ltin Markenrecht Saarbr\u00fccken","description":"Rechtsanw\u00e4ltin Anne-Kathrin Renz","inLanguage":"fr-FR","publisher":{"@id":"https:\/\/www.renz-recht.de\/fr\/#organization"}}]},"og:locale":"fr_FR","og:site_name":"Renz Recht - Anwalt Markenrecht Urheberrecht Saarbr\u00fccken - Rechtsanw\u00e4ltin Anne-Kathrin Renz","og:type":"article","og:title":"H2 \u00dcberschrift (zentriert) mit Subtext - Renz Recht - Anwalt Markenrecht Urheberrecht Saarbr\u00fccken","og:url":"https:\/\/www.renz-recht.de\/fr\/et_pb_layout\/headline-subline_modul\/","article:published_time":"2019-02-05T07:35:11+00:00","article:modified_time":"2024-04-03T14:27:11+00:00","twitter:card":"summary_large_image","twitter:title":"H2 \u00dcberschrift (zentriert) mit Subtext - Renz Recht - Anwalt Markenrecht Urheberrecht Saarbr\u00fccken"},"aioseo_meta_data":{"post_id":"3910","title":"Rechtsanw\u00e4ltin Markenrecht Frankfurt am Main | Anne-Kathrin Renz #separator_sa","description":"Avocat \u00e0 Francfort-sur-le-Main, expert en droit des marques, il offre des conseils et une repr\u00e9sentation complets en mati\u00e8re d&#039;enregistrement, de protection et de d\u00e9fense des marques.","keywords":null,"keyphrases":{"focus":{"keyphrase":"","score":0,"analysis":{"keyphraseInTitle":{"score":0,"maxScore":9,"error":1}}},"additional":[]},"primary_term":null,"canonical_url":null,"og_title":null,"og_description":null,"og_object_type":"default","og_image_type":"default","og_image_url":null,"og_image_width":null,"og_image_height":null,"og_image_custom_url":null,"og_image_custom_fields":null,"og_video":"","og_custom_url":null,"og_article_section":null,"og_article_tags":null,"twitter_use_og":false,"twitter_card":"default","twitter_image_type":"default","twitter_image_url":null,"twitter_image_custom_url":null,"twitter_image_custom_fields":null,"twitter_title":null,"twitter_description":null,"schema":{"blockGraphs":[],"customGraphs":[],"default":{"data":{"Article":[],"Course":[],"Dataset":[],"FAQPage":[],"Movie":[],"Person":[],"Product":[],"ProductReview":[],"Car":[],"Recipe":[],"Service":[],"SoftwareApplication":[],"WebPage":[]},"graphName":"WebPage","isEnabled":true},"graphs":[]},"schema_type":"default","schema_type_options":null,"pillar_content":false,"robots_default":true,"robots_noindex":false,"robots_noarchive":false,"robots_nosnippet":false,"robots_nofollow":false,"robots_noimageindex":false,"robots_noodp":false,"robots_notranslate":false,"robots_max_snippet":"-1","robots_max_videopreview":"-1","robots_max_imagepreview":"large","priority":null,"frequency":"default","local_seo":null,"seo_analyzer_scan_date":"2026-01-07 07:22:03","breadcrumb_settings":null,"limit_modified_date":false,"open_ai":"{\"title\":{\"suggestions\":[],\"usage\":0},\"description\":{\"suggestions\":[],\"usage\":0}}","ai":{"faqs":[],"keyPoints":[],"titles":[],"descriptions":[],"socialPosts":{"email":[],"linkedin":[],"twitter":[],"facebook":[],"instagram":[]}},"created":"2026-01-06 12:25:59","updated":"2026-01-07 07:24:59"},"aioseo_breadcrumb":"<div class=\"aioseo-breadcrumbs\"><span class=\"aioseo-breadcrumb\">\n\t<a href=\"https:\/\/www.renz-recht.de\/fr\" title=\"Home\">Home<\/a>\n<\/span><span class=\"aioseo-breadcrumb-separator\">&raquo;<\/span><span class=\"aioseo-breadcrumb\">\n\tRechtsanw\u00e4ltin Markenrecht Frankfurt am Main\n<\/span><\/div>","aioseo_breadcrumb_json":[{"label":"Home","link":"https:\/\/www.renz-recht.de\/fr"},{"label":"Rechtsanw\u00e4ltin Markenrecht Frankfurt am Main","link":"https:\/\/www.renz-recht.de\/fr\/avocat-specialise-en-droit-des-marques-francfort-sur-le-main\/"}],"_links":{"self":[{"href":"https:\/\/www.renz-recht.de\/fr\/wp-json\/wp\/v2\/pages\/3910","targetHints":{"allow":["GET"]}}],"collection":[{"href":"https:\/\/www.renz-recht.de\/fr\/wp-json\/wp\/v2\/pages"}],"about":[{"href":"https:\/\/www.renz-recht.de\/fr\/wp-json\/wp\/v2\/types\/page"}],"author":[{"embeddable":true,"href":"https:\/\/www.renz-recht.de\/fr\/wp-json\/wp\/v2\/users\/7"}],"replies":[{"embeddable":true,"href":"https:\/\/www.renz-recht.de\/fr\/wp-json\/wp\/v2\/comments?post=3910"}],"version-history":[{"count":9,"href":"https:\/\/www.renz-recht.de\/fr\/wp-json\/wp\/v2\/pages\/3910\/revisions"}],"predecessor-version":[{"id":3978,"href":"https:\/\/www.renz-recht.de\/fr\/wp-json\/wp\/v2\/pages\/3910\/revisions\/3978"}],"wp:attachment":[{"href":"https:\/\/www.renz-recht.de\/fr\/wp-json\/wp\/v2\/media?parent=3910"}],"curies":[{"name":"wp","href":"https:\/\/api.w.org\/{rel}","templated":true}]}}