{"id":2538,"date":"2023-01-26T16:32:07","date_gmt":"2023-01-26T15:32:07","guid":{"rendered":"https:\/\/www.renz-recht.de\/?page_id=2538"},"modified":"2024-08-22T10:16:23","modified_gmt":"2024-08-22T08:16:23","slug":"a-propos-de-la-loi-renz-2","status":"publish","type":"page","link":"https:\/\/www.renz-recht.de\/fr\/a-propos-de-la-loi-renz-2\/","title":{"rendered":"\u00c0 propos du cabinet Renz Law"},"content":{"rendered":"<p>[et_pb_section fb_built=&#8220;1&#8243; fullwidth=&#8220;on&#8220; _builder_version=&#8220;4.16&#8243; global_colors_info=&#8220;{}&#8220;][et_pb_fullwidth_header title=&#8220;About Renz Recht&#8220; subhead=&#8220;Fordern Sie direkt Hilfe von Rechtsanw\u00e4ltin im Markenrecht Anne-Kathrin Renz aus Saarbr\u00fccken an.&#8220; background_overlay_color=&#8220;rgba(0,0,0,0.2)&#8220; admin_label=&#8220;Header&#8220; module_class=&#8220;renz-subpage-header&#8220; _builder_version=&#8220;4.23.1&#8243; title_font_size=&#8220;80px&#8220; background_color=&#8220;#26173A&#8220; background_image=&#8220;https:\/\/www.renz-recht.de\/wp-content\/uploads\/2019\/02\/renz-about-header.jpg&#8220; parallax=&#8220;on&#8220; parallax_method=&#8220;on&#8220; custom_padding=&#8220;4%||9%|&#8220; custom_padding_tablet=&#8220;4%||4%|&#8220; custom_padding_phone=&#8220;&#8220; custom_padding_last_edited=&#8220;on|tablet&#8220; title_font_size_tablet=&#8220;60px&#8220; title_font_size_phone=&#8220;40px&#8220; title_font_size_last_edited=&#8220;on|tablet&#8220; z_index_tablet=&#8220;500&#8243; title_text_shadow_horizontal_length_tablet=&#8220;0px&#8220; title_text_shadow_vertical_length_tablet=&#8220;0px&#8220; title_text_shadow_blur_strength_tablet=&#8220;1px&#8220; content_text_shadow_horizontal_length_tablet=&#8220;0px&#8220; content_text_shadow_vertical_length_tablet=&#8220;0px&#8220; content_text_shadow_blur_strength_tablet=&#8220;1px&#8220; subhead_text_shadow_horizontal_length_tablet=&#8220;0px&#8220; subhead_text_shadow_vertical_length_tablet=&#8220;0px&#8220; subhead_text_shadow_blur_strength_tablet=&#8220;1px&#8220; content_link_text_shadow_horizontal_length_tablet=&#8220;0px&#8220; content_link_text_shadow_vertical_length_tablet=&#8220;0px&#8220; content_link_text_shadow_blur_strength_tablet=&#8220;1px&#8220; content_ul_text_shadow_horizontal_length_tablet=&#8220;0px&#8220; content_ul_text_shadow_vertical_length_tablet=&#8220;0px&#8220; content_ul_text_shadow_blur_strength_tablet=&#8220;1px&#8220; content_ol_text_shadow_horizontal_length_tablet=&#8220;0px&#8220; content_ol_text_shadow_vertical_length_tablet=&#8220;0px&#8220; content_ol_text_shadow_blur_strength_tablet=&#8220;1px&#8220; content_quote_text_shadow_horizontal_length_tablet=&#8220;0px&#8220; content_quote_text_shadow_vertical_length_tablet=&#8220;0px&#8220; content_quote_text_shadow_blur_strength_tablet=&#8220;1px&#8220; button_one_text_shadow_horizontal_length_tablet=&#8220;0px&#8220; button_one_text_shadow_vertical_length_tablet=&#8220;0px&#8220; button_one_text_shadow_blur_strength_tablet=&#8220;1px&#8220; button_two_text_shadow_horizontal_length_tablet=&#8220;0px&#8220; button_two_text_shadow_vertical_length_tablet=&#8220;0px&#8220; button_two_text_shadow_blur_strength_tablet=&#8220;1px&#8220; box_shadow_horizontal_tablet=&#8220;0px&#8220; box_shadow_vertical_tablet=&#8220;0px&#8220; box_shadow_blur_tablet=&#8220;40px&#8220; box_shadow_spread_tablet=&#8220;0px&#8220; box_shadow_horizontal_image_tablet=&#8220;0px&#8220; box_shadow_vertical_image_tablet=&#8220;0px&#8220; box_shadow_blur_image_tablet=&#8220;40px&#8220; box_shadow_spread_image_tablet=&#8220;0px&#8220; box_shadow_horizontal_button_one_tablet=&#8220;0px&#8220; box_shadow_vertical_button_one_tablet=&#8220;0px&#8220; box_shadow_blur_button_one_tablet=&#8220;40px&#8220; box_shadow_spread_button_one_tablet=&#8220;0px&#8220; box_shadow_horizontal_button_two_tablet=&#8220;0px&#8220; box_shadow_vertical_button_two_tablet=&#8220;0px&#8220; box_shadow_blur_button_two_tablet=&#8220;40px&#8220; box_shadow_spread_button_two_tablet=&#8220;0px&#8220; text_shadow_horizontal_length_tablet=&#8220;0px&#8220; text_shadow_vertical_length_tablet=&#8220;0px&#8220; text_shadow_blur_strength_tablet=&#8220;1px&#8220; global_module=&#8220;214&#8243; saved_tabs=&#8220;all&#8220; global_colors_info=&#8220;{}&#8220;][\/et_pb_fullwidth_header][\/et_pb_section][et_pb_section fb_built=&#8220;1&#8243; custom_padding_last_edited=&#8220;on|phone&#8220; admin_label=&#8220;Breadcrumb&#8220; _builder_version=&#8220;4.22.1&#8243; background_color=&#8220;#eeeeee&#8220; min_height=&#8220;112.2px&#8220; custom_padding=&#8220;16px||16px|&#8220; custom_padding_tablet=&#8220;&#8220; custom_padding_phone=&#8220;&#8220; global_module=&#8220;161&#8243; collapsed=&#8220;off&#8220; global_colors_info=&#8220;{}&#8220;][et_pb_row _builder_version=&#8220;4.16&#8243; collapsed=&#8220;off&#8220; global_colors_info=&#8220;{}&#8220;][et_pb_column type=&#8220;4_4&#8243; _builder_version=&#8220;4.16&#8243; custom_padding=&#8220;|||&#8220; global_colors_info=&#8220;{}&#8220; custom_padding__hover=&#8220;|||&#8220;][\/et_pb_column][\/et_pb_row][\/et_pb_section][et_pb_section fb_built=&#8220;1&#8243; custom_padding_last_edited=&#8220;on|tablet&#8220; _builder_version=&#8220;4.16&#8243; custom_padding=&#8220;90px||90px|&#8220; custom_padding_tablet=&#8220;9%||9%|&#8220; custom_padding_phone=&#8220;&#8220; global_colors_info=&#8220;{}&#8220;][et_pb_row column_structure=&#8220;1_2,1_2&#8243; _builder_version=&#8220;4.16&#8243; global_colors_info=&#8220;{}&#8220;][et_pb_column type=&#8220;1_2&#8243; _builder_version=&#8220;4.16&#8243; custom_padding=&#8220;|90px||&#8220; custom_padding_tablet=&#8220;|0px|9%|&#8220; custom_padding_phone=&#8220;&#8220; custom_padding_last_edited=&#8220;on|phone&#8220; global_colors_info=&#8220;{}&#8220; custom_padding__hover=&#8220;|||&#8220;][et_pb_blurb title=&#8220;I offer individual, goal-oriented, as well as competent legal advise f\u00fcr entrepreneurs and individuals. &#8220; content_max_width=&#8220;100%&#8220; _builder_version=&#8220;4.25.2&#8243; header_level=&#8220;h2&#8243; header_font_size=&#8220;36&#8243; header_line_height=&#8220;1.3em&#8220; body_font_size=&#8220;16&#8243; body_line_height=&#8220;1.2em&#8220; custom_margin=&#8220;||0px|&#8220; custom_margin_tablet=&#8220;||6%|&#8220; custom_margin_phone=&#8220;&#8220; custom_margin_last_edited=&#8220;on|phone&#8220; custom_padding=&#8220;||0px||false|false&#8220; header_font_size_tablet=&#8220;&#8220; header_font_size_phone=&#8220;27&#8243; header_font_size_last_edited=&#8220;on|phone&#8220; z_index_tablet=&#8220;500&#8243; custom_css_blurb_title=&#8220;margin-bottom: 9px;&#8220; custom_css_blurb_content=&#8220;margin-bottom: 27px;&#8220; header_text_shadow_horizontal_length_tablet=&#8220;0px&#8220; header_text_shadow_vertical_length_tablet=&#8220;0px&#8220; header_text_shadow_blur_strength_tablet=&#8220;1px&#8220; body_text_shadow_horizontal_length_tablet=&#8220;0px&#8220; body_text_shadow_vertical_length_tablet=&#8220;0px&#8220; body_text_shadow_blur_strength_tablet=&#8220;1px&#8220; body_link_text_shadow_horizontal_length_tablet=&#8220;0px&#8220; body_link_text_shadow_vertical_length_tablet=&#8220;0px&#8220; body_link_text_shadow_blur_strength_tablet=&#8220;1px&#8220; body_ul_text_shadow_horizontal_length_tablet=&#8220;0px&#8220; body_ul_text_shadow_vertical_length_tablet=&#8220;0px&#8220; body_ul_text_shadow_blur_strength_tablet=&#8220;1px&#8220; body_ol_text_shadow_horizontal_length_tablet=&#8220;0px&#8220; body_ol_text_shadow_vertical_length_tablet=&#8220;0px&#8220; body_ol_text_shadow_blur_strength_tablet=&#8220;1px&#8220; body_quote_text_shadow_horizontal_length_tablet=&#8220;0px&#8220; body_quote_text_shadow_vertical_length_tablet=&#8220;0px&#8220; body_quote_text_shadow_blur_strength_tablet=&#8220;1px&#8220; box_shadow_horizontal_tablet=&#8220;0px&#8220; box_shadow_vertical_tablet=&#8220;0px&#8220; box_shadow_blur_tablet=&#8220;40px&#8220; box_shadow_spread_tablet=&#8220;0px&#8220; box_shadow_horizontal_image_tablet=&#8220;0px&#8220; box_shadow_vertical_image_tablet=&#8220;0px&#8220; box_shadow_blur_image_tablet=&#8220;40px&#8220; box_shadow_spread_image_tablet=&#8220;0px&#8220; text_shadow_horizontal_length_tablet=&#8220;0px&#8220; text_shadow_vertical_length_tablet=&#8220;0px&#8220; text_shadow_blur_strength_tablet=&#8220;1px&#8220; global_module=&#8220;202&#8243; saved_tabs=&#8220;all&#8220; global_colors_info=&#8220;{}&#8220;][\/et_pb_blurb][et_pb_image src=&#8220;https:\/\/www.renz-recht.de\/wp-content\/uploads\/2020\/02\/renz-Anwalt-scaled.jpg&#8220; _builder_version=&#8220;4.16&#8243; z_index_tablet=&#8220;500&#8243; box_shadow_horizontal_tablet=&#8220;0px&#8220; box_shadow_vertical_tablet=&#8220;0px&#8220; box_shadow_blur_tablet=&#8220;40px&#8220; box_shadow_spread_tablet=&#8220;0px&#8220; global_colors_info=&#8220;{}&#8220;][\/et_pb_image][\/et_pb_column][et_pb_column type=&#8220;1_2&#8243; _builder_version=&#8220;4.16&#8243; custom_padding=&#8220;|||&#8220; custom_padding_tablet=&#8220;|0px|9%|&#8220; custom_padding_phone=&#8220;&#8220; custom_padding_last_edited=&#8220;on|phone&#8220; global_colors_info=&#8220;{}&#8220; custom_padding__hover=&#8220;|||&#8220;][et_pb_blurb content_max_width=&#8220;100%&#8220; module_class=&#8220;first-paragraph&#8220; _builder_version=&#8220;4.9.2&#8243; header_level=&#8220;h2&#8243; header_font_size=&#8220;36px&#8220; header_line_height=&#8220;1.3em&#8220; body_font_size=&#8220;16&#8243; body_line_height=&#8220;1.2em&#8220; custom_margin=&#8220;0px||45px||false|false&#8220; custom_padding=&#8220;0px||||false|false&#8220; header_font_size_tablet=&#8220;&#8220; header_font_size_phone=&#8220;27&#8243; header_font_size_last_edited=&#8220;on|phone&#8220; z_index_tablet=&#8220;500&#8243; custom_css_blurb_title=&#8220;margin-bottom: calc(2% + 18px);&#8220; header_text_shadow_horizontal_length_tablet=&#8220;0px&#8220; header_text_shadow_vertical_length_tablet=&#8220;0px&#8220; header_text_shadow_blur_strength_tablet=&#8220;1px&#8220; body_text_shadow_horizontal_length_tablet=&#8220;0px&#8220; body_text_shadow_vertical_length_tablet=&#8220;0px&#8220; body_text_shadow_blur_strength_tablet=&#8220;1px&#8220; body_link_text_shadow_horizontal_length_tablet=&#8220;0px&#8220; body_link_text_shadow_vertical_length_tablet=&#8220;0px&#8220; body_link_text_shadow_blur_strength_tablet=&#8220;1px&#8220; body_ul_text_shadow_horizontal_length_tablet=&#8220;0px&#8220; body_ul_text_shadow_vertical_length_tablet=&#8220;0px&#8220; body_ul_text_shadow_blur_strength_tablet=&#8220;1px&#8220; body_ol_text_shadow_horizontal_length_tablet=&#8220;0px&#8220; body_ol_text_shadow_vertical_length_tablet=&#8220;0px&#8220; body_ol_text_shadow_blur_strength_tablet=&#8220;1px&#8220; body_quote_text_shadow_horizontal_length_tablet=&#8220;0px&#8220; body_quote_text_shadow_vertical_length_tablet=&#8220;0px&#8220; body_quote_text_shadow_blur_strength_tablet=&#8220;1px&#8220; box_shadow_horizontal_tablet=&#8220;0px&#8220; box_shadow_vertical_tablet=&#8220;0px&#8220; box_shadow_blur_tablet=&#8220;40px&#8220; box_shadow_spread_tablet=&#8220;0px&#8220; box_shadow_horizontal_image_tablet=&#8220;0px&#8220; box_shadow_vertical_image_tablet=&#8220;0px&#8220; box_shadow_blur_image_tablet=&#8220;40px&#8220; box_shadow_spread_image_tablet=&#8220;0px&#8220; text_shadow_horizontal_length_tablet=&#8220;0px&#8220; text_shadow_vertical_length_tablet=&#8220;0px&#8220; text_shadow_blur_strength_tablet=&#8220;1px&#8220; global_module=&#8220;203&#8243; saved_tabs=&#8220;all&#8220; global_colors_info=&#8220;{}&#8220;]<\/p>\n<p>La peur des frais juridiques \u00e9lev\u00e9s d\u00e9courage souvent les gens de demander des conseils juridiques. Les conseils juridiques ne doivent pas n\u00e9cessairement \u00eatre co\u00fbteux. Les honoraires juridiques d\u00e9pendent du montant du litige. Par exemple, les parties ont un litige portant sur une somme de 3 000 \u20ac \u2013 c\u2019est le montant du litige. Les honoraires juridiques sont calcul\u00e9s ci-apr\u00e8s.<\/p>\n<p>N&#039;ayez pas peur de demander les frais juridiques dus dans votre cas. Nous pouvons d\u00e9terminer votre besoin de conseils juridiques et les honoraires y aff\u00e9rents.<\/p>\n<p><strong>Ma\u00eetre Anne-Kathrin Renz <\/strong><\/p>\n<ul>\n<li>Offre des services de conseil et de contentieux<\/li>\n<li>Expertise en nouveaux m\u00e9dias<\/li>\n<li>Expertise en technologies de l&#039;information<\/li>\n<li>Ainsi que le commerce \u00e9lectronique et la propri\u00e9t\u00e9 intellectuelle<\/li>\n<li>Responsable certifi\u00e9 de la protection des donn\u00e9es<\/li>\n<li>Conf\u00e9rencier invit\u00e9<\/li>\n<li>Langues parl\u00e9es : allemand, anglais, fran\u00e7ais<\/li>\n<li>Langues : anglais, fran\u00e7ais<\/li>\n<li>a travaill\u00e9 dans un cabinet d&#039;avocats international<\/li>\n<\/ul>\n<p>[\/et_pb_blurb][\/et_pb_column][\/et_pb_row][\/et_pb_section]<\/p>","protected":false},"excerpt":{"rendered":"<p>La crainte des frais juridiques \u00e9lev\u00e9s d\u00e9courage souvent les gens de consulter un avocat. Un conseil juridique n&#039;est pas forc\u00e9ment co\u00fbteux. Les honoraires d\u00e9pendent du montant du litige. Par exemple, si les parties ont un litige portant sur une somme de 3\u00a0000 \u20ac, voici le montant du litige. Les honoraires sont calcul\u00e9s ci-apr\u00e8s. N&#039;h\u00e9sitez pas \u00e0 [\u2026]<\/p>","protected":false},"author":6,"featured_media":0,"parent":0,"menu_order":0,"comment_status":"closed","ping_status":"closed","template":"","meta":{"_et_pb_use_builder":"on","_et_pb_old_content":"","_et_gb_content_width":"","inline_featured_image":false,"footnotes":""},"class_list":["post-2538","page","type-page","status-publish","hentry"],"aioseo_notices":[],"aioseo_head":"\n\t\t<!-- All in One SEO Pro 4.9.6.2 - aioseo.com -->\n\t<link rel=\"canonical\" href=\"https:\/\/www.renz-recht.de\/fr\/et_pb_layout\/headline-subline_modul\/\" \/>\n\t<meta name=\"generator\" content=\"All in One SEO Pro (AIOSEO) 4.9.6.2\" \/>\n\t\t<meta property=\"og:locale\" content=\"fr_FR\" \/>\n\t\t<meta property=\"og:site_name\" content=\"Renz Recht - Anwalt Markenrecht Urheberrecht Saarbr\u00fccken - Rechtsanw\u00e4ltin Anne-Kathrin Renz\" \/>\n\t\t<meta property=\"og:type\" content=\"article\" \/>\n\t\t<meta property=\"og:title\" content=\"H2 \u00dcberschrift (zentriert) mit Subtext - Renz Recht - Anwalt Markenrecht Urheberrecht Saarbr\u00fccken\" \/>\n\t\t<meta property=\"og:url\" content=\"https:\/\/www.renz-recht.de\/fr\/et_pb_layout\/headline-subline_modul\/\" \/>\n\t\t<meta property=\"article:published_time\" content=\"2019-02-05T07:35:11+00:00\" \/>\n\t\t<meta property=\"article:modified_time\" content=\"2024-04-03T14:27:11+00:00\" \/>\n\t\t<meta name=\"twitter:card\" content=\"summary_large_image\" \/>\n\t\t<meta name=\"twitter:title\" content=\"H2 \u00dcberschrift (zentriert) mit Subtext - Renz Recht - Anwalt Markenrecht Urheberrecht Saarbr\u00fccken\" \/>\n\t\t<script type=\"application\/ld+json\" class=\"aioseo-schema\">\n\t\t\t{\"@context\":\"https:\\\/\\\/schema.org\",\"@graph\":[{\"@type\":\"BreadcrumbList\",\"@id\":\"https:\\\/\\\/www.renz-recht.de\\\/fr\\\/et_pb_layout\\\/headline-subline_modul\\\/#breadcrumblist\",\"itemListElement\":[{\"@type\":\"ListItem\",\"@id\":\"https:\\\/\\\/www.renz-recht.de\\\/fr#listItem\",\"position\":1,\"name\":\"Home\",\"item\":\"https:\\\/\\\/www.renz-recht.de\\\/fr\",\"nextItem\":{\"@type\":\"ListItem\",\"@id\":\"https:\\\/\\\/www.renz-recht.de\\\/fr\\\/a-propos-de-la-loi-renz-2\\\/#listItem\",\"name\":\"About Renz Recht\"}},{\"@type\":\"ListItem\",\"@id\":\"https:\\\/\\\/www.renz-recht.de\\\/fr\\\/a-propos-de-la-loi-renz-2\\\/#listItem\",\"position\":2,\"name\":\"About Renz Recht\",\"previousItem\":{\"@type\":\"ListItem\",\"@id\":\"https:\\\/\\\/www.renz-recht.de\\\/fr#listItem\",\"name\":\"Home\"}}]},{\"@type\":\"Organization\",\"@id\":\"https:\\\/\\\/www.renz-recht.de\\\/fr\\\/#organization\",\"name\":\"Rechtsanw\\u00e4ltin Anne-Kathrin Renz Saarbr\\u00fccken\",\"description\":\"Rechtsanw\\u00e4ltin Anne-Kathrin Renz\",\"url\":\"https:\\\/\\\/www.renz-recht.de\\\/fr\\\/\",\"telephone\":\"+4968195810588\",\"logo\":{\"@type\":\"ImageObject\",\"url\":\"https:\\\/\\\/www.renz-recht.de\\\/wp-content\\\/uploads\\\/2023\\\/11\\\/logo-renz-recht_sw.svg\",\"@id\":\"https:\\\/\\\/www.renz-recht.de\\\/fr\\\/et_pb_layout\\\/headline-subline_modul\\\/#organizationLogo\"},\"image\":{\"@id\":\"https:\\\/\\\/www.renz-recht.de\\\/fr\\\/et_pb_layout\\\/headline-subline_modul\\\/#organizationLogo\"}},{\"@type\":\"WebPage\",\"@id\":\"https:\\\/\\\/www.renz-recht.de\\\/fr\\\/et_pb_layout\\\/headline-subline_modul\\\/#webpage\",\"url\":\"https:\\\/\\\/www.renz-recht.de\\\/fr\\\/et_pb_layout\\\/headline-subline_modul\\\/\",\"name\":\"H2 \\u00dcberschrift (zentriert) mit Subtext - Renz Recht - Anwalt Markenrecht Urheberrecht Saarbr\\u00fccken\",\"inLanguage\":\"fr-FR\",\"isPartOf\":{\"@id\":\"https:\\\/\\\/www.renz-recht.de\\\/fr\\\/#website\"},\"breadcrumb\":{\"@id\":\"https:\\\/\\\/www.renz-recht.de\\\/fr\\\/et_pb_layout\\\/headline-subline_modul\\\/#breadcrumblist\"},\"datePublished\":\"2019-02-05T08:35:11+01:00\",\"dateModified\":\"2024-04-03T16:27:11+02:00\"},{\"@type\":\"WebSite\",\"@id\":\"https:\\\/\\\/www.renz-recht.de\\\/fr\\\/#website\",\"url\":\"https:\\\/\\\/www.renz-recht.de\\\/fr\\\/\",\"name\":\"Rechtsanw\\u00e4ltin Anne-Kathrin Renz Saarbr\\u00fccken\",\"alternateName\":\"Rechtsanw\\u00e4ltin Markenrecht Saarbr\\u00fccken\",\"description\":\"Rechtsanw\\u00e4ltin Anne-Kathrin Renz\",\"inLanguage\":\"fr-FR\",\"publisher\":{\"@id\":\"https:\\\/\\\/www.renz-recht.de\\\/fr\\\/#organization\"}}]}\n\t\t<\/script>\n\t\t<!-- All in One SEO Pro -->\r\n\t\t<title>H2 \u00dcberschrift (zentriert) mit Subtext - Renz Recht - Anwalt Markenrecht Urheberrecht Saarbr\u00fccken<\/title>\n\n","aioseo_head_json":{"title":"Titre H2 (centr\u00e9) avec sous-titre\u00a0: Renz Law - Avocat sp\u00e9cialis\u00e9 en droit des marques et du droit d&#039;auteur, Sarrebruck","description":"","canonical_url":"https:\/\/www.renz-recht.de\/fr\/et_pb_layout\/headline-subline_modul\/","robots":"","keywords":"","webmasterTools":{"miscellaneous":""},"schema":{"@context":"https:\/\/schema.org","@graph":[{"@type":"BreadcrumbList","@id":"https:\/\/www.renz-recht.de\/fr\/et_pb_layout\/headline-subline_modul\/#breadcrumblist","itemListElement":[{"@type":"ListItem","@id":"https:\/\/www.renz-recht.de\/fr#listItem","position":1,"name":"Home","item":"https:\/\/www.renz-recht.de\/fr","nextItem":{"@type":"ListItem","@id":"https:\/\/www.renz-recht.de\/fr\/a-propos-de-la-loi-renz-2\/#listItem","name":"About Renz Recht"}},{"@type":"ListItem","@id":"https:\/\/www.renz-recht.de\/fr\/a-propos-de-la-loi-renz-2\/#listItem","position":2,"name":"About Renz Recht","previousItem":{"@type":"ListItem","@id":"https:\/\/www.renz-recht.de\/fr#listItem","name":"Home"}}]},{"@type":"Organization","@id":"https:\/\/www.renz-recht.de\/fr\/#organization","name":"Rechtsanw\u00e4ltin Anne-Kathrin Renz Saarbr\u00fccken","description":"Rechtsanw\u00e4ltin Anne-Kathrin Renz","url":"https:\/\/www.renz-recht.de\/fr\/","telephone":"+4968195810588","logo":{"@type":"ImageObject","url":"https:\/\/www.renz-recht.de\/wp-content\/uploads\/2023\/11\/logo-renz-recht_sw.svg","@id":"https:\/\/www.renz-recht.de\/fr\/et_pb_layout\/headline-subline_modul\/#organizationLogo"},"image":{"@id":"https:\/\/www.renz-recht.de\/fr\/et_pb_layout\/headline-subline_modul\/#organizationLogo"}},{"@type":"WebPage","@id":"https:\/\/www.renz-recht.de\/fr\/et_pb_layout\/headline-subline_modul\/#webpage","url":"https:\/\/www.renz-recht.de\/fr\/et_pb_layout\/headline-subline_modul\/","name":"H2 \u00dcberschrift (zentriert) mit Subtext - Renz Recht - Anwalt Markenrecht Urheberrecht Saarbr\u00fccken","inLanguage":"fr-FR","isPartOf":{"@id":"https:\/\/www.renz-recht.de\/fr\/#website"},"breadcrumb":{"@id":"https:\/\/www.renz-recht.de\/fr\/et_pb_layout\/headline-subline_modul\/#breadcrumblist"},"datePublished":"2019-02-05T08:35:11+01:00","dateModified":"2024-04-03T16:27:11+02:00"},{"@type":"WebSite","@id":"https:\/\/www.renz-recht.de\/fr\/#website","url":"https:\/\/www.renz-recht.de\/fr\/","name":"Rechtsanw\u00e4ltin Anne-Kathrin Renz Saarbr\u00fccken","alternateName":"Rechtsanw\u00e4ltin Markenrecht Saarbr\u00fccken","description":"Rechtsanw\u00e4ltin Anne-Kathrin Renz","inLanguage":"fr-FR","publisher":{"@id":"https:\/\/www.renz-recht.de\/fr\/#organization"}}]},"og:locale":"fr_FR","og:site_name":"Renz Recht - Anwalt Markenrecht Urheberrecht Saarbr\u00fccken - Rechtsanw\u00e4ltin Anne-Kathrin Renz","og:type":"article","og:title":"H2 \u00dcberschrift (zentriert) mit Subtext - Renz Recht - Anwalt Markenrecht Urheberrecht Saarbr\u00fccken","og:url":"https:\/\/www.renz-recht.de\/fr\/et_pb_layout\/headline-subline_modul\/","article:published_time":"2019-02-05T07:35:11+00:00","article:modified_time":"2024-04-03T14:27:11+00:00","twitter:card":"summary_large_image","twitter:title":"H2 \u00dcberschrift (zentriert) mit Subtext - Renz Recht - Anwalt Markenrecht Urheberrecht Saarbr\u00fccken"},"aioseo_meta_data":{"post_id":"2538","title":null,"description":null,"keywords":null,"keyphrases":{"focus":{"keyphrase":"","score":0,"analysis":{"keyphraseInTitle":{"score":0,"maxScore":9,"error":1}}},"additional":[]},"primary_term":null,"canonical_url":null,"og_title":null,"og_description":null,"og_object_type":"default","og_image_type":"default","og_image_url":null,"og_image_width":null,"og_image_height":null,"og_image_custom_url":null,"og_image_custom_fields":null,"og_video":"","og_custom_url":null,"og_article_section":null,"og_article_tags":null,"twitter_use_og":false,"twitter_card":"default","twitter_image_type":"default","twitter_image_url":null,"twitter_image_custom_url":null,"twitter_image_custom_fields":null,"twitter_title":null,"twitter_description":null,"schema":{"blockGraphs":[],"customGraphs":[],"default":{"data":{"Article":[],"Course":[],"Dataset":[],"FAQPage":[],"Movie":[],"Person":[],"Product":[],"ProductReview":[],"Car":[],"Recipe":[],"Service":[],"SoftwareApplication":[],"WebPage":[]},"graphName":"WebPage","isEnabled":true},"graphs":[]},"schema_type":"default","schema_type_options":null,"pillar_content":false,"robots_default":true,"robots_noindex":false,"robots_noarchive":false,"robots_nosnippet":false,"robots_nofollow":false,"robots_noimageindex":false,"robots_noodp":false,"robots_notranslate":false,"robots_max_snippet":"-1","robots_max_videopreview":"-1","robots_max_imagepreview":"large","priority":null,"frequency":"default","local_seo":null,"seo_analyzer_scan_date":"2025-10-08 21:14:06","breadcrumb_settings":null,"limit_modified_date":false,"open_ai":"{\"title\":{\"suggestions\":[],\"usage\":0},\"description\":{\"suggestions\":[],\"usage\":0}}","ai":null,"created":"2023-11-12 10:50:08","updated":"2025-10-22 08:23:37"},"aioseo_breadcrumb":"<div class=\"aioseo-breadcrumbs\"><span class=\"aioseo-breadcrumb\">\n\t<a href=\"https:\/\/www.renz-recht.de\/fr\" title=\"Home\">Home<\/a>\n<\/span><span class=\"aioseo-breadcrumb-separator\">&raquo;<\/span><span class=\"aioseo-breadcrumb\">\n\tAbout Renz Recht\n<\/span><\/div>","aioseo_breadcrumb_json":[{"label":"Home","link":"https:\/\/www.renz-recht.de\/fr"},{"label":"About Renz Recht","link":"https:\/\/www.renz-recht.de\/fr\/a-propos-de-la-loi-renz-2\/"}],"_links":{"self":[{"href":"https:\/\/www.renz-recht.de\/fr\/wp-json\/wp\/v2\/pages\/2538","targetHints":{"allow":["GET"]}}],"collection":[{"href":"https:\/\/www.renz-recht.de\/fr\/wp-json\/wp\/v2\/pages"}],"about":[{"href":"https:\/\/www.renz-recht.de\/fr\/wp-json\/wp\/v2\/types\/page"}],"author":[{"embeddable":true,"href":"https:\/\/www.renz-recht.de\/fr\/wp-json\/wp\/v2\/users\/6"}],"replies":[{"embeddable":true,"href":"https:\/\/www.renz-recht.de\/fr\/wp-json\/wp\/v2\/comments?post=2538"}],"version-history":[{"count":1,"href":"https:\/\/www.renz-recht.de\/fr\/wp-json\/wp\/v2\/pages\/2538\/revisions"}],"predecessor-version":[{"id":3196,"href":"https:\/\/www.renz-recht.de\/fr\/wp-json\/wp\/v2\/pages\/2538\/revisions\/3196"}],"wp:attachment":[{"href":"https:\/\/www.renz-recht.de\/fr\/wp-json\/wp\/v2\/media?parent=2538"}],"curies":[{"name":"wp","href":"https:\/\/api.w.org\/{rel}","templated":true}]}}