{"id":1846,"date":"2022-11-11T15:47:38","date_gmt":"2022-11-11T14:47:38","guid":{"rendered":"https:\/\/www.renz-recht.de\/?page_id=1846"},"modified":"2024-11-25T12:03:22","modified_gmt":"2024-11-25T11:03:22","slug":"avocat-specialise-en-marques","status":"publish","type":"page","link":"https:\/\/www.renz-recht.de\/fr\/avocat-specialise-en-marques\/","title":{"rendered":"avocat sp\u00e9cialis\u00e9 en marques"},"content":{"rendered":"<p>[et_pb_section fb_built=&#8220;1&#8243; admin_label=&#8220;Header&#8220; _builder_version=&#8220;4.19.2&#8243; _module_preset=&#8220;default&#8220; background_color=&#8220;rgba(14,10,13,0.76)&#8220; background_image=&#8220;https:\/\/www.renz-recht.de\/wp-content\/uploads\/2019\/02\/renz-main-teaser.jpg&#8220; background_blend=&#8220;darken&#8220; custom_padding=&#8220;||||false|false&#8220; global_colors_info=&#8220;{}&#8220;][\/et_pb_section][et_pb_section fb_built=&#8220;1&#8243; specialty=&#8220;on&#8220; _builder_version=&#8220;4.19.2&#8243; _module_preset=&#8220;default&#8220; global_colors_info=&#8220;{}&#8220;][et_pb_column type=&#8220;1_2&#8243; specialty_columns=&#8220;2&#8243; _builder_version=&#8220;4.16&#8243; custom_padding=&#8220;|||&#8220; global_colors_info=&#8220;{}&#8220; custom_padding__hover=&#8220;|||&#8220;][et_pb_row_inner _builder_version=&#8220;4.19.2&#8243; _module_preset=&#8220;default&#8220; global_colors_info=&#8220;{}&#8220;][et_pb_column_inner saved_specialty_column_type=&#8220;1_2&#8243; _builder_version=&#8220;4.19.2&#8243; _module_preset=&#8220;default&#8220; global_colors_info=&#8220;{}&#8220;][et_pb_text _builder_version=&#8220;4.19.2&#8243; _module_preset=&#8220;default&#8220; header_font=&#8220;Rozha One||||||||&#8220; header_text_color=&#8220;#003E51&#8243; header_font_size=&#8220;80px&#8220; header_line_height=&#8220;1.1em&#8220; header_2_font=&#8220;Roboto|700||on|||||&#8220; header_2_text_color=&#8220;rgba(44,44,44,0.5)&#8220; header_2_font_size=&#8220;12px&#8220; header_2_letter_spacing=&#8220;1px&#8220; header_2_line_height=&#8220;1.3em&#8220; width=&#8220;100%&#8220; custom_padding=&#8220;0px|||||&#8220; text_font_size_tablet=&#8220;&#8220; text_font_size_phone=&#8220;&#8220; text_font_size_last_edited=&#8220;on|desktop&#8220; header_font_size_tablet=&#8220;44px&#8220; header_font_size_phone=&#8220;32px&#8220; header_font_size_last_edited=&#8220;on|phone&#8220; global_colors_info=&#8220;{}&#8220;]<\/p>\n<h4><span style=\"color: #000;\">Conseils concentr\u00e9s sur le droit des marques<\/span><\/h4>\n<h4><span style=\"color: #000; font-size: xx-large;\">Prot\u00e9gez votre marque de mani\u00e8re durable et devenez un \u00e9l\u00e9ment constitutif de<br \/>succ\u00e8s durable<\/span><\/h4>\n<p>[\/et_pb_text][et_pb_text _builder_version=&#8220;4.19.2&#8243; _module_preset=&#8220;default&#8220; global_colors_info=&#8220;{}&#8220;]<\/p>\n<p><span style=\"font-weight: 400;\">La marque de votre entreprise est un \u00e9l\u00e9ment central <strong>pour votre r\u00e9ussite \u00e9conomique.\u00a0<\/strong><\/span><\/p>\n<ul>\n<li style=\"font-weight: 400;\" aria-level=\"1\"><span style=\"font-weight: 400;\"><span style=\"font-weight: 400;\"><span style=\"font-weight: 400;\">Si la protection de votre marque est ignor\u00e9e, votre position sur le march\u00e9 peut \u00eatre d\u00e9finitivement endommag\u00e9e.<\/span><\/span><\/span><\/li>\n<li style=\"font-weight: 400;\" aria-level=\"1\">Un enregistrement et une d\u00e9fense de marque r\u00e9ussis apportent un succ\u00e8s durable \u00e0 votre entreprise et cr\u00e9ent un atout pr\u00e9cieux.<\/li>\n<li style=\"font-weight: 400;\" aria-level=\"1\">Si vous recevez un avertissement pour violation de marque, cela peut menacer l\u2019existence de votre entreprise.\u00a0<\/li>\n<\/ul>\n<p><span style=\"font-weight: 400;\">\u00c0 tous \u00e9gards, le droit des marques est un domaine juridique complexe<strong> avec des pi\u00e8ges \u00e0 co\u00fbts \u00e9lev\u00e9s,<\/strong> ce qui n\u00e9cessite de l&#039;exp\u00e9rience et de l&#039;expertise.<\/span><\/p>\n<p><span style=\"font-weight: 400;\">En tant qu&#039;avocat exp\u00e9riment\u00e9, j&#039;offre des conseils approfondis et individuels sur toutes les questions relatives aux marques et je prot\u00e8ge ce qui est important pour vous. <\/span><\/p>\n<p>[\/et_pb_text][et_pb_button button_url=&#8220;https:\/\/www.renz-recht.de\/anwalt-markenrecht\/#kontaktformular&#8220; button_text=&#8220;Kostenfreie Ersteinsch\u00e4tzung anfordern&#8220; _builder_version=&#8220;4.19.4&#8243; _module_preset=&#8220;default&#8220; custom_margin=&#8220;11px||13px||false|false&#8220; custom_padding=&#8220;12px|||||&#8220; global_colors_info=&#8220;{}&#8220;][\/et_pb_button][et_pb_text _builder_version=&#8220;4.19.2&#8243; _module_preset=&#8220;default&#8220; global_colors_info=&#8220;{}&#8220;]<\/p>\n<p><em>Vous recevrez un r\u00e9sultat dans les 48 heures.\u00a0<\/em><\/p>\n<p>[\/et_pb_text][et_pb_image src=&#8220;https:\/\/www.renz-recht.de\/wp-content\/uploads\/2022\/12\/Google-Sterne.png&#8220; title_text=&#8220;Google Sterne&#8220; _builder_version=&#8220;4.19.2&#8243; _module_preset=&#8220;default&#8220; global_colors_info=&#8220;{}&#8220;][\/et_pb_image][et_pb_blurb title=&#8220;\u00dcber diesen Blog&#8220; image_icon_background_color=&#8220;RGBA(255,255,255,0)&#8220; content_max_width=&#8220;100%&#8220; admin_label=&#8220;\u00dcber diesen Blog&#8220; _builder_version=&#8220;4.22.2&#8243; header_level=&#8220;h3&#8243; header_font_size=&#8220;30&#8243; body_text_align=&#8220;center&#8220; body_line_height=&#8220;1.3em&#8220; background_color=&#8220;RGBA(255,255,255,0)&#8220; background_layout=&#8220;dark&#8220; width=&#8220;94.4%&#8220; custom_margin=&#8220;||45px|20px|false|false&#8220; custom_padding=&#8220;18px|18px|18px|18px&#8220; child_filter_saturate=&#8220;0%&#8220; child_filter_brightness=&#8220;0%&#8220; child_filter_contrast=&#8220;0%&#8220; header_font_size_tablet=&#8220;&#8220; header_font_size_phone=&#8220;27&#8243; header_font_size_last_edited=&#8220;on|desktop&#8220; z_index_tablet=&#8220;500&#8243; header_text_shadow_horizontal_length_tablet=&#8220;0px&#8220; header_text_shadow_vertical_length_tablet=&#8220;0px&#8220; header_text_shadow_blur_strength_tablet=&#8220;1px&#8220; body_text_shadow_horizontal_length_tablet=&#8220;0px&#8220; body_text_shadow_vertical_length_tablet=&#8220;0px&#8220; body_text_shadow_blur_strength_tablet=&#8220;1px&#8220; body_link_text_shadow_horizontal_length_tablet=&#8220;0px&#8220; body_link_text_shadow_vertical_length_tablet=&#8220;0px&#8220; body_link_text_shadow_blur_strength_tablet=&#8220;1px&#8220; body_ul_text_shadow_horizontal_length_tablet=&#8220;0px&#8220; body_ul_text_shadow_vertical_length_tablet=&#8220;0px&#8220; body_ul_text_shadow_blur_strength_tablet=&#8220;1px&#8220; body_ol_text_shadow_horizontal_length_tablet=&#8220;0px&#8220; body_ol_text_shadow_vertical_length_tablet=&#8220;0px&#8220; body_ol_text_shadow_blur_strength_tablet=&#8220;1px&#8220; body_quote_text_shadow_horizontal_length_tablet=&#8220;0px&#8220; body_quote_text_shadow_vertical_length_tablet=&#8220;0px&#8220; body_quote_text_shadow_blur_strength_tablet=&#8220;1px&#8220; border_color_all_image=&#8220;RGBA(255,255,255,0)&#8220; box_shadow_horizontal_tablet=&#8220;0px&#8220; box_shadow_vertical_tablet=&#8220;0px&#8220; box_shadow_blur_tablet=&#8220;40px&#8220; box_shadow_spread_tablet=&#8220;0px&#8220; box_shadow_horizontal_image_tablet=&#8220;0px&#8220; box_shadow_vertical_image_tablet=&#8220;0px&#8220; box_shadow_blur_image_tablet=&#8220;40px&#8220; box_shadow_spread_image_tablet=&#8220;0px&#8220; text_shadow_horizontal_length_tablet=&#8220;0px&#8220; text_shadow_vertical_length_tablet=&#8220;0px&#8220; text_shadow_blur_strength_tablet=&#8220;1px&#8220; global_module=&#8220;369&#8243; saved_tabs=&#8220;all&#8220; locked=&#8220;off&#8220; global_colors_info=&#8220;{}&#8220;][\/et_pb_blurb][\/et_pb_column_inner][\/et_pb_row_inner][\/et_pb_column][et_pb_column type=&#8220;1_2&#8243; _builder_version=&#8220;4.16&#8243; custom_padding=&#8220;|||&#8220; global_colors_info=&#8220;{}&#8220; custom_padding__hover=&#8220;|||&#8220;][et_pb_image src=&#8220;https:\/\/www.renz-recht.de\/wp-content\/uploads\/2022\/12\/Anwalt-Markenrecht-Renz-e1671057413959.jpg&#8220; title_text=&#8220;Anwalt Markenrecht Renz&#8220; _builder_version=&#8220;4.19.2&#8243; _module_preset=&#8220;default&#8220; mix_blend_mode=&#8220;luminosity&#8220; global_colors_info=&#8220;{}&#8220;][\/et_pb_image][et_pb_text _builder_version=&#8220;4.19.4&#8243; _module_preset=&#8220;default&#8220; global_colors_info=&#8220;{}&#8220;]<\/p>\n<p style=\"text-align: center;\"><strong>\u00a0 Ma\u00eetre Anne-Kathrin Renz :<br \/><\/strong><em>\u201e Le droit des marques est un \u00e9l\u00e9ment crucial pour la r\u00e9ussite commerciale \u00e0 long terme. La complexit\u00e9 du droit des marques exige des conseils personnalis\u00e9s de haut niveau plut\u00f4t qu&#039;un traitement de masse simplifi\u00e9 afin d&#039;assurer la protection durable de votre marque. \u201c<\/em><strong><br \/><\/strong><strong><br \/><\/strong><\/p>\n<p><strong> <\/strong><\/p>\n<p><strong><\/strong><\/p>\n<p><strong> <\/strong><\/p>\n<p><strong><\/strong><\/p>\n<p>[\/et_pb_text][\/et_pb_column][\/et_pb_section][et_pb_section fb_built=&#8220;1&#8243; admin_label=&#8220;Themen mit Jumpmarks&#8220; _builder_version=&#8220;4.19.1&#8243; _module_preset=&#8220;default&#8220; background_color=&#8220;#EEEEEE&#8220; min_height=&#8220;147px&#8220; custom_margin=&#8220;4px|||||&#8220; custom_padding=&#8220;40px|||||&#8220; global_colors_info=&#8220;{}&#8220;][et_pb_row column_structure=&#8220;1_5,1_5,1_5,1_5,1_5&#8243; _builder_version=&#8220;4.19.0&#8243; _module_preset=&#8220;default&#8220; width=&#8220;88.1%&#8220; custom_padding=&#8220;0px||30px||false|false&#8220; global_colors_info=&#8220;{}&#8220;][et_pb_column type=&#8220;1_5&#8243; _builder_version=&#8220;4.19.0&#8243; _module_preset=&#8220;default&#8220; global_colors_info=&#8220;{}&#8220;][et_pb_text _builder_version=&#8220;4.19.0&#8243; _module_preset=&#8220;default&#8220; custom_padding=&#8220;17px||18px|||&#8220; global_colors_info=&#8220;{}&#8220;]<\/p>\n<h3 style=\"text-align: left;\"><strong>Th\u00e8mes importants en droit des marques :<\/strong><\/h3>\n<p>[\/et_pb_text][\/et_pb_column][et_pb_column type=&#8220;1_5&#8243; _builder_version=&#8220;4.19.0&#8243; _module_preset=&#8220;default&#8220; global_colors_info=&#8220;{}&#8220;][et_pb_text _builder_version=&#8220;4.19.2&#8243; _module_preset=&#8220;default&#8220; background_color=&#8220;#9A015D&#8220; custom_margin=&#8220;0px||0px||false|false&#8220; custom_padding=&#8220;20px|20px|20px|20px|false|false&#8220; link_option_url=&#8220;https:\/\/www.renz-recht.de\/anwalt-markenrecht\/#markenanmeldung&#8220; border_radii=&#8220;on|199px|199px|199px|199px&#8220; global_colors_info=&#8220;{}&#8220;]<\/p>\n<p style=\"text-align: center;\"><span style=\"color: #ffffff;\">Enregistrement de marque<\/span><\/p>\n<p>[\/et_pb_text][\/et_pb_column][et_pb_column type=&#8220;1_5&#8243; _builder_version=&#8220;4.19.0&#8243; _module_preset=&#8220;default&#8220; global_colors_info=&#8220;{}&#8220;][et_pb_text _builder_version=&#8220;4.19.2&#8243; _module_preset=&#8220;default&#8220; background_color=&#8220;#9A015D&#8220; custom_margin=&#8220;0px||0px||false|false&#8220; custom_padding=&#8220;20px|20px|20px|20px|false|false&#8220; link_option_url=&#8220;https:\/\/www.renz-recht.de\/anwalt-markenrecht\/#abmahnung&#8220; border_radii=&#8220;on|199px|199px|199px|199px&#8220; global_colors_info=&#8220;{}&#8220;]<\/p>\n<p style=\"text-align: center;\"><span style=\"color: #ffffff;\">J&#039;ai re\u00e7u un avertissement<\/span><\/p>\n<p>[\/et_pb_text][\/et_pb_column][et_pb_column type=&#8220;1_5&#8243; _builder_version=&#8220;4.19.0&#8243; _module_preset=&#8220;default&#8220; global_colors_info=&#8220;{}&#8220;][et_pb_text _builder_version=&#8220;4.19.2&#8243; _module_preset=&#8220;default&#8220; background_color=&#8220;#9A015D&#8220; custom_margin=&#8220;0px||0px||false|false&#8220; custom_padding=&#8220;20px|20px|20px|20px|false|false&#8220; link_option_url=&#8220;https:\/\/www.renz-recht.de\/anwalt-markenrecht\/#marke-verteidigen&#8220; border_radii=&#8220;on|199px|199px|199px|199px&#8220; global_colors_info=&#8220;{}&#8220;]<\/p>\n<p style=\"text-align: center;\"><span style=\"color: #ffffff;\">D\u00e9fendre la marque<\/span><\/p>\n<p>[\/et_pb_text][\/et_pb_column][et_pb_column type=&#8220;1_5&#8243; _builder_version=&#8220;4.19.0&#8243; _module_preset=&#8220;default&#8220; global_colors_info=&#8220;{}&#8220;][et_pb_text _builder_version=&#8220;4.19.2&#8243; _module_preset=&#8220;default&#8220; background_color=&#8220;#9A015D&#8220; custom_margin=&#8220;0px||0px||false|false&#8220; custom_padding=&#8220;20px|20px|20px|20px|false|false&#8220; link_option_url=&#8220;https:\/\/www.renz-recht.de\/anwalt-markenrecht\/#anmeldung-versaeumt&#8220; border_radii=&#8220;on|199px|199px|199px|199px&#8220; global_colors_info=&#8220;{}&#8220;]<\/p>\n<p style=\"text-align: center;\"><span style=\"color: #ffffff;\">Inscrivez-vous \u00e0 nouveau<\/span><\/p>\n<p>[\/et_pb_text][\/et_pb_column][\/et_pb_row][\/et_pb_section][et_pb_section fb_built=&#8220;1&#8243; _builder_version=&#8220;4.19.0&#8243; _module_preset=&#8220;default&#8220; transform_translate=&#8220;4px|0px&#8220; custom_margin=&#8220;0px||0px||false|false&#8220; custom_padding=&#8220;0px|||||&#8220; global_colors_info=&#8220;{}&#8220;][et_pb_row column_structure=&#8220;1_3,1_3,1_3&#8243; _builder_version=&#8220;4.19.1&#8243; _module_preset=&#8220;default&#8220; min_height=&#8220;109px&#8220; custom_margin=&#8220;|auto|-9px|auto||&#8220; custom_padding=&#8220;30px||30px|0px|false|false&#8220; global_colors_info=&#8220;{}&#8220;][et_pb_column type=&#8220;1_3&#8243; _builder_version=&#8220;4.19.1&#8243; _module_preset=&#8220;default&#8220; global_colors_info=&#8220;{}&#8220;][et_pb_text _builder_version=&#8220;4.25.2&#8243; _module_preset=&#8220;default&#8220; text_font=&#8220;|700|||||||&#8220; text_font_size=&#8220;27px&#8220; transform_scale=&#8220;111%|111%&#8220; transform_translate=&#8220;5px|19px&#8220; text_orientation=&#8220;center&#8220; custom_margin=&#8220;0px||||false|false&#8220; custom_padding=&#8220;0px||||false|false&#8220; global_colors_info=&#8220;{}&#8220; locked=&#8220;off&#8220;]<\/p>\n<p style=\"text-align: center;\"><strong>Membre du GRUR<\/strong><\/p>\n<p>[\/et_pb_text][\/et_pb_column][et_pb_column type=&#8220;1_3&#8243; _builder_version=&#8220;4.19.0&#8243; _module_preset=&#8220;default&#8220; global_colors_info=&#8220;{}&#8220;][et_pb_image src=&#8220;https:\/\/www.renz-recht.de\/wp-content\/uploads\/2022\/11\/logo_davit_mitglied.jpg&#8220; alt=&#8220;logo_davit_mitglied&#8220; title_text=&#8220;logo_davit_mitglied&#8220; _builder_version=&#8220;4.19.1&#8243; _module_preset=&#8220;default&#8220; width=&#8220;50%&#8220; max_width=&#8220;50%&#8220; module_alignment=&#8220;center&#8220; global_colors_info=&#8220;{}&#8220;][\/et_pb_image][\/et_pb_column][et_pb_column type=&#8220;1_3&#8243; _builder_version=&#8220;4.19.0&#8243; _module_preset=&#8220;default&#8220; global_colors_info=&#8220;{}&#8220;][et_pb_image src=&#8220;https:\/\/www.renz-recht.de\/wp-content\/uploads\/2022\/11\/Anwaltsverein-Logo.jpg&#8220; alt=&#8220;Anwaltsverein Logo&#8220; title_text=&#8220;Anwaltsverein Logo&#8220; _builder_version=&#8220;4.19.1&#8243; _module_preset=&#8220;default&#8220; width=&#8220;50%&#8220; max_width=&#8220;50%&#8220; module_alignment=&#8220;center&#8220; global_colors_info=&#8220;{}&#8220;][\/et_pb_image][\/et_pb_column][\/et_pb_row][\/et_pb_section][et_pb_section fb_built=&#8220;1&#8243; admin_label=&#8220;FAQ&#8220; module_id=&#8220;markenanmeldung&#8220; _builder_version=&#8220;4.19.2&#8243; _module_preset=&#8220;default&#8220; background_color=&#8220;RGBA(255,255,255,0)&#8220; custom_margin=&#8220;0px||0px||false|false&#8220; custom_padding=&#8220;80px||80px||false|false&#8220; collapsed=&#8220;on&#8220; global_colors_info=&#8220;{}&#8220;][et_pb_row column_structure=&#8220;1_2,1_2&#8243; _builder_version=&#8220;4.19.2&#8243; _module_preset=&#8220;default&#8220; min_height=&#8220;818.3px&#8220; custom_margin=&#8220;|auto|-273px|auto||&#8220; global_colors_info=&#8220;{}&#8220;][et_pb_column type=&#8220;1_2&#8243; _builder_version=&#8220;4.18.0&#8243; _module_preset=&#8220;default&#8220; global_colors_info=&#8220;{}&#8220;][et_pb_text _builder_version=&#8220;4.19.2&#8243; _module_preset=&#8220;default&#8220; custom_padding=&#8220;1px|||||&#8220; global_colors_info=&#8220;{}&#8220;]<\/p>\n<p><span style=\"color: #d0145a;\">ATTENTION \u00c0 CES RISQUES DE TR\u00c9BUCHEMENT<\/span><span style=\"color: #000000;\"><\/span><\/p>\n<h2><span style=\"color: #000000;\"><span style=\"caret-color: #000000;\">Erreurs courantes lors de l&#039;enregistrement d&#039;une marque<\/span><\/span><\/h2>\n<p>[\/et_pb_text][et_pb_text _builder_version=&#8220;4.19.2&#8243; _module_preset=&#8220;default&#8220; custom_padding=&#8220;0px|0px||||&#8220; global_colors_info=&#8220;{}&#8220;]<\/p>\n<p>Dans le cadre de mes conseils juridiques, je constate \u00e0 maintes reprises que les entrepreneurs, les directeurs g\u00e9n\u00e9raux et les d\u00e9cideurs prennent \u00e0 la l\u00e9g\u00e8re leurs responsabilit\u00e9s en mati\u00e8re de marques. Les proc\u00e9dures de consultation de masse sur Internet sont faciles \u00e0 vendre, mais ne rendent pas justice \u00e0 la complexit\u00e9 du droit des marques. Les cons\u00e9quences potentielles constituent une menace pour votre entreprise et la protection de votre marque.\u00a0<\/p>\n<p>Les erreurs suivantes qui surviennent lors de l\u2019enregistrement de votre propre marque ou lors de l\u2019enregistrement d\u2019une marque standardis\u00e9e \u00e0 l\u2019aide d\u2019un service correspondant peuvent \u00eatre \u00e9vit\u00e9es.<\/p>\n<p>[\/et_pb_text][et_pb_image src=&#8220;https:\/\/www.renz-recht.de\/wp-content\/uploads\/2022\/12\/Probleme-bei-der-Markenanmeldung.jpg&#8220; title_text=&#8220;Probleme bei der Markenanmeldung&#8220; _builder_version=&#8220;4.19.3&#8243; _module_preset=&#8220;default&#8220; min_height=&#8220;351px&#8220; custom_padding=&#8220;0px||39px|||&#8220; global_colors_info=&#8220;{}&#8220;][\/et_pb_image][\/et_pb_column][et_pb_column type=&#8220;1_2&#8243; _builder_version=&#8220;4.18.0&#8243; _module_preset=&#8220;default&#8220; global_colors_info=&#8220;{}&#8220;][et_pb_text _builder_version=&#8220;4.19.2&#8243; _module_preset=&#8220;default&#8220; min_height=&#8220;138.6px&#8220; custom_margin=&#8220;122px|||0px|false|false&#8220; global_colors_info=&#8220;{}&#8220;]<\/p>\n<p><span style=\"color: #d0145a; font-size: xx-large;\">1. Recherche superficielle<br \/><\/span>Il est essentiel qu\u2019une recherche compl\u00e8te d\u2019identit\u00e9 et de similitude soit effectu\u00e9e avant d\u2019enregistrer une marque. Cela garantit qu&#039;aucune marque identique ou similaire n&#039;est d\u00e9j\u00e0 enregistr\u00e9e. Un <strong>une simple recherche sur Internet ne suffit pas<\/strong> et peut ult\u00e9rieurement vous contester dans le cadre d&#039;une proc\u00e9dure d&#039;objection ou avec des avertissements <strong>\u00eatre cher<\/strong> viens.<\/p>\n<p>[\/et_pb_text][et_pb_text _builder_version=&#8220;4.19.1&#8243; _module_preset=&#8220;default&#8220; custom_margin=&#8220;|||0px|false|false&#8220; global_colors_info=&#8220;{}&#8220;]<\/p>\n<p><span style=\"color: #d0145a; font-size: xx-large;\">2. Choisir la mauvaise forme de marque<\/span><strong><span style=\"color: #d0145a; font-size: xx-large;\"><br \/><\/span><\/strong>Votre marque peut \u00eatre enregistr\u00e9e aupr\u00e8s de l&#039;Office des marques en tant que marque verbale, marque figurative ou marque verbale\/figurative. Quelle forme de marque est la bonne ? <strong>individuellement<\/strong> d\u00e9termin\u00e9 et <strong>soigneusement d\u00e9cid\u00e9<\/strong> pour obtenir la meilleure protection de marque possible. Dans le pire des cas, l\u2019office des marques rejettera votre enregistrement.<\/p>\n<p>[\/et_pb_text][et_pb_text _builder_version=&#8220;4.19.1&#8243; _module_preset=&#8220;default&#8220; width=&#8220;100%&#8220; custom_margin=&#8220;|||0px|false|false&#8220; global_colors_info=&#8220;{}&#8220;]<\/p>\n<p><span style=\"color: #ffffff; font-size: xx-large;\"><span style=\"color: #d0145a;\">3.<\/span><\/span><span style=\"color: #ffffff; font-size: xx-large;\"><span style=\"color: #d0145a;\"> Entr\u00e9e incorrecte\u00a0<\/span><\/span><strong><span style=\"color: #ffffff; font-size: xx-large;\"><br \/><\/span><\/strong>La plupart des demandeurs de marques ne traitent pas la liste des produits et services de mani\u00e8re suffisamment consciencieuse et mettent ainsi en p\u00e9ril la protection de leur marque. Le <strong>Choisir les bons cours \u00e0 Nice<\/strong> et la cr\u00e9ation de la <strong>Liste des services<\/strong> doivent \u00eatre r\u00e9alis\u00e9s avec soin, car ils ne peuvent pas \u00eatre modifi\u00e9s ou \u00e9tendus apr\u00e8s l&#039;enregistrement.<\/p>\n<p>[\/et_pb_text][et_pb_text _builder_version=&#8220;4.19.1&#8243; _module_preset=&#8220;default&#8220; width=&#8220;99.9%&#8220; custom_margin=&#8220;|||0px|false|false&#8220; custom_padding=&#8220;|||0px||&#8220; global_colors_info=&#8220;{}&#8220;]<\/p>\n<p><span style=\"color: #ffffff; font-size: xx-large;\"><span style=\"color: #d0145a;\">4. Entra\u00eener des co\u00fbts inutiles<\/span><\/span><strong><span style=\"color: #ffffff; font-size: xx-large;\"><br \/><\/span><\/strong>M\u00eame une petite n\u00e9gligence peut entra\u00eener le rejet de votre demande d&#039;enregistrement de marque par l&#039;office des marques. Les frais pay\u00e9s seront <strong>non remboursable<\/strong>, vous devrez donc prendre en charge \u00e0 la fois ces frais et les frais de r\u00e9inscription.<\/p>\n<p>[\/et_pb_text][\/et_pb_column][\/et_pb_row][\/et_pb_section][et_pb_section fb_built=&#8220;1&#8243; _builder_version=&#8220;4.19.0&#8243; _module_preset=&#8220;default&#8220; custom_padding=&#8220;80px||90px||false|false&#8220; global_colors_info=&#8220;{}&#8220;][et_pb_row _builder_version=&#8220;4.19.0&#8243; _module_preset=&#8220;default&#8220; global_colors_info=&#8220;{}&#8220;][et_pb_column type=&#8220;4_4&#8243; _builder_version=&#8220;4.19.0&#8243; _module_preset=&#8220;default&#8220; global_colors_info=&#8220;{}&#8220;][et_pb_text _builder_version=&#8220;4.19.0&#8243; _module_preset=&#8220;default&#8220; background_color=&#8220;RGBA(255,255,255,0)&#8220; min_height=&#8220;106.8px&#8220; custom_margin=&#8220;100px|||||&#8220; custom_padding=&#8220;||16px|||&#8220; global_colors_info=&#8220;{}&#8220;]<\/p>\n<p style=\"text-align: center;\"><span style=\"color: #d0145a;\">EXEMPLES PRATIQUES<\/span><\/p>\n<p style=\"text-align: center;\"><span style=\"color: #26173a; font-size: 30px;\">Pourquoi l\u2019enregistrement d\u2019une marque n\u00e9cessite une pr\u00e9paration individuelle<\/span><\/p>\n<p>[\/et_pb_text][\/et_pb_column][\/et_pb_row][et_pb_row column_structure=&#8220;1_2,1_2&#8243; _builder_version=&#8220;4.19.2&#8243; _module_preset=&#8220;default&#8220; min_height=&#8220;460.8px&#8220; custom_margin=&#8220;17px|auto||auto||&#8220; custom_padding=&#8220;|25px||25px|false|false&#8220; global_colors_info=&#8220;{}&#8220;][et_pb_column type=&#8220;1_2&#8243; _builder_version=&#8220;4.19.0&#8243; _module_preset=&#8220;default&#8220; global_colors_info=&#8220;{}&#8220;][et_pb_blurb use_icon=&#8220;on&#8220; font_icon=&#8220;&#xf057;||fa||400&#8243; icon_color=&#8220;#e52816&#8243; image_icon_width=&#8220;58px&#8220; content_max_width=&#8220;670px&#8220; _builder_version=&#8220;4.19.2&#8243; _module_preset=&#8220;default&#8220; header_level=&#8220;h3&#8243; header_text_align=&#8220;center&#8220; background_color=&#8220;#eeeeee&#8220; text_orientation=&#8220;center&#8220; width=&#8220;95.7%&#8220; module_alignment=&#8220;center&#8220; min_height=&#8220;359px&#8220; custom_margin=&#8220;|||57px||&#8220; custom_padding=&#8220;50px|42px|50px|41px|false|false&#8220; global_colors_info=&#8220;{}&#8220;]<\/p>\n<h3 style=\"text-align: left;\">Le d\u00e9sastre de l&#039;inscription massive<\/h3>\n<p style=\"text-align: left;\">Le directeur g\u00e9n\u00e9ral d&#039;une boutique en ligne r\u00e9cemment fond\u00e9e souhaite enregistrer sa marque et se tourne vers un portail d&#039;enregistrement de marques qui propose des enregistrements de masse \u00e0 des prix raisonnables.<\/p>\n<p style=\"text-align: left;\">L&#039;inscription s&#039;effectue rapidement et l&#039;entrepreneur se sent en s\u00e9curit\u00e9. Cependant, peu de temps apr\u00e8s, il d\u00e9couvre un concurrent imitateur et souhaite \u00e9mettre un avertissement pour ses produits.<\/p>\n<p style=\"text-align: left;\">Il s\u2019av\u00e8re que toutes les classes concern\u00e9es n\u2019\u00e9taient pas enregistr\u00e9es et que les marchandises vendues dans le magasin n\u2019\u00e9taient pas enregistr\u00e9es.<\/p>\n<p style=\"text-align: left;\">\n<p style=\"text-align: left;\">La protection des marques s\u2019\u00e9tend uniquement aux classes enregistr\u00e9es et ne peut \u00eatre \u00e9tendue ou modifi\u00e9e ult\u00e9rieurement.<\/p>\n<p style=\"text-align: left;\">\n<p style=\"text-align: left;\">L&#039;entrepreneur ne peut d\u00e9sormais plus agir sur la base de la marque.\u00a0<\/p>\n<p style=\"text-align: left;\">\n<p style=\"text-align: left;\">\n<p style=\"text-align: left;\">\n<p>[\/et_pb_blurb][\/et_pb_column][et_pb_column type=&#8220;1_2&#8243; _builder_version=&#8220;4.19.0&#8243; _module_preset=&#8220;default&#8220; global_colors_info=&#8220;{}&#8220;][et_pb_blurb use_icon=&#8220;on&#8220; font_icon=&#8220;&#xf058;||fa||400&#8243; icon_color=&#8220;#58d615&#8243; image_icon_width=&#8220;58px&#8220; content_max_width=&#8220;670px&#8220; _builder_version=&#8220;4.19.2&#8243; _module_preset=&#8220;default&#8220; header_level=&#8220;h3&#8243; header_text_align=&#8220;center&#8220; background_color=&#8220;#26173a&#8220; text_orientation=&#8220;center&#8220; width=&#8220;95.7%&#8220; module_alignment=&#8220;center&#8220; min_height=&#8220;359px&#8220; custom_margin=&#8220;|||57px||&#8220; custom_padding=&#8220;50px|42px|50px|41px|false|false&#8220; global_colors_info=&#8220;{}&#8220;]<\/p>\n<h3 style=\"text-align: left;\"><span style=\"color: #eeeeee;\">Enregistrement de marque avec conseils personnalis\u00e9s<\/span><\/h3>\n<p style=\"text-align: left;\"><span style=\"color: #eeeeee;\">Un entrepreneur op\u00e8re au niveau r\u00e9gional dans le sud de l&#039;Allemagne et s&#039;est d\u00e9j\u00e0 b\u00e2ti une bonne r\u00e9putation avec le nom de son entreprise. Afin de prot\u00e9ger cette r\u00e9putation, il souhaite enregistrer officiellement sa marque et s&#039;adresse \u00e0 cet effet \u00e0 Renz Recht. <\/span><\/p>\n<p style=\"text-align: left;\"><span style=\"color: #eeeeee;\">Apr\u00e8s une consultation approfondie, nous effectuons une recherche de marque professionnelle et v\u00e9rifions l&#039;enregistrabilit\u00e9 de votre marque ainsi que tout motif de protection conflictuel. Nous \u00e9tablissons ensuite une liste compl\u00e8te des produits et services et effectuons la correspondance avec l&#039;Office allemand des brevets et des marques (DPMA) ou l&#039;Office de l&#039;Union europ\u00e9enne pour la propri\u00e9t\u00e9 intellectuelle (EUIPO).<\/span><\/p>\n<p style=\"text-align: left;\"><span style=\"color: #eeeeee;\">Peu de temps apr\u00e8s, une entreprise concurrente a voulu profiter du succ\u00e8s de la marque originale et utiliser le m\u00eame nom dans le nord de l&#039;Allemagne. <\/span><\/p>\n<p style=\"text-align: left;\"><span style=\"color: #eeeeee;\">En enregistrant correctement une marque, l\u2019entrepreneur peut prot\u00e9ger ses concurrents <strong>avertir<\/strong>, son <strong>maintenir une position l\u00e9gitime sur le march\u00e9<\/strong> et continuer sans \u00eatre d\u00e9rang\u00e9 <strong>d\u00e9velopper.<\/strong><\/span><\/p>\n<p>[\/et_pb_blurb][\/et_pb_column][\/et_pb_row][\/et_pb_section][et_pb_section fb_built=&#8220;1&#8243; _builder_version=&#8220;4.19.0&#8243; _module_preset=&#8220;default&#8220; background_color=&#8220;#26173A&#8220; custom_padding=&#8220;80px||80px||false|false&#8220; global_colors_info=&#8220;{}&#8220;][et_pb_row _builder_version=&#8220;4.19.0&#8243; _module_preset=&#8220;default&#8220; global_colors_info=&#8220;{}&#8220;][et_pb_column type=&#8220;4_4&#8243; _builder_version=&#8220;4.19.0&#8243; _module_preset=&#8220;default&#8220; global_colors_info=&#8220;{}&#8220;][et_pb_text _builder_version=&#8220;4.19.2&#8243; _module_preset=&#8220;default&#8220; custom_padding=&#8220;||16px|||&#8220; global_colors_info=&#8220;{}&#8220;]<\/p>\n<p style=\"text-align: center;\"><span style=\"color: #d0145a;\">LA CLASSE AVANT LA MASSE<\/span><\/p>\n<h2 style=\"text-align: center;\"><span style=\"color: #ffffff;\">B\u00e9n\u00e9ficiez de conseils personnalis\u00e9s<\/span><\/h2>\n<p>[\/et_pb_text][\/et_pb_column][\/et_pb_row][et_pb_row column_structure=&#8220;1_3,1_3,1_3&#8243; _builder_version=&#8220;4.19.0&#8243; _module_preset=&#8220;default&#8220; min_height=&#8220;293.6px&#8220; custom_padding=&#8220;||0px|||&#8220; global_colors_info=&#8220;{}&#8220;][et_pb_column type=&#8220;1_3&#8243; _builder_version=&#8220;4.19.0&#8243; _module_preset=&#8220;default&#8220; global_colors_info=&#8220;{}&#8220;][et_pb_text _builder_version=&#8220;4.19.0&#8243; _module_preset=&#8220;default&#8220; background_color=&#8220;#9A015D&#8220; min_height=&#8220;304px&#8220; custom_margin=&#8220;||-6px|||&#8220; custom_padding=&#8220;30px|30px|36px|30px|false|false&#8220; global_colors_info=&#8220;{}&#8220;]<\/p>\n<h3 style=\"text-align: center;\"><strong><span style=\"color: #ffffff;\">Protection efficace pour\u00a0<span style=\"caret-color: #ffffff;\">Votre marque<\/span><\/span><\/strong><\/h3>\n<p><span style=\"color: #eeeeee;\">Je m&#039;occupe de l&#039;enregistrement fluide et juridiquement s\u00e9curis\u00e9 de votre marque. De la cr\u00e9ation du nom au logo en passant par le type d\u2019enregistrement, toutes les \u00e9tapes doivent \u00eatre planifi\u00e9es de mani\u00e8re optimale et bien r\u00e9fl\u00e9chies. <\/span><\/p>\n<p><span style=\"color: #eeeeee;\">Ici, vous posez les bases de l&#039;avenir <strong>Succ\u00e8s<\/strong> de votre entreprise.<\/span><\/p>\n<p>[\/et_pb_text][\/et_pb_column][et_pb_column type=&#8220;1_3&#8243; _builder_version=&#8220;4.19.0&#8243; _module_preset=&#8220;default&#8220; global_colors_info=&#8220;{}&#8220;][et_pb_text _builder_version=&#8220;4.19.0&#8243; _module_preset=&#8220;default&#8220; background_color=&#8220;#9A015D&#8220; min_height=&#8220;305px&#8220; custom_margin=&#8220;||23px|||&#8220; custom_padding=&#8220;30px|30px|30px|30px|false|false&#8220; global_colors_info=&#8220;{}&#8220;]<\/p>\n<h3 style=\"text-align: center;\"><strong><span style=\"color: #ffffff;\">Surveillance continue<\/span><\/strong><\/h3>\n<p><span style=\"color: #ffffff;\">Si vous le souhaitez, je peux assurer une protection permanente de votre marque en surveillant de pr\u00e8s le registre des marques m\u00eame apr\u00e8s l&#039;enregistrement.\u00a0<\/span><\/p>\n<p><span style=\"color: #ffffff; font-size: 16px;\">De cette fa\u00e7on, je peux garder un \u0153il sur la concurrence pour vous et\u00a0<\/span><strong style=\"color: #ffffff; font-size: 16px;\">r\u00e9agir rapidement<\/strong><span style=\"color: #ffffff; font-size: 16px;\">s&#039;il existe un risque de violation de votre marque.<\/span><\/p>\n<p>[\/et_pb_text][\/et_pb_column][et_pb_column type=&#8220;1_3&#8243; _builder_version=&#8220;4.19.0&#8243; _module_preset=&#8220;default&#8220; global_colors_info=&#8220;{}&#8220;][et_pb_text _builder_version=&#8220;4.19.0&#8243; _module_preset=&#8220;default&#8220; background_color=&#8220;#9A015D&#8220; min_height=&#8220;245px&#8220; custom_margin=&#8220;||-26px|||&#8220; custom_padding=&#8220;30px|30px|30px|30px|false|false&#8220; global_colors_info=&#8220;{}&#8220;]<\/p>\n<h3 style=\"text-align: center;\"><span style=\"color: #ffffff;\"><strong>Dominer la comp\u00e9tition<\/strong>\u00a0<\/span><\/h3>\n<h3><span style=\"color: #ffffff; font-size: 16px;\">En enregistrant une marque, vous obtenez le droit exclusif d\u2019utiliser votre nom de marque. <\/span><\/h3>\n<h3><span style=\"color: #ffffff; font-size: 16px;\">Gr\u00e2ce aux valeurs et associations positives que vous seul avez pour <strong>Votre marque<\/strong> peut cr\u00e9er, construire <strong>fid\u00e9lit\u00e9 durable de la client\u00e8le<\/strong>\u00a0et gagner un important <strong>Avantage concurrentiel. <\/strong><\/span><\/h3>\n<p>[\/et_pb_text][\/et_pb_column][\/et_pb_row][\/et_pb_section][et_pb_section fb_built=&#8220;1&#8243; custom_padding_last_edited=&#8220;on|tablet&#8220; _builder_version=&#8220;4.16&#8243; background_color=&#8220;#eeeeee&#8220; custom_padding=&#8220;90px||45px|&#8220; custom_padding_tablet=&#8220;9%||6%|&#8220; custom_padding_phone=&#8220;&#8220; global_colors_info=&#8220;{}&#8220;][et_pb_row _builder_version=&#8220;4.16&#8243; background_size=&#8220;initial&#8220; background_position=&#8220;top_left&#8220; background_repeat=&#8220;repeat&#8220; global_colors_info=&#8220;{}&#8220;][et_pb_column type=&#8220;4_4&#8243; _builder_version=&#8220;4.16&#8243; custom_padding=&#8220;|||&#8220; global_colors_info=&#8220;{}&#8220; custom_padding__hover=&#8220;|||&#8220;][et_pb_blurb title=&#8220;Mandantenstimmen&#8220; content_max_width=&#8220;360px&#8220; admin_label=&#8220;Mandantenstimmen&#8220; _builder_version=&#8220;4.16&#8243; header_level=&#8220;h2&#8243; text_orientation=&#8220;center&#8220; saved_tabs=&#8220;all&#8220; global_colors_info=&#8220;{}&#8220;][\/et_pb_blurb][\/et_pb_column][\/et_pb_row][et_pb_row _builder_version=&#8220;4.16&#8243; background_size=&#8220;initial&#8220; background_position=&#8220;top_left&#8220; background_repeat=&#8220;repeat&#8220; global_colors_info=&#8220;{}&#8220;][et_pb_column type=&#8220;4_4&#8243; _builder_version=&#8220;4.16&#8243; custom_padding=&#8220;|||&#8220; global_colors_info=&#8220;{}&#8220; custom_padding__hover=&#8220;|||&#8220;][et_pb_slider admin_label=&#8220;Mandantenstimmen Slider&#8220; module_class=&#8220;testimonial-slider&#8220; _builder_version=&#8220;4.16&#8243; body_font=&#8220;|300|||||||&#8220; body_text_color=&#8220;#333333&#8243; body_font_size=&#8220;27&#8243; body_line_height=&#8220;1.3em&#8220; background_color=&#8220;#eeeeee&#8220; custom_padding=&#8220;45px||90px|&#8220; custom_padding_tablet=&#8220;36px||81px|&#8220; custom_padding_phone=&#8220;27px||72px|&#8220; custom_padding_last_edited=&#8220;on|phone&#8220; auto=&#8220;on&#8220; body_font_size_tablet=&#8220;&#8220; body_font_size_phone=&#8220;18&#8243; body_font_size_last_edited=&#8220;on|phone&#8220; global_colors_info=&#8220;{}&#8220;][et_pb_slide use_bg_overlay=&#8220;off&#8220; use_text_overlay=&#8220;off&#8220; _builder_version=&#8220;4.16&#8243; body_font=&#8220;||||||||&#8220; button_on_hover=&#8220;on&#8220; global_colors_info=&#8220;{}&#8220; sticky_transition=&#8220;on&#8220;]<\/p>\n<div class=\"renz-rating\"><i class=\"fas fa-star\"><\/i><i class=\"fas fa-star\"><\/i><i class=\"fas fa-star\"><\/i><i class=\"fas fa-star\"><\/i><i class=\"fas fa-star\"><\/i><\/div>\n<p><span class=\"quote-credit\">Avertissement en raison d&#039;une violation du droit d&#039;auteur sur les droits d&#039;image sur eBay<\/span><\/p>\n<p>\u201ePerfekte und Schnelle Beratung! Vertrauensvoll und sehr Hilfsbereit! Kann die Rechtsanw\u00e4ltin Frau Renz nur weiterempfehlen! Vor allem der Preis und die Arbeit waren sehr \u00fcberzeugend! Vielen Dank nochmal auf diesem Weg\u201c[\/et_pb_slide][et_pb_slide use_bg_overlay=&#8220;off&#8220; use_text_overlay=&#8220;off&#8220; _builder_version=&#8220;4.16&#8243; body_font=&#8220;||||||||&#8220; button_on_hover=&#8220;on&#8220; global_colors_info=&#8220;{}&#8220; sticky_transition=&#8220;on&#8220;]<\/p>\n<div class=\"renz-rating\"><i class=\"fas fa-star\"><\/i><i class=\"fas fa-star\"><\/i><i class=\"fas fa-star\"><\/i><i class=\"fas fa-star\"><\/i><i class=\"fas fa-star\"><\/i><\/div>\n<p><span class=\"quote-credit\">Droit d&#039;auteur et droit des m\u00e9dias<\/span><\/p>\n<p>\u201eSehr netter Kontakt mit relativ ausf\u00fchrlicher erster Konsultation. Das weitere Vorgehen im Fall war sehr kompetent und zielgerichtet. Auf Fragen meinerseits wurde umgehend geantwortet.\u201c[\/et_pb_slide][et_pb_slide use_bg_overlay=&#8220;off&#8220; use_text_overlay=&#8220;off&#8220; _builder_version=&#8220;4.16&#8243; body_font=&#8220;||||||||&#8220; button_on_hover=&#8220;on&#8220; global_colors_info=&#8220;{}&#8220; sticky_transition=&#8220;on&#8220;]<\/p>\n<div class=\"renz-rating\"><i class=\"fas fa-star\"><\/i><i class=\"fas fa-star\"><\/i><i class=\"fas fa-star\"><\/i><i class=\"fas fa-star\"><\/i><i class=\"fas fa-star\"><\/i><\/div>\n<p><span class=\"quote-credit\">Conseils concernant les lettres d&#039;avertissement<\/span><\/p>\n<p>\u201eWir sind gut und freundlich beraten worden! Alles in allem sehr zufrieden.\u201c[\/et_pb_slide][et_pb_slide use_bg_overlay=&#8220;off&#8220; use_text_overlay=&#8220;off&#8220; _builder_version=&#8220;4.16&#8243; body_font=&#8220;||||||||&#8220; button_on_hover=&#8220;on&#8220; global_colors_info=&#8220;{}&#8220; sticky_transition=&#8220;on&#8220;]<\/p>\n<div class=\"renz-rating\"><i class=\"fas fa-star\"><\/i><i class=\"fas fa-star\"><\/i><i class=\"fas fa-star\"><\/i><i class=\"fas fa-star\"><\/i><i class=\"fas fa-star\"><\/i><\/div>\n<p><span class=\"quote-credit\">Meilleur avocat<\/span><\/p>\n<p>\u201eKoryph\u00e4e auf Ihrem Gebiet &#8211; mehr ist dazu nicht zu sagen!\u201c[\/et_pb_slide][et_pb_slide use_bg_overlay=&#8220;off&#8220; use_text_overlay=&#8220;off&#8220; _builder_version=&#8220;4.16&#8243; body_font=&#8220;||||||||&#8220; button_on_hover=&#8220;on&#8220; global_colors_info=&#8220;{}&#8220; sticky_transition=&#8220;on&#8220;]<\/p>\n<div class=\"renz-rating\"><i class=\"fas fa-star\"><\/i><i class=\"fas fa-star\"><\/i><i class=\"fas fa-star\"><\/i><i class=\"fas fa-star\"><\/i><i class=\"fas fa-star\"><\/i><\/div>\n<p><span class=\"quote-credit\">contrefa\u00e7on de marque<\/span><\/p>\n<p>\u201eSehr nette und kompetente Anw\u00e4ltin. Wurde sehr gut beraten bzgl. einer Markenrechtsschutzverletzung. Kann Rechtsanw\u00e4ltin Anne-Kathrin Renz nur weiterempfehlen\u201c[\/et_pb_slide][et_pb_slide use_bg_overlay=&#8220;off&#8220; use_text_overlay=&#8220;off&#8220; _builder_version=&#8220;4.16&#8243; body_font=&#8220;||||||||&#8220; button_on_hover=&#8220;on&#8220; global_colors_info=&#8220;{}&#8220; sticky_transition=&#8220;on&#8220;]<\/p>\n<div class=\"renz-rating\"><i class=\"fas fa-star\"><\/i><i class=\"fas fa-star\"><\/i><i class=\"fas fa-star\"><\/i><i class=\"fas fa-star\"><\/i><i class=\"fas fa-star\"><\/i><\/div>\n<p><span class=\"quote-credit\">Cr\u00e9ation de textes juridiques pour sites Web commerciaux<\/span><\/p>\n<p>\u201eFrau Renz ist sehr kompetent und hat gute Beratung gegeben \u00fcber AGBs und Datenschutz.\u201c[\/et_pb_slide][et_pb_slide use_bg_overlay=&#8220;off&#8220; use_text_overlay=&#8220;off&#8220; _builder_version=&#8220;4.16&#8243; body_font=&#8220;||||||||&#8220; button_on_hover=&#8220;on&#8220; global_colors_info=&#8220;{}&#8220; sticky_transition=&#8220;on&#8220;]<\/p>\n<div class=\"renz-rating\"><i class=\"fas fa-star\"><\/i><i class=\"fas fa-star\"><\/i><i class=\"fas fa-star\"><\/i><i class=\"fas fa-star\"><\/i><i class=\"fas fa-star\"><\/i><\/div>\n<p><span class=\"quote-credit\">Conseils juridiques g\u00e9n\u00e9raux<\/span><\/p>\n<p>\u201eIch habe Frau Renz wiederholt beauftragt. Es gab stets eine schnelle, kompetente und (mir besonders wichtig) pers\u00f6nliche Beratung. Deshalb: wohlverdiente f\u00fcnf Sterne.\u201c[\/et_pb_slide][\/et_pb_slider][et_pb_image src=&#8220;https:\/\/www.renz-recht.de\/wp-content\/uploads\/2022\/12\/Google-Sterne.png&#8220; title_text=&#8220;Google Sterne&#8220; _builder_version=&#8220;4.19.2&#8243; _module_preset=&#8220;default&#8220; global_colors_info=&#8220;{}&#8220;][\/et_pb_image][\/et_pb_column][\/et_pb_row][et_pb_row _builder_version=&#8220;4.19.4&#8243; _module_preset=&#8220;default&#8220; global_colors_info=&#8220;{}&#8220;][et_pb_column type=&#8220;4_4&#8243; _builder_version=&#8220;4.19.4&#8243; _module_preset=&#8220;default&#8220; global_colors_info=&#8220;{}&#8220;][et_pb_blurb title=&#8220;\u00dcber diesen Blog&#8220; image_icon_background_color=&#8220;RGBA(255,255,255,0)&#8220; content_max_width=&#8220;100%&#8220; admin_label=&#8220;\u00dcber diesen Blog&#8220; _builder_version=&#8220;4.22.2&#8243; header_level=&#8220;h3&#8243; header_font_size=&#8220;30&#8243; body_text_align=&#8220;center&#8220; body_line_height=&#8220;1.3em&#8220; background_color=&#8220;RGBA(255,255,255,0)&#8220; background_layout=&#8220;dark&#8220; width=&#8220;94.4%&#8220; custom_margin=&#8220;||45px|20px|false|false&#8220; custom_padding=&#8220;18px|18px|18px|18px&#8220; child_filter_saturate=&#8220;0%&#8220; child_filter_brightness=&#8220;0%&#8220; child_filter_contrast=&#8220;0%&#8220; header_font_size_tablet=&#8220;&#8220; header_font_size_phone=&#8220;27&#8243; header_font_size_last_edited=&#8220;on|desktop&#8220; z_index_tablet=&#8220;500&#8243; header_text_shadow_horizontal_length_tablet=&#8220;0px&#8220; header_text_shadow_vertical_length_tablet=&#8220;0px&#8220; header_text_shadow_blur_strength_tablet=&#8220;1px&#8220; body_text_shadow_horizontal_length_tablet=&#8220;0px&#8220; body_text_shadow_vertical_length_tablet=&#8220;0px&#8220; body_text_shadow_blur_strength_tablet=&#8220;1px&#8220; body_link_text_shadow_horizontal_length_tablet=&#8220;0px&#8220; body_link_text_shadow_vertical_length_tablet=&#8220;0px&#8220; body_link_text_shadow_blur_strength_tablet=&#8220;1px&#8220; body_ul_text_shadow_horizontal_length_tablet=&#8220;0px&#8220; body_ul_text_shadow_vertical_length_tablet=&#8220;0px&#8220; body_ul_text_shadow_blur_strength_tablet=&#8220;1px&#8220; body_ol_text_shadow_horizontal_length_tablet=&#8220;0px&#8220; body_ol_text_shadow_vertical_length_tablet=&#8220;0px&#8220; body_ol_text_shadow_blur_strength_tablet=&#8220;1px&#8220; body_quote_text_shadow_horizontal_length_tablet=&#8220;0px&#8220; body_quote_text_shadow_vertical_length_tablet=&#8220;0px&#8220; body_quote_text_shadow_blur_strength_tablet=&#8220;1px&#8220; border_color_all_image=&#8220;RGBA(255,255,255,0)&#8220; box_shadow_horizontal_tablet=&#8220;0px&#8220; box_shadow_vertical_tablet=&#8220;0px&#8220; box_shadow_blur_tablet=&#8220;40px&#8220; box_shadow_spread_tablet=&#8220;0px&#8220; box_shadow_horizontal_image_tablet=&#8220;0px&#8220; box_shadow_vertical_image_tablet=&#8220;0px&#8220; box_shadow_blur_image_tablet=&#8220;40px&#8220; box_shadow_spread_image_tablet=&#8220;0px&#8220; text_shadow_horizontal_length_tablet=&#8220;0px&#8220; text_shadow_vertical_length_tablet=&#8220;0px&#8220; text_shadow_blur_strength_tablet=&#8220;1px&#8220; global_module=&#8220;369&#8243; saved_tabs=&#8220;all&#8220; locked=&#8220;off&#8220; global_colors_info=&#8220;{}&#8220;][\/et_pb_blurb][\/et_pb_column][\/et_pb_row][\/et_pb_section][et_pb_section fb_built=&#8220;1&#8243; _builder_version=&#8220;4.19.0&#8243; _module_preset=&#8220;default&#8220; custom_padding=&#8220;0px||90px||false|false&#8220; global_colors_info=&#8220;{}&#8220;][et_pb_row column_structure=&#8220;1_2,1_2&#8243; _builder_version=&#8220;4.19.0&#8243; _module_preset=&#8220;default&#8220; custom_margin=&#8220;|auto|-2px|auto|false|false&#8220; global_colors_info=&#8220;{}&#8220;][et_pb_column type=&#8220;1_2&#8243; _builder_version=&#8220;4.19.0&#8243; _module_preset=&#8220;default&#8220; global_colors_info=&#8220;{}&#8220;][et_pb_image src=&#8220;https:\/\/www.renz-recht.de\/wp-content\/uploads\/2022\/12\/Individuelle-Markenanmeldung-e1671068034726.jpg&#8220; alt=&#8220;IT Recht&#8220; title_text=&#8220;Individuelle Markenanmeldung&#8220; _builder_version=&#8220;4.19.2&#8243; _module_preset=&#8220;default&#8220; max_width=&#8220;100%&#8220; min_height=&#8220;348.1px&#8220; custom_margin=&#8220;|-2px|4px|||&#8220; custom_padding=&#8220;50px|0px||||&#8220; global_colors_info=&#8220;{}&#8220;][\/et_pb_image][\/et_pb_column][et_pb_column type=&#8220;1_2&#8243; _builder_version=&#8220;4.19.0&#8243; _module_preset=&#8220;default&#8220; global_colors_info=&#8220;{}&#8220;][et_pb_text _builder_version=&#8220;4.19.1&#8243; _module_preset=&#8220;default&#8220; background_enable_color=&#8220;off&#8220; width=&#8220;100%&#8220; min_height=&#8220;365px&#8220; custom_margin=&#8220;||21px|-4px|false|false&#8220; custom_padding=&#8220;77px|20px|4px|20px|false|false&#8220; border_color_all=&#8220;#9A015D&#8220; global_colors_info=&#8220;{}&#8220;]<\/p>\n<h2>Raisons de l&#039;enregistrement d&#039;une marque individuelle<\/h2>\n<p>Seul un enregistrement individuel de marque par un sp\u00e9cialiste vous garantit une protection durable de votre marque. B\u00e9n\u00e9ficiez d&#039;une marque s\u00e9curis\u00e9e et ouvrez la voie \u00e0 une croissance commerciale durable :\u00a0<\/p>\n<ul>\n<li><span style=\"font-size: 16px;\"><span style=\"font-size: 16px;\">Vous obtenez une position de monopole pour votre marque<\/span><\/span><\/li>\n<li><span style=\"font-size: 16px;\">Les imitateurs et les concurrents sont \u00e9limin\u00e9s<\/span><\/li>\n<li>Les clients s&#039;identifient aux marques fortes et leur deviennent fid\u00e8les<\/li>\n<li><span style=\"font-size: 16px;\">Une marque forte augmente de mani\u00e8re d\u00e9montrable la valeur ajout\u00e9e de votre entreprise\u00a0<\/span><\/li>\n<\/ul>\n<p>[\/et_pb_text][et_pb_button button_url=&#8220;https:\/\/www.renz-recht.de\/anwalt-markenrecht\/#kontaktformular&#8220; button_text=&#8220;Jetzt Marke anmelden&#8220; _builder_version=&#8220;4.19.4&#8243; _module_preset=&#8220;default&#8220; custom_margin=&#8220;-26px||2px||false|false&#8220; custom_padding=&#8220;9px|||||&#8220; global_colors_info=&#8220;{}&#8220;][\/et_pb_button][\/et_pb_column][\/et_pb_row][\/et_pb_section][et_pb_section fb_built=&#8220;1&#8243; admin_label=&#8220;Hero hell&#8220; module_id=&#8220;abmahnung&#8220; _builder_version=&#8220;4.19.2&#8243; _module_preset=&#8220;default&#8220; background_color=&#8220;#EEEEEE&#8220; background_enable_image=&#8220;off&#8220; background_blend=&#8220;darken&#8220; custom_padding=&#8220;91px||90px||false|false&#8220; global_colors_info=&#8220;{}&#8220;][et_pb_row column_structure=&#8220;3_5,2_5&#8243; _builder_version=&#8220;4.19.0&#8243; _module_preset=&#8220;default&#8220; global_colors_info=&#8220;{}&#8220;][et_pb_column type=&#8220;3_5&#8243; _builder_version=&#8220;4.19.0&#8243; _module_preset=&#8220;default&#8220; global_colors_info=&#8220;{}&#8220;][et_pb_text _builder_version=&#8220;4.19.0&#8243; _module_preset=&#8220;default&#8220; custom_margin=&#8220;||0px|||&#8220; custom_padding=&#8220;44px|||||&#8220; global_colors_info=&#8220;{}&#8220;]<\/p>\n<h3><span style=\"color: #d0145a;\">Si une injonction est menac\u00e9e<\/span><\/h3>\n<h1><span style=\"color: #000000;\">Vous avez re\u00e7u un avertissement pour violation de marque ?<br \/><\/span><\/h1>\n<p>[\/et_pb_text][et_pb_text _builder_version=&#8220;4.19.0&#8243; _module_preset=&#8220;default&#8220; global_colors_info=&#8220;{}&#8220;]<\/p>\n<p><span style=\"color: #000000;\">Si vous avez re\u00e7u une lettre d\u2019avertissement concernant une violation de marque, vous devez d\u2019abord la prendre au s\u00e9rieux et contacter rapidement un avocat.<\/span><\/p>\n<p><span style=\"color: #000000;\">\u00c0 travers <strong>action rapide<\/strong> peut emp\u00eacher l&#039;\u00e9mission d&#039;un avertissement sous la forme d&#039;une injonction provisoire <strong>Tribunal<\/strong> et les co\u00fbts pour vous augmentent consid\u00e9rablement.<\/span><\/p>\n<p><span style=\"color: #000000;\">Les avertissements peuvent \u00eatre incorrects ou injustifi\u00e9s. Faites v\u00e9rifier la l\u00e9gitimit\u00e9 de votre avertissement et \u00e9conomisez des co\u00fbts et des soucis.<\/span><\/p>\n<p>[\/et_pb_text][et_pb_button button_url=&#8220;https:\/\/www.renz-recht.de\/anwalt-markenrecht\/#kontaktformular&#8220; button_text=&#8220;Jetzt Abmahnung pr\u00fcfen lassen&#8220; _builder_version=&#8220;4.19.4&#8243; _module_preset=&#8220;default&#8220; global_colors_info=&#8220;{}&#8220;][\/et_pb_button][\/et_pb_column][et_pb_column type=&#8220;2_5&#8243; _builder_version=&#8220;4.19.0&#8243; _module_preset=&#8220;default&#8220; global_colors_info=&#8220;{}&#8220;][et_pb_image src=&#8220;https:\/\/www.renz-recht.de\/wp-content\/uploads\/2022\/11\/it-recht-2-e1669118620209.jpg&#8220; alt=&#8220;it-recht&#8220; title_text=&#8220;it-recht&#8220; _builder_version=&#8220;4.19.1&#8243; _module_preset=&#8220;default&#8220; width=&#8220;100%&#8220; max_width=&#8220;100%&#8220; module_alignment=&#8220;center&#8220; custom_margin=&#8220;1px|||1px|false|false&#8220; custom_padding=&#8220;4px||0px|3px||&#8220; global_colors_info=&#8220;{}&#8220;][\/et_pb_image][\/et_pb_column][\/et_pb_row][\/et_pb_section][et_pb_section fb_built=&#8220;1&#8243; _builder_version=&#8220;4.19.1&#8243; _module_preset=&#8220;default&#8220; background_enable_color=&#8220;off&#8220; min_height=&#8220;425px&#8220; custom_padding=&#8220;90px||90px||false|false&#8220; global_colors_info=&#8220;{}&#8220;][et_pb_row _builder_version=&#8220;4.19.0&#8243; _module_preset=&#8220;default&#8220; global_colors_info=&#8220;{}&#8220;][et_pb_column type=&#8220;4_4&#8243; _builder_version=&#8220;4.19.0&#8243; _module_preset=&#8220;default&#8220; global_colors_info=&#8220;{}&#8220;][et_pb_text _builder_version=&#8220;4.19.0&#8243; _module_preset=&#8220;default&#8220; custom_padding=&#8220;1px|||||&#8220; global_colors_info=&#8220;{}&#8220;]<\/p>\n<p><span style=\"color: #d0145a;\">RESPECTEZ VOS DROITS<\/span><\/p>\n<h2>Avertissement ill\u00e9gal<\/h2>\n<p>[\/et_pb_text][\/et_pb_column][\/et_pb_row][et_pb_row column_structure=&#8220;1_2,1_2&#8243; _builder_version=&#8220;4.19.0&#8243; _module_preset=&#8220;default&#8220; global_colors_info=&#8220;{}&#8220;][et_pb_column type=&#8220;1_2&#8243; _builder_version=&#8220;4.19.0&#8243; _module_preset=&#8220;default&#8220; global_colors_info=&#8220;{}&#8220;][et_pb_text _builder_version=&#8220;4.19.0&#8243; _module_preset=&#8220;default&#8220; custom_padding=&#8220;1px|||||&#8220; global_colors_info=&#8220;{}&#8220;]<\/p>\n<h2><\/h2>\n<p>Si vous avez re\u00e7u une lettre d\u2019avertissement concernant une violation de marque, vous devez d\u2019abord rester calme et ne pas r\u00e9agir trop rapidement. Le <strong>chance<\/strong>que l&#039;avertissement contre vous est injustifi\u00e9, <strong>plus haut que tu ne le penses.<\/strong><\/p>\n<p>Cependant, les infractions ne sont souvent pas reconnues ou ne sont pas poursuivies car la personne avertie craint un litige.<\/p>\n<p>[\/et_pb_text][\/et_pb_column][et_pb_column type=&#8220;1_2&#8243; _builder_version=&#8220;4.19.0&#8243; _module_preset=&#8220;default&#8220; global_colors_info=&#8220;{}&#8220;][et_pb_text _builder_version=&#8220;4.19.0&#8243; _module_preset=&#8220;default&#8220; custom_padding=&#8220;1px|||||&#8220; global_colors_info=&#8220;{}&#8220;]<\/p>\n<h2><\/h2>\n<p>Dans ce cas, contester une lettre d\u2019avertissement douteuse peut s\u2019av\u00e9rer tr\u00e8s utile pour vous. Si l&#039;avertissement est injustifi\u00e9, vous avez droit au remboursement de vos frais de justice contre la personne qui \u00e9met l&#039;avertissement et pouvez d\u00e9poser une action d\u00e9claratoire n\u00e9gative aupr\u00e8s de <strong>de mani\u00e8re proactive votre innocence<\/strong> pour clarifier.<\/p>\n<p>Si vous recevez une lettre d\u2019avertissement, nous vous recommandons vivement de demander conseil \u00e0 un avocat sp\u00e9cialis\u00e9 en droit des marques et d\u2019exercer vos droits.<\/p>\n<p>[\/et_pb_text][\/et_pb_column][\/et_pb_row][\/et_pb_section][et_pb_section fb_built=&#8220;1&#8243; admin_label=&#8220;FAQ&#8220; _builder_version=&#8220;4.19.1&#8243; _module_preset=&#8220;default&#8220; background_color=&#8220;#EEEEEE&#8220; custom_margin=&#8220;0px||-4px||false|false&#8220; custom_padding=&#8220;90px||80px||false|false&#8220; collapsed=&#8220;on&#8220; global_colors_info=&#8220;{}&#8220;][et_pb_row column_structure=&#8220;1_2,1_2&#8243; _builder_version=&#8220;4.19.0&#8243; _module_preset=&#8220;default&#8220; global_colors_info=&#8220;{}&#8220;][et_pb_column type=&#8220;1_2&#8243; _builder_version=&#8220;4.18.0&#8243; _module_preset=&#8220;default&#8220; global_colors_info=&#8220;{}&#8220;][et_pb_text _builder_version=&#8220;4.19.0&#8243; _module_preset=&#8220;default&#8220; custom_padding=&#8220;0px|||||&#8220; global_colors_info=&#8220;{}&#8220;]<\/p>\n<p><span style=\"color: #d0145a;\">POURQUOI VOUS DEVRIEZ ENGAGER UN AVOCAT<\/span><span style=\"color: #000000;\"><\/span><\/p>\n<h2><span style=\"color: #000000;\">4 Cons\u00e9quences de la contrefa\u00e7on de marque <\/span><\/h2>\n<p>[\/et_pb_text][et_pb_text _builder_version=&#8220;4.19.0&#8243; _module_preset=&#8220;default&#8220; custom_padding=&#8220;0px|6px||||&#8220; global_colors_info=&#8220;{}&#8220;]<\/p>\n<p><span style=\"color: #000000;\">En cas de violation de marque, vous risquez des avertissements co\u00fbteux, qui peuvent m\u00eame aboutir devant les tribunaux et mettre en danger l&#039;existence de votre entreprise. <\/span><\/p>\n<p><span style=\"color: #000000;\">Veuillez contacter\u00a0<strong>t\u00f4t<\/strong> un avocat qui travaillera avec vous pour \u00e9laborer la strat\u00e9gie de d\u00e9fense appropri\u00e9e et vous prot\u00e9ger contre <strong>cons\u00e9quences graves<\/strong> conserv\u00e9.<\/span><\/p>\n<p>[\/et_pb_text][\/et_pb_column][et_pb_column type=&#8220;1_2&#8243; _builder_version=&#8220;4.18.0&#8243; _module_preset=&#8220;default&#8220; global_colors_info=&#8220;{}&#8220;][et_pb_text _builder_version=&#8220;4.19.0&#8243; _module_preset=&#8220;default&#8220; custom_padding=&#8220;||0px|||&#8220; global_colors_info=&#8220;{}&#8220;]<\/p>\n<p><span style=\"color: #d0145a; font-size: xx-large;\">1. D\u00e9claration de cessation et d&#039;abstention<br \/><\/span>L&#039;application de la demande de cessation et d&#039;abstention est l&#039;objectif principal de l&#039;avertissement de marque et vise \u00e0 emp\u00eacher que la violation de marque ne se reproduise \u00e0 l&#039;avenir. Si vous signez la d\u00e9claration de cessation et d&#039;abstention et que vous la violez ensuite, vous \u00eates menac\u00e9.<strong>\u00a0des p\u00e9nalit\u00e9s contractuelles \u00e9lev\u00e9es et des co\u00fbts d\u2019avertissement r\u00e9p\u00e9t\u00e9s.<\/strong><\/p>\n<p>[\/et_pb_text][et_pb_text _builder_version=&#8220;4.19.0&#8243; _module_preset=&#8220;default&#8220; global_colors_info=&#8220;{}&#8220;]<\/p>\n<p><span style=\"color: #d0145a; font-size: xx-large;\">2. Droit \u00e0 l&#039;information<\/span><strong><span style=\"color: #d0145a; font-size: xx-large;\"><br \/><\/span><\/strong>Dans le cadre du droit \u00e0 l&#039;information <strong>doit<\/strong>\u00a0Vous divulguez \u00e0 la personne \u00e9mettant l\u2019alerte des informations sur l\u2019origine et les canaux de distribution des produits \u00e9tiquet\u00e9s ill\u00e9galement. Il peut \u00e9galement demander des informations sur les prix pratiqu\u00e9s, les fournisseurs et les clients commerciaux.<\/p>\n<p>[\/et_pb_text][et_pb_text _builder_version=&#8220;4.19.0&#8243; _module_preset=&#8220;default&#8220; global_colors_info=&#8220;{}&#8220;]<\/p>\n<p><span style=\"color: #ffffff; font-size: xx-large;\"><span style=\"color: #d0145a;\">3. Demande de remise<\/span><\/span><strong><span style=\"color: #ffffff; font-size: xx-large;\"><br \/><\/span><\/strong>En outre, le propri\u00e9taire de la marque a le droit de d\u00e9truire ou de rappeler les produits concern\u00e9s. Le contrevenant doit, si n\u00e9cessaire, retirer d\u00e9finitivement et imm\u00e9diatement les marchandises des circuits de distribution <strong>retirer<\/strong>. <\/p>\n<p>[\/et_pb_text][et_pb_text _builder_version=&#8220;4.19.0&#8243; _module_preset=&#8220;default&#8220; global_colors_info=&#8220;{}&#8220;]<\/p>\n<p><span style=\"color: #ffffff; font-size: xx-large;\"><span style=\"color: #d0145a;\">4. Demandes de remboursement<\/span><\/span><strong><span style=\"color: #ffffff; font-size: xx-large;\"><br \/><\/span><\/strong>En outre, la personne qui \u00e9met l\u2019avertissement peut r\u00e9clamer les frais engag\u00e9s par un avocat \u00e9mettant l\u2019avertissement. Il peut \u00e9galement r\u00e9clamer le profit du contrevenant, son propre manque \u00e0 gagner ou <strong>compensation<\/strong> exigez l&#039;analogie de la licence. <\/p>\n<p>[\/et_pb_text][\/et_pb_column][\/et_pb_row][\/et_pb_section][et_pb_section fb_built=&#8220;1&#8243; _builder_version=&#8220;4.19.0&#8243; _module_preset=&#8220;default&#8220; background_color=&#8220;#26173A&#8220; custom_padding=&#8220;91px||90px||false|false&#8220; global_colors_info=&#8220;{}&#8220;][et_pb_row _builder_version=&#8220;4.19.0&#8243; _module_preset=&#8220;default&#8220; global_colors_info=&#8220;{}&#8220;][et_pb_column type=&#8220;4_4&#8243; _builder_version=&#8220;4.19.0&#8243; _module_preset=&#8220;default&#8220; global_colors_info=&#8220;{}&#8220;][et_pb_text _builder_version=&#8220;4.19.0&#8243; _module_preset=&#8220;default&#8220; custom_padding=&#8220;||16px|||&#8220; global_colors_info=&#8220;{}&#8220;]<\/p>\n<p style=\"text-align: center;\"><span style=\"color: #d0145a;\">\u00c9VITEZ LES CO\u00dbTS \u00c9LEV\u00c9S<\/span><\/p>\n<h2 style=\"text-align: center;\"><span style=\"color: #ffffff;\">Se d\u00e9fendre avec succ\u00e8s contre un avertissement <br \/><\/span><\/h2>\n<p>[\/et_pb_text][\/et_pb_column][\/et_pb_row][et_pb_row column_structure=&#8220;1_3,1_3,1_3&#8243; _builder_version=&#8220;4.19.0&#8243; _module_preset=&#8220;default&#8220; custom_margin=&#8220;|auto|1px|auto||&#8220; custom_padding=&#8220;||4px|||&#8220; global_colors_info=&#8220;{}&#8220;][et_pb_column type=&#8220;1_3&#8243; _builder_version=&#8220;4.19.0&#8243; _module_preset=&#8220;default&#8220; global_colors_info=&#8220;{}&#8220;][et_pb_text _builder_version=&#8220;4.19.0&#8243; _module_preset=&#8220;default&#8220; background_color=&#8220;#9A015D&#8220; custom_padding=&#8220;30px|30px|30px|30px|false|false&#8220; global_colors_info=&#8220;{}&#8220;]<\/p>\n<h3 style=\"text-align: center;\"><strong><span style=\"color: #ffffff;\">V\u00e9rifier l&#039;avertissement<\/span><\/strong><\/h3>\n<p><span style=\"color: #ffffff;\">Nous examinerons en d\u00e9tail votre lettre d\u2019avertissement de marque.<br \/><\/span><span style=\"color: #ffffff; font-size: 16px;\">Souvent, les all\u00e9gations de l\u2019ampleur de celles-ci sont injustifi\u00e9es et peuvent \u00eatre r\u00e9fut\u00e9es.<\/span><span style=\"color: #ffffff; font-size: 16px;\"><\/span><\/p>\n<p><span style=\"color: #ffffff; font-size: 16px;\"><\/span><\/p>\n<p>[\/et_pb_text][\/et_pb_column][et_pb_column type=&#8220;1_3&#8243; _builder_version=&#8220;4.19.0&#8243; _module_preset=&#8220;default&#8220; global_colors_info=&#8220;{}&#8220;][et_pb_text _builder_version=&#8220;4.19.0&#8243; _module_preset=&#8220;default&#8220; background_color=&#8220;#9A015D&#8220; custom_padding=&#8220;30px|30px|31px|30px|false|false&#8220; global_colors_info=&#8220;{}&#8220;]<\/p>\n<h3 style=\"text-align: center;\"><strong><span style=\"color: #ffffff;\">Respecter les d\u00e9lais<\/span><\/strong><\/h3>\n<p><span style=\"color: #eeeeee;\">Les avertissements relatifs aux marques doivent \u00eatre examin\u00e9s dans un court d\u00e9lai afin d&#039;\u00e9viter des injonctions pr\u00e9liminaires devant les tribunaux et des co\u00fbts \u00e9lev\u00e9s. Nous vous conseillerons et vous d\u00e9fendrons dans les meilleurs d\u00e9lais dans chaque cas.<\/span><\/p>\n<p>[\/et_pb_text][\/et_pb_column][et_pb_column type=&#8220;1_3&#8243; _builder_version=&#8220;4.19.0&#8243; _module_preset=&#8220;default&#8220; global_colors_info=&#8220;{}&#8220;][et_pb_text _builder_version=&#8220;4.19.0&#8243; _module_preset=&#8220;default&#8220; background_color=&#8220;#9A015D&#8220; custom_padding=&#8220;30px|30px|31px|30px|false|false&#8220; global_colors_info=&#8220;{}&#8220;]<\/p>\n<h3 style=\"text-align: center;\"><strong><span style=\"color: #ffffff;\">R\u00e9duire les co\u00fbts<\/span><\/strong><\/h3>\n<p><span style=\"color: #eeeeee;\">Nous utilisons nos comp\u00e9tences et nos connaissances pour vous, afin que vous payiez moins ou rien du tout. Ne signez rien sans l\u2019avoir v\u00e9rifi\u00e9 au pr\u00e9alable, mais contactez directement un avocat sp\u00e9cialis\u00e9 en marques. <\/span><\/p>\n<p>[\/et_pb_text][\/et_pb_column][\/et_pb_row][\/et_pb_section][et_pb_section fb_built=&#8220;1&#8243; _builder_version=&#8220;4.19.0&#8243; _module_preset=&#8220;default&#8220; custom_padding=&#8220;80px||90px||false|false&#8220; global_colors_info=&#8220;{}&#8220;][et_pb_row column_structure=&#8220;1_2,1_2&#8243; _builder_version=&#8220;4.19.0&#8243; _module_preset=&#8220;default&#8220; width=&#8220;100%&#8220; max_width=&#8220;100%&#8220; custom_margin=&#8220;|auto|-1px|auto|false|false&#8220; global_colors_info=&#8220;{}&#8220;][et_pb_column type=&#8220;1_2&#8243; _builder_version=&#8220;4.19.0&#8243; _module_preset=&#8220;default&#8220; global_colors_info=&#8220;{}&#8220;][et_pb_image src=&#8220;https:\/\/www.renz-recht.de\/wp-content\/uploads\/2020\/02\/renz-Anwalt-scaled.jpg&#8220; title_text=&#8220;renz Anwalt&#8220; _builder_version=&#8220;4.19.0&#8243; _module_preset=&#8220;default&#8220; width=&#8220;92%&#8220; max_width=&#8220;99%&#8220; custom_margin=&#8220;||21px|||&#8220; global_colors_info=&#8220;{}&#8220;][\/et_pb_image][et_pb_text _builder_version=&#8220;4.20.2&#8243; _module_preset=&#8220;default&#8220; custom_margin=&#8220;-22px||||false|false&#8220; global_colors_info=&#8220;{}&#8220;]<\/p>\n<p style=\"text-align: center;\"><span style=\"color: #000000;\"><span style=\"caret-color: #000000;\">Ma\u00eetre Anne-Kathrin Renz<\/span><\/span><\/p>\n<p>[\/et_pb_text][\/et_pb_column][et_pb_column type=&#8220;1_2&#8243; _builder_version=&#8220;4.19.0&#8243; _module_preset=&#8220;default&#8220; global_colors_info=&#8220;{}&#8220;][et_pb_text _builder_version=&#8220;4.19.1&#8243; _module_preset=&#8220;default&#8220; background_enable_color=&#8220;off&#8220; width=&#8220;100%&#8220; min_height=&#8220;365px&#8220; custom_margin=&#8220;||-29px|-4px||&#8220; custom_padding=&#8220;35px|3px|3px|2px|false|false&#8220; border_color_all=&#8220;#9A015D&#8220; global_colors_info=&#8220;{}&#8220;]<\/p>\n<h2>Obtenez une \u00e9valuation initiale gratuite<\/h2>\n<p>Contactez Renz Recht si vous avez re\u00e7u une lettre d&#039;avertissement pour violation de marque et que vous recherchez des informations sur la mani\u00e8re de traiter correctement les lettres d&#039;avertissement de marque justifi\u00e9es et injustifi\u00e9es.<\/p>\n<ul>\n<li><span style=\"font-size: 16px;\"><span style=\"font-size: 16px;\">Prenez les avertissements au s\u00e9rieux<\/span><span style=\"font-size: 16px;\"><\/span><\/span><\/li>\n<li>Ne signez rien sans le v\u00e9rifier<\/li>\n<li>Les all\u00e9gations doivent-elles faire l\u2019objet d\u2019une enqu\u00eate\u00a0?<\/li>\n<li>Utilisez l&#039;\u00e9valuation gratuite<\/li>\n<\/ul>\n<p>&nbsp;<\/p>\n<p>[\/et_pb_text][et_pb_button button_url=&#8220;https:\/\/www.renz-recht.de\/anwalt-markenrecht\/#kontaktformular&#8220; button_text=&#8220;Jetzt Abmahnung pr\u00fcfen lassen&#8220; _builder_version=&#8220;4.19.4&#8243; _module_preset=&#8220;default&#8220; custom_margin=&#8220;-56px||0px||false|false&#8220; custom_padding=&#8220;11px|||||&#8220; global_colors_info=&#8220;{}&#8220;][\/et_pb_button][\/et_pb_column][\/et_pb_row][\/et_pb_section][et_pb_section fb_built=&#8220;1&#8243; admin_label=&#8220;Hero hell&#8220; module_id=&#8220;marke-verteidigen&#8220; _builder_version=&#8220;4.19.2&#8243; _module_preset=&#8220;default&#8220; background_color=&#8220;#EEEEEE&#8220; background_enable_image=&#8220;off&#8220; background_blend=&#8220;darken&#8220; custom_padding=&#8220;55px||80px||false|false&#8220; link_option_url=&#8220;https:\/\/www.renz-recht.de\/anwalt-markenrecht\/#marke-verteidigen&#8220; global_colors_info=&#8220;{}&#8220;][et_pb_row column_structure=&#8220;3_5,2_5&#8243; _builder_version=&#8220;4.19.0&#8243; _module_preset=&#8220;default&#8220; custom_padding=&#8220;0px|||||&#8220; global_colors_info=&#8220;{}&#8220;][et_pb_column type=&#8220;3_5&#8243; _builder_version=&#8220;4.19.0&#8243; _module_preset=&#8220;default&#8220; global_colors_info=&#8220;{}&#8220;][et_pb_text _builder_version=&#8220;4.19.0&#8243; _module_preset=&#8220;default&#8220; custom_margin=&#8220;0px||0px|||&#8220; custom_padding=&#8220;32px|||||&#8220; global_colors_info=&#8220;{}&#8220;]<\/p>\n<h4 data-pm-slice=\"1 1 []\"><span style=\"color: #d0145a;\">AVERTISSEMENT SUR LE PROBL\u00c8ME<\/span><\/h4>\n<h1 data-pm-slice=\"1 1 []\">Quelqu\u2019un utilise-t-il votre marque sans votre permission ?<\/h1>\n<p>[\/et_pb_text][et_pb_text _builder_version=&#8220;4.19.0&#8243; _module_preset=&#8220;default&#8220; custom_padding=&#8220;||0px|||&#8220; global_colors_info=&#8220;{}&#8220;]<\/p>\n<p><span style=\"color: #000000;\">Si<\/span><span style=\"color: rgba(0, 0, 0, 0.99);\"><span style=\"color: #000000;\">et<\/span> Vous soup\u00e7onnez que des tiers utilisent votre marque ill\u00e9galement et souhaitez prendre des mesures \u00e0 leur encontre ?<\/span><\/p>\n<p><span style=\"color: rgba(0, 0, 0, 0.99);\">Si votre nom de marque est mal utilis\u00e9, cela peut avoir un impact n\u00e9gatif sur votre entreprise et votre marque. <strong>dommages \u00e0 long terme<\/strong>.<\/span><\/p>\n<p><span style=\"color: rgba(0, 0, 0, 0.99);\">Ne laissez pas votre r\u00e9putation \u00eatre endommag\u00e9e ! Un avertissement est un message extr\u00eamement\u00a0<strong>recours efficace<\/strong>pour prot\u00e9ger votre marque.<\/span><\/p>\n<p><span style=\"color: rgba(0, 0, 0, 0.99);\">Si vous envisagez d\u2019\u00e9mettre une lettre de cessation et d\u2019abstention, consultez un avocat sp\u00e9cialis\u00e9 en marques. <strong>Nous examinerons vos options juridiques.<\/strong><\/span><\/p>\n<p>[\/et_pb_text][et_pb_button button_url=&#8220;https:\/\/www.renz-recht.de\/anwalt-markenrecht\/#kontaktformular&#8220; button_text=&#8220;Kostenloses Erstgespr\u00e4ch vereinbaren&#8220; _builder_version=&#8220;4.19.4&#8243; _module_preset=&#8220;default&#8220; global_colors_info=&#8220;{}&#8220;][\/et_pb_button][\/et_pb_column][et_pb_column type=&#8220;2_5&#8243; _builder_version=&#8220;4.19.0&#8243; _module_preset=&#8220;default&#8220; global_colors_info=&#8220;{}&#8220;][et_pb_image src=&#8220;https:\/\/www.renz-recht.de\/wp-content\/uploads\/2022\/11\/Markenrecht-e1669118695511.jpg&#8220; title_text=&#8220;frommer legal rechtsanw\u00e4lte&#8220; _builder_version=&#8220;4.19.1&#8243; _module_preset=&#8220;default&#8220; width=&#8220;100%&#8220; min_height=&#8220;100px&#8220; custom_margin=&#8220;-1px|||-2px|false|false&#8220; custom_padding=&#8220;3px||3px|0px||&#8220; global_colors_info=&#8220;{}&#8220;][\/et_pb_image][\/et_pb_column][\/et_pb_row][\/et_pb_section][et_pb_section fb_built=&#8220;1&#8243; admin_label=&#8220;FAQ&#8220; _builder_version=&#8220;4.19.0&#8243; _module_preset=&#8220;default&#8220; background_color=&#8220;#26173A&#8220; custom_margin=&#8220;1px||0px||false|false&#8220; custom_padding=&#8220;80px||90px||false|false&#8220; collapsed=&#8220;on&#8220; global_colors_info=&#8220;{}&#8220;][et_pb_row column_structure=&#8220;1_2,1_2&#8243; _builder_version=&#8220;4.19.0&#8243; _module_preset=&#8220;default&#8220; global_colors_info=&#8220;{}&#8220;][et_pb_column type=&#8220;1_2&#8243; _builder_version=&#8220;4.18.0&#8243; _module_preset=&#8220;default&#8220; global_colors_info=&#8220;{}&#8220;][et_pb_text _builder_version=&#8220;4.19.0&#8243; _module_preset=&#8220;default&#8220; custom_padding=&#8220;0px|||||&#8220; global_colors_info=&#8220;{}&#8220;]<\/p>\n<p><span style=\"color: #ffffff;\"><span style=\"color: #d0145a;\">LA FAUSSE CROYANCE DE VOTRE MARQUE<\/span><\/span><\/p>\n<h2><span style=\"color: #ffffff;\">5 cons\u00e9quences des atteintes aux marques<\/span><\/h2>\n<p>[\/et_pb_text][et_pb_text _builder_version=&#8220;4.19.0&#8243; _module_preset=&#8220;default&#8220; custom_padding=&#8220;0px|1px||||&#8220; global_colors_info=&#8220;{}&#8220;]<\/p>\n<p><span style=\"color: #eeeeee;\">Si vous, en tant que propri\u00e9taire d\u2019une marque, d\u00e9couvrez une violation de vos marques, vous ressentez peut-\u00eatre d\u00e9j\u00e0 les effets suivants sur votre marque : <\/span><\/p>\n<p>[\/et_pb_text][\/et_pb_column][et_pb_column type=&#8220;1_2&#8243; _builder_version=&#8220;4.18.0&#8243; _module_preset=&#8220;default&#8220; global_colors_info=&#8220;{}&#8220;][et_pb_text _builder_version=&#8220;4.19.0&#8243; _module_preset=&#8220;default&#8220; global_colors_info=&#8220;{}&#8220;]<\/p>\n<p><span style=\"color: #d0145a; font-size: xx-large;\">1. Perte de contr\u00f4le<br \/><\/span><span style=\"color: #ffffff; font-size: 16px;\">Si des tiers utilisent votre marque de mani\u00e8re illicite, vous n\u2019avez aucune influence sur la qualit\u00e9, la nature et la distribution des produits ou services et ne pouvez pas contr\u00f4ler les cons\u00e9quences pour votre marque.<br \/><\/span><\/p>\n<p>[\/et_pb_text][et_pb_text _builder_version=&#8220;4.19.0&#8243; _module_preset=&#8220;default&#8220; global_colors_info=&#8220;{}&#8220;]<\/p>\n<p><span style=\"color: #d0145a; font-size: xx-large;\">2. Dilution<\/span><strong><span style=\"color: #d0145a; font-size: xx-large;\"><br \/><\/span><\/strong><span style=\"color: #ffffff; font-size: 16px;\">Votre marque sera dilu\u00e9e et, dans le pire des cas, affaiblie par des connotations n\u00e9gatives. <\/span><\/p>\n<p>[\/et_pb_text][et_pb_text _builder_version=&#8220;4.19.0&#8243; _module_preset=&#8220;default&#8220; global_colors_info=&#8220;{}&#8220;]<\/p>\n<p><span style=\"color: #ffffff; font-size: xx-large;\"><span style=\"color: #d0145a;\">3. Attrition de la client\u00e8le<\/span><\/span><strong><span style=\"color: #ffffff; font-size: xx-large;\"><br \/><\/span><\/strong><span style=\"color: #ffffff; font-size: 16px;\">Vos clients ne peuvent pas distinguer les produits faussement pr\u00e9sent\u00e9s comme votre marque des originaux et ach\u00e8teront \u00e9galement chez vos concurrents.<\/span><\/p>\n<p>[\/et_pb_text][et_pb_text _builder_version=&#8220;4.19.0&#8243; _module_preset=&#8220;default&#8220; global_colors_info=&#8220;{}&#8220;]<\/p>\n<p><span style=\"color: #ffffff; font-size: xx-large;\"><span style=\"color: #d0145a;\">4. Perte de ventes<\/span><\/span><strong><span style=\"color: #ffffff; font-size: xx-large;\"><br \/><\/span><\/strong><span style=\"color: #ffffff; font-size: 16px;\">Vous subissez des pertes de ventes et m\u00eame une r\u00e9duction de la valeur totale de votre entreprise. <\/span><\/p>\n<p>[\/et_pb_text][\/et_pb_column][\/et_pb_row][\/et_pb_section][et_pb_section fb_built=&#8220;1&#8243; _builder_version=&#8220;4.19.0&#8243; _module_preset=&#8220;default&#8220; custom_padding=&#8220;90px||80px||false|false&#8220; global_colors_info=&#8220;{}&#8220;][et_pb_row _builder_version=&#8220;4.19.0&#8243; _module_preset=&#8220;default&#8220; global_colors_info=&#8220;{}&#8220;][et_pb_column type=&#8220;4_4&#8243; _builder_version=&#8220;4.19.0&#8243; _module_preset=&#8220;default&#8220; global_colors_info=&#8220;{}&#8220;][et_pb_text _builder_version=&#8220;4.19.0&#8243; _module_preset=&#8220;default&#8220; custom_margin=&#8220;1px|||||&#8220; custom_padding=&#8220;||0px|||&#8220; global_colors_info=&#8220;{}&#8220;]<\/p>\n<p style=\"text-align: center;\"><span style=\"color: #d0145a;\">APPLICATION DE LA PROTECTION DES MARQUES<\/span><\/p>\n<h2 style=\"text-align: center;\">Voici ce qu&#039;un avocat sp\u00e9cialis\u00e9 en marques peut faire pour vous<\/h2>\n<p>[\/et_pb_text][et_pb_text _builder_version=&#8220;4.19.0&#8243; _module_preset=&#8220;default&#8220; custom_margin=&#8220;-21px|||||&#8220; custom_padding=&#8220;0px|3px|22px|||&#8220; global_colors_info=&#8220;{}&#8220;]<\/p>\n<p style=\"text-align: center;\">La violation de la protection des marques peut se produire de diverses mani\u00e8res. Copier des marques, fonder une marque sur celles-ci et exploiter une marque bien connue peut constituer une violation du droit d&#039;auteur et entra\u00eener un avertissement. B\u00e9n\u00e9ficiez des services d&#039;un avocat sp\u00e9cialis\u00e9 en propri\u00e9t\u00e9 intellectuelle qui peut vous apporter les avantages suivants :<\/p>\n<p>[\/et_pb_text][\/et_pb_column][\/et_pb_row][et_pb_row column_structure=&#8220;1_3,1_3,1_3&#8243; _builder_version=&#8220;4.19.0&#8243; _module_preset=&#8220;default&#8220; global_colors_info=&#8220;{}&#8220;][et_pb_column type=&#8220;1_3&#8243; _builder_version=&#8220;4.19.0&#8243; _module_preset=&#8220;default&#8220; global_colors_info=&#8220;{}&#8220;][et_pb_text _builder_version=&#8220;4.19.0&#8243; _module_preset=&#8220;default&#8220; background_color=&#8220;#26173A&#8220; custom_padding=&#8220;30px|30px|30px|30px|false|false&#8220; global_colors_info=&#8220;{}&#8220;]<\/p>\n<h3><strong><span style=\"color: #eeeeee;\">Arr\u00eater la contrefa\u00e7on de marque<\/span><\/strong><\/h3>\n<p><span style=\"color: #ffffff;\">Dans le cadre d&#039;un avertissement relatif \u00e0 la marque, nous demandons \u00e0 l&#039;accus\u00e9 de cesser les atteintes \u00e0 la marque et de s&#039;abstenir de le faire \u00e0 l&#039;avenir. <\/span><\/p>\n<p>[\/et_pb_text][\/et_pb_column][et_pb_column type=&#8220;1_3&#8243; _builder_version=&#8220;4.19.0&#8243; _module_preset=&#8220;default&#8220; global_colors_info=&#8220;{}&#8220;][et_pb_text _builder_version=&#8220;4.19.0&#8243; _module_preset=&#8220;default&#8220; background_color=&#8220;#26173A&#8220; custom_padding=&#8220;30px|30px|30px|30px|false|false&#8220; global_colors_info=&#8220;{}&#8220;]<\/p>\n<h3><strong><span style=\"color: #ffffff;\">Demander une indemnisation<\/span><\/strong><\/h3>\n<p><span style=\"color: #ffffff;\">En outre, nous demandons le remboursement des frais engag\u00e9s par vous. <br \/>Le contrevenant doit \u00e9galement supporter l\u2019avertissement et les frais de justice.<\/span><\/p>\n<p>[\/et_pb_text][\/et_pb_column][et_pb_column type=&#8220;1_3&#8243; _builder_version=&#8220;4.19.0&#8243; _module_preset=&#8220;default&#8220; global_colors_info=&#8220;{}&#8220;][et_pb_text _builder_version=&#8220;4.19.0&#8243; _module_preset=&#8220;default&#8220; background_color=&#8220;#26173A&#8220; custom_padding=&#8220;30px|30px|30px|30px|false|false&#8220; global_colors_info=&#8220;{}&#8220;]<\/p>\n<h3><strong><span style=\"color: #ffffff;\">Renforcer la marque<\/span><\/strong><\/h3>\n<p><span style=\"color: #ffffff;\">Le comportement ill\u00e9gal de vos concurrents cessera et votre marque retrouvera son monopole l\u00e9gitime.<\/span><\/p>\n<p>&nbsp;<\/p>\n<p>[\/et_pb_text][\/et_pb_column][\/et_pb_row][\/et_pb_section][et_pb_section fb_built=&#8220;1&#8243; _builder_version=&#8220;4.19.1&#8243; _module_preset=&#8220;default&#8220; background_color=&#8220;#EEEEEE&#8220; custom_padding=&#8220;90px||90px||false|false&#8220; global_colors_info=&#8220;{}&#8220;][et_pb_row column_structure=&#8220;2_5,3_5&#8243; _builder_version=&#8220;4.19.1&#8243; _module_preset=&#8220;default&#8220; custom_margin=&#8220;|auto|-5px|auto|false|false&#8220; global_colors_info=&#8220;{}&#8220;][et_pb_column type=&#8220;2_5&#8243; _builder_version=&#8220;4.19.0&#8243; _module_preset=&#8220;default&#8220; global_colors_info=&#8220;{}&#8220;][et_pb_image src=&#8220;https:\/\/www.renz-recht.de\/wp-content\/uploads\/2022\/11\/Anwalt-Markenrecht-e1669118945856.jpg&#8220; alt=&#8220;Anwalt Markenrecht&#8220; title_text=&#8220;Anwalt Markenrecht&#8220; _builder_version=&#8220;4.19.1&#8243; _module_preset=&#8220;default&#8220; width=&#8220;100%&#8220; max_width=&#8220;100%&#8220; height=&#8220;362px&#8220; custom_padding=&#8220;|5px||||&#8220; global_colors_info=&#8220;{}&#8220;][\/et_pb_image][\/et_pb_column][et_pb_column type=&#8220;3_5&#8243; _builder_version=&#8220;4.19.0&#8243; _module_preset=&#8220;default&#8220; global_colors_info=&#8220;{}&#8220;][et_pb_text _builder_version=&#8220;4.19.1&#8243; _module_preset=&#8220;default&#8220; background_color=&#8220;RGBA(255,255,255,0)&#8220; width=&#8220;100%&#8220; min_height=&#8220;233px&#8220; custom_margin=&#8220;||31px|-4px||&#8220; custom_padding=&#8220;41px|20px|0px|20px|false|false&#8220; border_color_all=&#8220;#9A015D&#8220; global_colors_info=&#8220;{}&#8220;]<\/p>\n<h2>Aide imm\u00e9diate d&#039;un avocat sp\u00e9cialis\u00e9 en marques<\/h2>\n<p>C\u2019est \u00e0 vous de renforcer votre marque et de la prot\u00e9ger contre toute utilisation nuisible par des tiers. Engagez un avocat qui fera respecter le droit des marques pour vous et d\u00e9fendra avec succ\u00e8s votre marque.<\/p>\n<p>&nbsp;<\/p>\n<ul>\n<li><span style=\"font-size: 16px;\"><span style=\"font-size: 16px;\">Soutien personnel<\/span><span style=\"font-size: 16px;\"><\/span><\/span><\/li>\n<li>Dans toute l&#039;Allemagne<\/li>\n<li>R\u00e9ponse rapide dans les 48 heures<\/li>\n<\/ul>\n<p>[\/et_pb_text][et_pb_button button_url=&#8220;https:\/\/www.renz-recht.de\/anwalt-markenrecht\/#kontaktformular&#8220; button_text=&#8220;Ihre Rechte pr\u00fcfen lassen&#8220; _builder_version=&#8220;4.19.4&#8243; _module_preset=&#8220;default&#8220; custom_margin=&#8220;-27px||-24px||false|false&#8220; global_colors_info=&#8220;{}&#8220;][\/et_pb_button][\/et_pb_column][\/et_pb_row][\/et_pb_section][et_pb_section fb_built=&#8220;1&#8243; module_id=&#8220;anmeldung-versaeumt&#8220; _builder_version=&#8220;4.19.2&#8243; _module_preset=&#8220;default&#8220; background_color=&#8220;RGBA(255,255,255,0)&#8220; custom_padding=&#8220;80px||80px||false|false&#8220; global_colors_info=&#8220;{}&#8220;][et_pb_row column_structure=&#8220;3_5,2_5&#8243; _builder_version=&#8220;4.19.0&#8243; _module_preset=&#8220;default&#8220; global_colors_info=&#8220;{}&#8220;][et_pb_column type=&#8220;3_5&#8243; _builder_version=&#8220;4.19.0&#8243; _module_preset=&#8220;default&#8220; global_colors_info=&#8220;{}&#8220;][et_pb_text _builder_version=&#8220;4.19.0&#8243; _module_preset=&#8220;default&#8220; custom_padding=&#8220;2px||0px|||&#8220; global_colors_info=&#8220;{}&#8220;]<\/p>\n<p><span style=\"color: #d0145a;\">D\u00c9P\u00d4T DE MARQUE NON POSSIBLE<\/span><\/p>\n<h2>Cr\u00e9er une marque sans enregistrement officiel peut \u00eatre tr\u00e8s co\u00fbteux<\/h2>\n<p>[\/et_pb_text][et_pb_text _builder_version=&#8220;4.19.0&#8243; _module_preset=&#8220;default&#8220; custom_margin=&#8220;-20px|||||&#8220; custom_padding=&#8220;1px|||||&#8220; global_colors_info=&#8220;{}&#8220;]<\/p>\n<h2><\/h2>\n<p>Vous n&#039;avez pas enregistr\u00e9 votre marque \u00e0 temps et vous avez maintenant appris qu&#039;un tiers avait d\u00e9pos\u00e9 une demande d&#039;enregistrement de marque ?<\/p>\n<p>Quiconque renonce \u00e0 l&#039;enregistrement d&#039;une marque <strong>Danger<\/strong>que les concurrents enregistrent la m\u00eame marque.<\/p>\n<p><span style=\"font-size: 16px;\">En tant qu&#039;avocat sp\u00e9cialis\u00e9 en droit des marques, j&#039;examinerai vos options et vous accompagnerai dans la protection de votre marque d\u00e8s maintenant. <\/span><strong style=\"font-size: 16px;\">prot\u00e9ger<\/strong><span style=\"font-size: 16px;\">.<\/span><\/p>\n<p>[\/et_pb_text][\/et_pb_column][et_pb_column type=&#8220;2_5&#8243; _builder_version=&#8220;4.19.0&#8243; _module_preset=&#8220;default&#8220; global_colors_info=&#8220;{}&#8220;][et_pb_text _builder_version=&#8220;4.19.0&#8243; _module_preset=&#8220;default&#8220; background_color=&#8220;#26173A&#8220; width=&#8220;93.8%&#8220; custom_padding=&#8220;20px|20px|20px|20px|false|false&#8220; border_color_all=&#8220;#9A015D&#8220; global_colors_info=&#8220;{}&#8220;]<\/p>\n<h2><strong><span style=\"color: #eeeeee;\">Protection des marques sans enregistrement<\/span><\/strong><\/h2>\n<p><span style=\"color: #eeeeee;\"><\/span><\/p>\n<p><span style=\"color: #eeeeee;\">C&#039;est vrai. Il n\u2019y a aucune obligation d\u2019enregistrer une marque. Vous pouvez simplement proposer vos produits ou services. Cependant, votre marque ne b\u00e9n\u00e9ficie pas automatiquement d\u2019une protection simplement parce que vous l\u2019utilisez. <\/span><\/p>\n<p><span style=\"color: #eeeeee;\">M\u00eame si vous \u00e9tiez le premier \u00e0 utiliser la marque, <strong>Tout d\u2019abord, l\u2019enregistrement d\u2019une marque compte.<\/strong><\/span><\/p>\n<p><span style=\"color: #eeeeee;\">Contactez-nous pour le <strong>meilleur r\u00e9sultat possible<\/strong> votre situation.<\/span><\/p>\n<p><span style=\"color: #eeeeee; font-size: 16px;\">\u00a0<\/span><\/p>\n<p><span style=\"color: #eeeeee;\">\u00a0<\/span><\/p>\n<p>[\/et_pb_text][et_pb_button button_url=&#8220;https:\/\/www.renz-recht.de\/anwalt-markenrecht\/#kontaktformular&#8220; button_text=&#8220;Anwalt einschalten&#8220; _builder_version=&#8220;4.19.4&#8243; _module_preset=&#8220;default&#8220; custom_margin=&#8220;-115px|||18px||&#8220; custom_padding=&#8220;8px|||17px||&#8220; global_colors_info=&#8220;{}&#8220;][\/et_pb_button][\/et_pb_column][\/et_pb_row][\/et_pb_section][et_pb_section fb_built=&#8220;1&#8243; admin_label=&#8220;Hero section&#8220; _builder_version=&#8220;4.19.0&#8243; background_image=&#8220;https:\/\/www.renz-recht.de\/wp-content\/uploads\/2019\/02\/renz-main-teaser-2.jpg&#8220; background_position=&#8220;top_center&#8220; background_blend=&#8220;darken&#8220; custom_margin=&#8220;|||&#8220; custom_padding=&#8220;10%||10%|&#8220; global_colors_info=&#8220;{}&#8220;][et_pb_row _builder_version=&#8220;4.16&#8243; custom_margin=&#8220;|||&#8220; collapsed=&#8220;off&#8220; global_colors_info=&#8220;{}&#8220;][et_pb_column type=&#8220;4_4&#8243; _builder_version=&#8220;4.16&#8243; custom_padding=&#8220;|||&#8220; global_colors_info=&#8220;{}&#8220; custom_padding__hover=&#8220;|||&#8220;][et_pb_cta title=&#8220;Ihr Ansprechpartner im Markenrecht&#8220; button_url=&#8220;https:\/\/www.renz-recht.de\/anwalt-markenrecht\/#kontaktformular&#8220; button_text=&#8220;Unverbindlich anfragen&#8220; _builder_version=&#8220;4.19.4&#8243; header_font=&#8220;|900||on|||||&#8220; header_font_size=&#8220;48px&#8220; header_letter_spacing=&#8220;2px&#8220; header_line_height=&#8220;1.2em&#8220; body_font=&#8220;Lato||||||||&#8220; body_font_size=&#8220;20px&#8220; body_line_height=&#8220;1.8em&#8220; background_color=&#8220;#26173A&#8220; max_width=&#8220;750px&#8220; module_alignment=&#8220;center&#8220; custom_padding=&#8220;30px|30px|30px|30px|false|false&#8220; animation_style=&#8220;fold&#8220; header_font_size_tablet=&#8220;40px&#8220; header_font_size_phone=&#8220;&#8220; header_font_size_last_edited=&#8220;on|tablet&#8220; header_text_shadow_style=&#8220;preset1&#8243; header_text_shadow_blur_strength=&#8220;0.6em&#8220; header_text_shadow_color=&#8220;rgba(0,0,0,0.24)&#8220; button_letter_spacing_hover=&#8220;2px&#8220; global_colors_info=&#8220;{}&#8220; button_text_size__hover_enabled=&#8220;off&#8220; button_one_text_size__hover_enabled=&#8220;off&#8220; button_two_text_size__hover_enabled=&#8220;off&#8220; button_text_color__hover_enabled=&#8220;off&#8220; button_one_text_color__hover_enabled=&#8220;off&#8220; button_two_text_color__hover_enabled=&#8220;off&#8220; button_border_width__hover_enabled=&#8220;off&#8220; button_one_border_width__hover_enabled=&#8220;off&#8220; button_two_border_width__hover_enabled=&#8220;off&#8220; button_border_color__hover_enabled=&#8220;off&#8220; button_one_border_color__hover_enabled=&#8220;off&#8220; button_two_border_color__hover_enabled=&#8220;off&#8220; button_border_radius__hover_enabled=&#8220;off&#8220; button_one_border_radius__hover_enabled=&#8220;off&#8220; button_two_border_radius__hover_enabled=&#8220;off&#8220; button_letter_spacing__hover_enabled=&#8220;on&#8220; button_letter_spacing__hover=&#8220;2px&#8220; button_one_letter_spacing__hover_enabled=&#8220;off&#8220; button_two_letter_spacing__hover_enabled=&#8220;off&#8220; button_bg_color__hover_enabled=&#8220;off&#8220; button_one_bg_color__hover_enabled=&#8220;off&#8220; button_two_bg_color__hover_enabled=&#8220;off&#8220;]<\/p>\n<p>Pour de nombreuses entreprises, leur marque est la <strong>atout \u00e9conomique le plus important<\/strong>, car elle seule peut garantir la visibilit\u00e9 sur le march\u00e9 et d\u00e9cider entre le succ\u00e8s et l\u2019\u00e9chec. Assurez l&#039;avenir de votre marque.<\/p>\n<p>[\/et_pb_cta][\/et_pb_column][\/et_pb_row][\/et_pb_section][et_pb_section fb_built=&#8220;1&#8243; custom_padding_last_edited=&#8220;on|tablet&#8220; module_id=&#8220;kontaktformular&#8220; _builder_version=&#8220;4.19.4&#8243; custom_padding=&#8220;90px||90px|&#8220; custom_padding_tablet=&#8220;9%||9%|&#8220; custom_padding_phone=&#8220;&#8220; global_colors_info=&#8220;{}&#8220;][et_pb_row column_structure=&#8220;1_2,1_2&#8243; _builder_version=&#8220;4.16&#8243; global_colors_info=&#8220;{}&#8220;][et_pb_column type=&#8220;1_2&#8243; _builder_version=&#8220;4.16&#8243; custom_padding=&#8220;|90px||&#8220; custom_padding_tablet=&#8220;|0px|9%|&#8220; custom_padding_phone=&#8220;&#8220; custom_padding_last_edited=&#8220;on|phone&#8220; global_colors_info=&#8220;{}&#8220; custom_padding__hover=&#8220;|||&#8220;][et_pb_blurb title=&#8220;Sie haben eine Frage oder m\u00f6chten einen Termin vereinbaren?&#8220; content_max_width=&#8220;100%&#8220; _builder_version=&#8220;4.25.2&#8243; header_level=&#8220;h2&#8243; header_font_size=&#8220;36&#8243; header_line_height=&#8220;1.3em&#8220; body_font_size=&#8220;16&#8243; body_line_height=&#8220;1.2em&#8220; custom_margin=&#8220;||0px|&#8220; custom_margin_tablet=&#8220;||6%|&#8220; custom_margin_phone=&#8220;&#8220; custom_margin_last_edited=&#8220;on|phone&#8220; custom_padding=&#8220;||0px||false|false&#8220; header_font_size_tablet=&#8220;&#8220; header_font_size_phone=&#8220;27&#8243; header_font_size_last_edited=&#8220;on|phone&#8220; z_index_tablet=&#8220;500&#8243; custom_css_blurb_title=&#8220;margin-bottom: 9px;&#8220; custom_css_blurb_content=&#8220;margin-bottom: 27px;&#8220; header_text_shadow_horizontal_length_tablet=&#8220;0px&#8220; header_text_shadow_vertical_length_tablet=&#8220;0px&#8220; header_text_shadow_blur_strength_tablet=&#8220;1px&#8220; body_text_shadow_horizontal_length_tablet=&#8220;0px&#8220; body_text_shadow_vertical_length_tablet=&#8220;0px&#8220; body_text_shadow_blur_strength_tablet=&#8220;1px&#8220; body_link_text_shadow_horizontal_length_tablet=&#8220;0px&#8220; body_link_text_shadow_vertical_length_tablet=&#8220;0px&#8220; body_link_text_shadow_blur_strength_tablet=&#8220;1px&#8220; body_ul_text_shadow_horizontal_length_tablet=&#8220;0px&#8220; body_ul_text_shadow_vertical_length_tablet=&#8220;0px&#8220; body_ul_text_shadow_blur_strength_tablet=&#8220;1px&#8220; body_ol_text_shadow_horizontal_length_tablet=&#8220;0px&#8220; body_ol_text_shadow_vertical_length_tablet=&#8220;0px&#8220; body_ol_text_shadow_blur_strength_tablet=&#8220;1px&#8220; body_quote_text_shadow_horizontal_length_tablet=&#8220;0px&#8220; body_quote_text_shadow_vertical_length_tablet=&#8220;0px&#8220; body_quote_text_shadow_blur_strength_tablet=&#8220;1px&#8220; box_shadow_horizontal_tablet=&#8220;0px&#8220; box_shadow_vertical_tablet=&#8220;0px&#8220; box_shadow_blur_tablet=&#8220;40px&#8220; box_shadow_spread_tablet=&#8220;0px&#8220; box_shadow_horizontal_image_tablet=&#8220;0px&#8220; box_shadow_vertical_image_tablet=&#8220;0px&#8220; box_shadow_blur_image_tablet=&#8220;40px&#8220; box_shadow_spread_image_tablet=&#8220;0px&#8220; text_shadow_horizontal_length_tablet=&#8220;0px&#8220; text_shadow_vertical_length_tablet=&#8220;0px&#8220; text_shadow_blur_strength_tablet=&#8220;1px&#8220; global_module=&#8220;202&#8243; saved_tabs=&#8220;all&#8220; global_colors_info=&#8220;{}&#8220;]<\/p>\n<p>S&#039;il vous pla\u00eet contactez-moi.<\/p>\n<p>Vous pouvez me joindre par t\u00e9l\u00e9phone\u00a0<strong>du lundi au vendredi<\/strong>, depuis\u00a0<strong>9h00 \u00e0 18h00<\/strong>\u00a0sous le num\u00e9ro de t\u00e9l\u00e9phone :<br \/><strong>T\u00e9l\u00e9phone:<\/strong> <span id=\"telefontrackingkontakt\">+49 (0) 681 95 81 05 88<\/span><\/p>\n<p>Par <strong>E-mail<\/strong> \u00e0: <a href=\"\/fr\/&\/#x6d;&#97;&#x69;&#x6c;t&#x6f;&#58;i&#x6e;&#102;o&#x40;&#114;&#x65;&#x6e;z&#x2d;&#114;e&#x63;&#104;t&#x2e;&#100;&#x65;\">info@renz-recht.de<\/a><\/p>\n<p><strong>Par courrier \u00e0 l&#039;adresse suivante :<\/strong><br \/>Ma\u00eetre Anne-Kathrin Renz<br \/>Altenkesseler Stra\u00dfe 17<br \/>66115 Sarrebruck<\/p>\n<p>Vous \u00eates invit\u00e9s \u00e0 visiter notre bureau en personne. Pour \u00e9viter les d\u00e9lais d&#039;attente, veuillez prendre rendez-vous.<\/p>\n<p>[\/et_pb_blurb][\/et_pb_column][et_pb_column type=\u201c1_2\u2033 _builder_version=\u201c4.16\u2033 custom_padding=\u201c|||\u201c global_colors_info=&quot;{}&quot; custom_padding__hover=&quot;|||&quot;][et_pb_tabs active_tab_background_color=&quot;#26173a&quot; active_tab_text_color=&quot;#ffffff&quot; admin_label=&quot;Formulaires de contact&quot; _builder_version=&quot;4.19.4\u2033 tab_text_color=&quot;#0e0a0d&quot; tab_font_size=&quot;21\u2033 z_index_tablet=&quot;500\u2033 body_text_shadow_horizontal_length_tablet=&quot;0px&quot; body_text_shadow_vertical_length_tablet=&quot;0px&quot; body_text_shadow_blur_strength_tablet=&quot;1px&quot; tab_text_shadow_horizontal_length_tablet=&quot;0px&quot; tab_text_shadow_vertical_length_tablet=&quot;0px&quot; tab_text_shadow_blur_strength_tablet=&quot;1px&quot; body_link_text_shadow_horizontal_length_tablet=\u201c0px\u201c body_link_text_shadow_vertical_length_tablet=\u201c0px\u201c body_link_text_shadow_blur_strength_tablet=\u201c1px\u201c body_ul_text_shadow_horizontal_length_tablet=\u201c0px\u201c body_ul_text_shadow_vertical_length_tablet=\u201c0px\u201c body_ul_text_shadow_blur_strength_tablet=\u201c1px\u201c body_ol_text_shadow_horizontal_length_tablet=\u201c0px\u201c body_ol_text_shadow_vertical_length_tablet=\u201c0px\u201c body_ol_text_shadow_blur_strength_tablet=\u201c1px\u201c body_quote_text_shadow_horizontal_length_tablet=\u201c0px\u201c bodyquote_text_shadow_vertical_length_tablet=\u201c0px\u201c body_quote_text_shadow_blur_strength_tablet=&quot;1px&quot; box_shadow_horizontal_tablet=&quot;0px&quot; box_shadow_vertical_tablet=&quot;0px&quot; box_shadow_blur_tablet=&quot;40px&quot; box_shadow_spread_tablet=&quot;0px&quot; global_colors_info=&quot;{}&quot;][et_pb_tab title=&quot;Formulaire de contact&quot; _builder_version=&quot;4.19.4&quot; body_text_color=&quot;#ffffff&quot; background_color=&quot;#26173a&quot; background_color_gradient_direction_tablet=&quot;180deg&quot; background_color_gradient_direction_phone=&quot;180deg&quot; background_color_gradient_stops_tablet=&quot;#2b87da 0%|#29c4a9 100%&quot; background_color_gradient_stops_phone=&quot;#2b87da 0%|#29c4a9 100%&quot; background_color_gradient_start_position_tablet=&quot;0%&quot; background_color_gradient_start_position_phone=&quot;0%&quot; background_color_gradient_end_position_tablet=&quot;100%&quot; background_color_gradient_end_position_phone=&quot;100%&quot; hover_transition_duration_tablet=&quot;300ms&quot; hover_transition_duration_phone=&quot;300ms&quot; hover_transition_delay_tablet=&quot;0ms&quot; hover_transition_delay_phone=&quot;0ms&quot; body_text_shadow_horizontal_length_tablet=&quot;0px&quot; body_text_shadow_horizontal_length_phone=&quot;0px&quot; body_text_shadow_vertical_length_tablet=\u201c0px\u201c body_text_shadow_vertical_length_phone=\u201c0px\u201c body_text_shadow_blur_strength_tablet=\u201c1px\u201c body_text_shadow_blur_strength_phone=\u201c1px\u201c tab_text_shadow_horizontal_length_tablet=&quot;0px&quot; tab_text_shadow_horizontal_length_phone=&quot;0px&quot; tab_text_shadow_vertical_length_tablet=&quot;0px&quot; tab_text_shadow_vertical_length_phone=&quot;0px&quot; tab_text_shadow_blur_strength_tablet=&quot;1px&quot; tab_text_shadow_blur_strength_phone=&quot;1px&quot; body_link_text_shadow_horizontal_length_tablet=\u201c0px\u201c body_link_text_shadow_horizontal_length_phone=\u201c0px\u201c body_link_text_shadow_vertical_length_tablet=\u201c0px\u201c body_link_text_shadow_vertical_length_phone=\u201c0px\u201c body_link_text_shadow_blur_strength_tablet=\u201c1px\u201c body_link_text_shadow_blur_strength_phone=\u201c1px\u201c body_ul_text_shadow_horizontal_length_tablet=\u201c0px\u201c body_ul_text_shadow_horizontal_length_phone=\u201c0px\u201c body_ul_text_shadow_vertical_length_tablet=\u201c0px\u201c body_ul_text_shadow_vertical_length_phone=\u201c0px\u201c body_ul_text_shadow_blur_strength_tablet=\u201c1px\u201c body_ul_text_shadow_blur_strength_phone=\u201c1px\u201c body_ol_text_shadow_horizontal_length_tablet=\u201c0px\u201c body_ol_text_shadow_horizontal_length_phone=\u201c0px\u201c body_ol_text_shadow_vertical_length_tablet=\u201c0px\u201c body_ol_text_shadow_vertical_length_phone=\u201c0px\u201c body_ol_text_shadow_blur_strength_tablet=\u201c1px\u201c body_ol_text_shadow_blur_strength_phone=\u201c1px\u201c body_quote_text_shadow_horizontal_length_tablet=\u201c0px\u201c body_quote_text_shadow_horizontal_length_phone=\u201c0px\u201c body_quote_text_shadow_vertical_length_tablet=\u201c0px\u201c body_quote_text_shadow_vertical_length_phone=\u201c0px\u201c body_quote_text_shadow_blur_strength_tablet=\u201c1px\u201c body_quote_text_shadow_blur_strength_phone=\u201c1px\u201c global_colors_info=\u201c{}\u201c]<\/p>\n\n<div class=\"wpcf7 no-js\" id=\"wpcf7-f2402-o1\" lang=\"de-DE\" dir=\"ltr\" data-wpcf7-id=\"2402\">\n<div class=\"screen-reader-response\"><p role=\"status\" aria-live=\"polite\" aria-atomic=\"true\"><\/p> <ul><\/ul><\/div>\n<form action=\"\/fr\/wp-json\/wp\/v2\/pages\/1846#wpcf7-f2402-o1\" method=\"post\" class=\"wpcf7-form init wpcf7-acceptance-as-validation\" aria-label=\"Formulaire de contact\" enctype=\"multipart\/form-data\" novalidate=\"novalidate\" data-status=\"init\" data-trp-original-action=\"\/fr\/wp-json\/wp\/v2\/pages\/1846#wpcf7-f2402-o1\">\n<fieldset class=\"hidden-fields-container\"><input type=\"hidden\" name=\"_wpcf7\" value=\"2402\" \/><input type=\"hidden\" name=\"_wpcf7_version\" value=\"6.1.4\" \/><input type=\"hidden\" name=\"_wpcf7_locale\" value=\"de_DE\" \/><input type=\"hidden\" name=\"_wpcf7_unit_tag\" value=\"wpcf7-f2402-o1\" \/><input type=\"hidden\" name=\"_wpcf7_container_post\" value=\"0\" \/><input type=\"hidden\" name=\"_wpcf7_posted_data_hash\" value=\"\" \/>\n<\/fieldset>\n<p>Les champs obligatoires sont marqu\u00e9s d&#039;un *.\n<\/p>\n<div class=\"form-row\">\n\t<p><span class=\"wpcf7-form-control-wrap\" data-name=\"vorname\"><input size=\"40\" maxlength=\"400\" class=\"wpcf7-form-control wpcf7-text wpcf7-validates-as-required\" aria-required=\"true\" aria-invalid=\"false\" placeholder=\"Nom*\" value=\"\" type=\"text\" name=\"vorname\" \/><\/span>\n\t<\/p>\n<\/div>\n<div class=\"form-row\">\n\t<p><span class=\"wpcf7-form-control-wrap\" data-name=\"email\"><input size=\"40\" maxlength=\"400\" class=\"wpcf7-form-control wpcf7-email wpcf7-validates-as-required wpcf7-text wpcf7-validates-as-email\" aria-required=\"true\" aria-invalid=\"false\" placeholder=\"Adresse email*\" value=\"\" type=\"email\" name=\"email\" \/><\/span><span id=\"wpcf7-69f2a49e6c24c-wrapper\" class=\"wpcf7-form-control-wrap website-wrap\" ><label for=\"wpcf7-69f2a49e6c24c-field\" class=\"hp-message\">Veuillez laisser ce champ vide.<\/label><input id=\"wpcf7-69f2a49e6c24c-field\"  class=\"wpcf7-form-control wpcf7-text\" type=\"text\" name=\"website\" value=\"\" size=\"40\" tabindex=\"-1\" autocomplete=\"new-password\" \/><\/span>\n\t<\/p>\n<\/div>\n<div class=\"form-row\">\n\t<p><span class=\"wpcf7-form-control-wrap\" data-name=\"phone\"><input size=\"40\" maxlength=\"400\" class=\"wpcf7-form-control wpcf7-tel wpcf7-text wpcf7-validates-as-tel\" aria-invalid=\"false\" placeholder=\"Num\u00e9ro de t\u00e9l\u00e9phone\" value=\"\" type=\"tel\" name=\"phone\" \/><\/span>\n\t<\/p>\n<\/div>\n<div class=\"form-row\">\n\t<p><span class=\"wpcf7-form-control-wrap\" data-name=\"upload\"><input size=\"40\" class=\"wpcf7-form-control wpcf7-file\" accept=\".pdf,.doc,.jpg,.jpeg,.png\" aria-invalid=\"false\" type=\"file\" name=\"upload\" \/><\/span>\n\t<\/p>\n<\/div>\n<div class=\"form-row\">\n\t<p><span class=\"wpcf7-form-control-wrap\" data-name=\"nachricht\"><textarea cols=\"40\" rows=\"10\" maxlength=\"2000\" class=\"wpcf7-form-control wpcf7-textarea wpcf7-validates-as-required\" aria-required=\"true\" aria-invalid=\"false\" placeholder=\"Votre message*\" name=\"nachricht\"><\/textarea><\/span>\n\t<\/p>\n<\/div>\n<div>\n\t<p><span class=\"wpcf7-form-control-wrap\" data-name=\"acceptance-737\"><span class=\"wpcf7-form-control wpcf7-acceptance\"><span class=\"wpcf7-list-item\"><label><input type=\"checkbox\" name=\"acceptance-737\" value=\"1\" aria-invalid=\"false\" \/><span class=\"wpcf7-list-item-label\">Vos donn\u00e9es seront utilis\u00e9es pour r\u00e9pondre \u00e0 votre demande. Vous pouvez vous opposer \u00e0 tout moment \u00e0 l&#039;utilisation de vos donn\u00e9es sans encourir d&#039;autres frais que les frais de transmission selon les tarifs de base de votre fournisseur Internet. Pour plus d&#039;informations, veuillez consulter le <a href=\"\/fr\/politique-de-confidentialite\/\">Politique de confidentialit\u00e9<\/a>.<\/span><\/label><\/span><\/span><\/span>\n\t<\/p>\n<\/div>\n<div class=\"form-row\">\n\t<p><button type=\"submit\" class=\"button wpcf7-submit\">Envoyer une demande<\/button>\n\t<\/p>\n<\/div><div class=\"wpcf7-response-output\" aria-hidden=\"true\"><\/div>\n<input type=\"hidden\" name=\"trp-form-language\" value=\"fr\"\/><\/form>\n<\/div>\n\n<p>[\/et_pb_tab][\/et_pb_tabs][\/et_pb_column][\/et_pb_row][\/et_pb_section]<\/p>","protected":false},"excerpt":{"rendered":"<p>Konzentrierte Beratung im Markenrecht Marke nachhaltig sch\u00fctzen und Baustein f\u00fcrdauerhaften Erfolg legenDie Marke Ihres Unternehmens ist ein zentrales Element f\u00fcr Ihren wirtschaftlichen Erfolg.\u00a0 Wird Ihr Markenschutz ignoriert, kann Ihre Stellung am Markt nachhaltig gesch\u00e4digt werden. Eine erfolgreiche Markenanmeldung und Verteidigung beschert Ihrem Unternehmen einen dauerhaften Erfolg und schafft einen wertvollen Verm\u00f6genswert. Werden Sie wegen einer [&hellip;]<\/p>","protected":false},"author":4,"featured_media":0,"parent":0,"menu_order":0,"comment_status":"closed","ping_status":"closed","template":"","meta":{"_et_pb_use_builder":"on","_et_pb_old_content":"","_et_gb_content_width":"","inline_featured_image":false,"footnotes":""},"class_list":["post-1846","page","type-page","status-publish","hentry"],"aioseo_notices":[],"aioseo_head":"\n\t\t<!-- All in One SEO Pro 4.9.6.2 - aioseo.com -->\n\t<link rel=\"canonical\" href=\"https:\/\/www.renz-recht.de\/fr\/et_pb_layout\/headline-subline_modul\/\" \/>\n\t<meta name=\"generator\" content=\"All in One SEO Pro (AIOSEO) 4.9.6.2\" \/>\n\t\t<meta property=\"og:locale\" content=\"fr_FR\" \/>\n\t\t<meta property=\"og:site_name\" content=\"Renz Recht - Anwalt Markenrecht Urheberrecht Saarbr\u00fccken - Rechtsanw\u00e4ltin Anne-Kathrin Renz\" \/>\n\t\t<meta property=\"og:type\" content=\"article\" \/>\n\t\t<meta property=\"og:title\" content=\"H2 \u00dcberschrift (zentriert) mit Subtext - Renz Recht - Anwalt Markenrecht Urheberrecht Saarbr\u00fccken\" \/>\n\t\t<meta property=\"og:url\" content=\"https:\/\/www.renz-recht.de\/fr\/et_pb_layout\/headline-subline_modul\/\" \/>\n\t\t<meta property=\"article:published_time\" content=\"2019-02-05T07:35:11+00:00\" \/>\n\t\t<meta property=\"article:modified_time\" content=\"2024-04-03T14:27:11+00:00\" \/>\n\t\t<meta name=\"twitter:card\" content=\"summary_large_image\" \/>\n\t\t<meta name=\"twitter:title\" content=\"H2 \u00dcberschrift (zentriert) mit Subtext - Renz Recht - Anwalt Markenrecht Urheberrecht Saarbr\u00fccken\" \/>\n\t\t<script type=\"application\/ld+json\" class=\"aioseo-schema\">\n\t\t\t{\"@context\":\"https:\\\/\\\/schema.org\",\"@graph\":[{\"@type\":\"BreadcrumbList\",\"@id\":\"https:\\\/\\\/www.renz-recht.de\\\/fr\\\/et_pb_layout\\\/headline-subline_modul\\\/#breadcrumblist\",\"itemListElement\":[{\"@type\":\"ListItem\",\"@id\":\"https:\\\/\\\/www.renz-recht.de\\\/fr#listItem\",\"position\":1,\"name\":\"Home\",\"item\":\"https:\\\/\\\/www.renz-recht.de\\\/fr\",\"nextItem\":{\"@type\":\"ListItem\",\"@id\":\"https:\\\/\\\/www.renz-recht.de\\\/fr\\\/avocat-specialise-en-marques\\\/#listItem\",\"name\":\"Anwalt Markenrecht\"}},{\"@type\":\"ListItem\",\"@id\":\"https:\\\/\\\/www.renz-recht.de\\\/fr\\\/avocat-specialise-en-marques\\\/#listItem\",\"position\":2,\"name\":\"Anwalt Markenrecht\",\"previousItem\":{\"@type\":\"ListItem\",\"@id\":\"https:\\\/\\\/www.renz-recht.de\\\/fr#listItem\",\"name\":\"Home\"}}]},{\"@type\":\"Organization\",\"@id\":\"https:\\\/\\\/www.renz-recht.de\\\/fr\\\/#organization\",\"name\":\"Rechtsanw\\u00e4ltin Anne-Kathrin Renz Saarbr\\u00fccken\",\"description\":\"Rechtsanw\\u00e4ltin Anne-Kathrin Renz\",\"url\":\"https:\\\/\\\/www.renz-recht.de\\\/fr\\\/\",\"telephone\":\"+4968195810588\",\"logo\":{\"@type\":\"ImageObject\",\"url\":\"https:\\\/\\\/www.renz-recht.de\\\/wp-content\\\/uploads\\\/2023\\\/11\\\/logo-renz-recht_sw.svg\",\"@id\":\"https:\\\/\\\/www.renz-recht.de\\\/fr\\\/et_pb_layout\\\/headline-subline_modul\\\/#organizationLogo\"},\"image\":{\"@id\":\"https:\\\/\\\/www.renz-recht.de\\\/fr\\\/et_pb_layout\\\/headline-subline_modul\\\/#organizationLogo\"}},{\"@type\":\"WebPage\",\"@id\":\"https:\\\/\\\/www.renz-recht.de\\\/fr\\\/et_pb_layout\\\/headline-subline_modul\\\/#webpage\",\"url\":\"https:\\\/\\\/www.renz-recht.de\\\/fr\\\/et_pb_layout\\\/headline-subline_modul\\\/\",\"name\":\"H2 \\u00dcberschrift (zentriert) mit Subtext - Renz Recht - Anwalt Markenrecht Urheberrecht Saarbr\\u00fccken\",\"inLanguage\":\"fr-FR\",\"isPartOf\":{\"@id\":\"https:\\\/\\\/www.renz-recht.de\\\/fr\\\/#website\"},\"breadcrumb\":{\"@id\":\"https:\\\/\\\/www.renz-recht.de\\\/fr\\\/et_pb_layout\\\/headline-subline_modul\\\/#breadcrumblist\"},\"datePublished\":\"2019-02-05T08:35:11+01:00\",\"dateModified\":\"2024-04-03T16:27:11+02:00\"},{\"@type\":\"WebSite\",\"@id\":\"https:\\\/\\\/www.renz-recht.de\\\/fr\\\/#website\",\"url\":\"https:\\\/\\\/www.renz-recht.de\\\/fr\\\/\",\"name\":\"Rechtsanw\\u00e4ltin Anne-Kathrin Renz Saarbr\\u00fccken\",\"alternateName\":\"Rechtsanw\\u00e4ltin Markenrecht Saarbr\\u00fccken\",\"description\":\"Rechtsanw\\u00e4ltin Anne-Kathrin Renz\",\"inLanguage\":\"fr-FR\",\"publisher\":{\"@id\":\"https:\\\/\\\/www.renz-recht.de\\\/fr\\\/#organization\"}}]}\n\t\t<\/script>\n\t\t<!-- All in One SEO Pro -->\r\n\t\t<title>H2 \u00dcberschrift (zentriert) mit Subtext - Renz Recht - Anwalt Markenrecht Urheberrecht Saarbr\u00fccken<\/title>\n\n","aioseo_head_json":{"title":"Titre H2 (centr\u00e9) avec sous-titre\u00a0: Renz Law - Avocat sp\u00e9cialis\u00e9 en droit des marques et du droit d&#039;auteur, Sarrebruck","description":"","canonical_url":"https:\/\/www.renz-recht.de\/fr\/et_pb_layout\/headline-subline_modul\/","robots":"","keywords":"","webmasterTools":{"miscellaneous":""},"schema":{"@context":"https:\/\/schema.org","@graph":[{"@type":"BreadcrumbList","@id":"https:\/\/www.renz-recht.de\/fr\/et_pb_layout\/headline-subline_modul\/#breadcrumblist","itemListElement":[{"@type":"ListItem","@id":"https:\/\/www.renz-recht.de\/fr#listItem","position":1,"name":"Home","item":"https:\/\/www.renz-recht.de\/fr","nextItem":{"@type":"ListItem","@id":"https:\/\/www.renz-recht.de\/fr\/avocat-specialise-en-marques\/#listItem","name":"Anwalt Markenrecht"}},{"@type":"ListItem","@id":"https:\/\/www.renz-recht.de\/fr\/avocat-specialise-en-marques\/#listItem","position":2,"name":"Anwalt Markenrecht","previousItem":{"@type":"ListItem","@id":"https:\/\/www.renz-recht.de\/fr#listItem","name":"Home"}}]},{"@type":"Organization","@id":"https:\/\/www.renz-recht.de\/fr\/#organization","name":"Rechtsanw\u00e4ltin Anne-Kathrin Renz Saarbr\u00fccken","description":"Rechtsanw\u00e4ltin Anne-Kathrin Renz","url":"https:\/\/www.renz-recht.de\/fr\/","telephone":"+4968195810588","logo":{"@type":"ImageObject","url":"https:\/\/www.renz-recht.de\/wp-content\/uploads\/2023\/11\/logo-renz-recht_sw.svg","@id":"https:\/\/www.renz-recht.de\/fr\/et_pb_layout\/headline-subline_modul\/#organizationLogo"},"image":{"@id":"https:\/\/www.renz-recht.de\/fr\/et_pb_layout\/headline-subline_modul\/#organizationLogo"}},{"@type":"WebPage","@id":"https:\/\/www.renz-recht.de\/fr\/et_pb_layout\/headline-subline_modul\/#webpage","url":"https:\/\/www.renz-recht.de\/fr\/et_pb_layout\/headline-subline_modul\/","name":"H2 \u00dcberschrift (zentriert) mit Subtext - Renz Recht - Anwalt Markenrecht Urheberrecht Saarbr\u00fccken","inLanguage":"fr-FR","isPartOf":{"@id":"https:\/\/www.renz-recht.de\/fr\/#website"},"breadcrumb":{"@id":"https:\/\/www.renz-recht.de\/fr\/et_pb_layout\/headline-subline_modul\/#breadcrumblist"},"datePublished":"2019-02-05T08:35:11+01:00","dateModified":"2024-04-03T16:27:11+02:00"},{"@type":"WebSite","@id":"https:\/\/www.renz-recht.de\/fr\/#website","url":"https:\/\/www.renz-recht.de\/fr\/","name":"Rechtsanw\u00e4ltin Anne-Kathrin Renz Saarbr\u00fccken","alternateName":"Rechtsanw\u00e4ltin Markenrecht Saarbr\u00fccken","description":"Rechtsanw\u00e4ltin Anne-Kathrin Renz","inLanguage":"fr-FR","publisher":{"@id":"https:\/\/www.renz-recht.de\/fr\/#organization"}}]},"og:locale":"fr_FR","og:site_name":"Renz Recht - Anwalt Markenrecht Urheberrecht Saarbr\u00fccken - Rechtsanw\u00e4ltin Anne-Kathrin Renz","og:type":"article","og:title":"H2 \u00dcberschrift (zentriert) mit Subtext - Renz Recht - Anwalt Markenrecht Urheberrecht Saarbr\u00fccken","og:url":"https:\/\/www.renz-recht.de\/fr\/et_pb_layout\/headline-subline_modul\/","article:published_time":"2019-02-05T07:35:11+00:00","article:modified_time":"2024-04-03T14:27:11+00:00","twitter:card":"summary_large_image","twitter:title":"H2 \u00dcberschrift (zentriert) mit Subtext - Renz Recht - Anwalt Markenrecht Urheberrecht Saarbr\u00fccken"},"aioseo_meta_data":{"post_id":"1846","title":null,"description":null,"keywords":null,"keyphrases":{"focus":{"keyphrase":"","score":0,"analysis":{"keyphraseInTitle":{"score":0,"maxScore":9,"error":1}}},"additional":[]},"primary_term":null,"canonical_url":null,"og_title":null,"og_description":null,"og_object_type":"default","og_image_type":"default","og_image_url":null,"og_image_width":null,"og_image_height":null,"og_image_custom_url":null,"og_image_custom_fields":null,"og_video":"","og_custom_url":null,"og_article_section":null,"og_article_tags":null,"twitter_use_og":false,"twitter_card":"default","twitter_image_type":"default","twitter_image_url":null,"twitter_image_custom_url":null,"twitter_image_custom_fields":null,"twitter_title":null,"twitter_description":null,"schema":{"blockGraphs":[],"customGraphs":[],"default":{"data":{"Article":[],"Course":[],"Dataset":[],"FAQPage":[],"Movie":[],"Person":[],"Product":[],"ProductReview":[],"Car":[],"Recipe":[],"Service":[],"SoftwareApplication":[],"WebPage":[]},"graphName":"WebPage","isEnabled":true},"graphs":[]},"schema_type":"default","schema_type_options":null,"pillar_content":false,"robots_default":true,"robots_noindex":false,"robots_noarchive":false,"robots_nosnippet":false,"robots_nofollow":false,"robots_noimageindex":false,"robots_noodp":false,"robots_notranslate":false,"robots_max_snippet":"-1","robots_max_videopreview":"-1","robots_max_imagepreview":"large","priority":null,"frequency":"default","local_seo":null,"seo_analyzer_scan_date":"2025-10-08 21:11:21","breadcrumb_settings":null,"limit_modified_date":false,"open_ai":"{\"title\":{\"suggestions\":[],\"usage\":0},\"description\":{\"suggestions\":[],\"usage\":0}}","ai":null,"created":"2023-11-12 10:50:08","updated":"2025-10-22 08:23:48"},"aioseo_breadcrumb":"<div class=\"aioseo-breadcrumbs\"><span class=\"aioseo-breadcrumb\">\n\t<a href=\"https:\/\/www.renz-recht.de\/fr\" title=\"Home\">Home<\/a>\n<\/span><span class=\"aioseo-breadcrumb-separator\">&raquo;<\/span><span class=\"aioseo-breadcrumb\">\n\tAnwalt Markenrecht\n<\/span><\/div>","aioseo_breadcrumb_json":[{"label":"Home","link":"https:\/\/www.renz-recht.de\/fr"},{"label":"Anwalt Markenrecht","link":"https:\/\/www.renz-recht.de\/fr\/avocat-specialise-en-marques\/"}],"_links":{"self":[{"href":"https:\/\/www.renz-recht.de\/fr\/wp-json\/wp\/v2\/pages\/1846","targetHints":{"allow":["GET"]}}],"collection":[{"href":"https:\/\/www.renz-recht.de\/fr\/wp-json\/wp\/v2\/pages"}],"about":[{"href":"https:\/\/www.renz-recht.de\/fr\/wp-json\/wp\/v2\/types\/page"}],"author":[{"embeddable":true,"href":"https:\/\/www.renz-recht.de\/fr\/wp-json\/wp\/v2\/users\/4"}],"replies":[{"embeddable":true,"href":"https:\/\/www.renz-recht.de\/fr\/wp-json\/wp\/v2\/comments?post=1846"}],"version-history":[{"count":3,"href":"https:\/\/www.renz-recht.de\/fr\/wp-json\/wp\/v2\/pages\/1846\/revisions"}],"predecessor-version":[{"id":3396,"href":"https:\/\/www.renz-recht.de\/fr\/wp-json\/wp\/v2\/pages\/1846\/revisions\/3396"}],"wp:attachment":[{"href":"https:\/\/www.renz-recht.de\/fr\/wp-json\/wp\/v2\/media?parent=1846"}],"curies":[{"name":"wp","href":"https:\/\/api.w.org\/{rel}","templated":true}]}}