{"id":2408,"date":"2022-12-19T09:31:19","date_gmt":"2022-12-19T08:31:19","guid":{"rendered":"https:\/\/www.renz-recht.de\/?page_id=2408"},"modified":"2022-12-19T09:31:25","modified_gmt":"2022-12-19T08:31:25","slug":"thank-you-trademark-lawyer","status":"publish","type":"page","link":"https:\/\/www.renz-recht.de\/en\/thank-you-trademark-lawyer\/","title":{"rendered":"Thank you trademark lawyer"},"content":{"rendered":"<p>[et_pb_section fb_built=&#8220;1&#8243; _builder_version=&#8220;4.19.3&#8243; _module_preset=&#8220;default&#8220; background_color=&#8220;#26173A&#8220; min_height=&#8220;100px&#8220; height=&#8220;100px&#8220; custom_padding=&#8220;130px||0px||false|false&#8220; global_colors_info=&#8220;{}&#8220;][\/et_pb_section][et_pb_section fb_built=&#8220;1&#8243; _builder_version=&#8220;4.19.0&#8243; _module_preset=&#8220;default&#8220; min_height=&#8220;705.4px&#8220; custom_padding=&#8220;90px||91px||false|false&#8220; global_colors_info=&#8220;{}&#8220;][et_pb_row column_structure=&#8220;1_2,1_2&#8243; _builder_version=&#8220;4.19.3&#8243; _module_preset=&#8220;default&#8220; custom_margin=&#8220;|auto|-2px|auto|false|false&#8220; global_colors_info=&#8220;{}&#8220;][et_pb_column type=&#8220;1_2&#8243; _builder_version=&#8220;4.19.0&#8243; _module_preset=&#8220;default&#8220; global_colors_info=&#8220;{}&#8220;][et_pb_image src=&#8220;https:\/\/www.renz-recht.de\/wp-content\/uploads\/2020\/02\/renz-Anwalt-scaled.jpg&#8220; title_text=&#8220;renz Anwalt&#8220; _builder_version=&#8220;4.19.3&#8243; _module_preset=&#8220;default&#8220; width=&#8220;100%&#8220; min_height=&#8220;448.4px&#8220; custom_margin=&#8220;|-3px|4px|||&#8220; custom_padding=&#8220;|0px||||&#8220; global_colors_info=&#8220;{}&#8220;][\/et_pb_image][et_pb_text _builder_version=&#8220;4.19.3&#8243; _module_preset=&#8220;default&#8220; custom_margin=&#8220;10px||||false|false&#8220; global_colors_info=&#8220;{}&#8220;]<\/p>\n<p style=\"text-align: center;\"><strong>Attorney Anne-Kathrin Renz<\/strong><\/p>\n<p>[\/et_pb_text][\/et_pb_column][et_pb_column type=&#8220;1_2&#8243; _builder_version=&#8220;4.19.1&#8243; _module_preset=&#8220;default&#8220; global_colors_info=&#8220;{}&#8220;][et_pb_text _builder_version=&#8220;4.19.3&#8243; _module_preset=&#8220;default&#8220; width=&#8220;80%&#8220; custom_margin=&#8220;||-2px|||&#8220; custom_padding=&#8220;0px||1px|||&#8220; global_colors_info=&#8220;{}&#8220;]<\/p>\n<p style=\"text-align: left;\"><span style=\"color: #d0145a;\">THANK YOU FOR YOUR MESSAGE<\/span><\/p>\n<h2 style=\"text-align: left;\"><span style=\"color: #000000;\">We will get back to you shortly<\/span><\/h2>\n<p>[\/et_pb_text][et_pb_text _builder_version=&#8220;4.19.3&#8243; _module_preset=&#8220;default&#8220; custom_margin=&#8220;||||false|false&#8220; global_colors_info=&#8220;{}&#8220;]<\/p>\n<p data-css=\"tve-u-1837e2f6782\"><span data-css=\"tve-u-1840f1b029c\">We appreciate your inquiry and, as promised, will review your case based on the information you have provided. We may need to request additional information from you.<\/span><\/p>\n<p>You will hear back from us within 48 hours.<\/p>\n<p data-css=\"tve-u-1837e2f6785\"><span data-css=\"tve-u-1837e2f6786\">You are welcome to find out more about our law firm.<\/span><\/p>\n<p>[\/et_pb_text][et_pb_button button_url=&#8220;https:\/\/www.renz-recht.de\/ueber-renz-recht\/&#8220; button_text=&#8220;MEHR \u00dcBER DIE KANZLEI ERFAHREN&#8220; _builder_version=&#8220;4.19.3&#8243; _module_preset=&#8220;default&#8220; global_colors_info=&#8220;{}&#8220;][\/et_pb_button][\/et_pb_column][\/et_pb_row][\/et_pb_section]<\/p>","protected":false},"excerpt":{"rendered":"<p>Attorney Anne-Kathrin Renz THANK YOU FOR YOUR MESSAGE We will get back to you shortly. We appreciate your inquiry and, as promised, will review your case based on the information you have provided. We may need to request additional information from you. You will hear back from us within 48 hours. You can [\u2026]<\/p>","protected":false},"author":4,"featured_media":0,"parent":0,"menu_order":0,"comment_status":"closed","ping_status":"closed","template":"","meta":{"_et_pb_use_builder":"on","_et_pb_old_content":"","_et_gb_content_width":"","inline_featured_image":false,"footnotes":""},"class_list":["post-2408","page","type-page","status-publish","hentry"],"aioseo_notices":[],"aioseo_head":"\n\t\t<!-- All in One SEO Pro 4.9.6.2 - aioseo.com -->\n\t<link rel=\"canonical\" href=\"https:\/\/www.renz-recht.de\/en\/et_pb_layout\/headline-subline_modul\/\" \/>\n\t<meta name=\"generator\" content=\"All in One SEO Pro (AIOSEO) 4.9.6.2\" \/>\n\t\t<meta property=\"og:locale\" content=\"en_US\" \/>\n\t\t<meta property=\"og:site_name\" content=\"Renz Recht - Anwalt Markenrecht Urheberrecht Saarbr\u00fccken - Rechtsanw\u00e4ltin Anne-Kathrin Renz\" \/>\n\t\t<meta property=\"og:type\" content=\"article\" \/>\n\t\t<meta property=\"og:title\" content=\"H2 \u00dcberschrift (zentriert) mit Subtext - Renz Recht - Anwalt Markenrecht Urheberrecht Saarbr\u00fccken\" \/>\n\t\t<meta property=\"og:url\" content=\"https:\/\/www.renz-recht.de\/en\/et_pb_layout\/headline-subline_modul\/\" \/>\n\t\t<meta property=\"article:published_time\" content=\"2019-02-05T07:35:11+00:00\" \/>\n\t\t<meta property=\"article:modified_time\" content=\"2024-04-03T14:27:11+00:00\" \/>\n\t\t<meta name=\"twitter:card\" content=\"summary_large_image\" \/>\n\t\t<meta name=\"twitter:title\" content=\"H2 \u00dcberschrift (zentriert) mit Subtext - Renz Recht - Anwalt Markenrecht Urheberrecht Saarbr\u00fccken\" \/>\n\t\t<script type=\"application\/ld+json\" class=\"aioseo-schema\">\n\t\t\t{\"@context\":\"https:\\\/\\\/schema.org\",\"@graph\":[{\"@type\":\"BreadcrumbList\",\"@id\":\"https:\\\/\\\/www.renz-recht.de\\\/en\\\/et_pb_layout\\\/headline-subline_modul\\\/#breadcrumblist\",\"itemListElement\":[{\"@type\":\"ListItem\",\"@id\":\"https:\\\/\\\/www.renz-recht.de\\\/en#listItem\",\"position\":1,\"name\":\"Home\",\"item\":\"https:\\\/\\\/www.renz-recht.de\\\/en\",\"nextItem\":{\"@type\":\"ListItem\",\"@id\":\"https:\\\/\\\/www.renz-recht.de\\\/en\\\/thank-you-trademark-lawyer\\\/#listItem\",\"name\":\"Danke Anwalt Markenrecht\"}},{\"@type\":\"ListItem\",\"@id\":\"https:\\\/\\\/www.renz-recht.de\\\/en\\\/thank-you-trademark-lawyer\\\/#listItem\",\"position\":2,\"name\":\"Danke Anwalt Markenrecht\",\"previousItem\":{\"@type\":\"ListItem\",\"@id\":\"https:\\\/\\\/www.renz-recht.de\\\/en#listItem\",\"name\":\"Home\"}}]},{\"@type\":\"Organization\",\"@id\":\"https:\\\/\\\/www.renz-recht.de\\\/en\\\/#organization\",\"name\":\"Rechtsanw\\u00e4ltin Anne-Kathrin Renz Saarbr\\u00fccken\",\"description\":\"Rechtsanw\\u00e4ltin Anne-Kathrin Renz\",\"url\":\"https:\\\/\\\/www.renz-recht.de\\\/en\\\/\",\"telephone\":\"+4968195810588\",\"logo\":{\"@type\":\"ImageObject\",\"url\":\"https:\\\/\\\/www.renz-recht.de\\\/wp-content\\\/uploads\\\/2023\\\/11\\\/logo-renz-recht_sw.svg\",\"@id\":\"https:\\\/\\\/www.renz-recht.de\\\/en\\\/et_pb_layout\\\/headline-subline_modul\\\/#organizationLogo\"},\"image\":{\"@id\":\"https:\\\/\\\/www.renz-recht.de\\\/en\\\/et_pb_layout\\\/headline-subline_modul\\\/#organizationLogo\"}},{\"@type\":\"WebPage\",\"@id\":\"https:\\\/\\\/www.renz-recht.de\\\/en\\\/et_pb_layout\\\/headline-subline_modul\\\/#webpage\",\"url\":\"https:\\\/\\\/www.renz-recht.de\\\/en\\\/et_pb_layout\\\/headline-subline_modul\\\/\",\"name\":\"H2 \\u00dcberschrift (zentriert) mit Subtext - Renz Recht - Anwalt Markenrecht Urheberrecht Saarbr\\u00fccken\",\"inLanguage\":\"en-US\",\"isPartOf\":{\"@id\":\"https:\\\/\\\/www.renz-recht.de\\\/en\\\/#website\"},\"breadcrumb\":{\"@id\":\"https:\\\/\\\/www.renz-recht.de\\\/en\\\/et_pb_layout\\\/headline-subline_modul\\\/#breadcrumblist\"},\"datePublished\":\"2019-02-05T08:35:11+01:00\",\"dateModified\":\"2024-04-03T16:27:11+02:00\"},{\"@type\":\"WebSite\",\"@id\":\"https:\\\/\\\/www.renz-recht.de\\\/en\\\/#website\",\"url\":\"https:\\\/\\\/www.renz-recht.de\\\/en\\\/\",\"name\":\"Rechtsanw\\u00e4ltin Anne-Kathrin Renz Saarbr\\u00fccken\",\"alternateName\":\"Rechtsanw\\u00e4ltin Markenrecht Saarbr\\u00fccken\",\"description\":\"Rechtsanw\\u00e4ltin Anne-Kathrin Renz\",\"inLanguage\":\"en-US\",\"publisher\":{\"@id\":\"https:\\\/\\\/www.renz-recht.de\\\/en\\\/#organization\"}}]}\n\t\t<\/script>\n\t\t<!-- All in One SEO Pro -->\r\n\t\t<title>H2 \u00dcberschrift (zentriert) mit Subtext - Renz Recht - Anwalt Markenrecht Urheberrecht Saarbr\u00fccken<\/title>\n\n","aioseo_head_json":{"title":"H2 heading (centered) with subtext - Renz Law - Lawyer for Trademark and Copyright Law, Saarbr\u00fccken","description":"","canonical_url":"https:\/\/www.renz-recht.de\/en\/et_pb_layout\/headline-subline_modul\/","robots":"","keywords":"","webmasterTools":{"miscellaneous":""},"schema":{"@context":"https:\/\/schema.org","@graph":[{"@type":"BreadcrumbList","@id":"https:\/\/www.renz-recht.de\/en\/et_pb_layout\/headline-subline_modul\/#breadcrumblist","itemListElement":[{"@type":"ListItem","@id":"https:\/\/www.renz-recht.de\/en#listItem","position":1,"name":"Home","item":"https:\/\/www.renz-recht.de\/en","nextItem":{"@type":"ListItem","@id":"https:\/\/www.renz-recht.de\/en\/thank-you-trademark-lawyer\/#listItem","name":"Danke Anwalt Markenrecht"}},{"@type":"ListItem","@id":"https:\/\/www.renz-recht.de\/en\/thank-you-trademark-lawyer\/#listItem","position":2,"name":"Danke Anwalt Markenrecht","previousItem":{"@type":"ListItem","@id":"https:\/\/www.renz-recht.de\/en#listItem","name":"Home"}}]},{"@type":"Organization","@id":"https:\/\/www.renz-recht.de\/en\/#organization","name":"Rechtsanw\u00e4ltin Anne-Kathrin Renz Saarbr\u00fccken","description":"Rechtsanw\u00e4ltin Anne-Kathrin Renz","url":"https:\/\/www.renz-recht.de\/en\/","telephone":"+4968195810588","logo":{"@type":"ImageObject","url":"https:\/\/www.renz-recht.de\/wp-content\/uploads\/2023\/11\/logo-renz-recht_sw.svg","@id":"https:\/\/www.renz-recht.de\/en\/et_pb_layout\/headline-subline_modul\/#organizationLogo"},"image":{"@id":"https:\/\/www.renz-recht.de\/en\/et_pb_layout\/headline-subline_modul\/#organizationLogo"}},{"@type":"WebPage","@id":"https:\/\/www.renz-recht.de\/en\/et_pb_layout\/headline-subline_modul\/#webpage","url":"https:\/\/www.renz-recht.de\/en\/et_pb_layout\/headline-subline_modul\/","name":"H2 \u00dcberschrift (zentriert) mit Subtext - Renz Recht - Anwalt Markenrecht Urheberrecht Saarbr\u00fccken","inLanguage":"en-US","isPartOf":{"@id":"https:\/\/www.renz-recht.de\/en\/#website"},"breadcrumb":{"@id":"https:\/\/www.renz-recht.de\/en\/et_pb_layout\/headline-subline_modul\/#breadcrumblist"},"datePublished":"2019-02-05T08:35:11+01:00","dateModified":"2024-04-03T16:27:11+02:00"},{"@type":"WebSite","@id":"https:\/\/www.renz-recht.de\/en\/#website","url":"https:\/\/www.renz-recht.de\/en\/","name":"Rechtsanw\u00e4ltin Anne-Kathrin Renz Saarbr\u00fccken","alternateName":"Rechtsanw\u00e4ltin Markenrecht Saarbr\u00fccken","description":"Rechtsanw\u00e4ltin Anne-Kathrin Renz","inLanguage":"en-US","publisher":{"@id":"https:\/\/www.renz-recht.de\/en\/#organization"}}]},"og:locale":"en_US","og:site_name":"Renz Recht - Anwalt Markenrecht Urheberrecht Saarbr\u00fccken - Rechtsanw\u00e4ltin Anne-Kathrin Renz","og:type":"article","og:title":"H2 \u00dcberschrift (zentriert) mit Subtext - Renz Recht - Anwalt Markenrecht Urheberrecht Saarbr\u00fccken","og:url":"https:\/\/www.renz-recht.de\/en\/et_pb_layout\/headline-subline_modul\/","article:published_time":"2019-02-05T07:35:11+00:00","article:modified_time":"2024-04-03T14:27:11+00:00","twitter:card":"summary_large_image","twitter:title":"H2 \u00dcberschrift (zentriert) mit Subtext - Renz Recht - Anwalt Markenrecht Urheberrecht Saarbr\u00fccken"},"aioseo_meta_data":{"post_id":"2408","title":null,"description":null,"keywords":null,"keyphrases":null,"primary_term":null,"canonical_url":null,"og_title":null,"og_description":null,"og_object_type":"default","og_image_type":"default","og_image_url":null,"og_image_width":null,"og_image_height":null,"og_image_custom_url":null,"og_image_custom_fields":null,"og_video":null,"og_custom_url":null,"og_article_section":null,"og_article_tags":null,"twitter_use_og":false,"twitter_card":"default","twitter_image_type":"default","twitter_image_url":null,"twitter_image_custom_url":null,"twitter_image_custom_fields":null,"twitter_title":null,"twitter_description":null,"schema":{"blockGraphs":[],"customGraphs":[],"default":{"data":{"Article":[],"Course":[],"Dataset":[],"FAQPage":[],"Movie":[],"Person":[],"Product":[],"ProductReview":[],"Car":[],"Recipe":[],"Service":[],"SoftwareApplication":[],"WebPage":[]},"graphName":"","isEnabled":true},"graphs":[]},"schema_type":"default","schema_type_options":null,"pillar_content":false,"robots_default":true,"robots_noindex":false,"robots_noarchive":false,"robots_nosnippet":false,"robots_nofollow":false,"robots_noimageindex":false,"robots_noodp":false,"robots_notranslate":false,"robots_max_snippet":null,"robots_max_videopreview":null,"robots_max_imagepreview":"large","priority":null,"frequency":null,"local_seo":null,"seo_analyzer_scan_date":"2025-10-08 21:14:04","breadcrumb_settings":null,"limit_modified_date":false,"open_ai":null,"ai":null,"created":"2023-11-12 10:50:08","updated":"2025-10-22 08:23:37"},"aioseo_breadcrumb":"<div class=\"aioseo-breadcrumbs\"><span class=\"aioseo-breadcrumb\">\n\t<a href=\"https:\/\/www.renz-recht.de\/en\" title=\"Home\">Home<\/a>\n<\/span><span class=\"aioseo-breadcrumb-separator\">&raquo;<\/span><span class=\"aioseo-breadcrumb\">\n\tDanke Anwalt Markenrecht\n<\/span><\/div>","aioseo_breadcrumb_json":[{"label":"Home","link":"https:\/\/www.renz-recht.de\/en"},{"label":"Danke Anwalt Markenrecht","link":"https:\/\/www.renz-recht.de\/en\/thank-you-trademark-lawyer\/"}],"_links":{"self":[{"href":"https:\/\/www.renz-recht.de\/en\/wp-json\/wp\/v2\/pages\/2408","targetHints":{"allow":["GET"]}}],"collection":[{"href":"https:\/\/www.renz-recht.de\/en\/wp-json\/wp\/v2\/pages"}],"about":[{"href":"https:\/\/www.renz-recht.de\/en\/wp-json\/wp\/v2\/types\/page"}],"author":[{"embeddable":true,"href":"https:\/\/www.renz-recht.de\/en\/wp-json\/wp\/v2\/users\/4"}],"replies":[{"embeddable":true,"href":"https:\/\/www.renz-recht.de\/en\/wp-json\/wp\/v2\/comments?post=2408"}],"version-history":[{"count":0,"href":"https:\/\/www.renz-recht.de\/en\/wp-json\/wp\/v2\/pages\/2408\/revisions"}],"wp:attachment":[{"href":"https:\/\/www.renz-recht.de\/en\/wp-json\/wp\/v2\/media?parent=2408"}],"curies":[{"name":"wp","href":"https:\/\/api.w.org\/{rel}","templated":true}]}}